{"id":25069,"date":"2025-09-01T12:22:39","date_gmt":"2025-09-01T10:22:39","guid":{"rendered":"https:\/\/camping-benodet-vacances.com\/?page_id=25069"},"modified":"2026-04-27T18:52:40","modified_gmt":"2026-04-27T16:52:40","slug":"tourism-finistere","status":"publish","type":"page","link":"https:\/\/camping-benodet-vacances.com\/en\/tourism-finistere\/","title":{"rendered":"A heavenly stay in Finist\u00e8re"},"content":{"rendered":"\n<div style=\"height:6rem\" aria-hidden=\"true\" class=\"wp-block-spacer gt-hide-mobile\"><\/div>\n\n<div class=\"wp-block-columns alignwide is-layout-flex wp-container-core-columns-is-layout-7fc3d43a wp-block-columns-is-layout-flex\">\n<div class=\"wp-block-column is-layout-flow wp-block-column-is-layout-flow\">\n<p class=\"gt-rotated gt-negative-left has-accent-color has-text-color has-link-color has-caveat-font-family wp-elements-a6461efa537c0299a942ff683ffb81a3\" style=\"font-size:clamp(2.418rem, 2.418rem + ((1vw - 0.2rem) * 3.47), 4.5rem);\">Tourist destination<\/p>\n\n\n\n<h1 class=\"wp-block-heading has-base-color has-text-color has-link-color has-x-large-font-size wp-elements-a46ad98fc3df7231e60d5044d47c53bb\" style=\"font-style:normal;font-weight:600;text-transform:uppercase\">Paradise <br \/>to discover Finist\u00e8re<\/h1>\n\n\n    <div id=\"gt-fse-lire-plus-69f27d772027c\" class=\"gt-fse-lire-plus\" data-min-height=\"130\" style=\"background-color: #f9f2e8;\">\n        <input id=\"gt-fse-lire-plus-69f27d772027c-toggle\" type=\"checkbox\" class=\"gt-fse-lire-plus__toggle\" \/>\n        <label for=\"gt-fse-lire-plus-69f27d772027c-toggle\" class=\"gt-fse-lire-plus__toggle-label\">\n            <span>Read more<\/span>\n            <span>Read less<\/span>\n        <\/label>\n        <div class=\"gt-fse-lire-plus__content\" style=\"height: 130px;\">\n            \n\n<h2 class=\"wp-block-heading has-base-color has-text-color has-link-color has-large-font-size wp-elements-dd42931ed9166acb7f57685125c913e8\" style=\"font-style:normal;font-weight:600;text-transform:uppercase\">Our selection of <br \/>must-see sites <br \/>to explore from the campsite <\/h2>\n\n\n\n<p>For lovers of Brittany, discover the <strong>Breton Riviera<\/strong> in the South Finist\u00e8re region of Cornouaille, including the <strong>seaside resorts of B\u00e9nodet, Fouesnant-Les Gl\u00e9nan and La For\u00eat-Fouesnant \/ Port La For\u00eat<\/strong>.<\/p>\n\n\n\n<p>Small coves, turquoise waters, white sandy beaches and lush green spaces make it <strong>Finist\u00e8re&#8217;s number one tourist destination<\/strong> and the ideal place for lovers of idleness!<\/p>\n\n\n\n<p>Between the beauty of nature, <a href=\"https:\/\/camping-benodet-vacances.com\/en\/tourism-benodet-finistere\/campsite-beaches-finistere\/\">long sandy beaches<\/a>, <strong>picturesque hiking<\/strong> trails and various <strong>activities<\/strong> (water sports, cycling, golf, etc.), you&#8217;ll experience unforgettable moments on the Breton Riviera, during your stay at a <a href=\"https:\/\/camping-benodet-vacances.com\/en\/\">4-star campsite in Finist\u00e8re<\/a>.<\/p>\n\n            <div class=\"gt-fse-lire-plus__gradient\" style=\"background: linear-gradient(to bottom,rgba(249,242,232,0) 0%,rgba(249,242,232,1) 100%);\"><\/div>\n        <\/div>\n    <\/div>\n    <\/div>\n\n\n\n<div class=\"wp-block-column is-layout-flow wp-block-column-is-layout-flow\">\n<div class=\"wp-block-group is-content-justification-space-between is-nowrap is-layout-flex wp-container-core-group-is-layout-cb46ffcb wp-block-group-is-layout-flex\">\n<figure class=\"wp-block-image size-full is-style-rounded gt-img-full wp-container-content-9cfa9a5a is-style-rounded--1\"><img decoding=\"async\" width=\"562\" height=\"562\" src=\"https:\/\/camping-benodet-vacances.com\/wp-content\/uploads\/2024\/12\/sejour-paradisiaque-a-la-decouverte-de-benodet-et-du-finistere.avif\" alt=\"a heavenly stay to discover benodet and finistere\" class=\"wp-image-15003\" style=\"aspect-ratio:1;object-fit:cover\" srcset=\"https:\/\/camping-benodet-vacances.com\/wp-content\/uploads\/2024\/12\/sejour-paradisiaque-a-la-decouverte-de-benodet-et-du-finistere.avif 562w, https:\/\/camping-benodet-vacances.com\/wp-content\/uploads\/2024\/12\/sejour-paradisiaque-a-la-decouverte-de-benodet-et-du-finistere-300x300.jpg 300w, https:\/\/camping-benodet-vacances.com\/wp-content\/uploads\/2024\/12\/sejour-paradisiaque-a-la-decouverte-de-benodet-et-du-finistere-150x150.jpg 150w, https:\/\/camping-benodet-vacances.com\/wp-content\/uploads\/2024\/12\/sejour-paradisiaque-a-la-decouverte-de-benodet-et-du-finistere-400x400.jpg 400w\" sizes=\"(max-width: 562px) 100vw, 562px\" \/><\/figure>\n\n\n\n<div data-gt-animation-delay=\"0.6\" class=\"wp-block-group z-index-1 gt-gsap-fadeInUp has-global-padding is-layout-constrained wp-block-group-is-layout-constrained\" style=\"padding-top:53px\">\n<figure data-gt-animation-speed=\"100\" class=\"wp-block-image size-full is-resized gt-dot-deco gt-gsap-parallaxDown\"><img alt=\"Cercle\" decoding=\"async\" width=\"168\" height=\"169\" src=\"https:\/\/camping-benodet-vacances.com\/wp-content\/uploads\/2024\/10\/Circle.svg\" alt=\"\" class=\"wp-image-182\" style=\"width:167px\" \/><\/figure>\n<\/div>\n<\/div>\n<\/div>\n<\/div>\n\n<div style=\"height:6rem\" aria-hidden=\"true\" class=\"wp-block-spacer gt-hide-mobile\"><\/div>\n\n<div class=\"wp-block-group alignwide is-layout-flow wp-block-group-is-layout-flow\">\n<h2 class=\"wp-block-heading h2-like has-base-color has-text-color has-link-color has-large-font-size wp-elements-26e29026cdaa5c42aff288c185094291\" style=\"margin-top:0;font-style:normal;font-weight:600;text-transform:uppercase\">Explore Southern Brittany<\/h2>\n\n\n\n<div data-wp-context=\"{}\" data-wp-interactive=\"core\/query\" data-wp-key=\"3\" data-wp-router-region=\"query-3\" class=\"wp-block-query is-layout-flow wp-block-query-is-layout-flow\">\n<div \n    class=\"wp-block-gt-gt-fse-filtres-categories\"    data-wp-interactive=\"gt\/filtres-categories\"\n>\n        <div class=\"gt-fse-filtres-categories\">\n        <button class=\"gt-fse-filtres-categories__button\" data-wp-on--click=\"actions.filterCategory\" data-category=\"\">All<\/button>\n                    <button class=\"gt-fse-filtres-categories__button\" data-wp-on--click=\"actions.filterCategory\" data-category=\"62\">Gastronomy<\/button>\n                    <button class=\"gt-fse-filtres-categories__button\" data-wp-on--click=\"actions.filterCategory\" data-category=\"63\">News<\/button>\n                    <button class=\"gt-fse-filtres-categories__button\" data-wp-on--click=\"actions.filterCategory\" data-category=\"61\">The region<\/button>\n            <\/div>\n<\/div>\n\n<ul class=\"wp-block-post-template is-layout-grid wp-container-core-post-template-is-layout-f434c19f wp-block-post-template-is-layout-grid\"><li data-wp-key=\"post-template-item-17383\" class=\"wp-block-post post-17383 page type-page status-publish has-post-thumbnail category-news\">\n\n<div class=\"wp-block-group overflow-hidden has-base-2-background-color has-background has-global-padding is-layout-constrained wp-container-core-group-is-layout-19e250f3 wp-block-group-is-layout-constrained\" style=\"border-radius:1rem;min-height:100%\">\n<figure class=\"wp-block-image\"><img decoding=\"async\" src=\"https:\/\/camping-benodet-vacances.com\/wp-content\/uploads\/2024\/12\/festival-bretagne-sud-cta.avif\" alt=\"Festivals in South Brittany\" style=\"aspect-ratio:4\/3;object-fit:cover\" \/><\/figure>\n\n\n\n<div class=\"wp-block-group has-global-padding is-layout-constrained wp-container-core-group-is-layout-c385debf wp-block-group-is-layout-constrained\" style=\"padding-top:var(--wp--preset--spacing--20);padding-right:var(--wp--preset--spacing--20);padding-bottom:var(--wp--preset--spacing--20);padding-left:var(--wp--preset--spacing--20)\">\n<div class=\"wp-block-group has-medium-font-size is-vertical is-content-justification-center is-layout-flex wp-container-core-group-is-layout-81423f52 wp-block-group-is-layout-flex\"><div style=\"font-style:normal;font-weight:600;margin-bottom:0px\" class=\"taxonomy-category has-link-color gt-rotated wp-elements-5692e090b3e09c76aa7d33f8f163f68d wp-block-post-terms has-text-color has-accent-color has-medium-font-size has-quicksand-font-family\"><a href=\"https:\/\/camping-benodet-vacances.com\/en\/category\/news\/\" rel=\"tag\">News<\/a><\/div>\n\n\n<p class=\"has-text-align-center has-base-color has-text-color has-link-color has-caveat-font-family has-large-font-size wp-elements-9d6083917c4159cd8eaaca9213a53fea\" style=\"font-style:normal;font-weight:400;line-height:1.1\">Festivals in South Brittany<\/p>\n\n\n\n<p class=\"has-text-align-center\">Enjoy a festive vacation with our selection of must-see festivals<\/p>\n<\/div>\n\n\n\n<div class=\"wp-block-group alignwide has-x-large-font-size is-content-justification-center is-nowrap is-layout-flex wp-container-core-group-is-layout-53e0be17 wp-block-group-is-layout-flex\">\n<p class=\"has-base-color has-text-color has-link-color wp-elements-3aec766791c89026d06677d086992546\" style=\"font-size:clamp(0.875rem, 0.875rem + ((1vw - 0.2rem) * 0.208), 1rem);\">Read more<\/p>\n\n\n\n<figure class=\"wp-block-image size-full is-resized\" style=\"margin-top:0;margin-right:0;margin-bottom:0;margin-left:0\"><img decoding=\"async\" width=\"68\" height=\"64\" src=\"https:\/\/camping-benodet-vacances.com\/wp-content\/uploads\/2024\/11\/fleche-cercles-1-3-1.png\" alt=\"arrow circles 1 3\" class=\"wp-image-2522\" style=\"width:20px;height:auto\" \/><\/figure>\n<\/div>\n<\/div>\n\n\n<a class=\"is-style-lien-cover wp-block-read-more\" href=\"https:\/\/camping-benodet-vacances.com\/en\/tourism-finistere\/festivals-southern-brittany\/\" target=\"_self\">Read more<span class=\"screen-reader-text\">: Festivals in Southern Brittany<\/span><\/a><\/div>\n\n<\/li><li data-wp-key=\"post-template-item-17378\" class=\"wp-block-post post-17378 page type-page status-publish has-post-thumbnail category-the-region\">\n\n<div class=\"wp-block-group overflow-hidden has-base-2-background-color has-background has-global-padding is-layout-constrained wp-container-core-group-is-layout-19e250f3 wp-block-group-is-layout-constrained\" style=\"border-radius:1rem;min-height:100%\">\n<figure class=\"wp-block-image\"><img decoding=\"async\" src=\"https:\/\/camping-benodet-vacances.com\/wp-content\/uploads\/2024\/12\/tourisme-pont-aven-cta.avif\" alt=\"Pont-Aven, the town of painters\" style=\"aspect-ratio:4\/3;object-fit:cover\" \/><\/figure>\n\n\n\n<div class=\"wp-block-group has-global-padding is-layout-constrained wp-container-core-group-is-layout-c385debf wp-block-group-is-layout-constrained\" style=\"padding-top:var(--wp--preset--spacing--20);padding-right:var(--wp--preset--spacing--20);padding-bottom:var(--wp--preset--spacing--20);padding-left:var(--wp--preset--spacing--20)\">\n<div class=\"wp-block-group has-medium-font-size is-vertical is-content-justification-center is-layout-flex wp-container-core-group-is-layout-81423f52 wp-block-group-is-layout-flex\"><div style=\"font-style:normal;font-weight:600;margin-bottom:0px\" class=\"taxonomy-category has-link-color gt-rotated wp-elements-5692e090b3e09c76aa7d33f8f163f68d wp-block-post-terms has-text-color has-accent-color has-medium-font-size has-quicksand-font-family\"><a href=\"https:\/\/camping-benodet-vacances.com\/en\/category\/the-region\/\" rel=\"tag\">The region<\/a><\/div>\n\n\n<p class=\"has-text-align-center has-base-color has-text-color has-link-color has-caveat-font-family has-large-font-size wp-elements-9d6083917c4159cd8eaaca9213a53fea\" style=\"font-style:normal;font-weight:400;line-height:1.1\">Pont-Aven, the town of painters<\/p>\n\n\n\n<p class=\"has-text-align-center\">Follow in the footsteps of the great painters with a visit to Pont-Aven<\/p>\n<\/div>\n\n\n\n<div class=\"wp-block-group alignwide has-x-large-font-size is-content-justification-center is-nowrap is-layout-flex wp-container-core-group-is-layout-53e0be17 wp-block-group-is-layout-flex\">\n<p class=\"has-base-color has-text-color has-link-color wp-elements-3aec766791c89026d06677d086992546\" style=\"font-size:clamp(0.875rem, 0.875rem + ((1vw - 0.2rem) * 0.208), 1rem);\">Read more<\/p>\n\n\n\n<figure class=\"wp-block-image size-full is-resized\" style=\"margin-top:0;margin-right:0;margin-bottom:0;margin-left:0\"><img decoding=\"async\" width=\"68\" height=\"64\" src=\"https:\/\/camping-benodet-vacances.com\/wp-content\/uploads\/2024\/11\/fleche-cercles-1-3-1.png\" alt=\"arrow circles 1 3\" class=\"wp-image-2522\" style=\"width:20px;height:auto\" \/><\/figure>\n<\/div>\n<\/div>\n\n\n<a class=\"is-style-lien-cover wp-block-read-more\" href=\"https:\/\/camping-benodet-vacances.com\/en\/tourism-finistere\/tourism-pont-aven\/\" target=\"_self\">Read more<span class=\"screen-reader-text\">: Pont-Aven, the town of painters<\/span><\/a><\/div>\n\n<\/li><li data-wp-key=\"post-template-item-17374\" class=\"wp-block-post post-17374 page type-page status-publish has-post-thumbnail category-the-region\">\n\n<div class=\"wp-block-group overflow-hidden has-base-2-background-color has-background has-global-padding is-layout-constrained wp-container-core-group-is-layout-19e250f3 wp-block-group-is-layout-constrained\" style=\"border-radius:1rem;min-height:100%\">\n<figure class=\"wp-block-image\"><img decoding=\"async\" src=\"https:\/\/camping-benodet-vacances.com\/wp-content\/uploads\/2024\/12\/tourisme-concarneau-cta.avif\" alt=\"Concarneau and the walled city\" style=\"aspect-ratio:4\/3;object-fit:cover\" \/><\/figure>\n\n\n\n<div class=\"wp-block-group has-global-padding is-layout-constrained wp-container-core-group-is-layout-c385debf wp-block-group-is-layout-constrained\" style=\"padding-top:var(--wp--preset--spacing--20);padding-right:var(--wp--preset--spacing--20);padding-bottom:var(--wp--preset--spacing--20);padding-left:var(--wp--preset--spacing--20)\">\n<div class=\"wp-block-group has-medium-font-size is-vertical is-content-justification-center is-layout-flex wp-container-core-group-is-layout-81423f52 wp-block-group-is-layout-flex\"><div style=\"font-style:normal;font-weight:600;margin-bottom:0px\" class=\"taxonomy-category has-link-color gt-rotated wp-elements-5692e090b3e09c76aa7d33f8f163f68d wp-block-post-terms has-text-color has-accent-color has-medium-font-size has-quicksand-font-family\"><a href=\"https:\/\/camping-benodet-vacances.com\/en\/category\/the-region\/\" rel=\"tag\">The region<\/a><\/div>\n\n\n<p class=\"has-text-align-center has-base-color has-text-color has-link-color has-caveat-font-family has-large-font-size wp-elements-9d6083917c4159cd8eaaca9213a53fea\" style=\"font-style:normal;font-weight:400;line-height:1.1\">Concarneau and the walled city<\/p>\n\n\n\n<p class=\"has-text-align-center\">Visit Concarneau and the walled town in South Finist\u00e8re<\/p>\n<\/div>\n\n\n\n<div class=\"wp-block-group alignwide has-x-large-font-size is-content-justification-center is-nowrap is-layout-flex wp-container-core-group-is-layout-53e0be17 wp-block-group-is-layout-flex\">\n<p class=\"has-base-color has-text-color has-link-color wp-elements-3aec766791c89026d06677d086992546\" style=\"font-size:clamp(0.875rem, 0.875rem + ((1vw - 0.2rem) * 0.208), 1rem);\">Read more<\/p>\n\n\n\n<figure class=\"wp-block-image size-full is-resized\" style=\"margin-top:0;margin-right:0;margin-bottom:0;margin-left:0\"><img decoding=\"async\" width=\"68\" height=\"64\" src=\"https:\/\/camping-benodet-vacances.com\/wp-content\/uploads\/2024\/11\/fleche-cercles-1-3-1.png\" alt=\"arrow circles 1 3\" class=\"wp-image-2522\" style=\"width:20px;height:auto\" \/><\/figure>\n<\/div>\n<\/div>\n\n\n<a class=\"is-style-lien-cover wp-block-read-more\" href=\"https:\/\/camping-benodet-vacances.com\/en\/tourism-finistere\/tourism-concarneau\/\" target=\"_self\">Read more<span class=\"screen-reader-text\">: Concarneau and the walled city<\/span><\/a><\/div>\n\n<\/li><li data-wp-key=\"post-template-item-17370\" class=\"wp-block-post post-17370 page type-page status-publish has-post-thumbnail category-the-region\">\n\n<div class=\"wp-block-group overflow-hidden has-base-2-background-color has-background has-global-padding is-layout-constrained wp-container-core-group-is-layout-19e250f3 wp-block-group-is-layout-constrained\" style=\"border-radius:1rem;min-height:100%\">\n<figure class=\"wp-block-image\"><img decoding=\"async\" src=\"https:\/\/camping-benodet-vacances.com\/wp-content\/uploads\/2024\/12\/tourisme-locronan-cta.avif\" alt=\"The Village of Locronan\" style=\"aspect-ratio:4\/3;object-fit:cover\" \/><\/figure>\n\n\n\n<div class=\"wp-block-group has-global-padding is-layout-constrained wp-container-core-group-is-layout-c385debf wp-block-group-is-layout-constrained\" style=\"padding-top:var(--wp--preset--spacing--20);padding-right:var(--wp--preset--spacing--20);padding-bottom:var(--wp--preset--spacing--20);padding-left:var(--wp--preset--spacing--20)\">\n<div class=\"wp-block-group has-medium-font-size is-vertical is-content-justification-center is-layout-flex wp-container-core-group-is-layout-81423f52 wp-block-group-is-layout-flex\"><div style=\"font-style:normal;font-weight:600;margin-bottom:0px\" class=\"taxonomy-category has-link-color gt-rotated wp-elements-5692e090b3e09c76aa7d33f8f163f68d wp-block-post-terms has-text-color has-accent-color has-medium-font-size has-quicksand-font-family\"><a href=\"https:\/\/camping-benodet-vacances.com\/en\/category\/the-region\/\" rel=\"tag\">The region<\/a><\/div>\n\n\n<p class=\"has-text-align-center has-base-color has-text-color has-link-color has-caveat-font-family has-large-font-size wp-elements-9d6083917c4159cd8eaaca9213a53fea\" style=\"font-style:normal;font-weight:400;line-height:1.1\">The Village of Locronan<\/p>\n\n\n\n<p class=\"has-text-align-center\">Visit Locronan during your camping holiday in Finist\u00e8re<\/p>\n<\/div>\n\n\n\n<div class=\"wp-block-group alignwide has-x-large-font-size is-content-justification-center is-nowrap is-layout-flex wp-container-core-group-is-layout-53e0be17 wp-block-group-is-layout-flex\">\n<p class=\"has-base-color has-text-color has-link-color wp-elements-3aec766791c89026d06677d086992546\" style=\"font-size:clamp(0.875rem, 0.875rem + ((1vw - 0.2rem) * 0.208), 1rem);\">Read more<\/p>\n\n\n\n<figure class=\"wp-block-image size-full is-resized\" style=\"margin-top:0;margin-right:0;margin-bottom:0;margin-left:0\"><img decoding=\"async\" width=\"68\" height=\"64\" src=\"https:\/\/camping-benodet-vacances.com\/wp-content\/uploads\/2024\/11\/fleche-cercles-1-3-1.png\" alt=\"arrow circles 1 3\" class=\"wp-image-2522\" style=\"width:20px;height:auto\" \/><\/figure>\n<\/div>\n<\/div>\n\n\n<a class=\"is-style-lien-cover wp-block-read-more\" href=\"https:\/\/camping-benodet-vacances.com\/en\/tourism-finistere\/tourism-locronan\/\" target=\"_self\">Read more<span class=\"screen-reader-text\">: The Village of Locronan<\/span><\/a><\/div>\n\n<\/li><li data-wp-key=\"post-template-item-17386\" class=\"wp-block-post post-17386 page type-page status-publish has-post-thumbnail category-the-region\">\n\n<div class=\"wp-block-group overflow-hidden has-base-2-background-color has-background has-global-padding is-layout-constrained wp-container-core-group-is-layout-19e250f3 wp-block-group-is-layout-constrained\" style=\"border-radius:1rem;min-height:100%\">\n<figure class=\"wp-block-image\"><img decoding=\"async\" src=\"https:\/\/camping-benodet-vacances.com\/wp-content\/uploads\/2024\/12\/parcs-loisirs-aventure-finistere-cta.avif\" alt=\"Leisure and adventure park\" style=\"aspect-ratio:4\/3;object-fit:cover\" \/><\/figure>\n\n\n\n<div class=\"wp-block-group has-global-padding is-layout-constrained wp-container-core-group-is-layout-c385debf wp-block-group-is-layout-constrained\" style=\"padding-top:var(--wp--preset--spacing--20);padding-right:var(--wp--preset--spacing--20);padding-bottom:var(--wp--preset--spacing--20);padding-left:var(--wp--preset--spacing--20)\">\n<div class=\"wp-block-group has-medium-font-size is-vertical is-content-justification-center is-layout-flex wp-container-core-group-is-layout-81423f52 wp-block-group-is-layout-flex\"><div style=\"font-style:normal;font-weight:600;margin-bottom:0px\" class=\"taxonomy-category has-link-color gt-rotated wp-elements-5692e090b3e09c76aa7d33f8f163f68d wp-block-post-terms has-text-color has-accent-color has-medium-font-size has-quicksand-font-family\"><a href=\"https:\/\/camping-benodet-vacances.com\/en\/category\/the-region\/\" rel=\"tag\">The region<\/a><\/div>\n\n\n<p class=\"has-text-align-center has-base-color has-text-color has-link-color has-caveat-font-family has-large-font-size wp-elements-9d6083917c4159cd8eaaca9213a53fea\" style=\"font-style:normal;font-weight:400;line-height:1.1\">Leisure and adventure park<\/p>\n\n\n\n<p class=\"has-text-align-center\">Our selection of family theme parks: accrobranche, giant corn maze, paintball&#8230;<\/p>\n<\/div>\n\n\n\n<div class=\"wp-block-group alignwide has-x-large-font-size is-content-justification-center is-nowrap is-layout-flex wp-container-core-group-is-layout-53e0be17 wp-block-group-is-layout-flex\">\n<p class=\"has-base-color has-text-color has-link-color wp-elements-3aec766791c89026d06677d086992546\" style=\"font-size:clamp(0.875rem, 0.875rem + ((1vw - 0.2rem) * 0.208), 1rem);\">Read more<\/p>\n\n\n\n<figure class=\"wp-block-image size-full is-resized\" style=\"margin-top:0;margin-right:0;margin-bottom:0;margin-left:0\"><img decoding=\"async\" width=\"68\" height=\"64\" src=\"https:\/\/camping-benodet-vacances.com\/wp-content\/uploads\/2024\/11\/fleche-cercles-1-3-1.png\" alt=\"arrow circles 1 3\" class=\"wp-image-2522\" style=\"width:20px;height:auto\" \/><\/figure>\n<\/div>\n<\/div>\n\n\n<a class=\"is-style-lien-cover wp-block-read-more\" href=\"https:\/\/camping-benodet-vacances.com\/en\/tourism-finistere\/leisure-and-adventure-parks-finistere\/\" target=\"_self\">Read more<span class=\"screen-reader-text\">: Leisure and adventure park<\/span><\/a><\/div>\n\n<\/li><li data-wp-key=\"post-template-item-17332\" class=\"wp-block-post post-17332 page type-page status-publish has-post-thumbnail category-the-region\">\n\n<div class=\"wp-block-group overflow-hidden has-base-2-background-color has-background has-global-padding is-layout-constrained wp-container-core-group-is-layout-19e250f3 wp-block-group-is-layout-constrained\" style=\"border-radius:1rem;min-height:100%\">\n<figure class=\"wp-block-image\"><img decoding=\"async\" src=\"https:\/\/camping-benodet-vacances.com\/wp-content\/uploads\/2024\/12\/randonnees-finistere-cta.avif\" alt=\"Walks around the campsite\" style=\"aspect-ratio:4\/3;object-fit:cover\" \/><\/figure>\n\n\n\n<div class=\"wp-block-group has-global-padding is-layout-constrained wp-container-core-group-is-layout-c385debf wp-block-group-is-layout-constrained\" style=\"padding-top:var(--wp--preset--spacing--20);padding-right:var(--wp--preset--spacing--20);padding-bottom:var(--wp--preset--spacing--20);padding-left:var(--wp--preset--spacing--20)\">\n<div class=\"wp-block-group has-medium-font-size is-vertical is-content-justification-center is-layout-flex wp-container-core-group-is-layout-81423f52 wp-block-group-is-layout-flex\"><div style=\"font-style:normal;font-weight:600;margin-bottom:0px\" class=\"taxonomy-category has-link-color gt-rotated wp-elements-5692e090b3e09c76aa7d33f8f163f68d wp-block-post-terms has-text-color has-accent-color has-medium-font-size has-quicksand-font-family\"><a href=\"https:\/\/camping-benodet-vacances.com\/en\/category\/the-region\/\" rel=\"tag\">The region<\/a><\/div>\n\n\n<p class=\"has-text-align-center has-base-color has-text-color has-link-color has-caveat-font-family has-large-font-size wp-elements-9d6083917c4159cd8eaaca9213a53fea\" style=\"font-style:normal;font-weight:400;line-height:1.1\">Walks around the campsite<\/p>\n\n\n\n<p class=\"has-text-align-center\">Discover our selection of hikes from our campsite in B\u00e9nodet, Finist\u00e8re.<\/p>\n<\/div>\n\n\n\n<div class=\"wp-block-group alignwide has-x-large-font-size is-content-justification-center is-nowrap is-layout-flex wp-container-core-group-is-layout-53e0be17 wp-block-group-is-layout-flex\">\n<p class=\"has-base-color has-text-color has-link-color wp-elements-3aec766791c89026d06677d086992546\" style=\"font-size:clamp(0.875rem, 0.875rem + ((1vw - 0.2rem) * 0.208), 1rem);\">Read more<\/p>\n\n\n\n<figure class=\"wp-block-image size-full is-resized\" style=\"margin-top:0;margin-right:0;margin-bottom:0;margin-left:0\"><img decoding=\"async\" width=\"68\" height=\"64\" src=\"https:\/\/camping-benodet-vacances.com\/wp-content\/uploads\/2024\/11\/fleche-cercles-1-3-1.png\" alt=\"arrow circles 1 3\" class=\"wp-image-2522\" style=\"width:20px;height:auto\" \/><\/figure>\n<\/div>\n<\/div>\n\n\n<a class=\"is-style-lien-cover wp-block-read-more\" href=\"https:\/\/camping-benodet-vacances.com\/en\/tourism-finistere\/hiking-finistere\/\" target=\"_self\">Read more<span class=\"screen-reader-text\">: Hiking in Finist\u00e8re<\/span><\/a><\/div>\n\n<\/li><li data-wp-key=\"post-template-item-17382\" class=\"wp-block-post post-17382 page type-page status-publish has-post-thumbnail category-the-region\">\n\n<div class=\"wp-block-group overflow-hidden has-base-2-background-color has-background has-global-padding is-layout-constrained wp-container-core-group-is-layout-19e250f3 wp-block-group-is-layout-constrained\" style=\"border-radius:1rem;min-height:100%\">\n<figure class=\"wp-block-image\"><img decoding=\"async\" src=\"https:\/\/camping-benodet-vacances.com\/wp-content\/uploads\/2024\/12\/tourisme-sorties-visites-familiales-finistere-cta.avif\" alt=\"Ideas for outings and visits\" style=\"aspect-ratio:4\/3;object-fit:cover\" \/><\/figure>\n\n\n\n<div class=\"wp-block-group has-global-padding is-layout-constrained wp-container-core-group-is-layout-c385debf wp-block-group-is-layout-constrained\" style=\"padding-top:var(--wp--preset--spacing--20);padding-right:var(--wp--preset--spacing--20);padding-bottom:var(--wp--preset--spacing--20);padding-left:var(--wp--preset--spacing--20)\">\n<div class=\"wp-block-group has-medium-font-size is-vertical is-content-justification-center is-layout-flex wp-container-core-group-is-layout-81423f52 wp-block-group-is-layout-flex\"><div style=\"font-style:normal;font-weight:600;margin-bottom:0px\" class=\"taxonomy-category has-link-color gt-rotated wp-elements-5692e090b3e09c76aa7d33f8f163f68d wp-block-post-terms has-text-color has-accent-color has-medium-font-size has-quicksand-font-family\"><a href=\"https:\/\/camping-benodet-vacances.com\/en\/category\/the-region\/\" rel=\"tag\">The region<\/a><\/div>\n\n\n<p class=\"has-text-align-center has-base-color has-text-color has-link-color has-caveat-font-family has-large-font-size wp-elements-9d6083917c4159cd8eaaca9213a53fea\" style=\"font-style:normal;font-weight:400;line-height:1.1\">Ideas for outings and visits<\/p>\n\n\n\n<p class=\"has-text-align-center\">Discover our ideas for family outings and visits from the campsite in Finist\u00e8re<\/p>\n<\/div>\n\n\n\n<div class=\"wp-block-group alignwide has-x-large-font-size is-content-justification-center is-nowrap is-layout-flex wp-container-core-group-is-layout-53e0be17 wp-block-group-is-layout-flex\">\n<p class=\"has-base-color has-text-color has-link-color wp-elements-3aec766791c89026d06677d086992546\" style=\"font-size:clamp(0.875rem, 0.875rem + ((1vw - 0.2rem) * 0.208), 1rem);\">Read more<\/p>\n\n\n\n<figure class=\"wp-block-image size-full is-resized\" style=\"margin-top:0;margin-right:0;margin-bottom:0;margin-left:0\"><img decoding=\"async\" width=\"68\" height=\"64\" src=\"https:\/\/camping-benodet-vacances.com\/wp-content\/uploads\/2024\/11\/fleche-cercles-1-3-1.png\" alt=\"arrow circles 1 3\" class=\"wp-image-2522\" style=\"width:20px;height:auto\" \/><\/figure>\n<\/div>\n<\/div>\n\n\n<a class=\"is-style-lien-cover wp-block-read-more\" href=\"https:\/\/camping-benodet-vacances.com\/en\/tourism-finistere\/tourism-family-outings-and-visits-finistere\/\" target=\"_self\">Read more<span class=\"screen-reader-text\">: Family activities in South Finist\u00e8re<\/span><\/a><\/div>\n\n<\/li><li data-wp-key=\"post-template-item-17379\" class=\"wp-block-post post-17379 page type-page status-publish has-post-thumbnail category-the-region\">\n\n<div class=\"wp-block-group overflow-hidden has-base-2-background-color has-background has-global-padding is-layout-constrained wp-container-core-group-is-layout-19e250f3 wp-block-group-is-layout-constrained\" style=\"border-radius:1rem;min-height:100%\">\n<figure class=\"wp-block-image\"><img decoding=\"async\" src=\"https:\/\/camping-benodet-vacances.com\/wp-content\/uploads\/2024\/12\/tourisme-archipel-des-glenans-cta.avif\" alt=\"The Gl\u00e9nan Archipelago\" style=\"aspect-ratio:4\/3;object-fit:cover\" \/><\/figure>\n\n\n\n<div class=\"wp-block-group has-global-padding is-layout-constrained wp-container-core-group-is-layout-c385debf wp-block-group-is-layout-constrained\" style=\"padding-top:var(--wp--preset--spacing--20);padding-right:var(--wp--preset--spacing--20);padding-bottom:var(--wp--preset--spacing--20);padding-left:var(--wp--preset--spacing--20)\">\n<div class=\"wp-block-group has-medium-font-size is-vertical is-content-justification-center is-layout-flex wp-container-core-group-is-layout-81423f52 wp-block-group-is-layout-flex\"><div style=\"font-style:normal;font-weight:600;margin-bottom:0px\" class=\"taxonomy-category has-link-color gt-rotated wp-elements-5692e090b3e09c76aa7d33f8f163f68d wp-block-post-terms has-text-color has-accent-color has-medium-font-size has-quicksand-font-family\"><a href=\"https:\/\/camping-benodet-vacances.com\/en\/category\/the-region\/\" rel=\"tag\">The region<\/a><\/div>\n\n\n<p class=\"has-text-align-center has-base-color has-text-color has-link-color has-caveat-font-family has-large-font-size wp-elements-9d6083917c4159cd8eaaca9213a53fea\" style=\"font-style:normal;font-weight:400;line-height:1.1\">The Gl\u00e9nan Archipelago<\/p>\n\n\n\n<p class=\"has-text-align-center\">Discover the Gl\u00e9nan archipelago on a camping holiday in South Finist\u00e8re<\/p>\n<\/div>\n\n\n\n<div class=\"wp-block-group alignwide has-x-large-font-size is-content-justification-center is-nowrap is-layout-flex wp-container-core-group-is-layout-53e0be17 wp-block-group-is-layout-flex\">\n<p class=\"has-base-color has-text-color has-link-color wp-elements-3aec766791c89026d06677d086992546\" style=\"font-size:clamp(0.875rem, 0.875rem + ((1vw - 0.2rem) * 0.208), 1rem);\">Read more<\/p>\n\n\n\n<figure class=\"wp-block-image size-full is-resized\" style=\"margin-top:0;margin-right:0;margin-bottom:0;margin-left:0\"><img decoding=\"async\" width=\"68\" height=\"64\" src=\"https:\/\/camping-benodet-vacances.com\/wp-content\/uploads\/2024\/11\/fleche-cercles-1-3-1.png\" alt=\"arrow circles 1 3\" class=\"wp-image-2522\" style=\"width:20px;height:auto\" \/><\/figure>\n<\/div>\n<\/div>\n\n\n<a class=\"is-style-lien-cover wp-block-read-more\" href=\"https:\/\/camping-benodet-vacances.com\/en\/tourism-finistere\/tourism-glenan-archipelago\/\" target=\"_self\">Read more<span class=\"screen-reader-text\">: The Gl\u00e9nan Archipelago<\/span><\/a><\/div>\n\n<\/li><\/ul>\n\n\n\n<\/div>\n<\/div>\n\n<div style=\"height:6rem\" aria-hidden=\"true\" class=\"wp-block-spacer gt-hide-mobile\"><\/div>\n\n<div class=\"wp-block-group alignfull position-relative gt-section-blue-right is-layout-flow wp-container-core-group-is-layout-a77db08e wp-block-group-is-layout-flow\">\n<div class=\"wp-block-group alignfull is-layout-flow wp-container-core-group-is-layout-bc493828 wp-block-group-is-layout-flow\" style=\"padding-left:148px\">\n<div class=\"wp-block-group alignfull has-base-background-color has-background is-layout-flow wp-block-group-is-layout-flow\" style=\"border-top-left-radius:70px;padding-top:var(--wp--preset--spacing--50);padding-right:var(--wp--preset--spacing--50);padding-bottom:var(--wp--preset--spacing--50);padding-left:var(--wp--preset--spacing--50)\">\n<div class=\"wp-block-group alignfull gt-break-mobile is-nowrap is-layout-flex wp-container-core-group-is-layout-f01a8a75 wp-block-group-is-layout-flex\">\n<div class=\"wp-block-group has-global-padding is-layout-constrained wp-block-group-is-layout-constrained\">\n<h3 class=\"wp-block-heading h2-like has-base-2-color has-text-color has-link-color wp-elements-f92f8974059d3c0656f1c3456eb1a8b9\" style=\"font-size:clamp(1.119rem, 1.119rem + ((1vw - 0.2rem) * 1.052), 1.75rem);text-transform:uppercase\">Take a trip on the Odet, <br \/>France&#8217;s most beautiful river<\/h3>\n<\/div>\n\n\n\n<div class=\"wp-block-group has-global-padding is-layout-constrained wp-block-group-is-layout-constrained\">\n<p class=\"has-base-2-color has-text-color has-link-color has-medium-font-size wp-elements-c6a382824f34cd4bc64814ed73dd6bef\"><a href=\"https:\/\/camping-benodet-vacances.com\/en\/tourism-finistere\/tourism-pont-aven\/\">Pont-Aven, with its charming little port<\/a>, beautiful houses, lush green valley dotted with rocks, <strong>washhouses<\/strong> and <strong>mills<\/strong>, <strong>galleries<\/strong> and <strong>artists&#8217; studios,<\/strong> will delight both your eyes and your taste buds!<\/p>\n\n\n\n<p class=\"has-base-2-color has-text-color has-link-color has-medium-font-size wp-elements-f1e02dd4477c1a1f0699469dce5857ef\">Travel up the Odet to <strong>Quimper<\/strong>, capital of Cornouaille, classified as <strong>a Town of Art and History<\/strong>. With family or friends, explore the <strong>medieval city <\/strong>and its <strong>timber-framed houses<\/strong> dating from the 16th and 17th centuries. <\/p>\n<\/div>\n<\/div>\n<\/div>\n<\/div>\n\n\n\n<figure class=\"wp-block-image alignright size-full is-resized gt-deco-sun\"><img decoding=\"async\" width=\"752\" height=\"1511\" src=\"https:\/\/camping-benodet-vacances.com\/wp-content\/uploads\/2024\/10\/graphisme-1-1.png\" alt=\"graphics 1 1\" class=\"wp-image-298\" style=\"object-fit:cover;width:350px;height:350px\" srcset=\"https:\/\/camping-benodet-vacances.com\/wp-content\/uploads\/2024\/10\/graphisme-1-1.png 752w, https:\/\/camping-benodet-vacances.com\/wp-content\/uploads\/2024\/10\/graphisme-1-1-149x300.png 149w, https:\/\/camping-benodet-vacances.com\/wp-content\/uploads\/2024\/10\/graphisme-1-1-510x1024.png 510w\" sizes=\"(max-width: 752px) 100vw, 752px\" \/><\/figure>\n\n\n\n<div class=\"wp-block-cover aligncenter has-custom-content-position is-position-bottom-left\" style=\"border-bottom-left-radius:154px;min-height:640px;aspect-ratio:unset;\"><img decoding=\"async\" width=\"1920\" height=\"646\" class=\"wp-block-cover__image-background wp-image-15006\" alt=\"en excursion sur l odet la plus belle riviere de france\" src=\"https:\/\/camping-benodet-vacances.com\/wp-content\/uploads\/2024\/12\/en-excursion-sur-l-odet-la-plus-belle-riviere-de-france.avif\" data-object-fit=\"cover\" srcset=\"https:\/\/camping-benodet-vacances.com\/wp-content\/uploads\/2024\/12\/en-excursion-sur-l-odet-la-plus-belle-riviere-de-france.avif 1920w, https:\/\/camping-benodet-vacances.com\/wp-content\/uploads\/2024\/12\/en-excursion-sur-l-odet-la-plus-belle-riviere-de-france-300x101.jpg 300w, https:\/\/camping-benodet-vacances.com\/wp-content\/uploads\/2024\/12\/en-excursion-sur-l-odet-la-plus-belle-riviere-de-france-1024x345.jpg 1024w, https:\/\/camping-benodet-vacances.com\/wp-content\/uploads\/2024\/12\/en-excursion-sur-l-odet-la-plus-belle-riviere-de-france-768x258.jpg 768w, https:\/\/camping-benodet-vacances.com\/wp-content\/uploads\/2024\/12\/en-excursion-sur-l-odet-la-plus-belle-riviere-de-france-1536x517.jpg 1536w\" sizes=\"(max-width: 1920px) 100vw, 1920px\" \/><span aria-hidden=\"true\" class=\"wp-block-cover__background has-contrast-background-color has-background-dim-30 has-background-dim\"><\/span><div class=\"wp-block-cover__inner-container is-layout-flow wp-block-cover-is-layout-flow\">\n<p class=\"has-text-align-center has-base-2-color has-text-color has-link-color has-caveat-font-family gt-gsap-fadeIn wp-elements-7d3a99010a90cee93b5a68bce94bd3c3\" style=\"padding-top:var(--wp--preset--spacing--30);padding-right:var(--wp--preset--spacing--40);padding-bottom:var(--wp--preset--spacing--30);padding-left:var(--wp--preset--spacing--40);font-size:clamp(48.588px, 3.037rem + ((1vw - 3.2px) * 4.939), 96px);line-height:1.2\">Excursion on the Odet!<\/p>\n<\/div><\/div>\n<\/div>\n\n<div style=\"height:6rem\" aria-hidden=\"true\" class=\"wp-block-spacer gt-hide-mobile\"><\/div>\n\n<div class=\"wp-block-columns alignwide is-layout-flex wp-container-core-columns-is-layout-7fc3d43a wp-block-columns-is-layout-flex\">\n<div class=\"wp-block-column is-layout-flow wp-block-column-is-layout-flow\">\n<div class=\"wp-block-group is-content-justification-space-between is-nowrap is-layout-flex wp-container-core-group-is-layout-4e2e7437 wp-block-group-is-layout-flex\">\n<figure class=\"wp-block-image size-full is-style-rounded gt-img-full wp-container-content-9cfa9a5a is-style-rounded--2\"><img decoding=\"async\" width=\"639\" height=\"639\" src=\"https:\/\/camping-benodet-vacances.com\/wp-content\/uploads\/2024\/12\/la-pointe-du-raz-un-site-incontournable-tout-pres-du-camping.avif\" alt=\"la pointe du raz a must-see site close to the campsite\" class=\"wp-image-15008\" style=\"aspect-ratio:1;object-fit:cover\" srcset=\"https:\/\/camping-benodet-vacances.com\/wp-content\/uploads\/2024\/12\/la-pointe-du-raz-un-site-incontournable-tout-pres-du-camping.avif 639w, https:\/\/camping-benodet-vacances.com\/wp-content\/uploads\/2024\/12\/la-pointe-du-raz-un-site-incontournable-tout-pres-du-camping-300x300.jpg 300w, https:\/\/camping-benodet-vacances.com\/wp-content\/uploads\/2024\/12\/la-pointe-du-raz-un-site-incontournable-tout-pres-du-camping-150x150.jpg 150w, https:\/\/camping-benodet-vacances.com\/wp-content\/uploads\/2024\/12\/la-pointe-du-raz-un-site-incontournable-tout-pres-du-camping-400x400.jpg 400w, https:\/\/camping-benodet-vacances.com\/wp-content\/uploads\/2024\/12\/la-pointe-du-raz-un-site-incontournable-tout-pres-du-camping-600x600.jpg 600w\" sizes=\"(max-width: 639px) 100vw, 639px\" \/><figcaption class=\"wp-element-caption\">default<\/figcaption><\/figure>\n<\/div>\n<\/div>\n\n\n\n<div class=\"wp-block-column is-layout-flow wp-block-column-is-layout-flow\">\n<p class=\"gt-rotated gt-negative-left has-accent-color has-text-color has-link-color has-caveat-font-family has-xx-large-font-size wp-elements-8648f9228b032f37fca51d284c2ba7f3\">Emblematic site<\/p>\n\n\n\n<h3 class=\"wp-block-heading h2-like has-base-color has-text-color has-link-color wp-elements-97af2d7538a55223256dfa0c4117cea9\" style=\"font-size:clamp(1.119rem, 1.119rem + ((1vw - 0.2rem) * 1.052), 1.75rem);font-style:normal;font-weight:600;text-transform:uppercase\">La pointe du Raz: <br \/>a must-see site <br \/>close to the campsite<\/h3>\n\n\n\n<p>From the Pointe du Raz, famous for its breathtaking cliffs overlooking the sea, to the South Finist\u00e8re coastline, discover <strong>breathtaking landscapes<\/strong>, from sandy beaches to mysterious mountains&#8230;<\/p>\n\n\n\n<p>And don&#8217;t forget the tasty <strong>seafood<\/strong> and <strong>sporting thrills<\/strong> on offer in the <strong>Bay of Douarnenez<\/strong>! An emblematic site in Finist\u00e8re, the Pointe du Raz overlooks the <strong>Raz de Sein<\/strong> and the<strong>Ile de Sein<\/strong>.<\/p>\n\n\n\n<p>For <strong>surfers<\/strong>, head to the <strong>Pointe de la Torche<\/strong>, Brittany&#8217;s best-known surf spot. Don&#8217;t leave without sampling the langoustine, star of Bigouden ports such as Loctudy and Le Guilvinec. <\/p>\n<\/div>\n<\/div>\n\n<div style=\"height:100px\" aria-hidden=\"true\" class=\"wp-block-spacer\"><\/div>\n\n<div class=\"wp-block-group alignfull gt-section-content-width-slider gt-break-mobile is-content-justification-right is-nowrap is-layout-flex wp-container-core-group-is-layout-99f77615 wp-block-group-is-layout-flex\" style=\"padding-right:0;padding-left:0\">\n<div class=\"wp-block-group has-contrast-2-background-color has-background has-global-padding is-layout-constrained wp-container-core-group-is-layout-b2dbe7bd wp-block-group-is-layout-constrained\" style=\"padding-right:var(--wp--preset--spacing--30);padding-bottom:var(--wp--preset--spacing--20);padding-left:var(--wp--preset--spacing--60)\">\n<div class=\"wp-block-group has-global-padding is-layout-constrained wp-container-core-group-is-layout-7db9d80f wp-block-group-is-layout-constrained\" style=\"padding-right:0;padding-left:0\">\n<div style=\"height:100px\" aria-hidden=\"true\" class=\"wp-block-spacer gt-hide-mobile gt-hide-mobile\"><\/div>\n\n\n\n<h3 class=\"wp-block-heading h2-like has-base-color has-text-color has-link-color wp-elements-270366df27cd0a6457b4485d3dde2ced\" style=\"font-size:clamp(1.119rem, 1.119rem + ((1vw - 0.2rem) * 1.052), 1.75rem);font-style:normal;font-weight:600\">A day at <br \/>the Gl\u00e9nan archipelago<\/h3>\n\n\n\n<p>Depart from the <strong>old port of B\u00e9nodet<\/strong> for an excursion to the<a href=\"https:\/\/camping-benodet-vacances.com\/en\/tourism-finistere\/tourism-glenan-archipelago\/\">Gl\u00e9nan archipelago<\/a> or the Odet, France&#8217;s prettiest river.<\/p>\n\n\n\n<p>When it comes to walking and hiking, there are <strong>250 km of trails<\/strong> to discover the natural riches of the Pays Fouesnantais.<\/p>\n\n\n\n<p>With its <strong>26 km of fine sandy beaches<\/strong> and unspoilt bay, the Breton Riviera is also an ideal playground for <strong>boating<\/strong> and <strong>fishing <\/strong>(find all authorized beaches on the <a href=\"https:\/\/www.pecheapied-responsable.fr\/\">dedicated website<\/a>).<\/p>\n<\/div>\n\n\n\n<div class=\"wp-block-group is-content-justification-right is-layout-flex wp-container-core-group-is-layout-94ae8342 wp-block-group-is-layout-flex\" style=\"padding-right:var(--wp--preset--spacing--30);padding-left:0\">\n<div class=\"wp-block-group is-content-justification-right is-nowrap is-layout-flex wp-container-core-group-is-layout-17124a9a wp-block-group-is-layout-flex\">\n<figure class=\"wp-block-image size-large is-resized gt-swiper-mb-1-left\"><img decoding=\"async\" width=\"17\" height=\"14\" src=\"https:\/\/camping-benodet-vacances.com\/wp-content\/uploads\/2024\/10\/left.svg\" alt=\"left\" class=\"wp-image-413\" style=\"width:16px\" \/><\/figure>\n\n\n\n<figure class=\"wp-block-image size-large is-resized gt-swiper-mb-1-right\"><img decoding=\"async\" width=\"17\" height=\"14\" src=\"https:\/\/camping-benodet-vacances.com\/wp-content\/uploads\/2024\/10\/right.svg\" alt=\"right\" class=\"wp-image-415\" style=\"width:16px\" \/><\/figure>\n<\/div>\n<\/div>\n<\/div>\n\n\n\n<div class=\"wp-block-group gt-swiper-mb-1 has-global-padding is-content-justification-right is-layout-constrained wp-container-core-group-is-layout-fbcf87ba wp-block-group-is-layout-constrained\">\n<div data-swiper=\"{&quot;speed&quot;:400,&quot;spaceBetween&quot;:0,&quot;slidesPerView&quot;:1,&quot;createElements&quot;:true,&quot;loop&quot;:true,&quot;freemode&quot;:true,&quot;navigation&quot;:{&quot;nextEl&quot;:&quot;.gt-swiper-mb-1-right&quot;,&quot;prevEl&quot;:&quot;.gt-swiper-mb-1-left&quot;},&quot;breakpoints&quot;:[{&quot;slidesPerView&quot;:1}],&quot;autoplay&quot;:{&quot;delay&quot;:2000}}\" class=\"wp-block-group gt-is-slider gt-is-slider-desktop is-layout-grid wp-container-core-group-is-layout-f2e2ae4a wp-block-group-is-layout-grid\" style=\"border-top-left-radius:2rem;border-top-right-radius:0rem;border-bottom-left-radius:2rem;border-bottom-right-radius:0rem\">\n<figure class=\"wp-block-image size-full has-custom-border\"><img decoding=\"async\" width=\"1152\" height=\"768\" src=\"https:\/\/camping-benodet-vacances.com\/wp-content\/uploads\/2024\/12\/depart-du-vieux-port-de-benodet.avif\" alt=\"departure from benodet's old port\" class=\"wp-image-15010\" style=\"border-top-left-radius:26px;border-top-right-radius:0px;border-bottom-left-radius:26px;object-fit:cover\" srcset=\"https:\/\/camping-benodet-vacances.com\/wp-content\/uploads\/2024\/12\/depart-du-vieux-port-de-benodet.avif 1152w, https:\/\/camping-benodet-vacances.com\/wp-content\/uploads\/2024\/12\/depart-du-vieux-port-de-benodet-300x200.jpg 300w, https:\/\/camping-benodet-vacances.com\/wp-content\/uploads\/2024\/12\/depart-du-vieux-port-de-benodet-1024x683.jpg 1024w, https:\/\/camping-benodet-vacances.com\/wp-content\/uploads\/2024\/12\/depart-du-vieux-port-de-benodet-768x512.jpg 768w\" sizes=\"(max-width: 1152px) 100vw, 1152px\" \/><\/figure>\n\n\n\n<figure class=\"wp-block-image size-full has-custom-border\"><img decoding=\"async\" width=\"1152\" height=\"768\" src=\"https:\/\/camping-benodet-vacances.com\/wp-content\/uploads\/2024\/12\/une-journee-sur-l-archipel-des-glenan.avif\" alt=\"a day on the glenan archipelago\" class=\"wp-image-15012\" style=\"border-top-left-radius:26px;border-top-right-radius:0px;border-bottom-left-radius:26px;object-fit:cover\" srcset=\"https:\/\/camping-benodet-vacances.com\/wp-content\/uploads\/2024\/12\/une-journee-sur-l-archipel-des-glenan.avif 1152w, https:\/\/camping-benodet-vacances.com\/wp-content\/uploads\/2024\/12\/une-journee-sur-l-archipel-des-glenan-300x200.jpg 300w, https:\/\/camping-benodet-vacances.com\/wp-content\/uploads\/2024\/12\/une-journee-sur-l-archipel-des-glenan-1024x683.jpg 1024w, https:\/\/camping-benodet-vacances.com\/wp-content\/uploads\/2024\/12\/une-journee-sur-l-archipel-des-glenan-768x512.jpg 768w\" sizes=\"(max-width: 1152px) 100vw, 1152px\" \/><\/figure>\n\n\n\n<figure class=\"wp-block-image size-full has-custom-border\"><img decoding=\"async\" width=\"1152\" height=\"768\" src=\"https:\/\/camping-benodet-vacances.com\/wp-content\/uploads\/2024\/12\/peche-a-pied.avif\" alt=\"fishing on foot\" class=\"wp-image-15014\" style=\"border-top-left-radius:26px;border-top-right-radius:0px;border-bottom-left-radius:26px;object-fit:cover\" srcset=\"https:\/\/camping-benodet-vacances.com\/wp-content\/uploads\/2024\/12\/peche-a-pied.avif 1152w, https:\/\/camping-benodet-vacances.com\/wp-content\/uploads\/2024\/12\/peche-a-pied-300x200.jpg 300w, https:\/\/camping-benodet-vacances.com\/wp-content\/uploads\/2024\/12\/peche-a-pied-1024x683.jpg 1024w, https:\/\/camping-benodet-vacances.com\/wp-content\/uploads\/2024\/12\/peche-a-pied-768x512.jpg 768w\" sizes=\"(max-width: 1152px) 100vw, 1152px\" \/><\/figure>\n<\/div>\n<\/div>\n<\/div>\n\n<div style=\"height:100px\" aria-hidden=\"true\" class=\"wp-block-spacer\"><\/div>\n\n<div class=\"wp-block-group alignfull position-relative gt-section-blue-right is-layout-flow wp-container-core-group-is-layout-a77db08e wp-block-group-is-layout-flow\">\n<div class=\"wp-block-cover aligncenter has-custom-content-position is-position-bottom-right\" style=\"border-top-left-radius:154px;padding-right:var(--wp--preset--spacing--60);min-height:640px;aspect-ratio:unset;\"><img decoding=\"async\" width=\"1920\" height=\"646\" class=\"wp-block-cover__image-background wp-image-15016\" alt=\"retour des bateaux de peche visite du pays bigouden\" src=\"https:\/\/camping-benodet-vacances.com\/wp-content\/uploads\/2024\/12\/retour-des-bateaux-de-peche-visite-du-pays-bigouden.avif\" data-object-fit=\"cover\" srcset=\"https:\/\/camping-benodet-vacances.com\/wp-content\/uploads\/2024\/12\/retour-des-bateaux-de-peche-visite-du-pays-bigouden.avif 1920w, https:\/\/camping-benodet-vacances.com\/wp-content\/uploads\/2024\/12\/retour-des-bateaux-de-peche-visite-du-pays-bigouden-300x101.jpg 300w, https:\/\/camping-benodet-vacances.com\/wp-content\/uploads\/2024\/12\/retour-des-bateaux-de-peche-visite-du-pays-bigouden-1024x345.jpg 1024w, https:\/\/camping-benodet-vacances.com\/wp-content\/uploads\/2024\/12\/retour-des-bateaux-de-peche-visite-du-pays-bigouden-768x258.jpg 768w, https:\/\/camping-benodet-vacances.com\/wp-content\/uploads\/2024\/12\/retour-des-bateaux-de-peche-visite-du-pays-bigouden-1536x517.jpg 1536w\" sizes=\"(max-width: 1920px) 100vw, 1920px\" \/><span aria-hidden=\"true\" class=\"wp-block-cover__background has-background-dim-100 has-background-dim wp-block-cover__gradient-background has-background-gradient\" style=\"background:linear-gradient(180deg,rgba(0,0,0,0) 67%,rgba(0,0,0,0.44) 99%)\"><\/span><div class=\"wp-block-cover__inner-container is-layout-flow wp-block-cover-is-layout-flow\">\n<p class=\"has-text-align-center has-large-font-size\"><\/p>\n<\/div><\/div>\n\n\n\n<div class=\"wp-block-group alignfull is-layout-flow wp-container-core-group-is-layout-bc493828 wp-block-group-is-layout-flow\" style=\"padding-left:148px\">\n<div class=\"wp-block-group alignfull has-base-background-color has-background is-layout-flow wp-block-group-is-layout-flow\" style=\"border-bottom-left-radius:70px;padding-right:var(--wp--preset--spacing--40);padding-bottom:70px;padding-left:var(--wp--preset--spacing--40)\">\n<div style=\"height:50px\" aria-hidden=\"true\" class=\"wp-block-spacer gt-hide-mobile\"><\/div>\n\n\n\n<div class=\"wp-block-group alignfull gt-break-mobile is-nowrap is-layout-flex wp-container-core-group-is-layout-b62c3650 wp-block-group-is-layout-flex\">\n<div class=\"wp-block-group has-global-padding is-layout-constrained wp-block-group-is-layout-constrained\">\n<h3 class=\"wp-block-heading h2-like has-base-2-color has-text-color has-link-color wp-elements-b15f0221c915a6bd9dfeac97b4ac3f5b\" style=\"font-size:clamp(1.119rem, 1.119rem + ((1vw - 0.2rem) * 1.052), 1.75rem);\">Visit the Pays Bigouden, <br \/>emblematic territory of Finist\u00e8re<\/h3>\n\n\n\n<p class=\"has-base-2-color has-text-color has-link-color has-medium-font-size wp-elements-8e2e446a49fe99c6af68739330af30e7\">Leaving B\u00e9nodet, cross the Cornouaille bridge to discover the <strong>Pays Bigouden <\/strong>and its capital, <strong>Pont-l&#8217;Abb\u00e9<\/strong>.<\/p>\n<\/div>\n\n\n\n<div class=\"wp-block-group has-global-padding is-layout-constrained wp-block-group-is-layout-constrained\">\n\n\n<p class=\"has-base-2-color has-text-color has-link-color has-medium-font-size wp-elements-69dd915570e5afddaee125766b708523\">Take a look at this land of character and tradition, famous for its <strong>36 cm-high headdress<\/strong>. Pointe de la Torche is a mythical spot for board sports enthusiasts. <\/p>\n\n\n\n<p class=\"has-base-2-color has-text-color has-link-color has-medium-font-size wp-elements-a4776201938d5646feb5a4b901467ff4\"><strong>A land of fishermen<\/strong>, don&#8217;t miss the <strong>return of the fishing boats<\/strong> at around 5pm in the ports of <strong>Saint-Gu\u00e9nol\u00e9-Penmarc&#8217;h<\/strong>, <strong>Le Guilvinec<\/strong>, <strong>Lesconil<\/strong> and <strong>Loctudy<\/strong>.<\/p>\n<\/div>\n<\/div>\n<\/div>\n<\/div>\n\n\n\n<figure class=\"wp-block-image alignright size-full is-resized gt-deco-sun gt-gsap-fadeIn\"><img decoding=\"async\" width=\"250\" height=\"468\" src=\"https:\/\/camping-benodet-vacances.com\/wp-content\/uploads\/2024\/10\/graphisme-3-1.svg\" alt=\"graphics 3 1\" class=\"wp-image-497\" style=\"object-fit:cover;width:208px;height:350px\" \/><\/figure>\n\n\n\n<div style=\"height:var(--wp--preset--spacing--20)\" aria-hidden=\"true\" class=\"wp-block-spacer gt-hide-mobile\"><\/div>\n\n\n\n<p class=\"has-text-align-right has-base-color has-text-color has-link-color has-caveat-font-family gt-gsap-fadeIn wp-elements-44241dcb47734aef0f47906a1764f9f7\" style=\"padding-top:0;padding-right:var(--wp--preset--spacing--40);padding-bottom:0;padding-left:0;font-size:clamp(48.588px, 3.037rem + ((1vw - 3.2px) * 4.939), 96px);line-height:1\">Stay in South Finist\u00e8re!<\/p>\n<\/div>\n\n<div class=\"wp-block-group alignwide gt-slider-mak-with-text is-content-justification-center is-layout-flex wp-container-core-group-is-layout-2e827744 wp-block-group-is-layout-flex\">\n<div class=\"wp-block-group gt-slider-mask-wrap is-nowrap is-layout-flex wp-container-core-group-is-layout-9bd231a2 wp-block-group-is-layout-flex\">\n<div class=\"wp-block-group gt-slider-mask has-global-padding is-layout-constrained wp-block-group-is-layout-constrained\" style=\"padding-top:53px\">\n<div data-swiper=\"{&quot;speed&quot;:400,&quot;spaceBetween&quot;:16,&quot;slidesPerView&quot;:1,&quot;createElements&quot;:true,&quot;loop&quot;:true,&quot;freemode&quot;:true,&quot;navigation&quot;:{&quot;nextEl&quot;:&quot;buttonNext&quot;,&quot;prevEl&quot;:&quot;buttonPrev&quot;},&quot;pagination&quot;:{&quot;el&quot;:&quot;.swiper-pagination&quot;,&quot;dynamicBullets&quot;:true},&quot;breakpoints&quot;:[{&quot;slidesPerView&quot;:1}],&quot;autoplay&quot;:{&quot;delay&quot;:3000}}\" class=\"wp-block-group gt-is-slider gt-is-slider-desktop has-global-padding is-layout-constrained wp-container-core-group-is-layout-1cfdb9ee wp-block-group-is-layout-constrained\">\n<figure class=\"wp-block-image size-full\"><img alt=\"quimper decouvrez des villes et villages de caractere\" decoding=\"async\" width=\"618\" height=\"618\" src=\"https:\/\/camping-benodet-vacances.com\/wp-content\/uploads\/2024\/12\/quimper-decouvrez-des-villes-et-villages-de-caractere.avif\" alt=\"\" class=\"wp-image-15018\" style=\"aspect-ratio:1;object-fit:cover\" srcset=\"https:\/\/camping-benodet-vacances.com\/wp-content\/uploads\/2024\/12\/quimper-decouvrez-des-villes-et-villages-de-caractere.avif 618w, https:\/\/camping-benodet-vacances.com\/wp-content\/uploads\/2024\/12\/quimper-decouvrez-des-villes-et-villages-de-caractere-300x300.jpg 300w, https:\/\/camping-benodet-vacances.com\/wp-content\/uploads\/2024\/12\/quimper-decouvrez-des-villes-et-villages-de-caractere-150x150.jpg 150w, https:\/\/camping-benodet-vacances.com\/wp-content\/uploads\/2024\/12\/quimper-decouvrez-des-villes-et-villages-de-caractere-400x400.jpg 400w, https:\/\/camping-benodet-vacances.com\/wp-content\/uploads\/2024\/12\/quimper-decouvrez-des-villes-et-villages-de-caractere-600x600.jpg 600w\" sizes=\"(max-width: 618px) 100vw, 618px\" \/><\/figure>\n\n\n\n<figure class=\"wp-block-image size-full\"><img decoding=\"async\" width=\"618\" height=\"618\" src=\"https:\/\/camping-benodet-vacances.com\/wp-content\/uploads\/2024\/12\/ville-close-concarneau.avif\" alt=\"ville close concarneau\" class=\"wp-image-15020\" style=\"aspect-ratio:1;object-fit:cover\" srcset=\"https:\/\/camping-benodet-vacances.com\/wp-content\/uploads\/2024\/12\/ville-close-concarneau.avif 618w, https:\/\/camping-benodet-vacances.com\/wp-content\/uploads\/2024\/12\/ville-close-concarneau-300x300.jpg 300w, https:\/\/camping-benodet-vacances.com\/wp-content\/uploads\/2024\/12\/ville-close-concarneau-150x150.jpg 150w, https:\/\/camping-benodet-vacances.com\/wp-content\/uploads\/2024\/12\/ville-close-concarneau-400x400.jpg 400w, https:\/\/camping-benodet-vacances.com\/wp-content\/uploads\/2024\/12\/ville-close-concarneau-600x600.jpg 600w\" sizes=\"(max-width: 618px) 100vw, 618px\" \/><\/figure>\n\n\n\n<figure class=\"wp-block-image size-full\"><img alt=\"bois d amour a pont aven\" decoding=\"async\" width=\"618\" height=\"618\" src=\"https:\/\/camping-benodet-vacances.com\/wp-content\/uploads\/2024\/12\/bois-d-amour-a-pont-aven.avif\" alt=\"\" class=\"wp-image-15022\" style=\"aspect-ratio:1;object-fit:cover\" srcset=\"https:\/\/camping-benodet-vacances.com\/wp-content\/uploads\/2024\/12\/bois-d-amour-a-pont-aven.avif 618w, https:\/\/camping-benodet-vacances.com\/wp-content\/uploads\/2024\/12\/bois-d-amour-a-pont-aven-300x300.jpg 300w, https:\/\/camping-benodet-vacances.com\/wp-content\/uploads\/2024\/12\/bois-d-amour-a-pont-aven-150x150.jpg 150w, https:\/\/camping-benodet-vacances.com\/wp-content\/uploads\/2024\/12\/bois-d-amour-a-pont-aven-400x400.jpg 400w, https:\/\/camping-benodet-vacances.com\/wp-content\/uploads\/2024\/12\/bois-d-amour-a-pont-aven-600x600.jpg 600w\" sizes=\"(max-width: 618px) 100vw, 618px\" \/><\/figure>\n\n\n\n<figure class=\"wp-block-image size-full\"><img decoding=\"async\" width=\"618\" height=\"618\" src=\"https:\/\/camping-benodet-vacances.com\/wp-content\/uploads\/2024\/12\/delicieuses-galettes.avif\" alt=\"delicious wafers\" class=\"wp-image-15024\" style=\"aspect-ratio:1;object-fit:cover\" srcset=\"https:\/\/camping-benodet-vacances.com\/wp-content\/uploads\/2024\/12\/delicieuses-galettes.avif 618w, https:\/\/camping-benodet-vacances.com\/wp-content\/uploads\/2024\/12\/delicieuses-galettes-300x300.jpg 300w, https:\/\/camping-benodet-vacances.com\/wp-content\/uploads\/2024\/12\/delicieuses-galettes-150x150.jpg 150w, https:\/\/camping-benodet-vacances.com\/wp-content\/uploads\/2024\/12\/delicieuses-galettes-400x400.jpg 400w, https:\/\/camping-benodet-vacances.com\/wp-content\/uploads\/2024\/12\/delicieuses-galettes-600x600.jpg 600w\" sizes=\"(max-width: 618px) 100vw, 618px\" \/><\/figure>\n<\/div>\n<\/div>\n<\/div>\n\n\n\n<div class=\"wp-block-group wp-container-content-5b9a5e8f is-vertical is-layout-flex wp-container-core-group-is-layout-ea0cb840 wp-block-group-is-layout-flex\">\n<div style=\"height:0px\" aria-hidden=\"true\" class=\"wp-block-spacer gt-hide-mobile wp-container-content-fdc43b14\"><\/div>\n\n\n\n<h3 class=\"wp-block-heading h2-like has-base-color has-text-color has-link-color wp-elements-c98c1485937860b25fcedbced5843ab5\" style=\"margin-top:0;margin-bottom:0;font-size:clamp(1.119rem, 1.119rem + ((1vw - 0.2rem) * 1.052), 1.75rem);font-style:normal;font-weight:600;text-transform:uppercase\">Discover characterful towns and villages<\/h3>\n\n\n\n<p class=\"has-medium-font-size\">A city of culture and history, <strong>Quimper <\/strong>is a must-see destination for your stay in South Finist\u00e8re.<\/p>\n\n\n\n<p class=\"has-medium-font-size\">Situated in the heart of Cornouaille, let yourself be charmed by its preserved architecture and timber-framed houses, and discover its cultural and artisanal treasures.<\/p>\n\n\n\n<p class=\"has-medium-font-size\">Famous for its <strong>walled town<\/strong>, <a href=\"https:\/\/camping-benodet-vacances.com\/en\/tourism-finistere\/tourism-concarneau\/\">Concarneau<\/a><strong> <\/strong>offers many fine sandy beaches. You can also stroll along the fishing and yachting harbours. <\/p>\n\n\n\n<p class=\"has-medium-font-size\">With family or friends, follow in the footsteps of painters like Gauguin in <strong>Pont-Aven&#8217;s Bois d&#8217;Amour<\/strong> and enjoy delicious <strong>galettes<\/strong>.<\/p>\n\n\n\n<p class=\"has-medium-font-size\">You can also enjoy a <strong>stroll<\/strong> through <strong>Quimperl\u00e9&#8217;<\/strong> s old town, along the cobbled streets or the GR 34.<\/p>\n<\/div>\n<\/div>\n\n<div style=\"height:6rem\" aria-hidden=\"true\" class=\"wp-block-spacer gt-hide-mobile\"><\/div>\n\n<div class=\"wp-block-columns alignwide is-layout-flex wp-container-core-columns-is-layout-7fc3d43a wp-block-columns-is-layout-flex\">\n<div class=\"wp-block-column is-layout-flow wp-block-column-is-layout-flow\">\n<p class=\"gt-rotated gt-negative-left has-accent-color has-text-color has-link-color has-caveat-font-family wp-elements-e6cfeedaed8b849acb82fa3406e5abb4\" style=\"font-size:clamp(2.418rem, 2.418rem + ((1vw - 0.2rem) * 3.47), 4.5rem);\">Family activities<\/p>\n\n\n\n<h2 class=\"wp-block-heading h2-like has-base-color has-text-color has-link-color has-large-font-size wp-elements-251fa2374381374e065411288c23211c\" style=\"font-style:normal;font-weight:600;text-transform:uppercase\">Our top things to do in Finist\u00e8re<\/h2>\n\n\n\n<h3 class=\"wp-block-heading has-base-color has-text-color has-link-color wp-elements-5aab0641ab55654745542a00cc255344\" style=\"font-size:clamp(0.984rem, 0.984rem + ((1vw - 0.2rem) * 0.86), 1.5rem);font-style:normal;font-weight:600;text-transform:uppercase\">Family activities<\/h3>\n\n\n    <div id=\"gt-fse-lire-plus-69f27d772dd03\" class=\"gt-fse-lire-plus\" data-min-height=\"130\" style=\"background-color: #f9f2e8;\">\n        <input id=\"gt-fse-lire-plus-69f27d772dd03-toggle\" type=\"checkbox\" class=\"gt-fse-lire-plus__toggle\" \/>\n        <label for=\"gt-fse-lire-plus-69f27d772dd03-toggle\" class=\"gt-fse-lire-plus__toggle-label\">\n            <span>Read more<\/span>\n            <span>Read less<\/span>\n        <\/label>\n        <div class=\"gt-fse-lire-plus__content\" style=\"height: 130px;\">\n            \n\n<p>On vacation in Finist\u00e8re with your children, you&#8217;ll enjoy a <strong>wide choice of family activities<\/strong> close to your campsite.<\/p>\n\n\n\n<p>Classic but always fun, and above all, in the colors and motifs of <strong>Quimper&#8217;s<\/strong> famous <strong>earthenware<\/strong>, the little tourist train will take you on a tour of the resort and its sites of interest.<\/p>\n\n\n\n<p>Gourmets will love a visit to the Fran\u00e7ois Garrec cookie factory, while sporty families can challenge themselves on <a href=\"https:\/\/camping-benodet-vacances.com\/en\/tourism-finistere\/leisure-and-adventure-parks-finistere\/\">tree-climbing courses of all levels<\/a>.<\/p>\n\n\n\n<p>Also outdoors, get lost together in the corn maze of the labyrinth 29 and enjoy its <strong>inflatable structures<\/strong>!<\/p>\n\n            <div class=\"gt-fse-lire-plus__gradient\" style=\"background: linear-gradient(to bottom,rgba(249,242,232,0) 0%,rgba(249,242,232,1) 100%);\"><\/div>\n        <\/div>\n    <\/div>\n    <\/div>\n\n\n\n<div class=\"wp-block-column is-layout-flow wp-block-column-is-layout-flow\">\n<div class=\"wp-block-group is-content-justification-space-between is-nowrap is-layout-flex wp-container-core-group-is-layout-cb46ffcb wp-block-group-is-layout-flex\">\n<figure class=\"wp-block-image size-full is-style-rounded gt-img-full wp-container-content-9cfa9a5a is-style-rounded--3\"><img decoding=\"async\" width=\"562\" height=\"562\" src=\"https:\/\/camping-benodet-vacances.com\/wp-content\/uploads\/2024\/12\/activites-familiales-tout-pres-du-camping-dans-le-finistere.avif\" alt=\"family activities close to the campsite in finistere\" class=\"wp-image-15026\" style=\"aspect-ratio:1;object-fit:cover\" srcset=\"https:\/\/camping-benodet-vacances.com\/wp-content\/uploads\/2024\/12\/activites-familiales-tout-pres-du-camping-dans-le-finistere.avif 562w, https:\/\/camping-benodet-vacances.com\/wp-content\/uploads\/2024\/12\/activites-familiales-tout-pres-du-camping-dans-le-finistere-300x300.jpg 300w, https:\/\/camping-benodet-vacances.com\/wp-content\/uploads\/2024\/12\/activites-familiales-tout-pres-du-camping-dans-le-finistere-150x150.jpg 150w, https:\/\/camping-benodet-vacances.com\/wp-content\/uploads\/2024\/12\/activites-familiales-tout-pres-du-camping-dans-le-finistere-400x400.jpg 400w\" sizes=\"(max-width: 562px) 100vw, 562px\" \/><\/figure>\n\n\n\n<div data-gt-animation-delay=\"0.6\" class=\"wp-block-group z-index-1 gt-gsap-fadeInUp has-global-padding is-layout-constrained wp-block-group-is-layout-constrained\" style=\"padding-top:53px\">\n<figure data-gt-animation-speed=\"100\" class=\"wp-block-image size-full is-resized gt-dot-deco gt-gsap-parallaxDown\"><img alt=\"Cercle\" decoding=\"async\" width=\"168\" height=\"169\" src=\"https:\/\/camping-benodet-vacances.com\/wp-content\/uploads\/2024\/10\/Circle.svg\" alt=\"\" class=\"wp-image-182\" style=\"width:167px\" \/><\/figure>\n<\/div>\n<\/div>\n<\/div>\n<\/div>\n\n<div style=\"height:96px\" aria-hidden=\"true\" class=\"wp-block-spacer gt-hide-mobile\"><\/div>\n\n<div class=\"wp-block-group alignfull position-relative gt-section-blue-right is-layout-flow wp-container-core-group-is-layout-a77db08e wp-block-group-is-layout-flow\">\n<div class=\"wp-block-group alignfull is-layout-flow wp-container-core-group-is-layout-bc493828 wp-block-group-is-layout-flow\" style=\"padding-left:148px\">\n<div class=\"wp-block-group alignfull has-base-background-color has-background is-layout-flow wp-block-group-is-layout-flow\" style=\"border-top-left-radius:70px;padding-top:var(--wp--preset--spacing--50);padding-right:var(--wp--preset--spacing--50);padding-bottom:var(--wp--preset--spacing--50);padding-left:var(--wp--preset--spacing--50)\">\n<div class=\"wp-block-group alignfull gt-break-mobile is-nowrap is-layout-flex wp-container-core-group-is-layout-f01a8a75 wp-block-group-is-layout-flex\">\n<div class=\"wp-block-group has-global-padding is-layout-constrained wp-block-group-is-layout-constrained\">\n<h3 class=\"wp-block-heading h2-like has-base-2-color has-text-color has-link-color wp-elements-80a413993768899ceecead1a00638e0b\" style=\"font-size:clamp(1.119rem, 1.119rem + ((1vw - 0.2rem) * 1.052), 1.75rem);text-transform:uppercase\">Nautical activities<\/h3>\n\n\n\n<p class=\"has-base-2-color has-text-color has-link-color has-medium-font-size wp-elements-553a381d28ff49cceebd85d1416b0399\">Ideally located on the seafront, you can take full advantage of <strong>water sports and leisure activities<\/strong>, B\u00e9nodet&#8217;s No. 1 tourist attraction.<\/p>\n<\/div>\n\n\n\n<div class=\"wp-block-group has-global-padding is-layout-constrained wp-block-group-is-layout-constrained\">\n<p class=\"has-base-2-color has-text-color has-link-color has-medium-font-size wp-elements-93bcf1ba3b026038d68fe94e7e8422da\">Take part in a<strong> group sea kayak trip<\/strong> to discover the treasures of the coastline!<\/p>\n\n\n\n<p class=\"has-base-2-color has-text-color has-link-color has-medium-font-size wp-elements-383487f2a9f821a57b4d8bee745fd6a0\">Also on the agenda for your vacation in South Finist\u00e8re are <strong>introductory sea-fishing courses<\/strong>,<strong> sailing courses<\/strong>, <strong>kite-surfing<\/strong>, <strong>wing foiling <\/strong>and <strong>stand-up paddling<\/strong>. Not forgetting guided cruises on the Odet or to the Gl\u00e9nan archipelago! <\/p>\n<\/div>\n<\/div>\n<\/div>\n<\/div>\n\n\n\n<figure class=\"wp-block-image alignright size-full is-resized gt-deco-sun\"><img decoding=\"async\" width=\"752\" height=\"1511\" src=\"https:\/\/camping-benodet-vacances.com\/wp-content\/uploads\/2024\/10\/graphisme-1-1.png\" alt=\"graphics 1 1\" class=\"wp-image-298\" style=\"object-fit:cover;width:350px;height:350px\" srcset=\"https:\/\/camping-benodet-vacances.com\/wp-content\/uploads\/2024\/10\/graphisme-1-1.png 752w, https:\/\/camping-benodet-vacances.com\/wp-content\/uploads\/2024\/10\/graphisme-1-1-149x300.png 149w, https:\/\/camping-benodet-vacances.com\/wp-content\/uploads\/2024\/10\/graphisme-1-1-510x1024.png 510w\" sizes=\"(max-width: 752px) 100vw, 752px\" \/><\/figure>\n\n\n\n<div class=\"wp-block-cover aligncenter has-custom-content-position is-position-bottom-left\" style=\"border-bottom-left-radius:154px;min-height:640px;aspect-ratio:unset;\"><img decoding=\"async\" width=\"1920\" height=\"646\" class=\"wp-block-cover__image-background wp-image-15028\" alt=\"les activites nautiques\" src=\"https:\/\/camping-benodet-vacances.com\/wp-content\/uploads\/2024\/12\/les-activites-nautiques.avif\" data-object-fit=\"cover\" srcset=\"https:\/\/camping-benodet-vacances.com\/wp-content\/uploads\/2024\/12\/les-activites-nautiques.avif 1920w, https:\/\/camping-benodet-vacances.com\/wp-content\/uploads\/2024\/12\/les-activites-nautiques-300x101.jpg 300w, https:\/\/camping-benodet-vacances.com\/wp-content\/uploads\/2024\/12\/les-activites-nautiques-1024x345.jpg 1024w, https:\/\/camping-benodet-vacances.com\/wp-content\/uploads\/2024\/12\/les-activites-nautiques-768x258.jpg 768w, https:\/\/camping-benodet-vacances.com\/wp-content\/uploads\/2024\/12\/les-activites-nautiques-1536x517.jpg 1536w\" sizes=\"(max-width: 1920px) 100vw, 1920px\" \/><span aria-hidden=\"true\" class=\"wp-block-cover__background has-contrast-background-color has-background-dim-10 has-background-dim\"><\/span><div class=\"wp-block-cover__inner-container is-layout-flow wp-block-cover-is-layout-flow\">\n<p class=\"has-text-align-center has-accent-color has-text-color has-link-color has-caveat-font-family gt-gsap-fadeIn wp-elements-37b6e9525356c615f70bfc1bc0f06d79\" style=\"padding-top:var(--wp--preset--spacing--30);padding-right:var(--wp--preset--spacing--40);padding-bottom:var(--wp--preset--spacing--30);padding-left:var(--wp--preset--spacing--40);font-size:clamp(48.588px, 3.037rem + ((1vw - 3.2px) * 4.939), 96px);line-height:1.2\">Water sports!<\/p>\n<\/div><\/div>\n<\/div>\n\n<div style=\"height:6rem\" aria-hidden=\"true\" class=\"wp-block-spacer gt-hide-mobile\"><\/div>\n\n<div class=\"wp-block-columns alignwide is-layout-flex wp-container-core-columns-is-layout-7fc3d43a wp-block-columns-is-layout-flex\">\n<div class=\"wp-block-column is-layout-flow wp-block-column-is-layout-flow\">\n<div class=\"wp-block-group is-content-justification-space-between is-nowrap is-layout-flex wp-container-core-group-is-layout-4e2e7437 wp-block-group-is-layout-flex\">\n<figure class=\"wp-block-image size-full is-style-rounded gt-img-full wp-container-content-9cfa9a5a is-style-rounded--4\"><img decoding=\"async\" width=\"639\" height=\"639\" src=\"https:\/\/camping-benodet-vacances.com\/wp-content\/uploads\/2024\/12\/sessions-de-surf-activites-sportives-et-de-plein-air.avif\" alt=\"surf sessions sports and outdoor activities\" class=\"wp-image-15030\" style=\"aspect-ratio:1;object-fit:cover\" srcset=\"https:\/\/camping-benodet-vacances.com\/wp-content\/uploads\/2024\/12\/sessions-de-surf-activites-sportives-et-de-plein-air.avif 639w, https:\/\/camping-benodet-vacances.com\/wp-content\/uploads\/2024\/12\/sessions-de-surf-activites-sportives-et-de-plein-air-300x300.jpg 300w, https:\/\/camping-benodet-vacances.com\/wp-content\/uploads\/2024\/12\/sessions-de-surf-activites-sportives-et-de-plein-air-150x150.jpg 150w, https:\/\/camping-benodet-vacances.com\/wp-content\/uploads\/2024\/12\/sessions-de-surf-activites-sportives-et-de-plein-air-400x400.jpg 400w, https:\/\/camping-benodet-vacances.com\/wp-content\/uploads\/2024\/12\/sessions-de-surf-activites-sportives-et-de-plein-air-600x600.jpg 600w\" sizes=\"(max-width: 639px) 100vw, 639px\" \/><figcaption class=\"wp-element-caption\">default<\/figcaption><\/figure>\n<\/div>\n<\/div>\n\n\n\n<div class=\"wp-block-column is-layout-flow wp-block-column-is-layout-flow\">\n<p class=\"gt-rotated gt-negative-left has-accent-color has-text-color has-link-color has-caveat-font-family has-xx-large-font-size wp-elements-9530f4e45960b3122bd0c2abc2a25d1a\">Surf sessions<\/p>\n\n\n\n<h3 class=\"wp-block-heading h2-like has-base-color has-text-color has-link-color wp-elements-6bc5e2fc49dd69a1c3f3925897934588\" style=\"font-size:clamp(1.119rem, 1.119rem + ((1vw - 0.2rem) * 1.052), 1.75rem);font-style:normal;font-weight:600;text-transform:uppercase\">Sports activities <br \/>and outdoor activities<\/h3>\n\n\n\n<p>Plan a revitalizing vacation in Finist\u00e8re with a host of <strong>outdoor<\/strong><strong>sports<\/strong> and <strong>leisure<\/strong><strong>activities<\/strong>!<\/p>\n\n\n\n<p>For a change from water-based activities, don&#8217;t forget to bring your good shoes for a walk along the <strong>mythical GR34<\/strong>, or <strong>sentier des douaniers<\/strong>. Set off for <a href=\"https:\/\/camping-benodet-vacances.com\/en\/tourism-finistere\/hiking-finistere\/\">walks and hikes<\/a> through breathtaking scenery! <\/p>\n\n\n\n<p>Rent your <strong>bikes at the campsite<\/strong> for excursions further afield, to the historic heart of <strong>Quimper<\/strong>, the <strong>port of Concarneau<\/strong> or the <strong>city of Pont-l&#8217;Abb\u00e9<\/strong>.<\/p>\n\n\n\n<p>Just a stone&#8217;s throw from your mobile home, you can reach the <strong>beaches<\/strong> for swimming, <strong>surfing <\/strong>or <strong>beach volleyball<\/strong>!<\/p>\n<\/div>\n<\/div>\n\n<div style=\"height:100px\" aria-hidden=\"true\" class=\"wp-block-spacer\"><\/div>\n\n<div class=\"wp-block-group alignfull gt-section-content-width-slider gt-break-mobile is-content-justification-right is-nowrap is-layout-flex wp-container-core-group-is-layout-99f77615 wp-block-group-is-layout-flex\" style=\"padding-right:0;padding-left:0\">\n<div class=\"wp-block-group has-contrast-2-background-color has-background has-global-padding is-layout-constrained wp-container-core-group-is-layout-b2dbe7bd wp-block-group-is-layout-constrained\" style=\"padding-right:var(--wp--preset--spacing--30);padding-bottom:var(--wp--preset--spacing--20);padding-left:var(--wp--preset--spacing--60)\">\n<div class=\"wp-block-group has-global-padding is-layout-constrained wp-container-core-group-is-layout-7db9d80f wp-block-group-is-layout-constrained\" style=\"padding-right:0;padding-left:0\">\n<div style=\"height:100px\" aria-hidden=\"true\" class=\"wp-block-spacer gt-hide-mobile gt-hide-mobile\"><\/div>\n\n\n\n<h3 class=\"wp-block-heading h2-like has-base-color has-text-color has-link-color wp-elements-9f15bb3300c590e0661e1afcc6ce533a\" style=\"font-size:clamp(1.119rem, 1.119rem + ((1vw - 0.2rem) * 1.052), 1.75rem);font-style:normal;font-weight:600\">  Hiking trails: <br \/>discover the Breton Riviera <br \/>on foot or by bike<\/h3>\n\n\n\n<p>Hiking enthusiasts make no mistake: South Finist\u00e8re is a <strong>prime destination for walking<\/strong> in an unspoilt environment.<\/p>\n\n\n\n<p>No fewer than <strong>250 kilometers of trails<\/strong> await you in the Pays fouesnantais, including of course the <strong>GR34, which passes through B\u00e9nodet<\/strong>.<\/p>\n\n\n\n<p>For a varied discovery of the town, try the <strong>Corniches loop<\/strong> in B\u00e9nodet (11.8 km)!<\/p>\n\n\n\n<p>Hike around <strong>Cap Coz<\/strong> in Fouesnant for magnificent panoramic views, or explore the Polder de Mousterlin in a unique ecosystem.<\/p>\n<\/div>\n\n\n\n<div class=\"wp-block-group is-content-justification-right is-layout-flex wp-container-core-group-is-layout-94ae8342 wp-block-group-is-layout-flex\" style=\"padding-right:var(--wp--preset--spacing--30);padding-left:0\">\n<div class=\"wp-block-group is-content-justification-right is-nowrap is-layout-flex wp-container-core-group-is-layout-17124a9a wp-block-group-is-layout-flex\">\n<figure class=\"wp-block-image size-large is-resized gt-swiper-mb-1-left\"><img decoding=\"async\" width=\"17\" height=\"14\" src=\"https:\/\/camping-benodet-vacances.com\/wp-content\/uploads\/2024\/10\/left.svg\" alt=\"left\" class=\"wp-image-413\" style=\"width:16px\" \/><\/figure>\n\n\n\n<figure class=\"wp-block-image size-large is-resized gt-swiper-mb-1-right\"><img decoding=\"async\" width=\"17\" height=\"14\" src=\"https:\/\/camping-benodet-vacances.com\/wp-content\/uploads\/2024\/10\/right.svg\" alt=\"right\" class=\"wp-image-415\" style=\"width:16px\" \/><\/figure>\n<\/div>\n<\/div>\n<\/div>\n\n\n\n<div class=\"wp-block-group gt-swiper-mb-1 has-global-padding is-content-justification-right is-layout-constrained wp-container-core-group-is-layout-fbcf87ba wp-block-group-is-layout-constrained\">\n<div data-swiper=\"{&quot;speed&quot;:400,&quot;spaceBetween&quot;:0,&quot;slidesPerView&quot;:1,&quot;createElements&quot;:true,&quot;loop&quot;:true,&quot;freemode&quot;:true,&quot;navigation&quot;:{&quot;nextEl&quot;:&quot;.gt-swiper-mb-1-right&quot;,&quot;prevEl&quot;:&quot;.gt-swiper-mb-1-left&quot;},&quot;breakpoints&quot;:[{&quot;slidesPerView&quot;:1}],&quot;autoplay&quot;:{&quot;delay&quot;:2000}}\" class=\"wp-block-group gt-is-slider gt-is-slider-desktop is-layout-grid wp-container-core-group-is-layout-f2e2ae4a wp-block-group-is-layout-grid\" style=\"border-top-left-radius:2rem;border-top-right-radius:0rem;border-bottom-left-radius:2rem;border-bottom-right-radius:0rem\">\n<figure class=\"wp-block-image size-full has-custom-border\"><img decoding=\"async\" width=\"1152\" height=\"768\" src=\"https:\/\/camping-benodet-vacances.com\/wp-content\/uploads\/2024\/12\/sentiers-de-randonnees.avif\" alt=\"hiking trails\" class=\"wp-image-15032\" style=\"border-top-left-radius:26px;border-top-right-radius:0px;border-bottom-left-radius:26px;object-fit:cover\" srcset=\"https:\/\/camping-benodet-vacances.com\/wp-content\/uploads\/2024\/12\/sentiers-de-randonnees.avif 1152w, https:\/\/camping-benodet-vacances.com\/wp-content\/uploads\/2024\/12\/sentiers-de-randonnees-300x200.jpg 300w, https:\/\/camping-benodet-vacances.com\/wp-content\/uploads\/2024\/12\/sentiers-de-randonnees-1024x683.jpg 1024w, https:\/\/camping-benodet-vacances.com\/wp-content\/uploads\/2024\/12\/sentiers-de-randonnees-768x512.jpg 768w\" sizes=\"(max-width: 1152px) 100vw, 1152px\" \/><\/figure>\n\n\n\n<figure class=\"wp-block-image size-full has-custom-border\"><img decoding=\"async\" width=\"1152\" height=\"768\" src=\"https:\/\/camping-benodet-vacances.com\/wp-content\/uploads\/2024\/12\/decouvrez-la-riviera-bretonne-a-velo.avif\" alt=\"discover the brittany riviera by bike\" class=\"wp-image-15034\" style=\"border-top-left-radius:26px;border-top-right-radius:0px;border-bottom-left-radius:26px;object-fit:cover\" srcset=\"https:\/\/camping-benodet-vacances.com\/wp-content\/uploads\/2024\/12\/decouvrez-la-riviera-bretonne-a-velo.avif 1152w, https:\/\/camping-benodet-vacances.com\/wp-content\/uploads\/2024\/12\/decouvrez-la-riviera-bretonne-a-velo-300x200.jpg 300w, https:\/\/camping-benodet-vacances.com\/wp-content\/uploads\/2024\/12\/decouvrez-la-riviera-bretonne-a-velo-1024x683.jpg 1024w, https:\/\/camping-benodet-vacances.com\/wp-content\/uploads\/2024\/12\/decouvrez-la-riviera-bretonne-a-velo-768x512.jpg 768w\" sizes=\"(max-width: 1152px) 100vw, 1152px\" \/><\/figure>\n\n\n\n<figure class=\"wp-block-image size-full has-custom-border\"><img decoding=\"async\" width=\"1152\" height=\"768\" src=\"https:\/\/camping-benodet-vacances.com\/wp-content\/uploads\/2024\/12\/decouvrez-la-riviera-bretonne-a-pied.avif\" alt=\"discover the brittany riviera on foot\" class=\"wp-image-15036\" style=\"border-top-left-radius:26px;border-top-right-radius:0px;border-bottom-left-radius:26px;object-fit:cover\" srcset=\"https:\/\/camping-benodet-vacances.com\/wp-content\/uploads\/2024\/12\/decouvrez-la-riviera-bretonne-a-pied.avif 1152w, https:\/\/camping-benodet-vacances.com\/wp-content\/uploads\/2024\/12\/decouvrez-la-riviera-bretonne-a-pied-300x200.jpg 300w, https:\/\/camping-benodet-vacances.com\/wp-content\/uploads\/2024\/12\/decouvrez-la-riviera-bretonne-a-pied-1024x683.jpg 1024w, https:\/\/camping-benodet-vacances.com\/wp-content\/uploads\/2024\/12\/decouvrez-la-riviera-bretonne-a-pied-768x512.jpg 768w\" sizes=\"(max-width: 1152px) 100vw, 1152px\" \/><\/figure>\n<\/div>\n<\/div>\n<\/div>\n\n<div style=\"height:8rem\" aria-hidden=\"true\" class=\"wp-block-spacer gt-hide-mobile\"><\/div>\n\n<div class=\"wp-block-group alignwide has-medium-font-size is-layout-flow wp-block-group-is-layout-flow\">\n<h2 class=\"wp-block-heading h2-like has-base-color has-text-color has-link-color has-large-font-size wp-elements-a03b4204cd52f606caed86ff89475fb5\" style=\"margin-top:0;margin-bottom:-16px;font-style:normal;font-weight:600;text-transform:uppercase\">Discover our aquatic area and our promotions<\/h2>\n\n\n\n<div class=\"wp-block-query alignwide gt-is-slider gt-is-slider-desktop is-layout-flow wp-block-query-is-layout-flow\"><ul class=\"wp-block-post-template is-layout-grid wp-container-core-post-template-is-layout-c37e0d04 wp-block-post-template-is-layout-grid\"><li class=\"wp-block-post post-17363 page type-page status-publish has-post-thumbnail\">\n\n<div class=\"wp-block-group overflow-hidden has-base-2-background-color has-background has-global-padding is-layout-constrained wp-container-core-group-is-layout-95730b41 wp-block-group-is-layout-constrained\" style=\"border-radius:0.5rem;min-height:100%;padding-top:0;padding-bottom:0;box-shadow:var(--wp--preset--shadow--natural)\">\n<figure class=\"wp-block-image\"><img decoding=\"async\" src=\"https:\/\/camping-benodet-vacances.com\/wp-content\/uploads\/2024\/12\/camping-parc-aquatique-benodet-cta.avif\" alt=\"Water park and slides\" style=\"aspect-ratio:4\/3;object-fit:cover\" \/><\/figure>\n\n\n\n<div class=\"wp-block-group has-global-padding is-layout-constrained wp-container-core-group-is-layout-86dba5ee wp-block-group-is-layout-constrained\" style=\"padding-top:var(--wp--preset--spacing--10);padding-right:var(--wp--preset--spacing--10);padding-bottom:var(--wp--preset--spacing--10);padding-left:var(--wp--preset--spacing--10)\">\n<div class=\"wp-block-group has-global-padding is-layout-constrained wp-container-core-group-is-layout-e555385e wp-block-group-is-layout-constrained\">\n<p class=\"has-text-align-center gt-rotated has-accent-color has-text-color has-link-color has-caveat-font-family has-large-font-size wp-elements-8e5182aaed6f74eca618630132e3c367\" style=\"font-style:normal;font-weight:500\">Discover<\/p>\n\n\n\n<p class=\"has-text-align-center has-base-color has-text-color has-link-color has-caveat-font-family has-large-font-size wp-elements-0d156a93fb2aa5049bd2c20f062aa661\" style=\"font-style:normal;font-weight:400\">Water park and slides<\/p>\n<\/div>\n\n\n\n<p class=\"has-text-align-center has-medium-font-size\" style=\"font-style:normal;font-weight:400\">Make way for fun: enjoy the thrills of our crazy slides!<\/p>\n\n\n\n<div class=\"wp-block-group is-nowrap is-layout-flex wp-container-core-group-is-layout-37505225 wp-block-group-is-layout-flex\">\n<p class=\"has-base-color has-text-color has-link-color wp-elements-6ab38c7494c639df956c3bfeaa194e06\" style=\"font-size:0.8rem\">Read more<\/p>\n\n\n\n<figure class=\"wp-block-image size-full is-resized\" style=\"margin-top:0;margin-right:0;margin-bottom:0;margin-left:0\"><img decoding=\"async\" width=\"68\" height=\"64\" src=\"https:\/\/camping-benodet-vacances.com\/wp-content\/uploads\/2024\/11\/fleche-cercles-1-3-1.png\" alt=\"arrow circles 1 3\" class=\"wp-image-2522\" style=\"width:20px;height:auto\" \/><\/figure>\n<\/div>\n<\/div>\n\n\n<a class=\"is-style-lien-cover wp-block-read-more\" href=\"https:\/\/camping-benodet-vacances.com\/en\/campsite-water-park-benodet\/\" target=\"_self\">Read more<span class=\"screen-reader-text\">: Campsite with park and waterslides in South Finist\u00e8re<\/span><\/a><\/div>\n\n<\/li><li class=\"wp-block-post post-17366 page type-page status-publish has-post-thumbnail\">\n\n<div class=\"wp-block-group overflow-hidden has-base-2-background-color has-background has-global-padding is-layout-constrained wp-container-core-group-is-layout-95730b41 wp-block-group-is-layout-constrained\" style=\"border-radius:0.5rem;min-height:100%;padding-top:0;padding-bottom:0;box-shadow:var(--wp--preset--shadow--natural)\">\n<figure class=\"wp-block-image\"><img decoding=\"async\" src=\"https:\/\/camping-benodet-vacances.com\/wp-content\/uploads\/2024\/12\/location-mobil-home-benodet-cta.avif\" alt=\"Our rentals\" style=\"aspect-ratio:4\/3;object-fit:cover\" \/><\/figure>\n\n\n\n<div class=\"wp-block-group has-global-padding is-layout-constrained wp-container-core-group-is-layout-86dba5ee wp-block-group-is-layout-constrained\" style=\"padding-top:var(--wp--preset--spacing--10);padding-right:var(--wp--preset--spacing--10);padding-bottom:var(--wp--preset--spacing--10);padding-left:var(--wp--preset--spacing--10)\">\n<div class=\"wp-block-group has-global-padding is-layout-constrained wp-container-core-group-is-layout-e555385e wp-block-group-is-layout-constrained\">\n<p class=\"has-text-align-center gt-rotated has-accent-color has-text-color has-link-color has-caveat-font-family has-large-font-size wp-elements-8e5182aaed6f74eca618630132e3c367\" style=\"font-style:normal;font-weight:500\">Discover<\/p>\n\n\n\n<p class=\"has-text-align-center has-base-color has-text-color has-link-color has-caveat-font-family has-large-font-size wp-elements-0d156a93fb2aa5049bd2c20f062aa661\" style=\"font-style:normal;font-weight:400\">Our rentals<\/p>\n<\/div>\n\n\n\n<p class=\"has-text-align-center has-medium-font-size\" style=\"font-style:normal;font-weight:400\">Find the ideal mobile home for an unforgettable stay<\/p>\n\n\n\n<div class=\"wp-block-group is-nowrap is-layout-flex wp-container-core-group-is-layout-37505225 wp-block-group-is-layout-flex\">\n<p class=\"has-base-color has-text-color has-link-color wp-elements-6ab38c7494c639df956c3bfeaa194e06\" style=\"font-size:0.8rem\">Read more<\/p>\n\n\n\n<figure class=\"wp-block-image size-full is-resized\" style=\"margin-top:0;margin-right:0;margin-bottom:0;margin-left:0\"><img decoding=\"async\" width=\"68\" height=\"64\" src=\"https:\/\/camping-benodet-vacances.com\/wp-content\/uploads\/2024\/11\/fleche-cercles-1-3-1.png\" alt=\"arrow circles 1 3\" class=\"wp-image-2522\" style=\"width:20px;height:auto\" \/><\/figure>\n<\/div>\n<\/div>\n\n\n<a class=\"is-style-lien-cover wp-block-read-more\" href=\"https:\/\/camping-benodet-vacances.com\/en\/mobile-home-rental-benodet\/\" target=\"_self\">Read more<span class=\"screen-reader-text\">: Our rentals<\/span><\/a><\/div>\n\n<\/li><li class=\"wp-block-post post-17326 page type-page status-publish has-post-thumbnail\">\n\n<div class=\"wp-block-group overflow-hidden has-base-2-background-color has-background has-global-padding is-layout-constrained wp-container-core-group-is-layout-95730b41 wp-block-group-is-layout-constrained\" style=\"border-radius:0.5rem;min-height:100%;padding-top:0;padding-bottom:0;box-shadow:var(--wp--preset--shadow--natural)\">\n<figure class=\"wp-block-image\"><img decoding=\"async\" src=\"https:\/\/camping-benodet-vacances.com\/wp-content\/uploads\/2024\/12\/camping-pas-cher-benodet-cta.avif\" alt=\"Our promotions\" style=\"aspect-ratio:4\/3;object-fit:cover\" \/><\/figure>\n\n\n\n<div class=\"wp-block-group has-global-padding is-layout-constrained wp-container-core-group-is-layout-86dba5ee wp-block-group-is-layout-constrained\" style=\"padding-top:var(--wp--preset--spacing--10);padding-right:var(--wp--preset--spacing--10);padding-bottom:var(--wp--preset--spacing--10);padding-left:var(--wp--preset--spacing--10)\">\n<div class=\"wp-block-group has-global-padding is-layout-constrained wp-container-core-group-is-layout-e555385e wp-block-group-is-layout-constrained\">\n<p class=\"has-text-align-center gt-rotated has-accent-color has-text-color has-link-color has-caveat-font-family has-large-font-size wp-elements-8e5182aaed6f74eca618630132e3c367\" style=\"font-style:normal;font-weight:500\">Discover<\/p>\n\n\n\n<p class=\"has-text-align-center has-base-color has-text-color has-link-color has-caveat-font-family has-large-font-size wp-elements-0d156a93fb2aa5049bd2c20f062aa661\" style=\"font-style:normal;font-weight:400\">Our promotions<\/p>\n<\/div>\n\n\n\n<p class=\"has-text-align-center has-medium-font-size\" style=\"font-style:normal;font-weight:400\">Get the best value for your stay<\/p>\n\n\n\n<div class=\"wp-block-group is-nowrap is-layout-flex wp-container-core-group-is-layout-37505225 wp-block-group-is-layout-flex\">\n<p class=\"has-base-color has-text-color has-link-color wp-elements-6ab38c7494c639df956c3bfeaa194e06\" style=\"font-size:0.8rem\">Read more<\/p>\n\n\n\n<figure class=\"wp-block-image size-full is-resized\" style=\"margin-top:0;margin-right:0;margin-bottom:0;margin-left:0\"><img decoding=\"async\" width=\"68\" height=\"64\" src=\"https:\/\/camping-benodet-vacances.com\/wp-content\/uploads\/2024\/11\/fleche-cercles-1-3-1.png\" alt=\"arrow circles 1 3\" class=\"wp-image-2522\" style=\"width:20px;height:auto\" \/><\/figure>\n<\/div>\n<\/div>\n\n\n<a class=\"is-style-lien-cover wp-block-read-more\" href=\"https:\/\/camping-benodet-vacances.com\/en\/budget-campsite-benodet\/\" target=\"_self\">Read more<span class=\"screen-reader-text\">: Rates<\/span><\/a><\/div>\n\n<\/li><\/ul><\/div>\n<\/div>\n","protected":false},"excerpt":{"rendered":"<p>Tourist destination Paradise to discover Finist\u00e8re Explore Southern Brittany Take a trip on the Odet, France&#8217;s most beautiful river Pont-Aven, with its charming little port, beautiful houses, lush green valley dotted with rocks, washhouses and mills, galleries and artists&#8217; studios, will delight both your eyes and your taste buds! Travel up the Odet to Quimper, [&hellip;]<\/p>\n","protected":false},"author":3,"featured_media":14640,"parent":0,"menu_order":0,"comment_status":"closed","ping_status":"closed","template":"","meta":{"_acf_changed":false,"_seopress_robots_primary_cat":"","_seopress_titles_title":"Tourism Finist\u00e8re: tourist guide to Finist\u00e8re with activities and places to visit","_seopress_titles_desc":"Discover South Finist\u00e8re and Brittany: ideas for visits, walks, heritage, beaches and tips for an unforgettable stay.","_seopress_robots_index":"","_gt_ctv_global_id":"","_gt_ctv_id_group":false,"inline_featured_image":false,"gt_fse_maillage_image":"https:\/\/camping-benodet-vacances.com\/wp-content\/uploads\/2024\/12\/tourisme-benodet-finistere.avif","gt_fse_maillage_titre":"South Finistere ","gt_fse_maillage_alt":"A heavenly stay in Finist\u00e8re","gt_fse_maillage_resume":"","footnotes":""},"categories":[],"tags":[],"class_list":["post-25069","page","type-page","status-publish","has-post-thumbnail"],"acf":[],"_links":{"self":[{"href":"https:\/\/camping-benodet-vacances.com\/en\/wp-json\/wp\/v2\/pages\/25069","targetHints":{"allow":["GET"]}}],"collection":[{"href":"https:\/\/camping-benodet-vacances.com\/en\/wp-json\/wp\/v2\/pages"}],"about":[{"href":"https:\/\/camping-benodet-vacances.com\/en\/wp-json\/wp\/v2\/types\/page"}],"author":[{"embeddable":true,"href":"https:\/\/camping-benodet-vacances.com\/en\/wp-json\/wp\/v2\/users\/3"}],"replies":[{"embeddable":true,"href":"https:\/\/camping-benodet-vacances.com\/en\/wp-json\/wp\/v2\/comments?post=25069"}],"version-history":[{"count":13,"href":"https:\/\/camping-benodet-vacances.com\/en\/wp-json\/wp\/v2\/pages\/25069\/revisions"}],"predecessor-version":[{"id":30893,"href":"https:\/\/camping-benodet-vacances.com\/en\/wp-json\/wp\/v2\/pages\/25069\/revisions\/30893"}],"wp:featuredmedia":[{"embeddable":true,"href":"https:\/\/camping-benodet-vacances.com\/en\/wp-json\/wp\/v2\/media\/14640"}],"wp:attachment":[{"href":"https:\/\/camping-benodet-vacances.com\/en\/wp-json\/wp\/v2\/media?parent=25069"}],"wp:term":[{"taxonomy":"category","embeddable":true,"href":"https:\/\/camping-benodet-vacances.com\/en\/wp-json\/wp\/v2\/categories?post=25069"},{"taxonomy":"post_tag","embeddable":true,"href":"https:\/\/camping-benodet-vacances.com\/en\/wp-json\/wp\/v2\/tags?post=25069"}],"curies":[{"name":"wp","href":"https:\/\/api.w.org\/{rel}","templated":true}]}}