{"id":20039,"date":"2024-10-28T12:54:32","date_gmt":"2024-10-28T11:54:32","guid":{"rendered":"https:\/\/www.camping-benodet-vacances.com\/votre-recherche-de-sejour\/"},"modified":"2026-04-27T15:28:48","modified_gmt":"2026-04-27T13:28:48","slug":"votre-recherche-de-sejour","status":"publish","type":"page","link":"https:\/\/camping-benodet-vacances.com\/nl\/votre-recherche-de-sejour\/","title":{"rendered":"Je vakantie zoeken"},"content":{"rendered":"\n<div class=\"wp-block-group alignfull has-global-padding is-layout-constrained wp-container-core-group-is-layout-63eb7806 wp-block-group-is-layout-constrained\">\n<p class=\"gt-rotated has-accent-color has-text-color has-link-color has-caveat-font-family has-xx-large-font-size wp-elements-bcb56ceca6bc3066f973a929cfd2e375\">Onze huuraccommodaties<\/p>\n\n\n\n<div style=\"height:20px\" aria-hidden=\"true\" class=\"wp-block-spacer gt-hide-mobile\"><\/div>\n<\/div>\n\n<div class=\"wp-block-group alignwide is-layout-flow wp-block-group-is-layout-flow\">\n<div class=\"wp-block-group alignwide is-content-justification-space-between is-layout-flex wp-container-core-group-is-layout-a5ee66c4 wp-block-group-is-layout-flex\">\n<h1 class=\"wp-block-heading alignwide has-base-color has-text-color has-link-color wp-elements-d9ee4fc06ccce22a9a69bd79d1dc6136 wp-container-content-663c14dd\">Verhuur van stacaravans en staanplaatsen op<br \/>B\u00e9nodet in Finist\u00e8re<\/h1>\n\n\n\n<div class=\"wp-block-buttons wp-container-content-9cfa9a5a is-layout-flex wp-block-buttons-is-layout-flex\">\n<div class=\"wp-block-button has-custom-width wp-block-button__width-50\"><a class=\"wp-block-button__link has-base-2-color has-accent-background-color has-text-color has-background has-link-color has-border-color has-accent-border-color has-small-font-size has-custom-font-size wp-element-button\" style=\"border-width:1px;font-style:normal;font-weight:200\">Verhuur<\/a><\/div>\n\n\n\n<div class=\"wp-block-button has-custom-width wp-block-button__width-50\"><a class=\"wp-block-button__link has-contrast-color has-contrast-2-background-color has-text-color has-background has-link-color has-border-color has-accent-border-color has-small-font-size has-custom-font-size wp-element-button\" href=\"https:\/\/camping-benodet-vacances.com\/nl\/location-emplacement-benodet\/\" style=\"border-width:2px;font-style:normal;font-weight:200\">Locaties<\/a><\/div>\n<\/div>\n<\/div>\n\n\n\n<div style=\"height:32px\" aria-hidden=\"true\" class=\"wp-block-spacer gt-hide-mobile\"><\/div>\n<\/div>\n\n<div class=\"wp-block-group alignwide is-content-justification-left is-nowrap is-layout-flex wp-container-core-group-is-layout-8c40345b wp-block-group-is-layout-flex\">\n<div\n    class=\"gt-hebergements-filtres  gt-hebergements-filtres--sidebar\"\n    class=\"wp-block-gt-gt-ws-ctv-hebergements-filtres\"    data-wp-interactive=\"gt\/ctv\/filtres\"\n    data-wp-on--keydown=\"actions.handleKeydown\"\n    data-wp-context='{\"isSidebar\":true,\"isSidebarOpen\":false,\"isStickyButton\":false,\"isAccordeon\":false,\"campingsOpenedDefault\":true,\"typesOpenedDefault\":true,\"roomsOpenedDefault\":true,\"capacityOpenedDefault\":true}'>\n        <div \n        class=\"gt-hebergements-actions\"\n        data-wp-on-document--scroll=\"actions.stickButton\"    \n        data-wp-init=\"actions.stickButton\"    \n        data-wp-class--sticked=\"state.filterButtonSticked\"\n    >\n        <div hidden \n            class=\"gt-hebergements-actions-placeholder\"\n            data-wp-bind--hidden=\"!state.filterButtonSticked\"\n        ><\/div>\n        <button aria-expanded=\"false\"\n            class=\"gt-hebergements-open-button \"\n            data-wp-on--click=\"actions.toggleSidebar\"\n            aria-controls=\"p-2\"\n            data-wp-bind--aria-expanded=\"context.isSidebarOpen\"\n            data-wp-class--active=\"state.activeCheckboxes\"\n        >\n            <img decoding=\"async\" width=\"30\" height=\"31\" class=\"wp-image-2172\" style=\"width: 14px\" src=\"https:\/\/camping-benodet-vacances.com\/wp-content\/uploads\/2024\/11\/filtre-1.svg\" alt=\"filter 1\">Filter accommodatie                <span hidden \n                    data-wp-text=\"state.activeCheckboxes\"\n                    data-wp-bind--hidden=\"!state.activeCheckboxes\"\n                ><\/span>\n        <\/button>\n        <div hidden \n            data-wp-bind--hidden=\"!state.activeCheckboxes\"\n        >\n            <button\n                class=\"gt-hebergements-reset-button\"\n                data-wp-on--click=\"actions.clearAllFilters\"\n                >\n                <i class=\"fas fa-undo-alt\"><\/i>\n                Resetten            <\/button>\n        <\/div>\n    <\/div>\n    \n    <button hidden\n        class=\"gt-hebergements-overlay\"\n        data-wp-on--click=\"actions.toggleSidebar\"\n        data-wp-bind--hidden=\"!context.isSidebarOpen\"\n    ><\/button>\n\n\n    <div hidden \n        class='gt-hebergements-filtres__sidebar'\n                data-wp-bind--hidden=\"!context.isSidebarOpen\"\n        data-wp-class--opened=\"context.isSidebarOpen\"\n            >\n\n        <a href=\"https:\/\/camping-benodet-vacances.com\/nl\/\" class=\"custom-logo-link\" rel=\"home\"><img decoding=\"async\" width=\"456\" height=\"100\" src=\"https:\/\/camping-benodet-vacances.com\/wp-content\/uploads\/2024\/09\/mer-blanche-maeva-logo-1.webp\" class=\"custom-logo\" alt=\"Camping La Mer Blanche\" srcset=\"https:\/\/camping-benodet-vacances.com\/wp-content\/uploads\/2024\/09\/mer-blanche-maeva-logo-1.webp 456w, https:\/\/camping-benodet-vacances.com\/wp-content\/uploads\/2024\/09\/mer-blanche-maeva-logo-1-300x66.webp 300w\" sizes=\"(max-width: 456px) 100vw, 456px\" \/><\/a>\n\n                <div hidden \n            class='gt-hebergements-filtres__sidebar__actions'\n            data-wp-bind--hidden=\"!context.isSidebarOpen\"\n        >\n            <button\n                class=\"gt-hebergements-filtres__close-button\"\n                data-wp-on--click=\"actions.toggleSidebar\"\n                aria-controls=\"p-2\"\n                aria-expanded=\"false\"\n            >\n                <i class=\"fas fa-times\"><\/i>\n                Fermer            <\/button>\n\n            <button\n                class=\"gt-hebergements-filtres__reset-button\"\n                data-wp-on--click=\"actions.clearAllFilters\"\n            >\n                <i class=\"fas fa-undo-alt\"><\/i>\n                Resetten            <\/button>\n        <\/div>\n\n        <!-- innerBlocks -->\n        \n\n\n<form\n    id=\"gt-ws-ctv-resa-1\"\n    class=\"gt-ws-ctv-form-resa wp-block-gt-gt-ws-ctv-form-resa\"    data-wp-interactive=\"gt\/ctv\"\n    data-wp-init=\"actions.sortHebergements\"\n        method=\"POST\"\n    action=\"https:\/\/camping-benodet-vacances.com\/nl\/votre-recherche-de-sejour\/\"\n\n\n    data-wp-context='{\"destination\":false,\"showSearch\":false,\"isStickyAfterScroll\":false}'>\n\n    \n\n    <!-- Calendar Input -->\n            <div class=\"gt-form-field\">\n                        <input\n                data-wp-init=\"actions.setCaleran\"\n                class=\"gt-input gt-caleran gt-caleran-merged\"\n                name=\"calendar-input\"\n                type=\"text\"\n                value=\"28\/04\/2026 - 05\/05\/2026\"\n                                    data-wp-on--change=\"actions.submitForm\"\n                    data-wp-on--gt_ws_ctv_updated=\"actions.submitForm\"\n                            \/>\n        <\/div>\n    \n    <!-- Conditionally display Dropdown for Nombre de personnes -->\n    \n    <!-- Conditionally display Dropdown for Campings -->\n    \n    <!-- Conditionally display Dropdown for Types d'h\u00e9bergement -->\n    \n    \n<\/form>\n\n    <div data-wp-interactive=\"gt\/ctv\">\n        <div hidden class=\"gt-ws-ctv-spinner\" data-wp-bind--hidden=\"!state.isLoading\">\n            <span class=\"loader\"><\/span>\n        <\/div>\n    <\/div>\n\n\n        \n\n        \n                \n        <div \n        class=\"gt-hebergements-filtre\"\n            data-gt-filtre-name=\"gammes\"\n            data-gt-cookie=\"gtGammes\"\n            aria-expanded=\"1\"\n        >   \n            <p \n            class=\"gt-hebergements-filtre__name\"\n            data-wp-on--click=\"actions.toggleFilter\">\n            Gammes            <\/p>\n            <div class=\"gt-hebergements-filtre__content\">\n            <label>\n                <input \n                type=\"checkbox\" \n                name=\"gammes[]\" \n                data-wp-on--click=\"actions.clearFilter\"\n                value=\"\"\n                checked\n                \/>\n                <span class=\"custom-checkbox\"><\/span>\n                Alle            <\/label>\n                            <label>\n                <input \n                    type=\"checkbox\" \n                    name=\"gammes[]\" \n                    data-wp-on--click=\"actions.runFilters\"\n                    value=\"104\"\n                                            \n                \/>\n                <span class=\"custom-checkbox\"><\/span>\n                Comfort                <\/label>\n                            <label>\n                <input \n                    type=\"checkbox\" \n                    name=\"gammes[]\" \n                    data-wp-on--click=\"actions.runFilters\"\n                    value=\"103\"\n                                            \n                \/>\n                <span class=\"custom-checkbox\"><\/span>\n                Geweldig Comfort                <\/label>\n                            <label>\n                <input \n                    type=\"checkbox\" \n                    name=\"gammes[]\" \n                    data-wp-on--click=\"actions.runFilters\"\n                    value=\"100\"\n                                            \n                \/>\n                <span class=\"custom-checkbox\"><\/span>\n                Locatie                <\/label>\n                            <label>\n                <input \n                    type=\"checkbox\" \n                    name=\"gammes[]\" \n                    data-wp-on--click=\"actions.runFilters\"\n                    value=\"102\"\n                                            \n                \/>\n                <span class=\"custom-checkbox\"><\/span>\n                Presta +                <\/label>\n                        <\/div>\n        <\/div>\n                \n                <div \n            class=\"gt-hebergements-filtre\"\n            data-gt-filtre-name=\"rooms\"\n            aria-expanded=\"1\"\n            data-gt-cookie=\"gtRooms\"\n        >   \n            <p \n                class=\"gt-hebergements-filtre__name\"\n                data-wp-on--click=\"actions.toggleFilter\">\n                    Kamers                    \n            <\/p>\n            <div class=\"gt-hebergements-filtre__content\">\n                <label>\n                    <input \n                        type=\"checkbox\" \n                        name=\"rooms[]\" \n                        data-wp-on--click=\"actions.clearFilter\"\n                        value=\"\"\n                        checked\n                    \/>\n                    <span class=\"custom-checkbox\"><\/span>\n                    Alle                <\/label>\n                                                    <label>\n                        <input \n                        type=\"checkbox\" \n                        name=\"rooms[]\" \n                        data-wp-on--click=\"actions.runFilters\"\n                        value=\"1\"\n                                            >\n                        <span class=\"custom-checkbox\"><\/span>\n                        1 <span> Ch<\/span>\n                    <\/label>\n                                    <label>\n                        <input \n                        type=\"checkbox\" \n                        name=\"rooms[]\" \n                        data-wp-on--click=\"actions.runFilters\"\n                        value=\"2\"\n                                            >\n                        <span class=\"custom-checkbox\"><\/span>\n                        2 <span> Ch<\/span>\n                    <\/label>\n                                    <label>\n                        <input \n                        type=\"checkbox\" \n                        name=\"rooms[]\" \n                        data-wp-on--click=\"actions.runFilters\"\n                        value=\"3\"\n                                            >\n                        <span class=\"custom-checkbox\"><\/span>\n                        3 <span> Ch<\/span>\n                    <\/label>\n                                    <label>\n                        <input \n                        type=\"checkbox\" \n                        name=\"rooms[]\" \n                        data-wp-on--click=\"actions.runFilters\"\n                        value=\"4\"\n                                            >\n                        <span class=\"custom-checkbox\"><\/span>\n                        4 <span> Ch<\/span>\n                    <\/label>\n                                    <label>\n                        <input \n                        type=\"checkbox\" \n                        name=\"rooms[]\" \n                        data-wp-on--click=\"actions.runFilters\"\n                        value=\"6\"\n                                            >\n                        <span class=\"custom-checkbox\"><\/span>\n                        6 <span> Ch<\/span>\n                    <\/label>\n                            <\/div>\n\n        <\/div>\n        \n                <div \n            class=\"gt-hebergements-filtre\"\n            data-gt-filtre-name=\"capacity\"\n            data-gt-cookie=\"gtCapacity\"\n            aria-expanded=\"1\"\n        >   \n            <p \n                class=\"gt-hebergements-filtre__name\"\n                data-wp-on--click=\"actions.toggleFilter\">\n                    Capaciteit            <\/p>\n            <div class=\"gt-hebergements-filtre__content\">\n                <label>\n                    <input \n                        type=\"checkbox\" \n                        name=\"capacity[]\" \n                        data-wp-on--click=\"actions.clearFilter\"\n                        value=\"\"\n                        checked\n                    \/>\n                    <span class=\"custom-checkbox\"><\/span>\n                    Alle                <\/label>\n                                    <label>\n                        <input \n                        type=\"checkbox\" \n                        name=\"capacity[]\" \n                        data-wp-on--click=\"actions.runFilters\"\n                        value=\"6\"\n                                            >\n                        <span class=\"custom-checkbox\"><\/span>\n                        6 <span> Pers<\/span>\n                    <\/label>\n                                    <label>\n                        <input \n                        type=\"checkbox\" \n                        name=\"capacity[]\" \n                        data-wp-on--click=\"actions.runFilters\"\n                        value=\"4\"\n                                            >\n                        <span class=\"custom-checkbox\"><\/span>\n                        4 <span> Pers<\/span>\n                    <\/label>\n                                    <label>\n                        <input \n                        type=\"checkbox\" \n                        name=\"capacity[]\" \n                        data-wp-on--click=\"actions.runFilters\"\n                        value=\"8\"\n                                            >\n                        <span class=\"custom-checkbox\"><\/span>\n                        8 <span> Pers<\/span>\n                    <\/label>\n                                    <label>\n                        <input \n                        type=\"checkbox\" \n                        name=\"capacity[]\" \n                        data-wp-on--click=\"actions.runFilters\"\n                        value=\"5\"\n                                            >\n                        <span class=\"custom-checkbox\"><\/span>\n                        5 <span> Pers<\/span>\n                    <\/label>\n                                    <label>\n                        <input \n                        type=\"checkbox\" \n                        name=\"capacity[]\" \n                        data-wp-on--click=\"actions.runFilters\"\n                        value=\"7\"\n                                            >\n                        <span class=\"custom-checkbox\"><\/span>\n                        7 <span> Pers<\/span>\n                    <\/label>\n                                    <label>\n                        <input \n                        type=\"checkbox\" \n                        name=\"capacity[]\" \n                        data-wp-on--click=\"actions.runFilters\"\n                        value=\"9\"\n                                            >\n                        <span class=\"custom-checkbox\"><\/span>\n                        9 <span> Pers<\/span>\n                    <\/label>\n                                    <label>\n                        <input \n                        type=\"checkbox\" \n                        name=\"capacity[]\" \n                        data-wp-on--click=\"actions.runFilters\"\n                        value=\"12\"\n                                            >\n                        <span class=\"custom-checkbox\"><\/span>\n                        12 <span> Pers<\/span>\n                    <\/label>\n                            <\/div>\n        <\/div>\n                \n                <div \n            class=\"gt-hebergements-filtre\"\n            data-gt-filtre-name=\"bathrooms\"\n            data-gt-cookie=\"gtBathrooms\"\n            aria-expanded=\"1\"\n        >   \n            <p \n                class=\"gt-hebergements-filtre__name\"\n                data-wp-on--click=\"actions.toggleFilter\">\n                    Badkamers            <\/p>\n            <div class=\"gt-hebergements-filtre__content\">\n                <label>\n                    <input \n                        type=\"checkbox\" \n                        name=\"bathrooms[]\" \n                        data-wp-on--click=\"actions.clearFilter\"\n                        value=\"\"\n                        checked\n                    \/>\n                    <span class=\"custom-checkbox\"><\/span>\n                    Alle                <\/label>\n                                                                                            <label>\n                        <input \n                        type=\"checkbox\" \n                        name=\"bathrooms[]\" \n                        data-wp-on--click=\"actions.runFilters\"\n                        value=\"1\"\n                                            >\n                        <span class=\"custom-checkbox\"><\/span>\n                        1 <span> Sdb<\/span>\n                    <\/label>\n                                                        <label>\n                        <input \n                        type=\"checkbox\" \n                        name=\"bathrooms[]\" \n                        data-wp-on--click=\"actions.runFilters\"\n                        value=\"2\"\n                                            >\n                        <span class=\"custom-checkbox\"><\/span>\n                        2 <span> Sdb<\/span>\n                    <\/label>\n                            <\/div>\n\n        <\/div>\n        \n                <div \n            class=\"gt-hebergements-filtre\"\n            data-gt-filtre-name=\"options\"\n            data-gt-cookie=\"gtOptions\"\n            aria-expanded=\"1\"\n            data-gt-filtre-operator=\"AND\"\n        >   \n            <p \n                class=\"gt-hebergements-filtre__name\"\n                data-wp-on--click=\"actions.toggleFilter\">\n                    Opties            <\/p>\n            <div class=\"gt-hebergements-filtre__content\">\n                <label>\n                    <span class=\"custom-checkbox\"><\/span>\n                    <input \n                        type=\"checkbox\" \n                        name=\"options[]\" \n                        data-wp-on--click=\"actions.clearFilter\"\n                        value=\"\"\n                        checked\n                    \/>\n                    <span class=\"custom-checkbox\"><\/span>\n                    Alle                <\/label>\n                                                                        <label>\n                        <input \n                        type=\"checkbox\" \n                        name=\"options[]\" \n                        data-wp-on--click=\"actions.runFilters\"\n                        value=\"27319\"\n                                            >\n                        <span class=\"custom-checkbox\"><\/span>\n\n                       \n                        Airconditioning                    <\/label>\n                                                        <label>\n                        <input \n                        type=\"checkbox\" \n                        name=\"options[]\" \n                        data-wp-on--click=\"actions.runFilters\"\n                        value=\"27321\"\n                                            >\n                        <span class=\"custom-checkbox\"><\/span>\n\n                       \n                        Televisie                    <\/label>\n                            <\/div>\n\n        <\/div>\n        \n        \n        <button hidden\n                class=\"gt-hebergements-filtres__validate-button\"\n                data-wp-on--click=\"actions.toggleSidebar\"\n                aria-controls=\"p-2\"\n                data-wp-bind--hidden=\"!context.isSidebarOpen\"\n            >\n                <i class=\"fas fa-check\"><\/i>\n                Bevestig        <\/button>\n\n        \n    <\/div>\n    \n<\/div>\n\n\n\n<div class=\"wp-block-buttons is-layout-flex wp-block-buttons-is-layout-flex\">\n<div class=\"wp-block-button is-style-outline is-style-outline--3\"><a class=\"wp-block-button__link has-custom-font-size wp-element-button\" href=\"https:\/\/camping-benodet-vacances.com\/wp-content\/uploads\/2024\/12\/mer-blanche-gammes-hebergements.avif\" style=\"border-style:none;border-width:0px;font-size:14px;font-style:normal;font-weight:400;text-transform:uppercase\" target=\"_blank\" rel=\"noopener\"><img decoding=\"async\" width=\"30\" height=\"31\" class=\"wp-image-6860\" style=\"width: 30px\" src=\"https:\/\/camping-benodet-vacances.com\/wp-content\/uploads\/2024\/11\/marque-haut-de-gamme-1.svg\" alt=\"topmerk 1\" \/>  Ontdek onze assortimenten<\/a><\/div>\n<\/div>\n<\/div>\n\n<div style=\"height:8px\" aria-hidden=\"true\" class=\"wp-block-spacer gt-hide-mobile\"><\/div>\n\n<div class=\"wp-block-group alignwide has-global-padding is-content-justification-left is-layout-constrained wp-container-core-group-is-layout-c4d06299 wp-block-group-is-layout-constrained\">\n<div data-wp-context=\"{}\" data-wp-interactive=\"core\/query\" data-wp-key=\"3\" data-wp-router-region=\"query-3\" class=\"wp-block-query alignwide gt-ws-ctv-disponibilites-query is-layout-flow wp-block-query-is-layout-flow\">\n\n<div class=\"wp-block-query-no-results\">\n\n<p class=\"has-text-align-center\"><strong>Sorry, maar er is geen accommodatie beschikbaar op deze data.<\/strong><\/p>\n\n\n\n<div class=\"wp-block-group has-global-padding is-layout-constrained wp-block-group-is-layout-constrained\">\n\n<form\n    id=\"gt-ws-ctv-resa-4\"\n    class=\"gt-ws-ctv-form-resa wp-block-gt-gt-ws-ctv-form-resa\"    data-wp-interactive=\"gt\/ctv\"\n    data-wp-init=\"actions.sortHebergements\"\n        method=\"POST\"\n    action=\"https:\/\/camping-benodet-vacances.com\/nl\/votre-recherche-de-sejour\/\"\n\n\n    data-wp-context='{\"destination\":false,\"showSearch\":true,\"isStickyAfterScroll\":false}'>\n\n    \n\n    <!-- Calendar Input -->\n            <div class=\"gt-form-field\">\n                        <input\n                data-wp-init=\"actions.setCaleran\"\n                class=\"gt-input gt-caleran gt-caleran-merged\"\n                name=\"calendar-input\"\n                type=\"text\"\n                value=\"28\/04\/2026 - 05\/05\/2026\"\n                            \/>\n        <\/div>\n    \n    <!-- Conditionally display Dropdown for Nombre de personnes -->\n        <div class=\"gt-form-field\">\n                <select \n            name=\"number_of_people\" \n            class=\"gt-select gt-select-nbpers\"\n            data-wp-on--change=\"actions.changeNbPers\"\n        >\n                            <option \n                    value=\"1\" \n                                    >\n                    1                <\/option>\n                            <option \n                    value=\"2\" \n                    selected                >\n                    2                <\/option>\n                            <option \n                    value=\"3\" \n                                    >\n                    3                <\/option>\n                            <option \n                    value=\"4\" \n                                    >\n                    4                <\/option>\n                            <option \n                    value=\"5\" \n                                    >\n                    5                <\/option>\n                            <option \n                    value=\"6\" \n                                    >\n                    6                <\/option>\n                            <option \n                    value=\"7\" \n                                    >\n                    7                <\/option>\n                            <option \n                    value=\"8\" \n                                    >\n                    8                <\/option>\n                            <option \n                    value=\"9\" \n                                    >\n                    9                <\/option>\n                            <option \n                    value=\"10\" \n                                    >\n                    10                <\/option>\n                            <option \n                    value=\"11\" \n                                    >\n                    11                <\/option>\n                            <option \n                    value=\"12\" \n                                    >\n                    12                <\/option>\n                    <\/select>\n    <\/div>\n    \n    <!-- Conditionally display Dropdown for Campings -->\n    \n    <!-- Conditionally display Dropdown for Types d'h\u00e9bergement -->\n    \n        <!-- Submit Button -->\n    <div class=\"gt-form-field\">\n        <button\n            type=\"submit\"\n            class=\"gt-button \"\n        >\n                            <span class=\"gt-button__icon\">\n                                            <svg\n                            xmlns=\"http:\/\/www.w3.org\/2000\/svg\"\n                            xmlns:xlink=\"http:\/\/www.w3.org\/1999\/xlink\"\n                            aria-hidden=\"true\"\n                            role=\"img\"\n                            width=\"24\"\n                            height=\"24\"\n                            preserveAspectRatio=\"xMidYMid meet\"\n                            viewBox=\"0 0 24 24\"\n                            >\n                            <g fill=\"none\" stroke=\"currentColor\" stroke-width=\"2\" stroke-linecap=\"round\">\n                                <path d=\"M15 15l6 6m-3-11a7 7 0 1 1-14 0a7 7 0 0 1 14 0\"><\/path>\n                            <\/g>\n                        <\/svg>\n                                    <\/span>\n                                            <span class=\"gt-button__text\">Zoek op<\/span>\n                    <\/button>\n    <\/div>\n    \n<\/form>\n\n<\/div>\n\n\n\n<div style=\"height:100px\" aria-hidden=\"true\" class=\"wp-block-spacer gt-hide-mobile\"><\/div>\n\n<\/div>\n\n\n<div \n    class=\"wp-block-gt-gt-ws-ctv-product-no-results\"    data-wp-interactive=\"gt\/ctv\/filtres\"\n    hidden\n>\n   \n\n<p class=\"has-text-align-center\">Sorry, maar er zijn geen resultaten beschikbaar voor uw criteria.<\/p>\n\n   <button\n    data-wp-on--click=\"actions.clearAllFilters\"\n   >\n        <i class=\"fas fa-undo-alt\"><\/i>\n        R\u00e9initialisez les filtres    <\/button>\n<\/div>\n<\/div>\n<\/div>\n\n<div class=\"wp-block-group alignwide has-global-padding is-content-justification-left is-layout-constrained wp-container-core-group-is-layout-c4d06299 wp-block-group-is-layout-constrained\">\n<div data-wp-context=\"{}\" data-wp-interactive=\"core\/query\" data-wp-key=\"4\" data-wp-router-region=\"query-4\" class=\"wp-block-query alignwide gt-ws-ctv-contrepropositions-query is-layout-flow wp-block-query-is-layout-flow\">\n<div style=\"height:64px\" aria-hidden=\"true\" class=\"wp-block-spacer gt-hide-mobile\"><\/div>\n\n\n\n<h2 class=\"wp-block-heading has-base-color has-text-color has-link-color has-medium-font-size wp-elements-a28dd9332a1710f6d55de76ab4ab6501\">Accommodatie beschikbaar op andere data<\/h2>\n\n\n<\/div>\n<\/div>\n\n<div class=\"wp-block-group alignwide has-global-padding is-layout-constrained wp-block-group-is-layout-constrained\">\n<div data-wp-context=\"{}\" data-wp-interactive=\"core\/query\" data-wp-key=\"6\" data-wp-router-region=\"query-6\" class=\"wp-block-query alignwide gt-ws-ctv-indisponibles-query is-layout-flow wp-block-query-is-layout-flow\">\n<div style=\"height:64px\" aria-hidden=\"true\" class=\"wp-block-spacer gt-hide-mobile\"><\/div>\n\n\n\n<h2 class=\"wp-block-heading has-base-color has-text-color has-link-color has-medium-font-size wp-elements-b96be135e55a3f99b9bd7b9e8a4f5a5e\">Niet beschikbare accommodatie<\/h2>\n\n\n<ul class=\"wp-block-post-template is-layout-grid wp-container-core-post-template-is-layout-c37e0d04 wp-block-post-template-is-layout-grid\"><li data-gt-camping-id=\"1606\" data-wp-key=\"post-template-item-23842\" class=\"wp-block-post post-23842 hebergement type-hebergement status-publish gamme-locatie\">\n\n<div class=\"wp-block-group hebergement-wrap has-base-2-background-color has-background has-global-padding is-layout-constrained wp-container-core-group-is-layout-19e250f3 wp-block-group-is-layout-constrained\" style=\"border-radius:10px;box-shadow:var(--wp--preset--shadow--natural)\">\n<div class=\"wp-block-gt-gt-ws-ctv-product-images\"    data-wp-interactive=\"gt\/ctv\/hebergement\/image\"\n    data-wp-context='{\"images\":[\"https:\\\/\\\/static.secureholiday.net\\\/static\\\/Pictures\\\/1606\\\/00001281546.jpg\",\"https:\\\/\\\/static.secureholiday.net\\\/static\\\/Pictures\\\/1606\\\/00001281456.jpg\",\"https:\\\/\\\/static.secureholiday.net\\\/static\\\/Pictures\\\/1606\\\/00001281457.jpg\",\"https:\\\/\\\/static.secureholiday.net\\\/static\\\/Pictures\\\/1606\\\/00001281454.jpg\",\"https:\\\/\\\/static.secureholiday.net\\\/static\\\/Pictures\\\/1606\\\/00001281455.jpg\",\"https:\\\/\\\/static.secureholiday.net\\\/static\\\/Pictures\\\/1606\\\/00001281453.jpg\"],\"ratio\":\"16\\\/9\",\"jsonConfig\":[],\"sliderId\":\"69f0dbfd18190\"}'        style=\"aspect-ratio: 16\/9\"\n    >\n\n    \n                                    <figure class=\"wp-block-image\" data-image-index=\"0\">\n\n                    \n                        <img decoding=\"async\"\n                            src=\"data:image\/svg+xml,%3Csvg xmlns='http:\/\/www.w3.org\/2000\/svg' viewBox='0 0 100 100'%3E%3Crect width='100' height='100' fill='grey'\/%3E%3C\/svg%3E\"\n                            width=\"1920\"\n                            height=\"1280\"\n                            data-gt-src=\"https:\/\/static.secureholiday.net\/static\/Pictures\/1606\/00001281546.jpg\"\n                            data-gt-srcset=\"https:\/\/static.secureholiday.net\/static\/Pictures\/1606\/00001281546.jpg 160w, https:\/\/static.secureholiday.net\/static\/Pictures\/1606\/00001281546.jpg?width=160 160w, https:\/\/static.secureholiday.net\/static\/Pictures\/1606\/00001281546.jpg?width=320 320w, https:\/\/static.secureholiday.net\/static\/Pictures\/1606\/00001281546.jpg?width=500 500w, https:\/\/static.secureholiday.net\/static\/Pictures\/1606\/00001281546.jpg?width=640 640w, https:\/\/static.secureholiday.net\/static\/Pictures\/1606\/00001281546.jpg?width=800 800w, https:\/\/static.secureholiday.net\/static\/Pictures\/1606\/00001281546.jpg?width=1024 1024w, https:\/\/static.secureholiday.net\/static\/Pictures\/1606\/00001281546.jpg?width=1600 1600w\"\n                            alt=\"Image 1 sur 1\"\n                            loading=\"lazy\"\n                            data-wp-init=\"actions.setImages\">\n                <\/figure>\n                    \n        \n    <\/div>\n\n\n<div class=\"wp-block-group alignfull hebergement-content has-base-2-background-color has-background is-layout-flow wp-container-core-group-is-layout-dec1c7ee wp-block-group-is-layout-flow\" style=\"padding-top:0.9rem;padding-right:2rem;padding-bottom:0.9rem;padding-left:2rem\"><div style=\"font-style:normal;font-weight:500;margin-top:var(--wp--preset--spacing--10);margin-right:var(--wp--preset--spacing--10)\" class=\"taxonomy-gamme has-text-align-center has-link-color gt-rotated wp-elements-e82ee233e38d64503923803f82cf7b6a wp-block-post-terms has-text-color has-accent-color has-medium-font-size has-caveat-font-family\"><a href=\"https:\/\/camping-benodet-vacances.com\/nl\/gamme\/locatie\/\" rel=\"tag\">Locatie<\/a><span class=\"wp-block-post-terms__separator\">, <\/span><a href=\"https:\/\/camping-benodet-vacances.com\/nl\/gamme\/locatie\/\" rel=\"tag\">Locatie<\/a><\/div>\n\n  \n <p style=\"font-size:clamp(0.875rem, 0.875rem + ((1vw - 0.2rem) * 0.708), 1.3rem);font-weight:600;line-height:1.2;text-transform:uppercase; padding-bottom:1rem;\" class=\"wp-elements-c99d0d8ae90bb0a29b161be418af4425 wp-block-gt-gt-ws-ctv-product-name has-text-color has-base-color\">\n     Eco-plaats + 1 voertuig &#8211; inclusief elektriciteit 6A <\/p>\n \n\n\n<div class=\"wp-block-group alignfull hebergement-options is-nowrap is-layout-flex wp-container-core-group-is-layout-509d8e3e wp-block-group-is-layout-flex\" style=\"font-size:0.7rem;font-style:normal;font-weight:600\">\n<div class=\"wp-block-gt-gt-ws-ctv-product-room\">\n            <img decoding=\"async\" src=\"https:\/\/camping-benodet-vacances.com\/wp-content\/uploads\/2024\/11\/chambres-1.svg\" alt=\"Icon\" class=\"gt-icon\" \/>\n        1 CH<\/div>\n\n\n\n<div class=\"wp-block-gt-gt-ws-ctv-product-capacity\">\n            <img decoding=\"async\" src=\"https:\/\/camping-benodet-vacances.com\/wp-content\/uploads\/2024\/11\/personne-1.svg\" alt=\"Icon\" class=\"gt-icon\" \/>\n        4  PERS<\/div>\n\n\n \n <div class=\"wp-block-gt-gt-ws-ctv-product-surface\">\n              <img decoding=\"async\" src=\"https:\/\/camping-benodet-vacances.com\/wp-content\/uploads\/2024\/11\/surface-1.svg\" alt=\"Icon\" class=\"gt-icon\" \/>\n          60m\u00b2\n <\/div>\n \n\n\n\n\n\n<\/div>\n\n\n\n<div class=\"wp-block-group alignfull hebergement-dispo is-layout-flow wp-block-group-is-layout-flow\">\n<hr class=\"wp-block-separator has-text-color has-alpha-channel-opacity has-background is-style-wide\" style=\"margin-top:var(--wp--preset--spacing--10);margin-bottom:var(--wp--preset--spacing--10);background-color:#33323217;color:#33323217\" \/>\n\n\n\n<div\n\tstyle=\"font-style:normal;font-weight:600;\" class=\"wp-block-gt-gt-ws-ctv-disponibilites has-medium-font-size\"\tdata-wp-interactive=\"gt\/ctv\"\n\tdata-wp-init=\"actions.loadStays\"\n\tdata-wp-bind--data-gt-statut=\"state.statut\"\n\tdata-wp-context='{\"isCamping\":false,\"idProduct\":\"143972\",\"campingKey\":\"1606\",\"disponibilites\":[],\"mainStay\":[],\"isIndisponible\":true}'>\n\n\t\t\t<div hidden class=\"gt-ws-ctv-spinner\" data-wp-bind--hidden=\"!state.isLoading\">\n\t\t\t<span class=\"loader\"><\/span>\n\t\t<\/div>\n\t\n\n\t<div data-wp-bind--hidden=\"state.isLoading\" class=\"gt-ws-ctv-disponibilite-wrap\">\n\n\t\t\t\t\t\t\t\t\t\t<div class=\"gt-ws-ctv-statut\" data-wp-text=\"state.titre\"><\/div>\n                \t\t\n\t\t\n\t\t\n\t\t\n\t\t\n\t<\/div>\n\n<\/div>\n\n\n\n<div\n\tstyle=\"font-style:normal;font-weight:600;\" class=\"wp-block-gt-gt-ws-ctv-disponibilites has-small-font-size\"\tdata-wp-interactive=\"gt\/ctv\"\n\tdata-wp-init=\"actions.loadStays\"\n\tdata-wp-bind--data-gt-statut=\"state.statut\"\n\tdata-wp-context='{\"isCamping\":false,\"idProduct\":\"143972\",\"campingKey\":\"1606\",\"disponibilites\":[],\"mainStay\":[],\"isIndisponible\":true}'>\n\n\t\n\n\t<div data-wp-bind--hidden=\"state.isLoading\" class=\"gt-ws-ctv-disponibilite-wrap\">\n\n\t\t\n\t\t\n\t\t\t\t\t<small>\n\t\t\t\t<div class=\"gt-ws-ctv__disponibilite__dates\">\n\t\t\t\t\t<div><b><span data-wp-text=\"context.datesTitles\"><\/span><\/b><\/div>\n\t\t\t\t\t<span data-wp-text=\"state.mainStay.productAvailabilityDate.txtFinalDates\"><\/span>\n\t\t\t\t<\/div>\n\t\t\t<\/small>\n\t\t\n\t\t\n\t\t\n\t<\/div>\n\n<\/div>\n\n\n\n<div class=\"wp-block-group alignwide has-small-font-size is-content-justification-right is-nowrap is-layout-flex wp-container-core-group-is-layout-780e1194 wp-block-group-is-layout-flex\">\n<p class=\"has-text-align-left has-small-font-size\" style=\"font-style:normal;font-weight:500;text-transform:uppercase\">Accommodatie bekijken<\/p>\n\n\n\n<figure class=\"wp-block-image size-full is-resized\"><img decoding=\"async\" width=\"68\" height=\"64\" src=\"https:\/\/camping-benodet-vacances.com\/wp-content\/uploads\/2024\/11\/fleche-cercles-1-3-1.png\" alt=\"pijlcirkels 1 3\" class=\"wp-image-2522\" style=\"width:30px\" \/><\/figure>\n<\/div>\n<\/div>\n<\/div>\n\n\n<a class=\"is-style-lien-cover wp-block-read-more has-large-font-size\" href=\"https:\/\/camping-benodet-vacances.com\/nl\/hebergement\/emplacement-eco-1-vehicule-electricite-6a-incluse\/\" target=\"_blank\">Lees verder<span class=\"screen-reader-text\">: Eco-plaats + 1 voertuig &#8211; inclusief elektriciteit 6A<\/span><\/a><\/div>\n\n<\/li><li data-gt-camping-id=\"1606\" data-wp-key=\"post-template-item-22094\" class=\"wp-block-post post-22094 hebergement type-hebergement status-publish gamme-comfort-nl\">\n\n<div class=\"wp-block-group hebergement-wrap has-base-2-background-color has-background has-global-padding is-layout-constrained wp-container-core-group-is-layout-19e250f3 wp-block-group-is-layout-constrained\" style=\"border-radius:10px;box-shadow:var(--wp--preset--shadow--natural)\">\n<div class=\"wp-block-gt-gt-ws-ctv-product-images\"    data-wp-interactive=\"gt\/ctv\/hebergement\/image\"\n    data-wp-context='{\"images\":[\"https:\\\/\\\/static.secureholiday.net\\\/static\\\/Pictures\\\/1606\\\/00001281532.jpg\",\"https:\\\/\\\/static.secureholiday.net\\\/static\\\/Pictures\\\/1606\\\/00001281533.jpg\",\"https:\\\/\\\/static.secureholiday.net\\\/static\\\/Pictures\\\/1606\\\/00001281528.jpg\",\"https:\\\/\\\/static.secureholiday.net\\\/static\\\/Pictures\\\/1606\\\/00001281529.jpg\",\"https:\\\/\\\/static.secureholiday.net\\\/static\\\/Pictures\\\/1606\\\/00001281530.jpg\",\"https:\\\/\\\/static.secureholiday.net\\\/static\\\/Pictures\\\/1606\\\/00001281531.jpg\"],\"ratio\":\"16\\\/9\",\"jsonConfig\":[],\"sliderId\":\"69f0dbfd1e209\"}'        style=\"aspect-ratio: 16\/9\"\n    >\n\n    \n                                    <figure class=\"wp-block-image\" data-image-index=\"0\">\n\n                    \n                        <img decoding=\"async\"\n                            src=\"data:image\/svg+xml,%3Csvg xmlns='http:\/\/www.w3.org\/2000\/svg' viewBox='0 0 100 100'%3E%3Crect width='100' height='100' fill='grey'\/%3E%3C\/svg%3E\"\n                            width=\"1920\"\n                            height=\"1280\"\n                            data-gt-src=\"https:\/\/static.secureholiday.net\/static\/Pictures\/1606\/00001281532.jpg\"\n                            data-gt-srcset=\"https:\/\/static.secureholiday.net\/static\/Pictures\/1606\/00001281532.jpg 160w, https:\/\/static.secureholiday.net\/static\/Pictures\/1606\/00001281532.jpg?width=160 160w, https:\/\/static.secureholiday.net\/static\/Pictures\/1606\/00001281532.jpg?width=320 320w, https:\/\/static.secureholiday.net\/static\/Pictures\/1606\/00001281532.jpg?width=500 500w, https:\/\/static.secureholiday.net\/static\/Pictures\/1606\/00001281532.jpg?width=640 640w, https:\/\/static.secureholiday.net\/static\/Pictures\/1606\/00001281532.jpg?width=800 800w, https:\/\/static.secureholiday.net\/static\/Pictures\/1606\/00001281532.jpg?width=1024 1024w, https:\/\/static.secureholiday.net\/static\/Pictures\/1606\/00001281532.jpg?width=1600 1600w\"\n                            alt=\"Image 1 sur 1\"\n                            loading=\"lazy\"\n                            data-wp-init=\"actions.setImages\">\n                <\/figure>\n                    \n        \n    <\/div>\n\n\n<div class=\"wp-block-group alignfull hebergement-content has-base-2-background-color has-background is-layout-flow wp-container-core-group-is-layout-dec1c7ee wp-block-group-is-layout-flow\" style=\"padding-top:0.9rem;padding-right:2rem;padding-bottom:0.9rem;padding-left:2rem\"><div style=\"font-style:normal;font-weight:500;margin-top:var(--wp--preset--spacing--10);margin-right:var(--wp--preset--spacing--10)\" class=\"taxonomy-gamme has-text-align-center has-link-color gt-rotated wp-elements-e82ee233e38d64503923803f82cf7b6a wp-block-post-terms has-text-color has-accent-color has-medium-font-size has-caveat-font-family\"><a href=\"https:\/\/camping-benodet-vacances.com\/nl\/gamme\/comfort-nl\/\" rel=\"tag\">Comfort<\/a><\/div>\n\n  \n <p style=\"font-size:clamp(0.875rem, 0.875rem + ((1vw - 0.2rem) * 0.708), 1.3rem);font-weight:600;line-height:1.2;text-transform:uppercase; padding-bottom:1rem;\" class=\"wp-elements-c99d0d8ae90bb0a29b161be418af4425 wp-block-gt-gt-ws-ctv-product-name has-text-color has-base-color\">\n     Stacaravan CONFORT 2 slaapkamers (voor mindervaliden) 30m\u00b2 <\/p>\n \n\n\n<div class=\"wp-block-group alignfull hebergement-options is-nowrap is-layout-flex wp-container-core-group-is-layout-509d8e3e wp-block-group-is-layout-flex\" style=\"font-size:0.7rem;font-style:normal;font-weight:600\">\n<div class=\"wp-block-gt-gt-ws-ctv-product-room\">\n            <img decoding=\"async\" src=\"https:\/\/camping-benodet-vacances.com\/wp-content\/uploads\/2024\/11\/chambres-1.svg\" alt=\"Icon\" class=\"gt-icon\" \/>\n        2 CH<\/div>\n\n\n\n<div class=\"wp-block-gt-gt-ws-ctv-product-capacity\">\n            <img decoding=\"async\" src=\"https:\/\/camping-benodet-vacances.com\/wp-content\/uploads\/2024\/11\/personne-1.svg\" alt=\"Icon\" class=\"gt-icon\" \/>\n        6  PERS<\/div>\n\n\n \n <div class=\"wp-block-gt-gt-ws-ctv-product-surface\">\n              <img decoding=\"async\" src=\"https:\/\/camping-benodet-vacances.com\/wp-content\/uploads\/2024\/11\/surface-1.svg\" alt=\"Icon\" class=\"gt-icon\" \/>\n          30m\u00b2\n <\/div>\n \n\n\n<div class=\"wp-block-gt-gt-ws-ctv-product-bathrooms\">\n            <img decoding=\"async\" src=\"https:\/\/camping-benodet-vacances.com\/wp-content\/uploads\/2024\/11\/sdb.svg\" alt=\"Icon\" class=\"gt-icon\" \/>\n        1  SDB<\/div>\n\n\n\n\n<\/div>\n\n\n\n<div class=\"wp-block-group alignfull hebergement-dispo is-layout-flow wp-block-group-is-layout-flow\">\n<hr class=\"wp-block-separator has-text-color has-alpha-channel-opacity has-background is-style-wide\" style=\"margin-top:var(--wp--preset--spacing--10);margin-bottom:var(--wp--preset--spacing--10);background-color:#33323217;color:#33323217\" \/>\n\n\n\n<div\n\tstyle=\"font-style:normal;font-weight:600;\" class=\"wp-block-gt-gt-ws-ctv-disponibilites has-medium-font-size\"\tdata-wp-interactive=\"gt\/ctv\"\n\tdata-wp-init=\"actions.loadStays\"\n\tdata-wp-bind--data-gt-statut=\"state.statut\"\n\tdata-wp-context='{\"isCamping\":false,\"idProduct\":\"82946\",\"campingKey\":\"1606\",\"disponibilites\":[],\"mainStay\":[],\"isIndisponible\":true}'>\n\n\t\t\t<div hidden class=\"gt-ws-ctv-spinner\" data-wp-bind--hidden=\"!state.isLoading\">\n\t\t\t<span class=\"loader\"><\/span>\n\t\t<\/div>\n\t\n\n\t<div data-wp-bind--hidden=\"state.isLoading\" class=\"gt-ws-ctv-disponibilite-wrap\">\n\n\t\t\t\t\t\t\t\t\t\t<div class=\"gt-ws-ctv-statut\" data-wp-text=\"state.titre\"><\/div>\n                \t\t\n\t\t\n\t\t\n\t\t\n\t\t\n\t<\/div>\n\n<\/div>\n\n\n\n<div\n\tstyle=\"font-style:normal;font-weight:600;\" class=\"wp-block-gt-gt-ws-ctv-disponibilites has-small-font-size\"\tdata-wp-interactive=\"gt\/ctv\"\n\tdata-wp-init=\"actions.loadStays\"\n\tdata-wp-bind--data-gt-statut=\"state.statut\"\n\tdata-wp-context='{\"isCamping\":false,\"idProduct\":\"82946\",\"campingKey\":\"1606\",\"disponibilites\":[],\"mainStay\":[],\"isIndisponible\":true}'>\n\n\t\n\n\t<div data-wp-bind--hidden=\"state.isLoading\" class=\"gt-ws-ctv-disponibilite-wrap\">\n\n\t\t\n\t\t\n\t\t\t\t\t<small>\n\t\t\t\t<div class=\"gt-ws-ctv__disponibilite__dates\">\n\t\t\t\t\t<div><b><span data-wp-text=\"context.datesTitles\"><\/span><\/b><\/div>\n\t\t\t\t\t<span data-wp-text=\"state.mainStay.productAvailabilityDate.txtFinalDates\"><\/span>\n\t\t\t\t<\/div>\n\t\t\t<\/small>\n\t\t\n\t\t\n\t\t\n\t<\/div>\n\n<\/div>\n\n\n\n<div class=\"wp-block-group alignwide has-small-font-size is-content-justification-right is-nowrap is-layout-flex wp-container-core-group-is-layout-780e1194 wp-block-group-is-layout-flex\">\n<p class=\"has-text-align-left has-small-font-size\" style=\"font-style:normal;font-weight:500;text-transform:uppercase\">Accommodatie bekijken<\/p>\n\n\n\n<figure class=\"wp-block-image size-full is-resized\"><img decoding=\"async\" width=\"68\" height=\"64\" src=\"https:\/\/camping-benodet-vacances.com\/wp-content\/uploads\/2024\/11\/fleche-cercles-1-3-1.png\" alt=\"pijlcirkels 1 3\" class=\"wp-image-2522\" style=\"width:30px\" \/><\/figure>\n<\/div>\n<\/div>\n<\/div>\n\n\n<a class=\"is-style-lien-cover wp-block-read-more has-large-font-size\" href=\"https:\/\/camping-benodet-vacances.com\/nl\/hebergement\/mobilehome-confort-pmr-2-chambres-30m%c2%b2\/\" target=\"_blank\">Lees verder<span class=\"screen-reader-text\">: Stacaravan CONFORT 2 slaapkamers (voor mindervaliden) 30m\u00b2<\/span><\/a><\/div>\n\n<\/li><li data-gt-camping-id=\"1606\" data-wp-key=\"post-template-item-22093\" class=\"wp-block-post post-22093 hebergement type-hebergement status-publish gamme-comfort-nl\">\n\n<div class=\"wp-block-group hebergement-wrap has-base-2-background-color has-background has-global-padding is-layout-constrained wp-container-core-group-is-layout-19e250f3 wp-block-group-is-layout-constrained\" style=\"border-radius:10px;box-shadow:var(--wp--preset--shadow--natural)\">\n<div class=\"wp-block-gt-gt-ws-ctv-product-images\"    data-wp-interactive=\"gt\/ctv\/hebergement\/image\"\n    data-wp-context='{\"images\":[\"https:\\\/\\\/static.secureholiday.net\\\/static\\\/Pictures\\\/1606\\\/00001240239.jpg\",\"https:\\\/\\\/static.secureholiday.net\\\/static\\\/Pictures\\\/1606\\\/00001240241.jpg\",\"https:\\\/\\\/static.secureholiday.net\\\/static\\\/Pictures\\\/1606\\\/00001240242.jpg\",\"https:\\\/\\\/static.secureholiday.net\\\/static\\\/Pictures\\\/1606\\\/00001240240.jpg\"],\"ratio\":\"16\\\/9\",\"jsonConfig\":[],\"sliderId\":\"69f0dbfd2096a\"}'        style=\"aspect-ratio: 16\/9\"\n    >\n\n    \n                                    <figure class=\"wp-block-image\" data-image-index=\"0\">\n\n                    \n                        <img decoding=\"async\"\n                            src=\"data:image\/svg+xml,%3Csvg xmlns='http:\/\/www.w3.org\/2000\/svg' viewBox='0 0 100 100'%3E%3Crect width='100' height='100' fill='grey'\/%3E%3C\/svg%3E\"\n                            width=\"1920\"\n                            height=\"1280\"\n                            data-gt-src=\"https:\/\/static.secureholiday.net\/static\/Pictures\/1606\/00001240239.jpg\"\n                            data-gt-srcset=\"https:\/\/static.secureholiday.net\/static\/Pictures\/1606\/00001240239.jpg 160w, https:\/\/static.secureholiday.net\/static\/Pictures\/1606\/00001240239.jpg?width=160 160w, https:\/\/static.secureholiday.net\/static\/Pictures\/1606\/00001240239.jpg?width=320 320w, https:\/\/static.secureholiday.net\/static\/Pictures\/1606\/00001240239.jpg?width=500 500w, https:\/\/static.secureholiday.net\/static\/Pictures\/1606\/00001240239.jpg?width=640 640w, https:\/\/static.secureholiday.net\/static\/Pictures\/1606\/00001240239.jpg?width=800 800w, https:\/\/static.secureholiday.net\/static\/Pictures\/1606\/00001240239.jpg?width=1024 1024w, https:\/\/static.secureholiday.net\/static\/Pictures\/1606\/00001240239.jpg?width=1600 1600w\"\n                            alt=\"Image 1 sur 1\"\n                            loading=\"lazy\"\n                            data-wp-init=\"actions.setImages\">\n                <\/figure>\n                    \n        \n    <\/div>\n\n\n<div class=\"wp-block-group alignfull hebergement-content has-base-2-background-color has-background is-layout-flow wp-container-core-group-is-layout-dec1c7ee wp-block-group-is-layout-flow\" style=\"padding-top:0.9rem;padding-right:2rem;padding-bottom:0.9rem;padding-left:2rem\"><div style=\"font-style:normal;font-weight:500;margin-top:var(--wp--preset--spacing--10);margin-right:var(--wp--preset--spacing--10)\" class=\"taxonomy-gamme has-text-align-center has-link-color gt-rotated wp-elements-e82ee233e38d64503923803f82cf7b6a wp-block-post-terms has-text-color has-accent-color has-medium-font-size has-caveat-font-family\"><a href=\"https:\/\/camping-benodet-vacances.com\/nl\/gamme\/comfort-nl\/\" rel=\"tag\">Comfort<\/a><\/div>\n\n  \n <p style=\"font-size:clamp(0.875rem, 0.875rem + ((1vw - 0.2rem) * 0.708), 1.3rem);font-weight:600;line-height:1.2;text-transform:uppercase; padding-bottom:1rem;\" class=\"wp-elements-c99d0d8ae90bb0a29b161be418af4425 wp-block-gt-gt-ws-ctv-product-name has-text-color has-base-color\">\n     Stacaravan CONFORT 2 slaapkamers 27m\u00b2 <\/p>\n \n\n\n<div class=\"wp-block-group alignfull hebergement-options is-nowrap is-layout-flex wp-container-core-group-is-layout-509d8e3e wp-block-group-is-layout-flex\" style=\"font-size:0.7rem;font-style:normal;font-weight:600\">\n<div class=\"wp-block-gt-gt-ws-ctv-product-room\">\n            <img decoding=\"async\" src=\"https:\/\/camping-benodet-vacances.com\/wp-content\/uploads\/2024\/11\/chambres-1.svg\" alt=\"Icon\" class=\"gt-icon\" \/>\n        2 CH<\/div>\n\n\n\n<div class=\"wp-block-gt-gt-ws-ctv-product-capacity\">\n            <img decoding=\"async\" src=\"https:\/\/camping-benodet-vacances.com\/wp-content\/uploads\/2024\/11\/personne-1.svg\" alt=\"Icon\" class=\"gt-icon\" \/>\n        4  PERS<\/div>\n\n\n \n <div class=\"wp-block-gt-gt-ws-ctv-product-surface\">\n              <img decoding=\"async\" src=\"https:\/\/camping-benodet-vacances.com\/wp-content\/uploads\/2024\/11\/surface-1.svg\" alt=\"Icon\" class=\"gt-icon\" \/>\n          27m\u00b2\n <\/div>\n \n\n\n<div class=\"wp-block-gt-gt-ws-ctv-product-bathrooms\">\n            <img decoding=\"async\" src=\"https:\/\/camping-benodet-vacances.com\/wp-content\/uploads\/2024\/11\/sdb.svg\" alt=\"Icon\" class=\"gt-icon\" \/>\n        1  SDB<\/div>\n\n\n\n\n<\/div>\n\n\n\n<div class=\"wp-block-group alignfull hebergement-dispo is-layout-flow wp-block-group-is-layout-flow\">\n<hr class=\"wp-block-separator has-text-color has-alpha-channel-opacity has-background is-style-wide\" style=\"margin-top:var(--wp--preset--spacing--10);margin-bottom:var(--wp--preset--spacing--10);background-color:#33323217;color:#33323217\" \/>\n\n\n\n<div\n\tstyle=\"font-style:normal;font-weight:600;\" class=\"wp-block-gt-gt-ws-ctv-disponibilites has-medium-font-size\"\tdata-wp-interactive=\"gt\/ctv\"\n\tdata-wp-init=\"actions.loadStays\"\n\tdata-wp-bind--data-gt-statut=\"state.statut\"\n\tdata-wp-context='{\"isCamping\":false,\"idProduct\":\"136074\",\"campingKey\":\"1606\",\"disponibilites\":[],\"mainStay\":[],\"isIndisponible\":true}'>\n\n\t\t\t<div hidden class=\"gt-ws-ctv-spinner\" data-wp-bind--hidden=\"!state.isLoading\">\n\t\t\t<span class=\"loader\"><\/span>\n\t\t<\/div>\n\t\n\n\t<div data-wp-bind--hidden=\"state.isLoading\" class=\"gt-ws-ctv-disponibilite-wrap\">\n\n\t\t\t\t\t\t\t\t\t\t<div class=\"gt-ws-ctv-statut\" data-wp-text=\"state.titre\"><\/div>\n                \t\t\n\t\t\n\t\t\n\t\t\n\t\t\n\t<\/div>\n\n<\/div>\n\n\n\n<div\n\tstyle=\"font-style:normal;font-weight:600;\" class=\"wp-block-gt-gt-ws-ctv-disponibilites has-small-font-size\"\tdata-wp-interactive=\"gt\/ctv\"\n\tdata-wp-init=\"actions.loadStays\"\n\tdata-wp-bind--data-gt-statut=\"state.statut\"\n\tdata-wp-context='{\"isCamping\":false,\"idProduct\":\"136074\",\"campingKey\":\"1606\",\"disponibilites\":[],\"mainStay\":[],\"isIndisponible\":true}'>\n\n\t\n\n\t<div data-wp-bind--hidden=\"state.isLoading\" class=\"gt-ws-ctv-disponibilite-wrap\">\n\n\t\t\n\t\t\n\t\t\t\t\t<small>\n\t\t\t\t<div class=\"gt-ws-ctv__disponibilite__dates\">\n\t\t\t\t\t<div><b><span data-wp-text=\"context.datesTitles\"><\/span><\/b><\/div>\n\t\t\t\t\t<span data-wp-text=\"state.mainStay.productAvailabilityDate.txtFinalDates\"><\/span>\n\t\t\t\t<\/div>\n\t\t\t<\/small>\n\t\t\n\t\t\n\t\t\n\t<\/div>\n\n<\/div>\n\n\n\n<div class=\"wp-block-group alignwide has-small-font-size is-content-justification-right is-nowrap is-layout-flex wp-container-core-group-is-layout-780e1194 wp-block-group-is-layout-flex\">\n<p class=\"has-text-align-left has-small-font-size\" style=\"font-style:normal;font-weight:500;text-transform:uppercase\">Accommodatie bekijken<\/p>\n\n\n\n<figure class=\"wp-block-image size-full is-resized\"><img decoding=\"async\" width=\"68\" height=\"64\" src=\"https:\/\/camping-benodet-vacances.com\/wp-content\/uploads\/2024\/11\/fleche-cercles-1-3-1.png\" alt=\"pijlcirkels 1 3\" class=\"wp-image-2522\" style=\"width:30px\" \/><\/figure>\n<\/div>\n<\/div>\n<\/div>\n\n\n<a class=\"is-style-lien-cover wp-block-read-more has-large-font-size\" href=\"https:\/\/camping-benodet-vacances.com\/nl\/hebergement\/mobilehome-confort-2-chambres-27m%c2%b2\/\" target=\"_blank\">Lees verder<span class=\"screen-reader-text\">: Stacaravan CONFORT 2 slaapkamers 27m\u00b2<\/span><\/a><\/div>\n\n<\/li><li data-gt-camping-id=\"1606\" data-wp-key=\"post-template-item-22095\" class=\"wp-block-post post-22095 hebergement type-hebergement status-publish gamme-comfort-nl\">\n\n<div class=\"wp-block-group hebergement-wrap has-base-2-background-color has-background has-global-padding is-layout-constrained wp-container-core-group-is-layout-19e250f3 wp-block-group-is-layout-constrained\" style=\"border-radius:10px;box-shadow:var(--wp--preset--shadow--natural)\">\n<div class=\"wp-block-gt-gt-ws-ctv-product-images\"    data-wp-interactive=\"gt\/ctv\/hebergement\/image\"\n    data-wp-context='{\"images\":[\"https:\\\/\\\/static.secureholiday.net\\\/static\\\/Pictures\\\/1606\\\/00001240239.jpg\",\"https:\\\/\\\/static.secureholiday.net\\\/static\\\/Pictures\\\/1606\\\/00001240241.jpg\",\"https:\\\/\\\/static.secureholiday.net\\\/static\\\/Pictures\\\/1606\\\/00001240242.jpg\",\"https:\\\/\\\/static.secureholiday.net\\\/static\\\/Pictures\\\/1606\\\/00001240240.jpg\"],\"ratio\":\"16\\\/9\",\"jsonConfig\":[],\"sliderId\":\"69f0dbfd21df0\"}'        style=\"aspect-ratio: 16\/9\"\n    >\n\n    \n                                    <figure class=\"wp-block-image\" data-image-index=\"0\">\n\n                    \n                        <img decoding=\"async\"\n                            src=\"data:image\/svg+xml,%3Csvg xmlns='http:\/\/www.w3.org\/2000\/svg' viewBox='0 0 100 100'%3E%3Crect width='100' height='100' fill='grey'\/%3E%3C\/svg%3E\"\n                            width=\"1920\"\n                            height=\"1280\"\n                            data-gt-src=\"https:\/\/static.secureholiday.net\/static\/Pictures\/1606\/00001240239.jpg\"\n                            data-gt-srcset=\"https:\/\/static.secureholiday.net\/static\/Pictures\/1606\/00001240239.jpg 160w, https:\/\/static.secureholiday.net\/static\/Pictures\/1606\/00001240239.jpg?width=160 160w, https:\/\/static.secureholiday.net\/static\/Pictures\/1606\/00001240239.jpg?width=320 320w, https:\/\/static.secureholiday.net\/static\/Pictures\/1606\/00001240239.jpg?width=500 500w, https:\/\/static.secureholiday.net\/static\/Pictures\/1606\/00001240239.jpg?width=640 640w, https:\/\/static.secureholiday.net\/static\/Pictures\/1606\/00001240239.jpg?width=800 800w, https:\/\/static.secureholiday.net\/static\/Pictures\/1606\/00001240239.jpg?width=1024 1024w, https:\/\/static.secureholiday.net\/static\/Pictures\/1606\/00001240239.jpg?width=1600 1600w\"\n                            alt=\"Image 1 sur 1\"\n                            loading=\"lazy\"\n                            data-wp-init=\"actions.setImages\">\n                <\/figure>\n                    \n        \n    <\/div>\n\n\n<div class=\"wp-block-group alignfull hebergement-content has-base-2-background-color has-background is-layout-flow wp-container-core-group-is-layout-dec1c7ee wp-block-group-is-layout-flow\" style=\"padding-top:0.9rem;padding-right:2rem;padding-bottom:0.9rem;padding-left:2rem\"><div style=\"font-style:normal;font-weight:500;margin-top:var(--wp--preset--spacing--10);margin-right:var(--wp--preset--spacing--10)\" class=\"taxonomy-gamme has-text-align-center has-link-color gt-rotated wp-elements-e82ee233e38d64503923803f82cf7b6a wp-block-post-terms has-text-color has-accent-color has-medium-font-size has-caveat-font-family\"><a href=\"https:\/\/camping-benodet-vacances.com\/nl\/gamme\/comfort-nl\/\" rel=\"tag\">Comfort<\/a><\/div>\n\n  \n <p style=\"font-size:clamp(0.875rem, 0.875rem + ((1vw - 0.2rem) * 0.708), 1.3rem);font-weight:600;line-height:1.2;text-transform:uppercase; padding-bottom:1rem;\" class=\"wp-elements-c99d0d8ae90bb0a29b161be418af4425 wp-block-gt-gt-ws-ctv-product-name has-text-color has-base-color\">\n     Stacaravan CONFORT 2 slaapkamers 27m\u00b2 <\/p>\n \n\n\n<div class=\"wp-block-group alignfull hebergement-options is-nowrap is-layout-flex wp-container-core-group-is-layout-509d8e3e wp-block-group-is-layout-flex\" style=\"font-size:0.7rem;font-style:normal;font-weight:600\">\n<div class=\"wp-block-gt-gt-ws-ctv-product-room\">\n            <img decoding=\"async\" src=\"https:\/\/camping-benodet-vacances.com\/wp-content\/uploads\/2024\/11\/chambres-1.svg\" alt=\"Icon\" class=\"gt-icon\" \/>\n        2 CH<\/div>\n\n\n\n<div class=\"wp-block-gt-gt-ws-ctv-product-capacity\">\n            <img decoding=\"async\" src=\"https:\/\/camping-benodet-vacances.com\/wp-content\/uploads\/2024\/11\/personne-1.svg\" alt=\"Icon\" class=\"gt-icon\" \/>\n        6  PERS<\/div>\n\n\n \n <div class=\"wp-block-gt-gt-ws-ctv-product-surface\">\n              <img decoding=\"async\" src=\"https:\/\/camping-benodet-vacances.com\/wp-content\/uploads\/2024\/11\/surface-1.svg\" alt=\"Icon\" class=\"gt-icon\" \/>\n          27m\u00b2\n <\/div>\n \n\n\n<div class=\"wp-block-gt-gt-ws-ctv-product-bathrooms\">\n            <img decoding=\"async\" src=\"https:\/\/camping-benodet-vacances.com\/wp-content\/uploads\/2024\/11\/sdb.svg\" alt=\"Icon\" class=\"gt-icon\" \/>\n        1  SDB<\/div>\n\n\n\n\n<\/div>\n\n\n\n<div class=\"wp-block-group alignfull hebergement-dispo is-layout-flow wp-block-group-is-layout-flow\">\n<hr class=\"wp-block-separator has-text-color has-alpha-channel-opacity has-background is-style-wide\" style=\"margin-top:var(--wp--preset--spacing--10);margin-bottom:var(--wp--preset--spacing--10);background-color:#33323217;color:#33323217\" \/>\n\n\n\n<div\n\tstyle=\"font-style:normal;font-weight:600;\" class=\"wp-block-gt-gt-ws-ctv-disponibilites has-medium-font-size\"\tdata-wp-interactive=\"gt\/ctv\"\n\tdata-wp-init=\"actions.loadStays\"\n\tdata-wp-bind--data-gt-statut=\"state.statut\"\n\tdata-wp-context='{\"isCamping\":false,\"idProduct\":\"92470\",\"campingKey\":\"1606\",\"disponibilites\":[],\"mainStay\":[],\"isIndisponible\":true}'>\n\n\t\t\t<div hidden class=\"gt-ws-ctv-spinner\" data-wp-bind--hidden=\"!state.isLoading\">\n\t\t\t<span class=\"loader\"><\/span>\n\t\t<\/div>\n\t\n\n\t<div data-wp-bind--hidden=\"state.isLoading\" class=\"gt-ws-ctv-disponibilite-wrap\">\n\n\t\t\t\t\t\t\t\t\t\t<div class=\"gt-ws-ctv-statut\" data-wp-text=\"state.titre\"><\/div>\n                \t\t\n\t\t\n\t\t\n\t\t\n\t\t\n\t<\/div>\n\n<\/div>\n\n\n\n<div\n\tstyle=\"font-style:normal;font-weight:600;\" class=\"wp-block-gt-gt-ws-ctv-disponibilites has-small-font-size\"\tdata-wp-interactive=\"gt\/ctv\"\n\tdata-wp-init=\"actions.loadStays\"\n\tdata-wp-bind--data-gt-statut=\"state.statut\"\n\tdata-wp-context='{\"isCamping\":false,\"idProduct\":\"92470\",\"campingKey\":\"1606\",\"disponibilites\":[],\"mainStay\":[],\"isIndisponible\":true}'>\n\n\t\n\n\t<div data-wp-bind--hidden=\"state.isLoading\" class=\"gt-ws-ctv-disponibilite-wrap\">\n\n\t\t\n\t\t\n\t\t\t\t\t<small>\n\t\t\t\t<div class=\"gt-ws-ctv__disponibilite__dates\">\n\t\t\t\t\t<div><b><span data-wp-text=\"context.datesTitles\"><\/span><\/b><\/div>\n\t\t\t\t\t<span data-wp-text=\"state.mainStay.productAvailabilityDate.txtFinalDates\"><\/span>\n\t\t\t\t<\/div>\n\t\t\t<\/small>\n\t\t\n\t\t\n\t\t\n\t<\/div>\n\n<\/div>\n\n\n\n<div class=\"wp-block-group alignwide has-small-font-size is-content-justification-right is-nowrap is-layout-flex wp-container-core-group-is-layout-780e1194 wp-block-group-is-layout-flex\">\n<p class=\"has-text-align-left has-small-font-size\" style=\"font-style:normal;font-weight:500;text-transform:uppercase\">Accommodatie bekijken<\/p>\n\n\n\n<figure class=\"wp-block-image size-full is-resized\"><img decoding=\"async\" width=\"68\" height=\"64\" src=\"https:\/\/camping-benodet-vacances.com\/wp-content\/uploads\/2024\/11\/fleche-cercles-1-3-1.png\" alt=\"pijlcirkels 1 3\" class=\"wp-image-2522\" style=\"width:30px\" \/><\/figure>\n<\/div>\n<\/div>\n<\/div>\n\n\n<a class=\"is-style-lien-cover wp-block-read-more has-large-font-size\" href=\"https:\/\/camping-benodet-vacances.com\/nl\/hebergement\/mobilehome-confort-2-chambres-27m%c2%b2-2\/\" target=\"_blank\">Lees verder<span class=\"screen-reader-text\">: Stacaravan CONFORT 2 slaapkamers 27m\u00b2<\/span><\/a><\/div>\n\n<\/li><li data-gt-camping-id=\"1606\" data-wp-key=\"post-template-item-22097\" class=\"wp-block-post post-22097 hebergement type-hebergement status-publish gamme-comfort-nl\">\n\n<div class=\"wp-block-group hebergement-wrap has-base-2-background-color has-background has-global-padding is-layout-constrained wp-container-core-group-is-layout-19e250f3 wp-block-group-is-layout-constrained\" style=\"border-radius:10px;box-shadow:var(--wp--preset--shadow--natural)\">\n<div class=\"wp-block-gt-gt-ws-ctv-product-images\"    data-wp-interactive=\"gt\/ctv\/hebergement\/image\"\n    data-wp-context='{\"images\":[\"https:\\\/\\\/static.secureholiday.net\\\/static\\\/Pictures\\\/1606\\\/00001281433.jpg\",\"https:\\\/\\\/static.secureholiday.net\\\/static\\\/Pictures\\\/1606\\\/00001281434.jpg\",\"https:\\\/\\\/static.secureholiday.net\\\/static\\\/Pictures\\\/1606\\\/00001281429.jpg\",\"https:\\\/\\\/static.secureholiday.net\\\/static\\\/Pictures\\\/1606\\\/00001281431.jpg\",\"https:\\\/\\\/static.secureholiday.net\\\/static\\\/Pictures\\\/1606\\\/00001281432.jpg\",\"https:\\\/\\\/static.secureholiday.net\\\/static\\\/Pictures\\\/1606\\\/00001281430.jpg\"],\"ratio\":\"16\\\/9\",\"jsonConfig\":[],\"sliderId\":\"69f0dbfd23483\"}'        style=\"aspect-ratio: 16\/9\"\n    >\n\n    \n                                    <figure class=\"wp-block-image\" data-image-index=\"0\">\n\n                    \n                        <img decoding=\"async\"\n                            src=\"data:image\/svg+xml,%3Csvg xmlns='http:\/\/www.w3.org\/2000\/svg' viewBox='0 0 100 100'%3E%3Crect width='100' height='100' fill='grey'\/%3E%3C\/svg%3E\"\n                            width=\"1920\"\n                            height=\"1280\"\n                            data-gt-src=\"https:\/\/static.secureholiday.net\/static\/Pictures\/1606\/00001281433.jpg\"\n                            data-gt-srcset=\"https:\/\/static.secureholiday.net\/static\/Pictures\/1606\/00001281433.jpg 160w, https:\/\/static.secureholiday.net\/static\/Pictures\/1606\/00001281433.jpg?width=160 160w, https:\/\/static.secureholiday.net\/static\/Pictures\/1606\/00001281433.jpg?width=320 320w, https:\/\/static.secureholiday.net\/static\/Pictures\/1606\/00001281433.jpg?width=500 500w, https:\/\/static.secureholiday.net\/static\/Pictures\/1606\/00001281433.jpg?width=640 640w, https:\/\/static.secureholiday.net\/static\/Pictures\/1606\/00001281433.jpg?width=800 800w, https:\/\/static.secureholiday.net\/static\/Pictures\/1606\/00001281433.jpg?width=1024 1024w, https:\/\/static.secureholiday.net\/static\/Pictures\/1606\/00001281433.jpg?width=1600 1600w\"\n                            alt=\"Image 1 sur 1\"\n                            loading=\"lazy\"\n                            data-wp-init=\"actions.setImages\">\n                <\/figure>\n                    \n        \n    <\/div>\n\n\n<div class=\"wp-block-group alignfull hebergement-content has-base-2-background-color has-background is-layout-flow wp-container-core-group-is-layout-dec1c7ee wp-block-group-is-layout-flow\" style=\"padding-top:0.9rem;padding-right:2rem;padding-bottom:0.9rem;padding-left:2rem\"><div style=\"font-style:normal;font-weight:500;margin-top:var(--wp--preset--spacing--10);margin-right:var(--wp--preset--spacing--10)\" class=\"taxonomy-gamme has-text-align-center has-link-color gt-rotated wp-elements-e82ee233e38d64503923803f82cf7b6a wp-block-post-terms has-text-color has-accent-color has-medium-font-size has-caveat-font-family\"><a href=\"https:\/\/camping-benodet-vacances.com\/nl\/gamme\/comfort-nl\/\" rel=\"tag\">Comfort<\/a><\/div>\n\n  \n <p style=\"font-size:clamp(0.875rem, 0.875rem + ((1vw - 0.2rem) * 0.708), 1.3rem);font-weight:600;line-height:1.2;text-transform:uppercase; padding-bottom:1rem;\" class=\"wp-elements-c99d0d8ae90bb0a29b161be418af4425 wp-block-gt-gt-ws-ctv-product-name has-text-color has-base-color\">\n     Stacaravan CONFORT 3 slaapkamers 29m\u00b2 <\/p>\n \n\n\n<div class=\"wp-block-group alignfull hebergement-options is-nowrap is-layout-flex wp-container-core-group-is-layout-509d8e3e wp-block-group-is-layout-flex\" style=\"font-size:0.7rem;font-style:normal;font-weight:600\">\n<div class=\"wp-block-gt-gt-ws-ctv-product-room\">\n            <img decoding=\"async\" src=\"https:\/\/camping-benodet-vacances.com\/wp-content\/uploads\/2024\/11\/chambres-1.svg\" alt=\"Icon\" class=\"gt-icon\" \/>\n        3 CH<\/div>\n\n\n\n<div class=\"wp-block-gt-gt-ws-ctv-product-capacity\">\n            <img decoding=\"async\" src=\"https:\/\/camping-benodet-vacances.com\/wp-content\/uploads\/2024\/11\/personne-1.svg\" alt=\"Icon\" class=\"gt-icon\" \/>\n        6  PERS<\/div>\n\n\n \n <div class=\"wp-block-gt-gt-ws-ctv-product-surface\">\n              <img decoding=\"async\" src=\"https:\/\/camping-benodet-vacances.com\/wp-content\/uploads\/2024\/11\/surface-1.svg\" alt=\"Icon\" class=\"gt-icon\" \/>\n          29m\u00b2\n <\/div>\n \n\n\n<div class=\"wp-block-gt-gt-ws-ctv-product-bathrooms\">\n            <img decoding=\"async\" src=\"https:\/\/camping-benodet-vacances.com\/wp-content\/uploads\/2024\/11\/sdb.svg\" alt=\"Icon\" class=\"gt-icon\" \/>\n        1  SDB<\/div>\n\n\n\n\n<\/div>\n\n\n\n<div class=\"wp-block-group alignfull hebergement-dispo is-layout-flow wp-block-group-is-layout-flow\">\n<hr class=\"wp-block-separator has-text-color has-alpha-channel-opacity has-background is-style-wide\" style=\"margin-top:var(--wp--preset--spacing--10);margin-bottom:var(--wp--preset--spacing--10);background-color:#33323217;color:#33323217\" \/>\n\n\n\n<div\n\tstyle=\"font-style:normal;font-weight:600;\" class=\"wp-block-gt-gt-ws-ctv-disponibilites has-medium-font-size\"\tdata-wp-interactive=\"gt\/ctv\"\n\tdata-wp-init=\"actions.loadStays\"\n\tdata-wp-bind--data-gt-statut=\"state.statut\"\n\tdata-wp-context='{\"isCamping\":false,\"idProduct\":\"96108\",\"campingKey\":\"1606\",\"disponibilites\":[],\"mainStay\":[],\"isIndisponible\":true}'>\n\n\t\t\t<div hidden class=\"gt-ws-ctv-spinner\" data-wp-bind--hidden=\"!state.isLoading\">\n\t\t\t<span class=\"loader\"><\/span>\n\t\t<\/div>\n\t\n\n\t<div data-wp-bind--hidden=\"state.isLoading\" class=\"gt-ws-ctv-disponibilite-wrap\">\n\n\t\t\t\t\t\t\t\t\t\t<div class=\"gt-ws-ctv-statut\" data-wp-text=\"state.titre\"><\/div>\n                \t\t\n\t\t\n\t\t\n\t\t\n\t\t\n\t<\/div>\n\n<\/div>\n\n\n\n<div\n\tstyle=\"font-style:normal;font-weight:600;\" class=\"wp-block-gt-gt-ws-ctv-disponibilites has-small-font-size\"\tdata-wp-interactive=\"gt\/ctv\"\n\tdata-wp-init=\"actions.loadStays\"\n\tdata-wp-bind--data-gt-statut=\"state.statut\"\n\tdata-wp-context='{\"isCamping\":false,\"idProduct\":\"96108\",\"campingKey\":\"1606\",\"disponibilites\":[],\"mainStay\":[],\"isIndisponible\":true}'>\n\n\t\n\n\t<div data-wp-bind--hidden=\"state.isLoading\" class=\"gt-ws-ctv-disponibilite-wrap\">\n\n\t\t\n\t\t\n\t\t\t\t\t<small>\n\t\t\t\t<div class=\"gt-ws-ctv__disponibilite__dates\">\n\t\t\t\t\t<div><b><span data-wp-text=\"context.datesTitles\"><\/span><\/b><\/div>\n\t\t\t\t\t<span data-wp-text=\"state.mainStay.productAvailabilityDate.txtFinalDates\"><\/span>\n\t\t\t\t<\/div>\n\t\t\t<\/small>\n\t\t\n\t\t\n\t\t\n\t<\/div>\n\n<\/div>\n\n\n\n<div class=\"wp-block-group alignwide has-small-font-size is-content-justification-right is-nowrap is-layout-flex wp-container-core-group-is-layout-780e1194 wp-block-group-is-layout-flex\">\n<p class=\"has-text-align-left has-small-font-size\" style=\"font-style:normal;font-weight:500;text-transform:uppercase\">Accommodatie bekijken<\/p>\n\n\n\n<figure class=\"wp-block-image size-full is-resized\"><img decoding=\"async\" width=\"68\" height=\"64\" src=\"https:\/\/camping-benodet-vacances.com\/wp-content\/uploads\/2024\/11\/fleche-cercles-1-3-1.png\" alt=\"pijlcirkels 1 3\" class=\"wp-image-2522\" style=\"width:30px\" \/><\/figure>\n<\/div>\n<\/div>\n<\/div>\n\n\n<a class=\"is-style-lien-cover wp-block-read-more has-large-font-size\" href=\"https:\/\/camping-benodet-vacances.com\/nl\/hebergement\/mobilehome-confort-3-chambres-29m%c2%b2\/\" target=\"_blank\">Lees verder<span class=\"screen-reader-text\">: Stacaravan CONFORT 3 slaapkamers 29m\u00b2<\/span><\/a><\/div>\n\n<\/li><li data-gt-camping-id=\"1606\" data-wp-key=\"post-template-item-22098\" class=\"wp-block-post post-22098 hebergement type-hebergement status-publish gamme-comfort-nl\">\n\n<div class=\"wp-block-group hebergement-wrap has-base-2-background-color has-background has-global-padding is-layout-constrained wp-container-core-group-is-layout-19e250f3 wp-block-group-is-layout-constrained\" style=\"border-radius:10px;box-shadow:var(--wp--preset--shadow--natural)\">\n<div class=\"wp-block-gt-gt-ws-ctv-product-images\"    data-wp-interactive=\"gt\/ctv\/hebergement\/image\"\n    data-wp-context='{\"images\":[\"https:\\\/\\\/static.secureholiday.net\\\/static\\\/Pictures\\\/1606\\\/00001281506.jpg\",\"https:\\\/\\\/static.secureholiday.net\\\/static\\\/Pictures\\\/1606\\\/00001281505.jpg\",\"https:\\\/\\\/static.secureholiday.net\\\/static\\\/Pictures\\\/1606\\\/00001281502.jpg\",\"https:\\\/\\\/static.secureholiday.net\\\/static\\\/Pictures\\\/1606\\\/00001281503.jpg\",\"https:\\\/\\\/static.secureholiday.net\\\/static\\\/Pictures\\\/1606\\\/00001281504.jpg\",\"https:\\\/\\\/static.secureholiday.net\\\/static\\\/Pictures\\\/1606\\\/00001281501.jpg\"],\"ratio\":\"16\\\/9\",\"jsonConfig\":[],\"sliderId\":\"69f0dbfd24dbc\"}'        style=\"aspect-ratio: 16\/9\"\n    >\n\n    \n                                    <figure class=\"wp-block-image\" data-image-index=\"0\">\n\n                    \n                        <img decoding=\"async\"\n                            src=\"data:image\/svg+xml,%3Csvg xmlns='http:\/\/www.w3.org\/2000\/svg' viewBox='0 0 100 100'%3E%3Crect width='100' height='100' fill='grey'\/%3E%3C\/svg%3E\"\n                            width=\"1920\"\n                            height=\"1280\"\n                            data-gt-src=\"https:\/\/static.secureholiday.net\/static\/Pictures\/1606\/00001281506.jpg\"\n                            data-gt-srcset=\"https:\/\/static.secureholiday.net\/static\/Pictures\/1606\/00001281506.jpg 160w, https:\/\/static.secureholiday.net\/static\/Pictures\/1606\/00001281506.jpg?width=160 160w, https:\/\/static.secureholiday.net\/static\/Pictures\/1606\/00001281506.jpg?width=320 320w, https:\/\/static.secureholiday.net\/static\/Pictures\/1606\/00001281506.jpg?width=500 500w, https:\/\/static.secureholiday.net\/static\/Pictures\/1606\/00001281506.jpg?width=640 640w, https:\/\/static.secureholiday.net\/static\/Pictures\/1606\/00001281506.jpg?width=800 800w, https:\/\/static.secureholiday.net\/static\/Pictures\/1606\/00001281506.jpg?width=1024 1024w, https:\/\/static.secureholiday.net\/static\/Pictures\/1606\/00001281506.jpg?width=1600 1600w\"\n                            alt=\"Image 1 sur 1\"\n                            loading=\"lazy\"\n                            data-wp-init=\"actions.setImages\">\n                <\/figure>\n                    \n        \n    <\/div>\n\n\n<div class=\"wp-block-group alignfull hebergement-content has-base-2-background-color has-background is-layout-flow wp-container-core-group-is-layout-dec1c7ee wp-block-group-is-layout-flow\" style=\"padding-top:0.9rem;padding-right:2rem;padding-bottom:0.9rem;padding-left:2rem\"><div style=\"font-style:normal;font-weight:500;margin-top:var(--wp--preset--spacing--10);margin-right:var(--wp--preset--spacing--10)\" class=\"taxonomy-gamme has-text-align-center has-link-color gt-rotated wp-elements-e82ee233e38d64503923803f82cf7b6a wp-block-post-terms has-text-color has-accent-color has-medium-font-size has-caveat-font-family\"><a href=\"https:\/\/camping-benodet-vacances.com\/nl\/gamme\/comfort-nl\/\" rel=\"tag\">Comfort<\/a><\/div>\n\n  \n <p style=\"font-size:clamp(0.875rem, 0.875rem + ((1vw - 0.2rem) * 0.708), 1.3rem);font-weight:600;line-height:1.2;text-transform:uppercase; padding-bottom:1rem;\" class=\"wp-elements-c99d0d8ae90bb0a29b161be418af4425 wp-block-gt-gt-ws-ctv-product-name has-text-color has-base-color\">\n     Stacaravan CONFORT 3 slaapkamers 29m\u00b2 <\/p>\n \n\n\n<div class=\"wp-block-group alignfull hebergement-options is-nowrap is-layout-flex wp-container-core-group-is-layout-509d8e3e wp-block-group-is-layout-flex\" style=\"font-size:0.7rem;font-style:normal;font-weight:600\">\n<div class=\"wp-block-gt-gt-ws-ctv-product-room\">\n            <img decoding=\"async\" src=\"https:\/\/camping-benodet-vacances.com\/wp-content\/uploads\/2024\/11\/chambres-1.svg\" alt=\"Icon\" class=\"gt-icon\" \/>\n        3 CH<\/div>\n\n\n\n<div class=\"wp-block-gt-gt-ws-ctv-product-capacity\">\n            <img decoding=\"async\" src=\"https:\/\/camping-benodet-vacances.com\/wp-content\/uploads\/2024\/11\/personne-1.svg\" alt=\"Icon\" class=\"gt-icon\" \/>\n        8  PERS<\/div>\n\n\n \n <div class=\"wp-block-gt-gt-ws-ctv-product-surface\">\n              <img decoding=\"async\" src=\"https:\/\/camping-benodet-vacances.com\/wp-content\/uploads\/2024\/11\/surface-1.svg\" alt=\"Icon\" class=\"gt-icon\" \/>\n          29m\u00b2\n <\/div>\n \n\n\n<div class=\"wp-block-gt-gt-ws-ctv-product-bathrooms\">\n            <img decoding=\"async\" src=\"https:\/\/camping-benodet-vacances.com\/wp-content\/uploads\/2024\/11\/sdb.svg\" alt=\"Icon\" class=\"gt-icon\" \/>\n        1  SDB<\/div>\n\n\n\n\n<\/div>\n\n\n\n<div class=\"wp-block-group alignfull hebergement-dispo is-layout-flow wp-block-group-is-layout-flow\">\n<hr class=\"wp-block-separator has-text-color has-alpha-channel-opacity has-background is-style-wide\" style=\"margin-top:var(--wp--preset--spacing--10);margin-bottom:var(--wp--preset--spacing--10);background-color:#33323217;color:#33323217\" \/>\n\n\n\n<div\n\tstyle=\"font-style:normal;font-weight:600;\" class=\"wp-block-gt-gt-ws-ctv-disponibilites has-medium-font-size\"\tdata-wp-interactive=\"gt\/ctv\"\n\tdata-wp-init=\"actions.loadStays\"\n\tdata-wp-bind--data-gt-statut=\"state.statut\"\n\tdata-wp-context='{\"isCamping\":false,\"idProduct\":\"126831\",\"campingKey\":\"1606\",\"disponibilites\":[],\"mainStay\":[],\"isIndisponible\":true}'>\n\n\t\t\t<div hidden class=\"gt-ws-ctv-spinner\" data-wp-bind--hidden=\"!state.isLoading\">\n\t\t\t<span class=\"loader\"><\/span>\n\t\t<\/div>\n\t\n\n\t<div data-wp-bind--hidden=\"state.isLoading\" class=\"gt-ws-ctv-disponibilite-wrap\">\n\n\t\t\t\t\t\t\t\t\t\t<div class=\"gt-ws-ctv-statut\" data-wp-text=\"state.titre\"><\/div>\n                \t\t\n\t\t\n\t\t\n\t\t\n\t\t\n\t<\/div>\n\n<\/div>\n\n\n\n<div\n\tstyle=\"font-style:normal;font-weight:600;\" class=\"wp-block-gt-gt-ws-ctv-disponibilites has-small-font-size\"\tdata-wp-interactive=\"gt\/ctv\"\n\tdata-wp-init=\"actions.loadStays\"\n\tdata-wp-bind--data-gt-statut=\"state.statut\"\n\tdata-wp-context='{\"isCamping\":false,\"idProduct\":\"126831\",\"campingKey\":\"1606\",\"disponibilites\":[],\"mainStay\":[],\"isIndisponible\":true}'>\n\n\t\n\n\t<div data-wp-bind--hidden=\"state.isLoading\" class=\"gt-ws-ctv-disponibilite-wrap\">\n\n\t\t\n\t\t\n\t\t\t\t\t<small>\n\t\t\t\t<div class=\"gt-ws-ctv__disponibilite__dates\">\n\t\t\t\t\t<div><b><span data-wp-text=\"context.datesTitles\"><\/span><\/b><\/div>\n\t\t\t\t\t<span data-wp-text=\"state.mainStay.productAvailabilityDate.txtFinalDates\"><\/span>\n\t\t\t\t<\/div>\n\t\t\t<\/small>\n\t\t\n\t\t\n\t\t\n\t<\/div>\n\n<\/div>\n\n\n\n<div class=\"wp-block-group alignwide has-small-font-size is-content-justification-right is-nowrap is-layout-flex wp-container-core-group-is-layout-780e1194 wp-block-group-is-layout-flex\">\n<p class=\"has-text-align-left has-small-font-size\" style=\"font-style:normal;font-weight:500;text-transform:uppercase\">Accommodatie bekijken<\/p>\n\n\n\n<figure class=\"wp-block-image size-full is-resized\"><img decoding=\"async\" width=\"68\" height=\"64\" src=\"https:\/\/camping-benodet-vacances.com\/wp-content\/uploads\/2024\/11\/fleche-cercles-1-3-1.png\" alt=\"pijlcirkels 1 3\" class=\"wp-image-2522\" style=\"width:30px\" \/><\/figure>\n<\/div>\n<\/div>\n<\/div>\n\n\n<a class=\"is-style-lien-cover wp-block-read-more has-large-font-size\" href=\"https:\/\/camping-benodet-vacances.com\/nl\/hebergement\/mobilehome-confort-3-chambres-29m%c2%b2-2\/\" target=\"_blank\">Lees verder<span class=\"screen-reader-text\">: Stacaravan CONFORT 3 slaapkamers 29m\u00b2<\/span><\/a><\/div>\n\n<\/li><li data-gt-camping-id=\"1606\" data-wp-key=\"post-template-item-22096\" class=\"wp-block-post post-22096 hebergement type-hebergement status-publish gamme-comfort-nl\">\n\n<div class=\"wp-block-group hebergement-wrap has-base-2-background-color has-background has-global-padding is-layout-constrained wp-container-core-group-is-layout-19e250f3 wp-block-group-is-layout-constrained\" style=\"border-radius:10px;box-shadow:var(--wp--preset--shadow--natural)\">\n<div class=\"wp-block-gt-gt-ws-ctv-product-images\"    data-wp-interactive=\"gt\/ctv\/hebergement\/image\"\n    data-wp-context='{\"images\":[\"https:\\\/\\\/static.secureholiday.net\\\/static\\\/Pictures\\\/1606\\\/00001281452.jpg\",\"https:\\\/\\\/static.secureholiday.net\\\/static\\\/Pictures\\\/1606\\\/00001281451.jpg\",\"https:\\\/\\\/static.secureholiday.net\\\/static\\\/Pictures\\\/1606\\\/00001281447.jpg\",\"https:\\\/\\\/static.secureholiday.net\\\/static\\\/Pictures\\\/1606\\\/00001281449.jpg\",\"https:\\\/\\\/static.secureholiday.net\\\/static\\\/Pictures\\\/1606\\\/00001281450.jpg\",\"https:\\\/\\\/static.secureholiday.net\\\/static\\\/Pictures\\\/1606\\\/00001281448.jpg\"],\"ratio\":\"16\\\/9\",\"jsonConfig\":[],\"sliderId\":\"69f0dbfd26499\"}'        style=\"aspect-ratio: 16\/9\"\n    >\n\n    \n                                    <figure class=\"wp-block-image\" data-image-index=\"0\">\n\n                    \n                        <img decoding=\"async\"\n                            src=\"data:image\/svg+xml,%3Csvg xmlns='http:\/\/www.w3.org\/2000\/svg' viewBox='0 0 100 100'%3E%3Crect width='100' height='100' fill='grey'\/%3E%3C\/svg%3E\"\n                            width=\"1920\"\n                            height=\"1280\"\n                            data-gt-src=\"https:\/\/static.secureholiday.net\/static\/Pictures\/1606\/00001281452.jpg\"\n                            data-gt-srcset=\"https:\/\/static.secureholiday.net\/static\/Pictures\/1606\/00001281452.jpg 160w, https:\/\/static.secureholiday.net\/static\/Pictures\/1606\/00001281452.jpg?width=160 160w, https:\/\/static.secureholiday.net\/static\/Pictures\/1606\/00001281452.jpg?width=320 320w, https:\/\/static.secureholiday.net\/static\/Pictures\/1606\/00001281452.jpg?width=500 500w, https:\/\/static.secureholiday.net\/static\/Pictures\/1606\/00001281452.jpg?width=640 640w, https:\/\/static.secureholiday.net\/static\/Pictures\/1606\/00001281452.jpg?width=800 800w, https:\/\/static.secureholiday.net\/static\/Pictures\/1606\/00001281452.jpg?width=1024 1024w, https:\/\/static.secureholiday.net\/static\/Pictures\/1606\/00001281452.jpg?width=1600 1600w\"\n                            alt=\"Image 1 sur 1\"\n                            loading=\"lazy\"\n                            data-wp-init=\"actions.setImages\">\n                <\/figure>\n                    \n        \n    <\/div>\n\n\n<div class=\"wp-block-group alignfull hebergement-content has-base-2-background-color has-background is-layout-flow wp-container-core-group-is-layout-dec1c7ee wp-block-group-is-layout-flow\" style=\"padding-top:0.9rem;padding-right:2rem;padding-bottom:0.9rem;padding-left:2rem\"><div style=\"font-style:normal;font-weight:500;margin-top:var(--wp--preset--spacing--10);margin-right:var(--wp--preset--spacing--10)\" class=\"taxonomy-gamme has-text-align-center has-link-color gt-rotated wp-elements-e82ee233e38d64503923803f82cf7b6a wp-block-post-terms has-text-color has-accent-color has-medium-font-size has-caveat-font-family\"><a href=\"https:\/\/camping-benodet-vacances.com\/nl\/gamme\/comfort-nl\/\" rel=\"tag\">Comfort<\/a><\/div>\n\n  \n <p style=\"font-size:clamp(0.875rem, 0.875rem + ((1vw - 0.2rem) * 0.708), 1.3rem);font-weight:600;line-height:1.2;text-transform:uppercase; padding-bottom:1rem;\" class=\"wp-elements-c99d0d8ae90bb0a29b161be418af4425 wp-block-gt-gt-ws-ctv-product-name has-text-color has-base-color\">\n     Stacaravan CONFORT T 2 slaapkamers 25m\u00b2 <\/p>\n \n\n\n<div class=\"wp-block-group alignfull hebergement-options is-nowrap is-layout-flex wp-container-core-group-is-layout-509d8e3e wp-block-group-is-layout-flex\" style=\"font-size:0.7rem;font-style:normal;font-weight:600\">\n<div class=\"wp-block-gt-gt-ws-ctv-product-room\">\n            <img decoding=\"async\" src=\"https:\/\/camping-benodet-vacances.com\/wp-content\/uploads\/2024\/11\/chambres-1.svg\" alt=\"Icon\" class=\"gt-icon\" \/>\n        2 CH<\/div>\n\n\n\n<div class=\"wp-block-gt-gt-ws-ctv-product-capacity\">\n            <img decoding=\"async\" src=\"https:\/\/camping-benodet-vacances.com\/wp-content\/uploads\/2024\/11\/personne-1.svg\" alt=\"Icon\" class=\"gt-icon\" \/>\n        6  PERS<\/div>\n\n\n \n <div class=\"wp-block-gt-gt-ws-ctv-product-surface\">\n              <img decoding=\"async\" src=\"https:\/\/camping-benodet-vacances.com\/wp-content\/uploads\/2024\/11\/surface-1.svg\" alt=\"Icon\" class=\"gt-icon\" \/>\n          25m\u00b2\n <\/div>\n \n\n\n<div class=\"wp-block-gt-gt-ws-ctv-product-bathrooms\">\n            <img decoding=\"async\" src=\"https:\/\/camping-benodet-vacances.com\/wp-content\/uploads\/2024\/11\/sdb.svg\" alt=\"Icon\" class=\"gt-icon\" \/>\n        1  SDB<\/div>\n\n\n\n\n<\/div>\n\n\n\n<div class=\"wp-block-group alignfull hebergement-dispo is-layout-flow wp-block-group-is-layout-flow\">\n<hr class=\"wp-block-separator has-text-color has-alpha-channel-opacity has-background is-style-wide\" style=\"margin-top:var(--wp--preset--spacing--10);margin-bottom:var(--wp--preset--spacing--10);background-color:#33323217;color:#33323217\" \/>\n\n\n\n<div\n\tstyle=\"font-style:normal;font-weight:600;\" class=\"wp-block-gt-gt-ws-ctv-disponibilites has-medium-font-size\"\tdata-wp-interactive=\"gt\/ctv\"\n\tdata-wp-init=\"actions.loadStays\"\n\tdata-wp-bind--data-gt-statut=\"state.statut\"\n\tdata-wp-context='{\"isCamping\":false,\"idProduct\":\"96106\",\"campingKey\":\"1606\",\"disponibilites\":[],\"mainStay\":[],\"isIndisponible\":true}'>\n\n\t\t\t<div hidden class=\"gt-ws-ctv-spinner\" data-wp-bind--hidden=\"!state.isLoading\">\n\t\t\t<span class=\"loader\"><\/span>\n\t\t<\/div>\n\t\n\n\t<div data-wp-bind--hidden=\"state.isLoading\" class=\"gt-ws-ctv-disponibilite-wrap\">\n\n\t\t\t\t\t\t\t\t\t\t<div class=\"gt-ws-ctv-statut\" data-wp-text=\"state.titre\"><\/div>\n                \t\t\n\t\t\n\t\t\n\t\t\n\t\t\n\t<\/div>\n\n<\/div>\n\n\n\n<div\n\tstyle=\"font-style:normal;font-weight:600;\" class=\"wp-block-gt-gt-ws-ctv-disponibilites has-small-font-size\"\tdata-wp-interactive=\"gt\/ctv\"\n\tdata-wp-init=\"actions.loadStays\"\n\tdata-wp-bind--data-gt-statut=\"state.statut\"\n\tdata-wp-context='{\"isCamping\":false,\"idProduct\":\"96106\",\"campingKey\":\"1606\",\"disponibilites\":[],\"mainStay\":[],\"isIndisponible\":true}'>\n\n\t\n\n\t<div data-wp-bind--hidden=\"state.isLoading\" class=\"gt-ws-ctv-disponibilite-wrap\">\n\n\t\t\n\t\t\n\t\t\t\t\t<small>\n\t\t\t\t<div class=\"gt-ws-ctv__disponibilite__dates\">\n\t\t\t\t\t<div><b><span data-wp-text=\"context.datesTitles\"><\/span><\/b><\/div>\n\t\t\t\t\t<span data-wp-text=\"state.mainStay.productAvailabilityDate.txtFinalDates\"><\/span>\n\t\t\t\t<\/div>\n\t\t\t<\/small>\n\t\t\n\t\t\n\t\t\n\t<\/div>\n\n<\/div>\n\n\n\n<div class=\"wp-block-group alignwide has-small-font-size is-content-justification-right is-nowrap is-layout-flex wp-container-core-group-is-layout-780e1194 wp-block-group-is-layout-flex\">\n<p class=\"has-text-align-left has-small-font-size\" style=\"font-style:normal;font-weight:500;text-transform:uppercase\">Accommodatie bekijken<\/p>\n\n\n\n<figure class=\"wp-block-image size-full is-resized\"><img decoding=\"async\" width=\"68\" height=\"64\" src=\"https:\/\/camping-benodet-vacances.com\/wp-content\/uploads\/2024\/11\/fleche-cercles-1-3-1.png\" alt=\"pijlcirkels 1 3\" class=\"wp-image-2522\" style=\"width:30px\" \/><\/figure>\n<\/div>\n<\/div>\n<\/div>\n\n\n<a class=\"is-style-lien-cover wp-block-read-more has-large-font-size\" href=\"https:\/\/camping-benodet-vacances.com\/nl\/hebergement\/mobilehome-confort-2-chambres-t-25m%c2%b2\/\" target=\"_blank\">Lees verder<span class=\"screen-reader-text\">: Stacaravan CONFORT T 2 slaapkamers 25m\u00b2<\/span><\/a><\/div>\n\n<\/li><li data-gt-camping-id=\"1606\" data-wp-key=\"post-template-item-22099\" class=\"wp-block-post post-22099 hebergement type-hebergement status-publish gamme-geweldig-comfort\">\n\n<div class=\"wp-block-group hebergement-wrap has-base-2-background-color has-background has-global-padding is-layout-constrained wp-container-core-group-is-layout-19e250f3 wp-block-group-is-layout-constrained\" style=\"border-radius:10px;box-shadow:var(--wp--preset--shadow--natural)\">\n<div class=\"wp-block-gt-gt-ws-ctv-product-images\"    data-wp-interactive=\"gt\/ctv\/hebergement\/image\"\n    data-wp-context='{\"images\":[\"https:\\\/\\\/static.secureholiday.net\\\/static\\\/Pictures\\\/1606\\\/00001240239.jpg\",\"https:\\\/\\\/static.secureholiday.net\\\/static\\\/Pictures\\\/1606\\\/00001240241.jpg\",\"https:\\\/\\\/static.secureholiday.net\\\/static\\\/Pictures\\\/1606\\\/00001240242.jpg\",\"https:\\\/\\\/static.secureholiday.net\\\/static\\\/Pictures\\\/1606\\\/00001240240.jpg\"],\"ratio\":\"16\\\/9\",\"jsonConfig\":[],\"sliderId\":\"69f0dbfd27a56\"}'        style=\"aspect-ratio: 16\/9\"\n    >\n\n    \n                                    <figure class=\"wp-block-image\" data-image-index=\"0\">\n\n                    \n                        <img decoding=\"async\"\n                            src=\"data:image\/svg+xml,%3Csvg xmlns='http:\/\/www.w3.org\/2000\/svg' viewBox='0 0 100 100'%3E%3Crect width='100' height='100' fill='grey'\/%3E%3C\/svg%3E\"\n                            width=\"1920\"\n                            height=\"1280\"\n                            data-gt-src=\"https:\/\/static.secureholiday.net\/static\/Pictures\/1606\/00001240239.jpg\"\n                            data-gt-srcset=\"https:\/\/static.secureholiday.net\/static\/Pictures\/1606\/00001240239.jpg 160w, https:\/\/static.secureholiday.net\/static\/Pictures\/1606\/00001240239.jpg?width=160 160w, https:\/\/static.secureholiday.net\/static\/Pictures\/1606\/00001240239.jpg?width=320 320w, https:\/\/static.secureholiday.net\/static\/Pictures\/1606\/00001240239.jpg?width=500 500w, https:\/\/static.secureholiday.net\/static\/Pictures\/1606\/00001240239.jpg?width=640 640w, https:\/\/static.secureholiday.net\/static\/Pictures\/1606\/00001240239.jpg?width=800 800w, https:\/\/static.secureholiday.net\/static\/Pictures\/1606\/00001240239.jpg?width=1024 1024w, https:\/\/static.secureholiday.net\/static\/Pictures\/1606\/00001240239.jpg?width=1600 1600w\"\n                            alt=\"Image 1 sur 1\"\n                            loading=\"lazy\"\n                            data-wp-init=\"actions.setImages\">\n                <\/figure>\n                    \n        \n    <\/div>\n\n\n<div class=\"wp-block-group alignfull hebergement-content has-base-2-background-color has-background is-layout-flow wp-container-core-group-is-layout-dec1c7ee wp-block-group-is-layout-flow\" style=\"padding-top:0.9rem;padding-right:2rem;padding-bottom:0.9rem;padding-left:2rem\"><div style=\"font-style:normal;font-weight:500;margin-top:var(--wp--preset--spacing--10);margin-right:var(--wp--preset--spacing--10)\" class=\"taxonomy-gamme has-text-align-center has-link-color gt-rotated wp-elements-e82ee233e38d64503923803f82cf7b6a wp-block-post-terms has-text-color has-accent-color has-medium-font-size has-caveat-font-family\"><a href=\"https:\/\/camping-benodet-vacances.com\/nl\/gamme\/geweldig-comfort\/\" rel=\"tag\">Geweldig comfort<\/a><span class=\"wp-block-post-terms__separator\">, <\/span><a href=\"https:\/\/camping-benodet-vacances.com\/nl\/gamme\/geweldig-comfort\/\" rel=\"tag\">Geweldig comfort<\/a><\/div>\n\n  \n <p style=\"font-size:clamp(0.875rem, 0.875rem + ((1vw - 0.2rem) * 0.708), 1.3rem);font-weight:600;line-height:1.2;text-transform:uppercase; padding-bottom:1rem;\" class=\"wp-elements-c99d0d8ae90bb0a29b161be418af4425 wp-block-gt-gt-ws-ctv-product-name has-text-color has-base-color\">\n     Stacaravan GRAND CONFORT  C 2 slaapkamers 24m\u00b2 TV <\/p>\n \n\n\n<div class=\"wp-block-group alignfull hebergement-options is-nowrap is-layout-flex wp-container-core-group-is-layout-509d8e3e wp-block-group-is-layout-flex\" style=\"font-size:0.7rem;font-style:normal;font-weight:600\">\n<div class=\"wp-block-gt-gt-ws-ctv-product-room\">\n            <img decoding=\"async\" src=\"https:\/\/camping-benodet-vacances.com\/wp-content\/uploads\/2024\/11\/chambres-1.svg\" alt=\"Icon\" class=\"gt-icon\" \/>\n        2 CH<\/div>\n\n\n\n<div class=\"wp-block-gt-gt-ws-ctv-product-capacity\">\n            <img decoding=\"async\" src=\"https:\/\/camping-benodet-vacances.com\/wp-content\/uploads\/2024\/11\/personne-1.svg\" alt=\"Icon\" class=\"gt-icon\" \/>\n        4  PERS<\/div>\n\n\n \n <div class=\"wp-block-gt-gt-ws-ctv-product-surface\">\n              <img decoding=\"async\" src=\"https:\/\/camping-benodet-vacances.com\/wp-content\/uploads\/2024\/11\/surface-1.svg\" alt=\"Icon\" class=\"gt-icon\" \/>\n          24m\u00b2\n <\/div>\n \n\n\n<div class=\"wp-block-gt-gt-ws-ctv-product-bathrooms\">\n            <img decoding=\"async\" src=\"https:\/\/camping-benodet-vacances.com\/wp-content\/uploads\/2024\/11\/sdb.svg\" alt=\"Icon\" class=\"gt-icon\" \/>\n        1  SDB<\/div>\n\n\n\n<div class=\"wp-block-gt-gt-ws-ctv-product-tv\">\n            <img decoding=\"async\" src=\"https:\/\/camping-benodet-vacances.com\/wp-content\/uploads\/2024\/11\/moniteur-de-television-1.svg\" alt=\"Icon\" class=\"gt-icon\" \/>\n       <span> TV<\/span> \n<\/div>\n\n\n<\/div>\n\n\n\n<div class=\"wp-block-group alignfull hebergement-dispo is-layout-flow wp-block-group-is-layout-flow\">\n<hr class=\"wp-block-separator has-text-color has-alpha-channel-opacity has-background is-style-wide\" style=\"margin-top:var(--wp--preset--spacing--10);margin-bottom:var(--wp--preset--spacing--10);background-color:#33323217;color:#33323217\" \/>\n\n\n\n<div\n\tstyle=\"font-style:normal;font-weight:600;\" class=\"wp-block-gt-gt-ws-ctv-disponibilites has-medium-font-size\"\tdata-wp-interactive=\"gt\/ctv\"\n\tdata-wp-init=\"actions.loadStays\"\n\tdata-wp-bind--data-gt-statut=\"state.statut\"\n\tdata-wp-context='{\"isCamping\":false,\"idProduct\":\"136078\",\"campingKey\":\"1606\",\"disponibilites\":[],\"mainStay\":[],\"isIndisponible\":true}'>\n\n\t\t\t<div hidden class=\"gt-ws-ctv-spinner\" data-wp-bind--hidden=\"!state.isLoading\">\n\t\t\t<span class=\"loader\"><\/span>\n\t\t<\/div>\n\t\n\n\t<div data-wp-bind--hidden=\"state.isLoading\" class=\"gt-ws-ctv-disponibilite-wrap\">\n\n\t\t\t\t\t\t\t\t\t\t<div class=\"gt-ws-ctv-statut\" data-wp-text=\"state.titre\"><\/div>\n                \t\t\n\t\t\n\t\t\n\t\t\n\t\t\n\t<\/div>\n\n<\/div>\n\n\n\n<div\n\tstyle=\"font-style:normal;font-weight:600;\" class=\"wp-block-gt-gt-ws-ctv-disponibilites has-small-font-size\"\tdata-wp-interactive=\"gt\/ctv\"\n\tdata-wp-init=\"actions.loadStays\"\n\tdata-wp-bind--data-gt-statut=\"state.statut\"\n\tdata-wp-context='{\"isCamping\":false,\"idProduct\":\"136078\",\"campingKey\":\"1606\",\"disponibilites\":[],\"mainStay\":[],\"isIndisponible\":true}'>\n\n\t\n\n\t<div data-wp-bind--hidden=\"state.isLoading\" class=\"gt-ws-ctv-disponibilite-wrap\">\n\n\t\t\n\t\t\n\t\t\t\t\t<small>\n\t\t\t\t<div class=\"gt-ws-ctv__disponibilite__dates\">\n\t\t\t\t\t<div><b><span data-wp-text=\"context.datesTitles\"><\/span><\/b><\/div>\n\t\t\t\t\t<span data-wp-text=\"state.mainStay.productAvailabilityDate.txtFinalDates\"><\/span>\n\t\t\t\t<\/div>\n\t\t\t<\/small>\n\t\t\n\t\t\n\t\t\n\t<\/div>\n\n<\/div>\n\n\n\n<div class=\"wp-block-group alignwide has-small-font-size is-content-justification-right is-nowrap is-layout-flex wp-container-core-group-is-layout-780e1194 wp-block-group-is-layout-flex\">\n<p class=\"has-text-align-left has-small-font-size\" style=\"font-style:normal;font-weight:500;text-transform:uppercase\">Accommodatie bekijken<\/p>\n\n\n\n<figure class=\"wp-block-image size-full is-resized\"><img decoding=\"async\" width=\"68\" height=\"64\" src=\"https:\/\/camping-benodet-vacances.com\/wp-content\/uploads\/2024\/11\/fleche-cercles-1-3-1.png\" alt=\"pijlcirkels 1 3\" class=\"wp-image-2522\" style=\"width:30px\" \/><\/figure>\n<\/div>\n<\/div>\n<\/div>\n\n\n<a class=\"is-style-lien-cover wp-block-read-more has-large-font-size\" href=\"https:\/\/camping-benodet-vacances.com\/nl\/hebergement\/mobilehome-cabane-2-chambres-24m%c2%b2\/\" target=\"_blank\">Lees verder<span class=\"screen-reader-text\">: Stacaravan GRAND CONFORT  C 2 slaapkamers 24m\u00b2 TV<\/span><\/a><\/div>\n\n<\/li><li data-gt-camping-id=\"1606\" data-wp-key=\"post-template-item-22100\" class=\"wp-block-post post-22100 hebergement type-hebergement status-publish gamme-geweldig-comfort\">\n\n<div class=\"wp-block-group hebergement-wrap has-base-2-background-color has-background has-global-padding is-layout-constrained wp-container-core-group-is-layout-19e250f3 wp-block-group-is-layout-constrained\" style=\"border-radius:10px;box-shadow:var(--wp--preset--shadow--natural)\">\n<div class=\"wp-block-gt-gt-ws-ctv-product-images\"    data-wp-interactive=\"gt\/ctv\/hebergement\/image\"\n    data-wp-context='{\"images\":[\"https:\\\/\\\/static.secureholiday.net\\\/static\\\/Pictures\\\/1606\\\/00001281452.jpg\",\"https:\\\/\\\/static.secureholiday.net\\\/static\\\/Pictures\\\/1606\\\/00001281451.jpg\",\"https:\\\/\\\/static.secureholiday.net\\\/static\\\/Pictures\\\/1606\\\/00001281447.jpg\",\"https:\\\/\\\/static.secureholiday.net\\\/static\\\/Pictures\\\/1606\\\/00001281449.jpg\",\"https:\\\/\\\/static.secureholiday.net\\\/static\\\/Pictures\\\/1606\\\/00001281450.jpg\",\"https:\\\/\\\/static.secureholiday.net\\\/static\\\/Pictures\\\/1606\\\/00001281448.jpg\"],\"ratio\":\"16\\\/9\",\"jsonConfig\":[],\"sliderId\":\"69f0dbfd2915f\"}'        style=\"aspect-ratio: 16\/9\"\n    >\n\n    \n                                    <figure class=\"wp-block-image\" data-image-index=\"0\">\n\n                    \n                        <img decoding=\"async\"\n                            src=\"data:image\/svg+xml,%3Csvg xmlns='http:\/\/www.w3.org\/2000\/svg' viewBox='0 0 100 100'%3E%3Crect width='100' height='100' fill='grey'\/%3E%3C\/svg%3E\"\n                            width=\"1920\"\n                            height=\"1280\"\n                            data-gt-src=\"https:\/\/static.secureholiday.net\/static\/Pictures\/1606\/00001281452.jpg\"\n                            data-gt-srcset=\"https:\/\/static.secureholiday.net\/static\/Pictures\/1606\/00001281452.jpg 160w, https:\/\/static.secureholiday.net\/static\/Pictures\/1606\/00001281452.jpg?width=160 160w, https:\/\/static.secureholiday.net\/static\/Pictures\/1606\/00001281452.jpg?width=320 320w, https:\/\/static.secureholiday.net\/static\/Pictures\/1606\/00001281452.jpg?width=500 500w, https:\/\/static.secureholiday.net\/static\/Pictures\/1606\/00001281452.jpg?width=640 640w, https:\/\/static.secureholiday.net\/static\/Pictures\/1606\/00001281452.jpg?width=800 800w, https:\/\/static.secureholiday.net\/static\/Pictures\/1606\/00001281452.jpg?width=1024 1024w, https:\/\/static.secureholiday.net\/static\/Pictures\/1606\/00001281452.jpg?width=1600 1600w\"\n                            alt=\"Image 1 sur 1\"\n                            loading=\"lazy\"\n                            data-wp-init=\"actions.setImages\">\n                <\/figure>\n                    \n        \n    <\/div>\n\n\n<div class=\"wp-block-group alignfull hebergement-content has-base-2-background-color has-background is-layout-flow wp-container-core-group-is-layout-dec1c7ee wp-block-group-is-layout-flow\" style=\"padding-top:0.9rem;padding-right:2rem;padding-bottom:0.9rem;padding-left:2rem\"><div style=\"font-style:normal;font-weight:500;margin-top:var(--wp--preset--spacing--10);margin-right:var(--wp--preset--spacing--10)\" class=\"taxonomy-gamme has-text-align-center has-link-color gt-rotated wp-elements-e82ee233e38d64503923803f82cf7b6a wp-block-post-terms has-text-color has-accent-color has-medium-font-size has-caveat-font-family\"><a href=\"https:\/\/camping-benodet-vacances.com\/nl\/gamme\/geweldig-comfort\/\" rel=\"tag\">Geweldig comfort<\/a><\/div>\n\n  \n <p style=\"font-size:clamp(0.875rem, 0.875rem + ((1vw - 0.2rem) * 0.708), 1.3rem);font-weight:600;line-height:1.2;text-transform:uppercase; padding-bottom:1rem;\" class=\"wp-elements-c99d0d8ae90bb0a29b161be418af4425 wp-block-gt-gt-ws-ctv-product-name has-text-color has-base-color\">\n     Stacaravan GRAND CONFORT 2 slaapkamers 24m\u00b2 TV <\/p>\n \n\n\n<div class=\"wp-block-group alignfull hebergement-options is-nowrap is-layout-flex wp-container-core-group-is-layout-509d8e3e wp-block-group-is-layout-flex\" style=\"font-size:0.7rem;font-style:normal;font-weight:600\">\n<div class=\"wp-block-gt-gt-ws-ctv-product-room\">\n            <img decoding=\"async\" src=\"https:\/\/camping-benodet-vacances.com\/wp-content\/uploads\/2024\/11\/chambres-1.svg\" alt=\"Icon\" class=\"gt-icon\" \/>\n        2 CH<\/div>\n\n\n\n<div class=\"wp-block-gt-gt-ws-ctv-product-capacity\">\n            <img decoding=\"async\" src=\"https:\/\/camping-benodet-vacances.com\/wp-content\/uploads\/2024\/11\/personne-1.svg\" alt=\"Icon\" class=\"gt-icon\" \/>\n        4  PERS<\/div>\n\n\n \n <div class=\"wp-block-gt-gt-ws-ctv-product-surface\">\n              <img decoding=\"async\" src=\"https:\/\/camping-benodet-vacances.com\/wp-content\/uploads\/2024\/11\/surface-1.svg\" alt=\"Icon\" class=\"gt-icon\" \/>\n          24m\u00b2\n <\/div>\n \n\n\n<div class=\"wp-block-gt-gt-ws-ctv-product-bathrooms\">\n            <img decoding=\"async\" src=\"https:\/\/camping-benodet-vacances.com\/wp-content\/uploads\/2024\/11\/sdb.svg\" alt=\"Icon\" class=\"gt-icon\" \/>\n        1  SDB<\/div>\n\n\n\n<div class=\"wp-block-gt-gt-ws-ctv-product-tv\">\n            <img decoding=\"async\" src=\"https:\/\/camping-benodet-vacances.com\/wp-content\/uploads\/2024\/11\/moniteur-de-television-1.svg\" alt=\"Icon\" class=\"gt-icon\" \/>\n       <span> TV<\/span> \n<\/div>\n\n\n<\/div>\n\n\n\n<div class=\"wp-block-group alignfull hebergement-dispo is-layout-flow wp-block-group-is-layout-flow\">\n<hr class=\"wp-block-separator has-text-color has-alpha-channel-opacity has-background is-style-wide\" style=\"margin-top:var(--wp--preset--spacing--10);margin-bottom:var(--wp--preset--spacing--10);background-color:#33323217;color:#33323217\" \/>\n\n\n\n<div\n\tstyle=\"font-style:normal;font-weight:600;\" class=\"wp-block-gt-gt-ws-ctv-disponibilites has-medium-font-size\"\tdata-wp-interactive=\"gt\/ctv\"\n\tdata-wp-init=\"actions.loadStays\"\n\tdata-wp-bind--data-gt-statut=\"state.statut\"\n\tdata-wp-context='{\"isCamping\":false,\"idProduct\":\"104270\",\"campingKey\":\"1606\",\"disponibilites\":[],\"mainStay\":[],\"isIndisponible\":true}'>\n\n\t\t\t<div hidden class=\"gt-ws-ctv-spinner\" data-wp-bind--hidden=\"!state.isLoading\">\n\t\t\t<span class=\"loader\"><\/span>\n\t\t<\/div>\n\t\n\n\t<div data-wp-bind--hidden=\"state.isLoading\" class=\"gt-ws-ctv-disponibilite-wrap\">\n\n\t\t\t\t\t\t\t\t\t\t<div class=\"gt-ws-ctv-statut\" data-wp-text=\"state.titre\"><\/div>\n                \t\t\n\t\t\n\t\t\n\t\t\n\t\t\n\t<\/div>\n\n<\/div>\n\n\n\n<div\n\tstyle=\"font-style:normal;font-weight:600;\" class=\"wp-block-gt-gt-ws-ctv-disponibilites has-small-font-size\"\tdata-wp-interactive=\"gt\/ctv\"\n\tdata-wp-init=\"actions.loadStays\"\n\tdata-wp-bind--data-gt-statut=\"state.statut\"\n\tdata-wp-context='{\"isCamping\":false,\"idProduct\":\"104270\",\"campingKey\":\"1606\",\"disponibilites\":[],\"mainStay\":[],\"isIndisponible\":true}'>\n\n\t\n\n\t<div data-wp-bind--hidden=\"state.isLoading\" class=\"gt-ws-ctv-disponibilite-wrap\">\n\n\t\t\n\t\t\n\t\t\t\t\t<small>\n\t\t\t\t<div class=\"gt-ws-ctv__disponibilite__dates\">\n\t\t\t\t\t<div><b><span data-wp-text=\"context.datesTitles\"><\/span><\/b><\/div>\n\t\t\t\t\t<span data-wp-text=\"state.mainStay.productAvailabilityDate.txtFinalDates\"><\/span>\n\t\t\t\t<\/div>\n\t\t\t<\/small>\n\t\t\n\t\t\n\t\t\n\t<\/div>\n\n<\/div>\n\n\n\n<div class=\"wp-block-group alignwide has-small-font-size is-content-justification-right is-nowrap is-layout-flex wp-container-core-group-is-layout-780e1194 wp-block-group-is-layout-flex\">\n<p class=\"has-text-align-left has-small-font-size\" style=\"font-style:normal;font-weight:500;text-transform:uppercase\">Accommodatie bekijken<\/p>\n\n\n\n<figure class=\"wp-block-image size-full is-resized\"><img decoding=\"async\" width=\"68\" height=\"64\" src=\"https:\/\/camping-benodet-vacances.com\/wp-content\/uploads\/2024\/11\/fleche-cercles-1-3-1.png\" alt=\"pijlcirkels 1 3\" class=\"wp-image-2522\" style=\"width:30px\" \/><\/figure>\n<\/div>\n<\/div>\n<\/div>\n\n\n<a class=\"is-style-lien-cover wp-block-read-more has-large-font-size\" href=\"https:\/\/camping-benodet-vacances.com\/nl\/hebergement\/mobilehome-grand-confort-2-chambres-24m%c2%b2-tv\/\" target=\"_blank\">Lees verder<span class=\"screen-reader-text\">: Stacaravan GRAND CONFORT 2 slaapkamers 24m\u00b2 TV<\/span><\/a><\/div>\n\n<\/li><li data-gt-camping-id=\"1606\" data-wp-key=\"post-template-item-22101\" class=\"wp-block-post post-22101 hebergement type-hebergement status-publish gamme-geweldig-comfort\">\n\n<div class=\"wp-block-group hebergement-wrap has-base-2-background-color has-background has-global-padding is-layout-constrained wp-container-core-group-is-layout-19e250f3 wp-block-group-is-layout-constrained\" style=\"border-radius:10px;box-shadow:var(--wp--preset--shadow--natural)\">\n<div class=\"wp-block-gt-gt-ws-ctv-product-images\"    data-wp-interactive=\"gt\/ctv\/hebergement\/image\"\n    data-wp-context='{\"images\":[\"https:\\\/\\\/static.secureholiday.net\\\/static\\\/Pictures\\\/1606\\\/00001281464.jpg\",\"https:\\\/\\\/static.secureholiday.net\\\/static\\\/Pictures\\\/1606\\\/00001281463.jpg\",\"https:\\\/\\\/static.secureholiday.net\\\/static\\\/Pictures\\\/1606\\\/00001281460.jpg\",\"https:\\\/\\\/static.secureholiday.net\\\/static\\\/Pictures\\\/1606\\\/00001281461.jpg\",\"https:\\\/\\\/static.secureholiday.net\\\/static\\\/Pictures\\\/1606\\\/00001281462.jpg\",\"https:\\\/\\\/static.secureholiday.net\\\/static\\\/Pictures\\\/1606\\\/00001281459.jpg\"],\"ratio\":\"16\\\/9\",\"jsonConfig\":[],\"sliderId\":\"69f0dbfd2a893\"}'        style=\"aspect-ratio: 16\/9\"\n    >\n\n    \n                                    <figure class=\"wp-block-image\" data-image-index=\"0\">\n\n                    \n                        <img decoding=\"async\"\n                            src=\"data:image\/svg+xml,%3Csvg xmlns='http:\/\/www.w3.org\/2000\/svg' viewBox='0 0 100 100'%3E%3Crect width='100' height='100' fill='grey'\/%3E%3C\/svg%3E\"\n                            width=\"1920\"\n                            height=\"1280\"\n                            data-gt-src=\"https:\/\/static.secureholiday.net\/static\/Pictures\/1606\/00001281464.jpg\"\n                            data-gt-srcset=\"https:\/\/static.secureholiday.net\/static\/Pictures\/1606\/00001281464.jpg 160w, https:\/\/static.secureholiday.net\/static\/Pictures\/1606\/00001281464.jpg?width=160 160w, https:\/\/static.secureholiday.net\/static\/Pictures\/1606\/00001281464.jpg?width=320 320w, https:\/\/static.secureholiday.net\/static\/Pictures\/1606\/00001281464.jpg?width=500 500w, https:\/\/static.secureholiday.net\/static\/Pictures\/1606\/00001281464.jpg?width=640 640w, https:\/\/static.secureholiday.net\/static\/Pictures\/1606\/00001281464.jpg?width=800 800w, https:\/\/static.secureholiday.net\/static\/Pictures\/1606\/00001281464.jpg?width=1024 1024w, https:\/\/static.secureholiday.net\/static\/Pictures\/1606\/00001281464.jpg?width=1600 1600w\"\n                            alt=\"Image 1 sur 1\"\n                            loading=\"lazy\"\n                            data-wp-init=\"actions.setImages\">\n                <\/figure>\n                    \n        \n    <\/div>\n\n\n<div class=\"wp-block-group alignfull hebergement-content has-base-2-background-color has-background is-layout-flow wp-container-core-group-is-layout-dec1c7ee wp-block-group-is-layout-flow\" style=\"padding-top:0.9rem;padding-right:2rem;padding-bottom:0.9rem;padding-left:2rem\"><div style=\"font-style:normal;font-weight:500;margin-top:var(--wp--preset--spacing--10);margin-right:var(--wp--preset--spacing--10)\" class=\"taxonomy-gamme has-text-align-center has-link-color gt-rotated wp-elements-e82ee233e38d64503923803f82cf7b6a wp-block-post-terms has-text-color has-accent-color has-medium-font-size has-caveat-font-family\"><a href=\"https:\/\/camping-benodet-vacances.com\/nl\/gamme\/geweldig-comfort\/\" rel=\"tag\">Geweldig comfort<\/a><\/div>\n\n  \n <p style=\"font-size:clamp(0.875rem, 0.875rem + ((1vw - 0.2rem) * 0.708), 1.3rem);font-weight:600;line-height:1.2;text-transform:uppercase; padding-bottom:1rem;\" class=\"wp-elements-c99d0d8ae90bb0a29b161be418af4425 wp-block-gt-gt-ws-ctv-product-name has-text-color has-base-color\">\n     Stacaravan GRAND CONFORT 2 slaapkamers 24m\u00b2 TV <\/p>\n \n\n\n<div class=\"wp-block-group alignfull hebergement-options is-nowrap is-layout-flex wp-container-core-group-is-layout-509d8e3e wp-block-group-is-layout-flex\" style=\"font-size:0.7rem;font-style:normal;font-weight:600\">\n<div class=\"wp-block-gt-gt-ws-ctv-product-room\">\n            <img decoding=\"async\" src=\"https:\/\/camping-benodet-vacances.com\/wp-content\/uploads\/2024\/11\/chambres-1.svg\" alt=\"Icon\" class=\"gt-icon\" \/>\n        2 CH<\/div>\n\n\n\n<div class=\"wp-block-gt-gt-ws-ctv-product-capacity\">\n            <img decoding=\"async\" src=\"https:\/\/camping-benodet-vacances.com\/wp-content\/uploads\/2024\/11\/personne-1.svg\" alt=\"Icon\" class=\"gt-icon\" \/>\n        6  PERS<\/div>\n\n\n \n <div class=\"wp-block-gt-gt-ws-ctv-product-surface\">\n              <img decoding=\"async\" src=\"https:\/\/camping-benodet-vacances.com\/wp-content\/uploads\/2024\/11\/surface-1.svg\" alt=\"Icon\" class=\"gt-icon\" \/>\n          24m\u00b2\n <\/div>\n \n\n\n<div class=\"wp-block-gt-gt-ws-ctv-product-bathrooms\">\n            <img decoding=\"async\" src=\"https:\/\/camping-benodet-vacances.com\/wp-content\/uploads\/2024\/11\/sdb.svg\" alt=\"Icon\" class=\"gt-icon\" \/>\n        1  SDB<\/div>\n\n\n\n<div class=\"wp-block-gt-gt-ws-ctv-product-tv\">\n            <img decoding=\"async\" src=\"https:\/\/camping-benodet-vacances.com\/wp-content\/uploads\/2024\/11\/moniteur-de-television-1.svg\" alt=\"Icon\" class=\"gt-icon\" \/>\n       <span> TV<\/span> \n<\/div>\n\n\n<\/div>\n\n\n\n<div class=\"wp-block-group alignfull hebergement-dispo is-layout-flow wp-block-group-is-layout-flow\">\n<hr class=\"wp-block-separator has-text-color has-alpha-channel-opacity has-background is-style-wide\" style=\"margin-top:var(--wp--preset--spacing--10);margin-bottom:var(--wp--preset--spacing--10);background-color:#33323217;color:#33323217\" \/>\n\n\n\n<div\n\tstyle=\"font-style:normal;font-weight:600;\" class=\"wp-block-gt-gt-ws-ctv-disponibilites has-medium-font-size\"\tdata-wp-interactive=\"gt\/ctv\"\n\tdata-wp-init=\"actions.loadStays\"\n\tdata-wp-bind--data-gt-statut=\"state.statut\"\n\tdata-wp-context='{\"isCamping\":false,\"idProduct\":\"136084\",\"campingKey\":\"1606\",\"disponibilites\":[],\"mainStay\":[],\"isIndisponible\":true}'>\n\n\t\t\t<div hidden class=\"gt-ws-ctv-spinner\" data-wp-bind--hidden=\"!state.isLoading\">\n\t\t\t<span class=\"loader\"><\/span>\n\t\t<\/div>\n\t\n\n\t<div data-wp-bind--hidden=\"state.isLoading\" class=\"gt-ws-ctv-disponibilite-wrap\">\n\n\t\t\t\t\t\t\t\t\t\t<div class=\"gt-ws-ctv-statut\" data-wp-text=\"state.titre\"><\/div>\n                \t\t\n\t\t\n\t\t\n\t\t\n\t\t\n\t<\/div>\n\n<\/div>\n\n\n\n<div\n\tstyle=\"font-style:normal;font-weight:600;\" class=\"wp-block-gt-gt-ws-ctv-disponibilites has-small-font-size\"\tdata-wp-interactive=\"gt\/ctv\"\n\tdata-wp-init=\"actions.loadStays\"\n\tdata-wp-bind--data-gt-statut=\"state.statut\"\n\tdata-wp-context='{\"isCamping\":false,\"idProduct\":\"136084\",\"campingKey\":\"1606\",\"disponibilites\":[],\"mainStay\":[],\"isIndisponible\":true}'>\n\n\t\n\n\t<div data-wp-bind--hidden=\"state.isLoading\" class=\"gt-ws-ctv-disponibilite-wrap\">\n\n\t\t\n\t\t\n\t\t\t\t\t<small>\n\t\t\t\t<div class=\"gt-ws-ctv__disponibilite__dates\">\n\t\t\t\t\t<div><b><span data-wp-text=\"context.datesTitles\"><\/span><\/b><\/div>\n\t\t\t\t\t<span data-wp-text=\"state.mainStay.productAvailabilityDate.txtFinalDates\"><\/span>\n\t\t\t\t<\/div>\n\t\t\t<\/small>\n\t\t\n\t\t\n\t\t\n\t<\/div>\n\n<\/div>\n\n\n\n<div class=\"wp-block-group alignwide has-small-font-size is-content-justification-right is-nowrap is-layout-flex wp-container-core-group-is-layout-780e1194 wp-block-group-is-layout-flex\">\n<p class=\"has-text-align-left has-small-font-size\" style=\"font-style:normal;font-weight:500;text-transform:uppercase\">Accommodatie bekijken<\/p>\n\n\n\n<figure class=\"wp-block-image size-full is-resized\"><img decoding=\"async\" width=\"68\" height=\"64\" src=\"https:\/\/camping-benodet-vacances.com\/wp-content\/uploads\/2024\/11\/fleche-cercles-1-3-1.png\" alt=\"pijlcirkels 1 3\" class=\"wp-image-2522\" style=\"width:30px\" \/><\/figure>\n<\/div>\n<\/div>\n<\/div>\n\n\n<a class=\"is-style-lien-cover wp-block-read-more has-large-font-size\" href=\"https:\/\/camping-benodet-vacances.com\/nl\/hebergement\/mobilehome-grand-confort-2-chambres-24m%c2%b2-tv-2\/\" target=\"_blank\">Lees verder<span class=\"screen-reader-text\">: Stacaravan GRAND CONFORT 2 slaapkamers 24m\u00b2 TV<\/span><\/a><\/div>\n\n<\/li><li data-gt-camping-id=\"1606\" data-wp-key=\"post-template-item-22102\" class=\"wp-block-post post-22102 hebergement type-hebergement status-publish gamme-geweldig-comfort\">\n\n<div class=\"wp-block-group hebergement-wrap has-base-2-background-color has-background has-global-padding is-layout-constrained wp-container-core-group-is-layout-19e250f3 wp-block-group-is-layout-constrained\" style=\"border-radius:10px;box-shadow:var(--wp--preset--shadow--natural)\">\n<div class=\"wp-block-gt-gt-ws-ctv-product-images\"    data-wp-interactive=\"gt\/ctv\/hebergement\/image\"\n    data-wp-context='{\"images\":[\"https:\\\/\\\/static.secureholiday.net\\\/static\\\/Pictures\\\/1606\\\/00001281532.jpg\",\"https:\\\/\\\/static.secureholiday.net\\\/static\\\/Pictures\\\/1606\\\/00001281533.jpg\",\"https:\\\/\\\/static.secureholiday.net\\\/static\\\/Pictures\\\/1606\\\/00001281528.jpg\",\"https:\\\/\\\/static.secureholiday.net\\\/static\\\/Pictures\\\/1606\\\/00001281529.jpg\",\"https:\\\/\\\/static.secureholiday.net\\\/static\\\/Pictures\\\/1606\\\/00001281530.jpg\",\"https:\\\/\\\/static.secureholiday.net\\\/static\\\/Pictures\\\/1606\\\/00001281531.jpg\"],\"ratio\":\"16\\\/9\",\"jsonConfig\":[],\"sliderId\":\"69f0dbfd2bda4\"}'        style=\"aspect-ratio: 16\/9\"\n    >\n\n    \n                                    <figure class=\"wp-block-image\" data-image-index=\"0\">\n\n                    \n                        <img decoding=\"async\"\n                            src=\"data:image\/svg+xml,%3Csvg xmlns='http:\/\/www.w3.org\/2000\/svg' viewBox='0 0 100 100'%3E%3Crect width='100' height='100' fill='grey'\/%3E%3C\/svg%3E\"\n                            width=\"1920\"\n                            height=\"1280\"\n                            data-gt-src=\"https:\/\/static.secureholiday.net\/static\/Pictures\/1606\/00001281532.jpg\"\n                            data-gt-srcset=\"https:\/\/static.secureholiday.net\/static\/Pictures\/1606\/00001281532.jpg 160w, https:\/\/static.secureholiday.net\/static\/Pictures\/1606\/00001281532.jpg?width=160 160w, https:\/\/static.secureholiday.net\/static\/Pictures\/1606\/00001281532.jpg?width=320 320w, https:\/\/static.secureholiday.net\/static\/Pictures\/1606\/00001281532.jpg?width=500 500w, https:\/\/static.secureholiday.net\/static\/Pictures\/1606\/00001281532.jpg?width=640 640w, https:\/\/static.secureholiday.net\/static\/Pictures\/1606\/00001281532.jpg?width=800 800w, https:\/\/static.secureholiday.net\/static\/Pictures\/1606\/00001281532.jpg?width=1024 1024w, https:\/\/static.secureholiday.net\/static\/Pictures\/1606\/00001281532.jpg?width=1600 1600w\"\n                            alt=\"Image 1 sur 1\"\n                            loading=\"lazy\"\n                            data-wp-init=\"actions.setImages\">\n                <\/figure>\n                    \n        \n    <\/div>\n\n\n<div class=\"wp-block-group alignfull hebergement-content has-base-2-background-color has-background is-layout-flow wp-container-core-group-is-layout-dec1c7ee wp-block-group-is-layout-flow\" style=\"padding-top:0.9rem;padding-right:2rem;padding-bottom:0.9rem;padding-left:2rem\"><div style=\"font-style:normal;font-weight:500;margin-top:var(--wp--preset--spacing--10);margin-right:var(--wp--preset--spacing--10)\" class=\"taxonomy-gamme has-text-align-center has-link-color gt-rotated wp-elements-e82ee233e38d64503923803f82cf7b6a wp-block-post-terms has-text-color has-accent-color has-medium-font-size has-caveat-font-family\"><a href=\"https:\/\/camping-benodet-vacances.com\/nl\/gamme\/geweldig-comfort\/\" rel=\"tag\">Geweldig comfort<\/a><\/div>\n\n  \n <p style=\"font-size:clamp(0.875rem, 0.875rem + ((1vw - 0.2rem) * 0.708), 1.3rem);font-weight:600;line-height:1.2;text-transform:uppercase; padding-bottom:1rem;\" class=\"wp-elements-c99d0d8ae90bb0a29b161be418af4425 wp-block-gt-gt-ws-ctv-product-name has-text-color has-base-color\">\n     Stacaravan GRAND CONFORT 3 slaapkamers 30m\u00b2 TV <\/p>\n \n\n\n<div class=\"wp-block-group alignfull hebergement-options is-nowrap is-layout-flex wp-container-core-group-is-layout-509d8e3e wp-block-group-is-layout-flex\" style=\"font-size:0.7rem;font-style:normal;font-weight:600\">\n<div class=\"wp-block-gt-gt-ws-ctv-product-room\">\n            <img decoding=\"async\" src=\"https:\/\/camping-benodet-vacances.com\/wp-content\/uploads\/2024\/11\/chambres-1.svg\" alt=\"Icon\" class=\"gt-icon\" \/>\n        3 CH<\/div>\n\n\n\n<div class=\"wp-block-gt-gt-ws-ctv-product-capacity\">\n            <img decoding=\"async\" src=\"https:\/\/camping-benodet-vacances.com\/wp-content\/uploads\/2024\/11\/personne-1.svg\" alt=\"Icon\" class=\"gt-icon\" \/>\n        6  PERS<\/div>\n\n\n \n <div class=\"wp-block-gt-gt-ws-ctv-product-surface\">\n              <img decoding=\"async\" src=\"https:\/\/camping-benodet-vacances.com\/wp-content\/uploads\/2024\/11\/surface-1.svg\" alt=\"Icon\" class=\"gt-icon\" \/>\n          30m\u00b2\n <\/div>\n \n\n\n<div class=\"wp-block-gt-gt-ws-ctv-product-bathrooms\">\n            <img decoding=\"async\" src=\"https:\/\/camping-benodet-vacances.com\/wp-content\/uploads\/2024\/11\/sdb.svg\" alt=\"Icon\" class=\"gt-icon\" \/>\n        1  SDB<\/div>\n\n\n\n<div class=\"wp-block-gt-gt-ws-ctv-product-tv\">\n            <img decoding=\"async\" src=\"https:\/\/camping-benodet-vacances.com\/wp-content\/uploads\/2024\/11\/moniteur-de-television-1.svg\" alt=\"Icon\" class=\"gt-icon\" \/>\n       <span> TV<\/span> \n<\/div>\n\n\n<\/div>\n\n\n\n<div class=\"wp-block-group alignfull hebergement-dispo is-layout-flow wp-block-group-is-layout-flow\">\n<hr class=\"wp-block-separator has-text-color has-alpha-channel-opacity has-background is-style-wide\" style=\"margin-top:var(--wp--preset--spacing--10);margin-bottom:var(--wp--preset--spacing--10);background-color:#33323217;color:#33323217\" \/>\n\n\n\n<div\n\tstyle=\"font-style:normal;font-weight:600;\" class=\"wp-block-gt-gt-ws-ctv-disponibilites has-medium-font-size\"\tdata-wp-interactive=\"gt\/ctv\"\n\tdata-wp-init=\"actions.loadStays\"\n\tdata-wp-bind--data-gt-statut=\"state.statut\"\n\tdata-wp-context='{\"isCamping\":false,\"idProduct\":\"97388\",\"campingKey\":\"1606\",\"disponibilites\":[],\"mainStay\":[],\"isIndisponible\":true}'>\n\n\t\t\t<div hidden class=\"gt-ws-ctv-spinner\" data-wp-bind--hidden=\"!state.isLoading\">\n\t\t\t<span class=\"loader\"><\/span>\n\t\t<\/div>\n\t\n\n\t<div data-wp-bind--hidden=\"state.isLoading\" class=\"gt-ws-ctv-disponibilite-wrap\">\n\n\t\t\t\t\t\t\t\t\t\t<div class=\"gt-ws-ctv-statut\" data-wp-text=\"state.titre\"><\/div>\n                \t\t\n\t\t\n\t\t\n\t\t\n\t\t\n\t<\/div>\n\n<\/div>\n\n\n\n<div\n\tstyle=\"font-style:normal;font-weight:600;\" class=\"wp-block-gt-gt-ws-ctv-disponibilites has-small-font-size\"\tdata-wp-interactive=\"gt\/ctv\"\n\tdata-wp-init=\"actions.loadStays\"\n\tdata-wp-bind--data-gt-statut=\"state.statut\"\n\tdata-wp-context='{\"isCamping\":false,\"idProduct\":\"97388\",\"campingKey\":\"1606\",\"disponibilites\":[],\"mainStay\":[],\"isIndisponible\":true}'>\n\n\t\n\n\t<div data-wp-bind--hidden=\"state.isLoading\" class=\"gt-ws-ctv-disponibilite-wrap\">\n\n\t\t\n\t\t\n\t\t\t\t\t<small>\n\t\t\t\t<div class=\"gt-ws-ctv__disponibilite__dates\">\n\t\t\t\t\t<div><b><span data-wp-text=\"context.datesTitles\"><\/span><\/b><\/div>\n\t\t\t\t\t<span data-wp-text=\"state.mainStay.productAvailabilityDate.txtFinalDates\"><\/span>\n\t\t\t\t<\/div>\n\t\t\t<\/small>\n\t\t\n\t\t\n\t\t\n\t<\/div>\n\n<\/div>\n\n\n\n<div class=\"wp-block-group alignwide has-small-font-size is-content-justification-right is-nowrap is-layout-flex wp-container-core-group-is-layout-780e1194 wp-block-group-is-layout-flex\">\n<p class=\"has-text-align-left has-small-font-size\" style=\"font-style:normal;font-weight:500;text-transform:uppercase\">Accommodatie bekijken<\/p>\n\n\n\n<figure class=\"wp-block-image size-full is-resized\"><img decoding=\"async\" width=\"68\" height=\"64\" src=\"https:\/\/camping-benodet-vacances.com\/wp-content\/uploads\/2024\/11\/fleche-cercles-1-3-1.png\" alt=\"pijlcirkels 1 3\" class=\"wp-image-2522\" style=\"width:30px\" \/><\/figure>\n<\/div>\n<\/div>\n<\/div>\n\n\n<a class=\"is-style-lien-cover wp-block-read-more has-large-font-size\" href=\"https:\/\/camping-benodet-vacances.com\/nl\/hebergement\/mobilehome-grand-confort-3-chambres-30m%c2%b2-tv\/\" target=\"_blank\">Lees verder<span class=\"screen-reader-text\">: Stacaravan GRAND CONFORT 3 slaapkamers 30m\u00b2 TV<\/span><\/a><\/div>\n\n<\/li><li data-gt-camping-id=\"1606\" data-wp-key=\"post-template-item-22103\" class=\"wp-block-post post-22103 hebergement type-hebergement status-publish gamme-presta-nl\">\n\n<div class=\"wp-block-group hebergement-wrap has-base-2-background-color has-background has-global-padding is-layout-constrained wp-container-core-group-is-layout-19e250f3 wp-block-group-is-layout-constrained\" style=\"border-radius:10px;box-shadow:var(--wp--preset--shadow--natural)\">\n<div class=\"wp-block-gt-gt-ws-ctv-product-images\"    data-wp-interactive=\"gt\/ctv\/hebergement\/image\"\n    data-wp-context='{\"images\":[\"https:\\\/\\\/static.secureholiday.net\\\/static\\\/Pictures\\\/1606\\\/00001281506.jpg\",\"https:\\\/\\\/static.secureholiday.net\\\/static\\\/Pictures\\\/1606\\\/00001281505.jpg\",\"https:\\\/\\\/static.secureholiday.net\\\/static\\\/Pictures\\\/1606\\\/00001281502.jpg\",\"https:\\\/\\\/static.secureholiday.net\\\/static\\\/Pictures\\\/1606\\\/00001281503.jpg\",\"https:\\\/\\\/static.secureholiday.net\\\/static\\\/Pictures\\\/1606\\\/00001281504.jpg\",\"https:\\\/\\\/static.secureholiday.net\\\/static\\\/Pictures\\\/1606\\\/00001281501.jpg\"],\"ratio\":\"16\\\/9\",\"jsonConfig\":[],\"sliderId\":\"69f0dbfd2d385\"}'        style=\"aspect-ratio: 16\/9\"\n    >\n\n    \n                                    <figure class=\"wp-block-image\" data-image-index=\"0\">\n\n                    \n                        <img decoding=\"async\"\n                            src=\"data:image\/svg+xml,%3Csvg xmlns='http:\/\/www.w3.org\/2000\/svg' viewBox='0 0 100 100'%3E%3Crect width='100' height='100' fill='grey'\/%3E%3C\/svg%3E\"\n                            width=\"1920\"\n                            height=\"1280\"\n                            data-gt-src=\"https:\/\/static.secureholiday.net\/static\/Pictures\/1606\/00001281506.jpg\"\n                            data-gt-srcset=\"https:\/\/static.secureholiday.net\/static\/Pictures\/1606\/00001281506.jpg 160w, https:\/\/static.secureholiday.net\/static\/Pictures\/1606\/00001281506.jpg?width=160 160w, https:\/\/static.secureholiday.net\/static\/Pictures\/1606\/00001281506.jpg?width=320 320w, https:\/\/static.secureholiday.net\/static\/Pictures\/1606\/00001281506.jpg?width=500 500w, https:\/\/static.secureholiday.net\/static\/Pictures\/1606\/00001281506.jpg?width=640 640w, https:\/\/static.secureholiday.net\/static\/Pictures\/1606\/00001281506.jpg?width=800 800w, https:\/\/static.secureholiday.net\/static\/Pictures\/1606\/00001281506.jpg?width=1024 1024w, https:\/\/static.secureholiday.net\/static\/Pictures\/1606\/00001281506.jpg?width=1600 1600w\"\n                            alt=\"Image 1 sur 1\"\n                            loading=\"lazy\"\n                            data-wp-init=\"actions.setImages\">\n                <\/figure>\n                    \n        \n    <\/div>\n\n\n<div class=\"wp-block-group alignfull hebergement-content has-base-2-background-color has-background is-layout-flow wp-container-core-group-is-layout-dec1c7ee wp-block-group-is-layout-flow\" style=\"padding-top:0.9rem;padding-right:2rem;padding-bottom:0.9rem;padding-left:2rem\"><div style=\"font-style:normal;font-weight:500;margin-top:var(--wp--preset--spacing--10);margin-right:var(--wp--preset--spacing--10)\" class=\"taxonomy-gamme has-text-align-center has-link-color gt-rotated wp-elements-e82ee233e38d64503923803f82cf7b6a wp-block-post-terms has-text-color has-accent-color has-medium-font-size has-caveat-font-family\"><a href=\"https:\/\/camping-benodet-vacances.com\/nl\/gamme\/presta-nl\/\" rel=\"tag\">Presta +<\/a><\/div>\n\n  \n <p style=\"font-size:clamp(0.875rem, 0.875rem + ((1vw - 0.2rem) * 0.708), 1.3rem);font-weight:600;line-height:1.2;text-transform:uppercase; padding-bottom:1rem;\" class=\"wp-elements-c99d0d8ae90bb0a29b161be418af4425 wp-block-gt-gt-ws-ctv-product-name has-text-color has-base-color\">\n     Stacaravan PRESTA+ 2 slaapkamers 24m\u00b2 <\/p>\n \n\n\n<div class=\"wp-block-group alignfull hebergement-options is-nowrap is-layout-flex wp-container-core-group-is-layout-509d8e3e wp-block-group-is-layout-flex\" style=\"font-size:0.7rem;font-style:normal;font-weight:600\">\n<div class=\"wp-block-gt-gt-ws-ctv-product-room\">\n            <img decoding=\"async\" src=\"https:\/\/camping-benodet-vacances.com\/wp-content\/uploads\/2024\/11\/chambres-1.svg\" alt=\"Icon\" class=\"gt-icon\" \/>\n        2 CH<\/div>\n\n\n\n<div class=\"wp-block-gt-gt-ws-ctv-product-capacity\">\n            <img decoding=\"async\" src=\"https:\/\/camping-benodet-vacances.com\/wp-content\/uploads\/2024\/11\/personne-1.svg\" alt=\"Icon\" class=\"gt-icon\" \/>\n        4  PERS<\/div>\n\n\n \n <div class=\"wp-block-gt-gt-ws-ctv-product-surface\">\n              <img decoding=\"async\" src=\"https:\/\/camping-benodet-vacances.com\/wp-content\/uploads\/2024\/11\/surface-1.svg\" alt=\"Icon\" class=\"gt-icon\" \/>\n          24m\u00b2\n <\/div>\n \n\n\n<div class=\"wp-block-gt-gt-ws-ctv-product-bathrooms\">\n            <img decoding=\"async\" src=\"https:\/\/camping-benodet-vacances.com\/wp-content\/uploads\/2024\/11\/sdb.svg\" alt=\"Icon\" class=\"gt-icon\" \/>\n        1  SDB<\/div>\n\n\n\n<div class=\"wp-block-gt-gt-ws-ctv-product-tv\">\n            <img decoding=\"async\" src=\"https:\/\/camping-benodet-vacances.com\/wp-content\/uploads\/2024\/11\/moniteur-de-television-1.svg\" alt=\"Icon\" class=\"gt-icon\" \/>\n       <span> TV<\/span> \n<\/div>\n\n\n\n<div class=\"wp-block-gt-gt-ws-ctv-product-clim\">\n            <img decoding=\"async\" src=\"https:\/\/camping-benodet-vacances.com\/wp-content\/uploads\/2024\/11\/climatisation-1-1.svg\" alt=\"Icon\" class=\"gt-icon\" \/>\n        <span> Clim<\/span>\n<\/div>\n<\/div>\n\n\n\n<div class=\"wp-block-group alignfull hebergement-dispo is-layout-flow wp-block-group-is-layout-flow\">\n<hr class=\"wp-block-separator has-text-color has-alpha-channel-opacity has-background is-style-wide\" style=\"margin-top:var(--wp--preset--spacing--10);margin-bottom:var(--wp--preset--spacing--10);background-color:#33323217;color:#33323217\" \/>\n\n\n\n<div\n\tstyle=\"font-style:normal;font-weight:600;\" class=\"wp-block-gt-gt-ws-ctv-disponibilites has-medium-font-size\"\tdata-wp-interactive=\"gt\/ctv\"\n\tdata-wp-init=\"actions.loadStays\"\n\tdata-wp-bind--data-gt-statut=\"state.statut\"\n\tdata-wp-context='{\"isCamping\":false,\"idProduct\":\"109503\",\"campingKey\":\"1606\",\"disponibilites\":[],\"mainStay\":[],\"isIndisponible\":true}'>\n\n\t\t\t<div hidden class=\"gt-ws-ctv-spinner\" data-wp-bind--hidden=\"!state.isLoading\">\n\t\t\t<span class=\"loader\"><\/span>\n\t\t<\/div>\n\t\n\n\t<div data-wp-bind--hidden=\"state.isLoading\" class=\"gt-ws-ctv-disponibilite-wrap\">\n\n\t\t\t\t\t\t\t\t\t\t<div class=\"gt-ws-ctv-statut\" data-wp-text=\"state.titre\"><\/div>\n                \t\t\n\t\t\n\t\t\n\t\t\n\t\t\n\t<\/div>\n\n<\/div>\n\n\n\n<div\n\tstyle=\"font-style:normal;font-weight:600;\" class=\"wp-block-gt-gt-ws-ctv-disponibilites has-small-font-size\"\tdata-wp-interactive=\"gt\/ctv\"\n\tdata-wp-init=\"actions.loadStays\"\n\tdata-wp-bind--data-gt-statut=\"state.statut\"\n\tdata-wp-context='{\"isCamping\":false,\"idProduct\":\"109503\",\"campingKey\":\"1606\",\"disponibilites\":[],\"mainStay\":[],\"isIndisponible\":true}'>\n\n\t\n\n\t<div data-wp-bind--hidden=\"state.isLoading\" class=\"gt-ws-ctv-disponibilite-wrap\">\n\n\t\t\n\t\t\n\t\t\t\t\t<small>\n\t\t\t\t<div class=\"gt-ws-ctv__disponibilite__dates\">\n\t\t\t\t\t<div><b><span data-wp-text=\"context.datesTitles\"><\/span><\/b><\/div>\n\t\t\t\t\t<span data-wp-text=\"state.mainStay.productAvailabilityDate.txtFinalDates\"><\/span>\n\t\t\t\t<\/div>\n\t\t\t<\/small>\n\t\t\n\t\t\n\t\t\n\t<\/div>\n\n<\/div>\n\n\n\n<div class=\"wp-block-group alignwide has-small-font-size is-content-justification-right is-nowrap is-layout-flex wp-container-core-group-is-layout-780e1194 wp-block-group-is-layout-flex\">\n<p class=\"has-text-align-left has-small-font-size\" style=\"font-style:normal;font-weight:500;text-transform:uppercase\">Accommodatie bekijken<\/p>\n\n\n\n<figure class=\"wp-block-image size-full is-resized\"><img decoding=\"async\" width=\"68\" height=\"64\" src=\"https:\/\/camping-benodet-vacances.com\/wp-content\/uploads\/2024\/11\/fleche-cercles-1-3-1.png\" alt=\"pijlcirkels 1 3\" class=\"wp-image-2522\" style=\"width:30px\" \/><\/figure>\n<\/div>\n<\/div>\n<\/div>\n\n\n<a class=\"is-style-lien-cover wp-block-read-more has-large-font-size\" href=\"https:\/\/camping-benodet-vacances.com\/nl\/hebergement\/mobilehome-presta-2-chambres-24m%c2%b2-tv-clim\/\" target=\"_blank\">Lees verder<span class=\"screen-reader-text\">: Stacaravan PRESTA+ 2 slaapkamers 24m\u00b2<\/span><\/a><\/div>\n\n<\/li><li data-gt-camping-id=\"1606\" data-wp-key=\"post-template-item-22105\" class=\"wp-block-post post-22105 hebergement type-hebergement status-publish gamme-presta-nl\">\n\n<div class=\"wp-block-group hebergement-wrap has-base-2-background-color has-background has-global-padding is-layout-constrained wp-container-core-group-is-layout-19e250f3 wp-block-group-is-layout-constrained\" style=\"border-radius:10px;box-shadow:var(--wp--preset--shadow--natural)\">\n<div class=\"wp-block-gt-gt-ws-ctv-product-images\"    data-wp-interactive=\"gt\/ctv\/hebergement\/image\"\n    data-wp-context='{\"images\":[\"https:\\\/\\\/static.secureholiday.net\\\/static\\\/Pictures\\\/1606\\\/00001281514.jpg\",\"https:\\\/\\\/static.secureholiday.net\\\/static\\\/Pictures\\\/1606\\\/00001281513.jpg\",\"https:\\\/\\\/static.secureholiday.net\\\/static\\\/Pictures\\\/1606\\\/00001281509.jpg\",\"https:\\\/\\\/static.secureholiday.net\\\/static\\\/Pictures\\\/1606\\\/00001281510.jpg\",\"https:\\\/\\\/static.secureholiday.net\\\/static\\\/Pictures\\\/1606\\\/00001281512.jpg\",\"https:\\\/\\\/static.secureholiday.net\\\/static\\\/Pictures\\\/1606\\\/00001281511.jpg\"],\"ratio\":\"16\\\/9\",\"jsonConfig\":[],\"sliderId\":\"69f0dbfd2eaec\"}'        style=\"aspect-ratio: 16\/9\"\n    >\n\n    \n                                    <figure class=\"wp-block-image\" data-image-index=\"0\">\n\n                    \n                        <img decoding=\"async\"\n                            src=\"data:image\/svg+xml,%3Csvg xmlns='http:\/\/www.w3.org\/2000\/svg' viewBox='0 0 100 100'%3E%3Crect width='100' height='100' fill='grey'\/%3E%3C\/svg%3E\"\n                            width=\"1920\"\n                            height=\"1280\"\n                            data-gt-src=\"https:\/\/static.secureholiday.net\/static\/Pictures\/1606\/00001281514.jpg\"\n                            data-gt-srcset=\"https:\/\/static.secureholiday.net\/static\/Pictures\/1606\/00001281514.jpg 160w, https:\/\/static.secureholiday.net\/static\/Pictures\/1606\/00001281514.jpg?width=160 160w, https:\/\/static.secureholiday.net\/static\/Pictures\/1606\/00001281514.jpg?width=320 320w, https:\/\/static.secureholiday.net\/static\/Pictures\/1606\/00001281514.jpg?width=500 500w, https:\/\/static.secureholiday.net\/static\/Pictures\/1606\/00001281514.jpg?width=640 640w, https:\/\/static.secureholiday.net\/static\/Pictures\/1606\/00001281514.jpg?width=800 800w, https:\/\/static.secureholiday.net\/static\/Pictures\/1606\/00001281514.jpg?width=1024 1024w, https:\/\/static.secureholiday.net\/static\/Pictures\/1606\/00001281514.jpg?width=1600 1600w\"\n                            alt=\"Image 1 sur 1\"\n                            loading=\"lazy\"\n                            data-wp-init=\"actions.setImages\">\n                <\/figure>\n                    \n        \n    <\/div>\n\n\n<div class=\"wp-block-group alignfull hebergement-content has-base-2-background-color has-background is-layout-flow wp-container-core-group-is-layout-dec1c7ee wp-block-group-is-layout-flow\" style=\"padding-top:0.9rem;padding-right:2rem;padding-bottom:0.9rem;padding-left:2rem\"><div style=\"font-style:normal;font-weight:500;margin-top:var(--wp--preset--spacing--10);margin-right:var(--wp--preset--spacing--10)\" class=\"taxonomy-gamme has-text-align-center has-link-color gt-rotated wp-elements-e82ee233e38d64503923803f82cf7b6a wp-block-post-terms has-text-color has-accent-color has-medium-font-size has-caveat-font-family\"><a href=\"https:\/\/camping-benodet-vacances.com\/nl\/gamme\/presta-nl\/\" rel=\"tag\">Presta +<\/a><\/div>\n\n  \n <p style=\"font-size:clamp(0.875rem, 0.875rem + ((1vw - 0.2rem) * 0.708), 1.3rem);font-weight:600;line-height:1.2;text-transform:uppercase; padding-bottom:1rem;\" class=\"wp-elements-c99d0d8ae90bb0a29b161be418af4425 wp-block-gt-gt-ws-ctv-product-name has-text-color has-base-color\">\n     Stacaravan PRESTA+ 2 slaapkamers 29m\u00b2 <\/p>\n \n\n\n<div class=\"wp-block-group alignfull hebergement-options is-nowrap is-layout-flex wp-container-core-group-is-layout-509d8e3e wp-block-group-is-layout-flex\" style=\"font-size:0.7rem;font-style:normal;font-weight:600\">\n<div class=\"wp-block-gt-gt-ws-ctv-product-room\">\n            <img decoding=\"async\" src=\"https:\/\/camping-benodet-vacances.com\/wp-content\/uploads\/2024\/11\/chambres-1.svg\" alt=\"Icon\" class=\"gt-icon\" \/>\n        2 CH<\/div>\n\n\n\n<div class=\"wp-block-gt-gt-ws-ctv-product-capacity\">\n            <img decoding=\"async\" src=\"https:\/\/camping-benodet-vacances.com\/wp-content\/uploads\/2024\/11\/personne-1.svg\" alt=\"Icon\" class=\"gt-icon\" \/>\n        5  PERS<\/div>\n\n\n \n <div class=\"wp-block-gt-gt-ws-ctv-product-surface\">\n              <img decoding=\"async\" src=\"https:\/\/camping-benodet-vacances.com\/wp-content\/uploads\/2024\/11\/surface-1.svg\" alt=\"Icon\" class=\"gt-icon\" \/>\n          29m\u00b2\n <\/div>\n \n\n\n<div class=\"wp-block-gt-gt-ws-ctv-product-bathrooms\">\n            <img decoding=\"async\" src=\"https:\/\/camping-benodet-vacances.com\/wp-content\/uploads\/2024\/11\/sdb.svg\" alt=\"Icon\" class=\"gt-icon\" \/>\n        1  SDB<\/div>\n\n\n\n<div class=\"wp-block-gt-gt-ws-ctv-product-tv\">\n            <img decoding=\"async\" src=\"https:\/\/camping-benodet-vacances.com\/wp-content\/uploads\/2024\/11\/moniteur-de-television-1.svg\" alt=\"Icon\" class=\"gt-icon\" \/>\n       <span> TV<\/span> \n<\/div>\n\n\n\n<div class=\"wp-block-gt-gt-ws-ctv-product-clim\">\n            <img decoding=\"async\" src=\"https:\/\/camping-benodet-vacances.com\/wp-content\/uploads\/2024\/11\/climatisation-1-1.svg\" alt=\"Icon\" class=\"gt-icon\" \/>\n        <span> Clim<\/span>\n<\/div>\n<\/div>\n\n\n\n<div class=\"wp-block-group alignfull hebergement-dispo is-layout-flow wp-block-group-is-layout-flow\">\n<hr class=\"wp-block-separator has-text-color has-alpha-channel-opacity has-background is-style-wide\" style=\"margin-top:var(--wp--preset--spacing--10);margin-bottom:var(--wp--preset--spacing--10);background-color:#33323217;color:#33323217\" \/>\n\n\n\n<div\n\tstyle=\"font-style:normal;font-weight:600;\" class=\"wp-block-gt-gt-ws-ctv-disponibilites has-medium-font-size\"\tdata-wp-interactive=\"gt\/ctv\"\n\tdata-wp-init=\"actions.loadStays\"\n\tdata-wp-bind--data-gt-statut=\"state.statut\"\n\tdata-wp-context='{\"isCamping\":false,\"idProduct\":\"126833\",\"campingKey\":\"1606\",\"disponibilites\":[],\"mainStay\":[],\"isIndisponible\":true}'>\n\n\t\t\t<div hidden class=\"gt-ws-ctv-spinner\" data-wp-bind--hidden=\"!state.isLoading\">\n\t\t\t<span class=\"loader\"><\/span>\n\t\t<\/div>\n\t\n\n\t<div data-wp-bind--hidden=\"state.isLoading\" class=\"gt-ws-ctv-disponibilite-wrap\">\n\n\t\t\t\t\t\t\t\t\t\t<div class=\"gt-ws-ctv-statut\" data-wp-text=\"state.titre\"><\/div>\n                \t\t\n\t\t\n\t\t\n\t\t\n\t\t\n\t<\/div>\n\n<\/div>\n\n\n\n<div\n\tstyle=\"font-style:normal;font-weight:600;\" class=\"wp-block-gt-gt-ws-ctv-disponibilites has-small-font-size\"\tdata-wp-interactive=\"gt\/ctv\"\n\tdata-wp-init=\"actions.loadStays\"\n\tdata-wp-bind--data-gt-statut=\"state.statut\"\n\tdata-wp-context='{\"isCamping\":false,\"idProduct\":\"126833\",\"campingKey\":\"1606\",\"disponibilites\":[],\"mainStay\":[],\"isIndisponible\":true}'>\n\n\t\n\n\t<div data-wp-bind--hidden=\"state.isLoading\" class=\"gt-ws-ctv-disponibilite-wrap\">\n\n\t\t\n\t\t\n\t\t\t\t\t<small>\n\t\t\t\t<div class=\"gt-ws-ctv__disponibilite__dates\">\n\t\t\t\t\t<div><b><span data-wp-text=\"context.datesTitles\"><\/span><\/b><\/div>\n\t\t\t\t\t<span data-wp-text=\"state.mainStay.productAvailabilityDate.txtFinalDates\"><\/span>\n\t\t\t\t<\/div>\n\t\t\t<\/small>\n\t\t\n\t\t\n\t\t\n\t<\/div>\n\n<\/div>\n\n\n\n<div class=\"wp-block-group alignwide has-small-font-size is-content-justification-right is-nowrap is-layout-flex wp-container-core-group-is-layout-780e1194 wp-block-group-is-layout-flex\">\n<p class=\"has-text-align-left has-small-font-size\" style=\"font-style:normal;font-weight:500;text-transform:uppercase\">Accommodatie bekijken<\/p>\n\n\n\n<figure class=\"wp-block-image size-full is-resized\"><img decoding=\"async\" width=\"68\" height=\"64\" src=\"https:\/\/camping-benodet-vacances.com\/wp-content\/uploads\/2024\/11\/fleche-cercles-1-3-1.png\" alt=\"pijlcirkels 1 3\" class=\"wp-image-2522\" style=\"width:30px\" \/><\/figure>\n<\/div>\n<\/div>\n<\/div>\n\n\n<a class=\"is-style-lien-cover wp-block-read-more has-large-font-size\" href=\"https:\/\/camping-benodet-vacances.com\/nl\/hebergement\/mobilehome-prestakids-2-chambres-29m%c2%b2-tv-clim\/\" target=\"_blank\">Lees verder<span class=\"screen-reader-text\">: Stacaravan PRESTA+ 2 slaapkamers 29m\u00b2<\/span><\/a><\/div>\n\n<\/li><li data-gt-camping-id=\"1606\" data-wp-key=\"post-template-item-22104\" class=\"wp-block-post post-22104 hebergement type-hebergement status-publish gamme-presta-nl\">\n\n<div class=\"wp-block-group hebergement-wrap has-base-2-background-color has-background has-global-padding is-layout-constrained wp-container-core-group-is-layout-19e250f3 wp-block-group-is-layout-constrained\" style=\"border-radius:10px;box-shadow:var(--wp--preset--shadow--natural)\">\n<div class=\"wp-block-gt-gt-ws-ctv-product-images\"    data-wp-interactive=\"gt\/ctv\/hebergement\/image\"\n    data-wp-context='{\"images\":[\"https:\\\/\\\/static.secureholiday.net\\\/static\\\/Pictures\\\/1606\\\/00001281433.jpg\",\"https:\\\/\\\/static.secureholiday.net\\\/static\\\/Pictures\\\/1606\\\/00001281434.jpg\",\"https:\\\/\\\/static.secureholiday.net\\\/static\\\/Pictures\\\/1606\\\/00001281429.jpg\",\"https:\\\/\\\/static.secureholiday.net\\\/static\\\/Pictures\\\/1606\\\/00001281431.jpg\",\"https:\\\/\\\/static.secureholiday.net\\\/static\\\/Pictures\\\/1606\\\/00001281432.jpg\",\"https:\\\/\\\/static.secureholiday.net\\\/static\\\/Pictures\\\/1606\\\/00001281430.jpg\"],\"ratio\":\"16\\\/9\",\"jsonConfig\":[],\"sliderId\":\"69f0dbfd303c9\"}'        style=\"aspect-ratio: 16\/9\"\n    >\n\n    \n                                    <figure class=\"wp-block-image\" data-image-index=\"0\">\n\n                    \n                        <img decoding=\"async\"\n                            src=\"data:image\/svg+xml,%3Csvg xmlns='http:\/\/www.w3.org\/2000\/svg' viewBox='0 0 100 100'%3E%3Crect width='100' height='100' fill='grey'\/%3E%3C\/svg%3E\"\n                            width=\"1920\"\n                            height=\"1280\"\n                            data-gt-src=\"https:\/\/static.secureholiday.net\/static\/Pictures\/1606\/00001281433.jpg\"\n                            data-gt-srcset=\"https:\/\/static.secureholiday.net\/static\/Pictures\/1606\/00001281433.jpg 160w, https:\/\/static.secureholiday.net\/static\/Pictures\/1606\/00001281433.jpg?width=160 160w, https:\/\/static.secureholiday.net\/static\/Pictures\/1606\/00001281433.jpg?width=320 320w, https:\/\/static.secureholiday.net\/static\/Pictures\/1606\/00001281433.jpg?width=500 500w, https:\/\/static.secureholiday.net\/static\/Pictures\/1606\/00001281433.jpg?width=640 640w, https:\/\/static.secureholiday.net\/static\/Pictures\/1606\/00001281433.jpg?width=800 800w, https:\/\/static.secureholiday.net\/static\/Pictures\/1606\/00001281433.jpg?width=1024 1024w, https:\/\/static.secureholiday.net\/static\/Pictures\/1606\/00001281433.jpg?width=1600 1600w\"\n                            alt=\"Image 1 sur 1\"\n                            loading=\"lazy\"\n                            data-wp-init=\"actions.setImages\">\n                <\/figure>\n                    \n        \n    <\/div>\n\n\n<div class=\"wp-block-group alignfull hebergement-content has-base-2-background-color has-background is-layout-flow wp-container-core-group-is-layout-dec1c7ee wp-block-group-is-layout-flow\" style=\"padding-top:0.9rem;padding-right:2rem;padding-bottom:0.9rem;padding-left:2rem\"><div style=\"font-style:normal;font-weight:500;margin-top:var(--wp--preset--spacing--10);margin-right:var(--wp--preset--spacing--10)\" class=\"taxonomy-gamme has-text-align-center has-link-color gt-rotated wp-elements-e82ee233e38d64503923803f82cf7b6a wp-block-post-terms has-text-color has-accent-color has-medium-font-size has-caveat-font-family\"><a href=\"https:\/\/camping-benodet-vacances.com\/nl\/gamme\/presta-nl\/\" rel=\"tag\">Presta +<\/a><\/div>\n\n  \n <p style=\"font-size:clamp(0.875rem, 0.875rem + ((1vw - 0.2rem) * 0.708), 1.3rem);font-weight:600;line-height:1.2;text-transform:uppercase; padding-bottom:1rem;\" class=\"wp-elements-c99d0d8ae90bb0a29b161be418af4425 wp-block-gt-gt-ws-ctv-product-name has-text-color has-base-color\">\n     Stacaravan PRESTA+ 2 slaapkamers 30m\u00b2 <\/p>\n \n\n\n<div class=\"wp-block-group alignfull hebergement-options is-nowrap is-layout-flex wp-container-core-group-is-layout-509d8e3e wp-block-group-is-layout-flex\" style=\"font-size:0.7rem;font-style:normal;font-weight:600\">\n<div class=\"wp-block-gt-gt-ws-ctv-product-room\">\n            <img decoding=\"async\" src=\"https:\/\/camping-benodet-vacances.com\/wp-content\/uploads\/2024\/11\/chambres-1.svg\" alt=\"Icon\" class=\"gt-icon\" \/>\n        2 CH<\/div>\n\n\n\n<div class=\"wp-block-gt-gt-ws-ctv-product-capacity\">\n            <img decoding=\"async\" src=\"https:\/\/camping-benodet-vacances.com\/wp-content\/uploads\/2024\/11\/personne-1.svg\" alt=\"Icon\" class=\"gt-icon\" \/>\n        5  PERS<\/div>\n\n\n \n <div class=\"wp-block-gt-gt-ws-ctv-product-surface\">\n              <img decoding=\"async\" src=\"https:\/\/camping-benodet-vacances.com\/wp-content\/uploads\/2024\/11\/surface-1.svg\" alt=\"Icon\" class=\"gt-icon\" \/>\n          30m\u00b2\n <\/div>\n \n\n\n<div class=\"wp-block-gt-gt-ws-ctv-product-bathrooms\">\n            <img decoding=\"async\" src=\"https:\/\/camping-benodet-vacances.com\/wp-content\/uploads\/2024\/11\/sdb.svg\" alt=\"Icon\" class=\"gt-icon\" \/>\n        1  SDB<\/div>\n\n\n\n<div class=\"wp-block-gt-gt-ws-ctv-product-tv\">\n            <img decoding=\"async\" src=\"https:\/\/camping-benodet-vacances.com\/wp-content\/uploads\/2024\/11\/moniteur-de-television-1.svg\" alt=\"Icon\" class=\"gt-icon\" \/>\n       <span> TV<\/span> \n<\/div>\n\n\n\n<div class=\"wp-block-gt-gt-ws-ctv-product-clim\">\n            <img decoding=\"async\" src=\"https:\/\/camping-benodet-vacances.com\/wp-content\/uploads\/2024\/11\/climatisation-1-1.svg\" alt=\"Icon\" class=\"gt-icon\" \/>\n        <span> Clim<\/span>\n<\/div>\n<\/div>\n\n\n\n<div class=\"wp-block-group alignfull hebergement-dispo is-layout-flow wp-block-group-is-layout-flow\">\n<hr class=\"wp-block-separator has-text-color has-alpha-channel-opacity has-background is-style-wide\" style=\"margin-top:var(--wp--preset--spacing--10);margin-bottom:var(--wp--preset--spacing--10);background-color:#33323217;color:#33323217\" \/>\n\n\n\n<div\n\tstyle=\"font-style:normal;font-weight:600;\" class=\"wp-block-gt-gt-ws-ctv-disponibilites has-medium-font-size\"\tdata-wp-interactive=\"gt\/ctv\"\n\tdata-wp-init=\"actions.loadStays\"\n\tdata-wp-bind--data-gt-statut=\"state.statut\"\n\tdata-wp-context='{\"isCamping\":false,\"idProduct\":\"109504\",\"campingKey\":\"1606\",\"disponibilites\":[],\"mainStay\":[],\"isIndisponible\":true}'>\n\n\t\t\t<div hidden class=\"gt-ws-ctv-spinner\" data-wp-bind--hidden=\"!state.isLoading\">\n\t\t\t<span class=\"loader\"><\/span>\n\t\t<\/div>\n\t\n\n\t<div data-wp-bind--hidden=\"state.isLoading\" class=\"gt-ws-ctv-disponibilite-wrap\">\n\n\t\t\t\t\t\t\t\t\t\t<div class=\"gt-ws-ctv-statut\" data-wp-text=\"state.titre\"><\/div>\n                \t\t\n\t\t\n\t\t\n\t\t\n\t\t\n\t<\/div>\n\n<\/div>\n\n\n\n<div\n\tstyle=\"font-style:normal;font-weight:600;\" class=\"wp-block-gt-gt-ws-ctv-disponibilites has-small-font-size\"\tdata-wp-interactive=\"gt\/ctv\"\n\tdata-wp-init=\"actions.loadStays\"\n\tdata-wp-bind--data-gt-statut=\"state.statut\"\n\tdata-wp-context='{\"isCamping\":false,\"idProduct\":\"109504\",\"campingKey\":\"1606\",\"disponibilites\":[],\"mainStay\":[],\"isIndisponible\":true}'>\n\n\t\n\n\t<div data-wp-bind--hidden=\"state.isLoading\" class=\"gt-ws-ctv-disponibilite-wrap\">\n\n\t\t\n\t\t\n\t\t\t\t\t<small>\n\t\t\t\t<div class=\"gt-ws-ctv__disponibilite__dates\">\n\t\t\t\t\t<div><b><span data-wp-text=\"context.datesTitles\"><\/span><\/b><\/div>\n\t\t\t\t\t<span data-wp-text=\"state.mainStay.productAvailabilityDate.txtFinalDates\"><\/span>\n\t\t\t\t<\/div>\n\t\t\t<\/small>\n\t\t\n\t\t\n\t\t\n\t<\/div>\n\n<\/div>\n\n\n\n<div class=\"wp-block-group alignwide has-small-font-size is-content-justification-right is-nowrap is-layout-flex wp-container-core-group-is-layout-780e1194 wp-block-group-is-layout-flex\">\n<p class=\"has-text-align-left has-small-font-size\" style=\"font-style:normal;font-weight:500;text-transform:uppercase\">Accommodatie bekijken<\/p>\n\n\n\n<figure class=\"wp-block-image size-full is-resized\"><img decoding=\"async\" width=\"68\" height=\"64\" src=\"https:\/\/camping-benodet-vacances.com\/wp-content\/uploads\/2024\/11\/fleche-cercles-1-3-1.png\" alt=\"pijlcirkels 1 3\" class=\"wp-image-2522\" style=\"width:30px\" \/><\/figure>\n<\/div>\n<\/div>\n<\/div>\n\n\n<a class=\"is-style-lien-cover wp-block-read-more has-large-font-size\" href=\"https:\/\/camping-benodet-vacances.com\/nl\/hebergement\/mobilehome-presta-2-chambres-30m%c2%b2-tv-clim\/\" target=\"_blank\">Lees verder<span class=\"screen-reader-text\">: Stacaravan PRESTA+ 2 slaapkamers 30m\u00b2<\/span><\/a><\/div>\n\n<\/li><li data-gt-camping-id=\"1606\" data-wp-key=\"post-template-item-22106\" class=\"wp-block-post post-22106 hebergement type-hebergement status-publish gamme-presta-nl\">\n\n<div class=\"wp-block-group hebergement-wrap has-base-2-background-color has-background has-global-padding is-layout-constrained wp-container-core-group-is-layout-19e250f3 wp-block-group-is-layout-constrained\" style=\"border-radius:10px;box-shadow:var(--wp--preset--shadow--natural)\">\n<div class=\"wp-block-gt-gt-ws-ctv-product-images\"    data-wp-interactive=\"gt\/ctv\/hebergement\/image\"\n    data-wp-context='{\"images\":[\"https:\\\/\\\/static.secureholiday.net\\\/static\\\/Pictures\\\/1606\\\/00001281452.jpg\",\"https:\\\/\\\/static.secureholiday.net\\\/static\\\/Pictures\\\/1606\\\/00001281451.jpg\",\"https:\\\/\\\/static.secureholiday.net\\\/static\\\/Pictures\\\/1606\\\/00001281447.jpg\",\"https:\\\/\\\/static.secureholiday.net\\\/static\\\/Pictures\\\/1606\\\/00001281449.jpg\",\"https:\\\/\\\/static.secureholiday.net\\\/static\\\/Pictures\\\/1606\\\/00001281450.jpg\",\"https:\\\/\\\/static.secureholiday.net\\\/static\\\/Pictures\\\/1606\\\/00001281448.jpg\"],\"ratio\":\"16\\\/9\",\"jsonConfig\":[],\"sliderId\":\"69f0dbfd3273f\"}'        style=\"aspect-ratio: 16\/9\"\n    >\n\n    \n                                    <figure class=\"wp-block-image\" data-image-index=\"0\">\n\n                    \n                        <img decoding=\"async\"\n                            src=\"data:image\/svg+xml,%3Csvg xmlns='http:\/\/www.w3.org\/2000\/svg' viewBox='0 0 100 100'%3E%3Crect width='100' height='100' fill='grey'\/%3E%3C\/svg%3E\"\n                            width=\"1920\"\n                            height=\"1280\"\n                            data-gt-src=\"https:\/\/static.secureholiday.net\/static\/Pictures\/1606\/00001281452.jpg\"\n                            data-gt-srcset=\"https:\/\/static.secureholiday.net\/static\/Pictures\/1606\/00001281452.jpg 160w, https:\/\/static.secureholiday.net\/static\/Pictures\/1606\/00001281452.jpg?width=160 160w, https:\/\/static.secureholiday.net\/static\/Pictures\/1606\/00001281452.jpg?width=320 320w, https:\/\/static.secureholiday.net\/static\/Pictures\/1606\/00001281452.jpg?width=500 500w, https:\/\/static.secureholiday.net\/static\/Pictures\/1606\/00001281452.jpg?width=640 640w, https:\/\/static.secureholiday.net\/static\/Pictures\/1606\/00001281452.jpg?width=800 800w, https:\/\/static.secureholiday.net\/static\/Pictures\/1606\/00001281452.jpg?width=1024 1024w, https:\/\/static.secureholiday.net\/static\/Pictures\/1606\/00001281452.jpg?width=1600 1600w\"\n                            alt=\"Image 1 sur 1\"\n                            loading=\"lazy\"\n                            data-wp-init=\"actions.setImages\">\n                <\/figure>\n                    \n        \n    <\/div>\n\n\n<div class=\"wp-block-group alignfull hebergement-content has-base-2-background-color has-background is-layout-flow wp-container-core-group-is-layout-dec1c7ee wp-block-group-is-layout-flow\" style=\"padding-top:0.9rem;padding-right:2rem;padding-bottom:0.9rem;padding-left:2rem\"><div style=\"font-style:normal;font-weight:500;margin-top:var(--wp--preset--spacing--10);margin-right:var(--wp--preset--spacing--10)\" class=\"taxonomy-gamme has-text-align-center has-link-color gt-rotated wp-elements-e82ee233e38d64503923803f82cf7b6a wp-block-post-terms has-text-color has-accent-color has-medium-font-size has-caveat-font-family\"><a href=\"https:\/\/camping-benodet-vacances.com\/nl\/gamme\/presta-nl\/\" rel=\"tag\">Presta +<\/a><\/div>\n\n  \n <p style=\"font-size:clamp(0.875rem, 0.875rem + ((1vw - 0.2rem) * 0.708), 1.3rem);font-weight:600;line-height:1.2;text-transform:uppercase; padding-bottom:1rem;\" class=\"wp-elements-c99d0d8ae90bb0a29b161be418af4425 wp-block-gt-gt-ws-ctv-product-name has-text-color has-base-color\">\n     Stacaravan PRESTA+ 2 slaapkamers 30m\u00b2 <\/p>\n \n\n\n<div class=\"wp-block-group alignfull hebergement-options is-nowrap is-layout-flex wp-container-core-group-is-layout-509d8e3e wp-block-group-is-layout-flex\" style=\"font-size:0.7rem;font-style:normal;font-weight:600\">\n<div class=\"wp-block-gt-gt-ws-ctv-product-room\">\n            <img decoding=\"async\" src=\"https:\/\/camping-benodet-vacances.com\/wp-content\/uploads\/2024\/11\/chambres-1.svg\" alt=\"Icon\" class=\"gt-icon\" \/>\n        2 CH<\/div>\n\n\n\n<div class=\"wp-block-gt-gt-ws-ctv-product-capacity\">\n            <img decoding=\"async\" src=\"https:\/\/camping-benodet-vacances.com\/wp-content\/uploads\/2024\/11\/personne-1.svg\" alt=\"Icon\" class=\"gt-icon\" \/>\n        6  PERS<\/div>\n\n\n \n <div class=\"wp-block-gt-gt-ws-ctv-product-surface\">\n              <img decoding=\"async\" src=\"https:\/\/camping-benodet-vacances.com\/wp-content\/uploads\/2024\/11\/surface-1.svg\" alt=\"Icon\" class=\"gt-icon\" \/>\n          30m\u00b2\n <\/div>\n \n\n\n<div class=\"wp-block-gt-gt-ws-ctv-product-bathrooms\">\n            <img decoding=\"async\" src=\"https:\/\/camping-benodet-vacances.com\/wp-content\/uploads\/2024\/11\/sdb.svg\" alt=\"Icon\" class=\"gt-icon\" \/>\n        1  SDB<\/div>\n\n\n\n<div class=\"wp-block-gt-gt-ws-ctv-product-tv\">\n            <img decoding=\"async\" src=\"https:\/\/camping-benodet-vacances.com\/wp-content\/uploads\/2024\/11\/moniteur-de-television-1.svg\" alt=\"Icon\" class=\"gt-icon\" \/>\n       <span> TV<\/span> \n<\/div>\n\n\n\n<div class=\"wp-block-gt-gt-ws-ctv-product-clim\">\n            <img decoding=\"async\" src=\"https:\/\/camping-benodet-vacances.com\/wp-content\/uploads\/2024\/11\/climatisation-1-1.svg\" alt=\"Icon\" class=\"gt-icon\" \/>\n        <span> Clim<\/span>\n<\/div>\n<\/div>\n\n\n\n<div class=\"wp-block-group alignfull hebergement-dispo is-layout-flow wp-block-group-is-layout-flow\">\n<hr class=\"wp-block-separator has-text-color has-alpha-channel-opacity has-background is-style-wide\" style=\"margin-top:var(--wp--preset--spacing--10);margin-bottom:var(--wp--preset--spacing--10);background-color:#33323217;color:#33323217\" \/>\n\n\n\n<div\n\tstyle=\"font-style:normal;font-weight:600;\" class=\"wp-block-gt-gt-ws-ctv-disponibilites has-medium-font-size\"\tdata-wp-interactive=\"gt\/ctv\"\n\tdata-wp-init=\"actions.loadStays\"\n\tdata-wp-bind--data-gt-statut=\"state.statut\"\n\tdata-wp-context='{\"isCamping\":false,\"idProduct\":\"86996\",\"campingKey\":\"1606\",\"disponibilites\":[],\"mainStay\":[],\"isIndisponible\":true}'>\n\n\t\t\t<div hidden class=\"gt-ws-ctv-spinner\" data-wp-bind--hidden=\"!state.isLoading\">\n\t\t\t<span class=\"loader\"><\/span>\n\t\t<\/div>\n\t\n\n\t<div data-wp-bind--hidden=\"state.isLoading\" class=\"gt-ws-ctv-disponibilite-wrap\">\n\n\t\t\t\t\t\t\t\t\t\t<div class=\"gt-ws-ctv-statut\" data-wp-text=\"state.titre\"><\/div>\n                \t\t\n\t\t\n\t\t\n\t\t\n\t\t\n\t<\/div>\n\n<\/div>\n\n\n\n<div\n\tstyle=\"font-style:normal;font-weight:600;\" class=\"wp-block-gt-gt-ws-ctv-disponibilites has-small-font-size\"\tdata-wp-interactive=\"gt\/ctv\"\n\tdata-wp-init=\"actions.loadStays\"\n\tdata-wp-bind--data-gt-statut=\"state.statut\"\n\tdata-wp-context='{\"isCamping\":false,\"idProduct\":\"86996\",\"campingKey\":\"1606\",\"disponibilites\":[],\"mainStay\":[],\"isIndisponible\":true}'>\n\n\t\n\n\t<div data-wp-bind--hidden=\"state.isLoading\" class=\"gt-ws-ctv-disponibilite-wrap\">\n\n\t\t\n\t\t\n\t\t\t\t\t<small>\n\t\t\t\t<div class=\"gt-ws-ctv__disponibilite__dates\">\n\t\t\t\t\t<div><b><span data-wp-text=\"context.datesTitles\"><\/span><\/b><\/div>\n\t\t\t\t\t<span data-wp-text=\"state.mainStay.productAvailabilityDate.txtFinalDates\"><\/span>\n\t\t\t\t<\/div>\n\t\t\t<\/small>\n\t\t\n\t\t\n\t\t\n\t<\/div>\n\n<\/div>\n\n\n\n<div class=\"wp-block-group alignwide has-small-font-size is-content-justification-right is-nowrap is-layout-flex wp-container-core-group-is-layout-780e1194 wp-block-group-is-layout-flex\">\n<p class=\"has-text-align-left has-small-font-size\" style=\"font-style:normal;font-weight:500;text-transform:uppercase\">Accommodatie bekijken<\/p>\n\n\n\n<figure class=\"wp-block-image size-full is-resized\"><img decoding=\"async\" width=\"68\" height=\"64\" src=\"https:\/\/camping-benodet-vacances.com\/wp-content\/uploads\/2024\/11\/fleche-cercles-1-3-1.png\" alt=\"pijlcirkels 1 3\" class=\"wp-image-2522\" style=\"width:30px\" \/><\/figure>\n<\/div>\n<\/div>\n<\/div>\n\n\n<a class=\"is-style-lien-cover wp-block-read-more has-large-font-size\" href=\"https:\/\/camping-benodet-vacances.com\/nl\/hebergement\/mobilehome-presta-2-chambres-30m%c2%b2-tv-clim-2\/\" target=\"_blank\">Lees verder<span class=\"screen-reader-text\">: Stacaravan PRESTA+ 2 slaapkamers 30m\u00b2<\/span><\/a><\/div>\n\n<\/li><li data-gt-camping-id=\"1606\" data-wp-key=\"post-template-item-22108\" class=\"wp-block-post post-22108 hebergement type-hebergement status-publish gamme-presta-nl\">\n\n<div class=\"wp-block-group hebergement-wrap has-base-2-background-color has-background has-global-padding is-layout-constrained wp-container-core-group-is-layout-19e250f3 wp-block-group-is-layout-constrained\" style=\"border-radius:10px;box-shadow:var(--wp--preset--shadow--natural)\">\n<div class=\"wp-block-gt-gt-ws-ctv-product-images\"    data-wp-interactive=\"gt\/ctv\/hebergement\/image\"\n    data-wp-context='{\"images\":[\"https:\\\/\\\/static.secureholiday.net\\\/static\\\/Pictures\\\/1606\\\/00001240239.jpg\",\"https:\\\/\\\/static.secureholiday.net\\\/static\\\/Pictures\\\/1606\\\/00001240241.jpg\",\"https:\\\/\\\/static.secureholiday.net\\\/static\\\/Pictures\\\/1606\\\/00001240242.jpg\",\"https:\\\/\\\/static.secureholiday.net\\\/static\\\/Pictures\\\/1606\\\/00001240240.jpg\"],\"ratio\":\"16\\\/9\",\"jsonConfig\":[],\"sliderId\":\"69f0dbfd34903\"}'        style=\"aspect-ratio: 16\/9\"\n    >\n\n    \n                                    <figure class=\"wp-block-image\" data-image-index=\"0\">\n\n                    \n                        <img decoding=\"async\"\n                            src=\"data:image\/svg+xml,%3Csvg xmlns='http:\/\/www.w3.org\/2000\/svg' viewBox='0 0 100 100'%3E%3Crect width='100' height='100' fill='grey'\/%3E%3C\/svg%3E\"\n                            width=\"1920\"\n                            height=\"1280\"\n                            data-gt-src=\"https:\/\/static.secureholiday.net\/static\/Pictures\/1606\/00001240239.jpg\"\n                            data-gt-srcset=\"https:\/\/static.secureholiday.net\/static\/Pictures\/1606\/00001240239.jpg 160w, https:\/\/static.secureholiday.net\/static\/Pictures\/1606\/00001240239.jpg?width=160 160w, https:\/\/static.secureholiday.net\/static\/Pictures\/1606\/00001240239.jpg?width=320 320w, https:\/\/static.secureholiday.net\/static\/Pictures\/1606\/00001240239.jpg?width=500 500w, https:\/\/static.secureholiday.net\/static\/Pictures\/1606\/00001240239.jpg?width=640 640w, https:\/\/static.secureholiday.net\/static\/Pictures\/1606\/00001240239.jpg?width=800 800w, https:\/\/static.secureholiday.net\/static\/Pictures\/1606\/00001240239.jpg?width=1024 1024w, https:\/\/static.secureholiday.net\/static\/Pictures\/1606\/00001240239.jpg?width=1600 1600w\"\n                            alt=\"Image 1 sur 1\"\n                            loading=\"lazy\"\n                            data-wp-init=\"actions.setImages\">\n                <\/figure>\n                    \n        \n    <\/div>\n\n\n<div class=\"wp-block-group alignfull hebergement-content has-base-2-background-color has-background is-layout-flow wp-container-core-group-is-layout-dec1c7ee wp-block-group-is-layout-flow\" style=\"padding-top:0.9rem;padding-right:2rem;padding-bottom:0.9rem;padding-left:2rem\"><div style=\"font-style:normal;font-weight:500;margin-top:var(--wp--preset--spacing--10);margin-right:var(--wp--preset--spacing--10)\" class=\"taxonomy-gamme has-text-align-center has-link-color gt-rotated wp-elements-e82ee233e38d64503923803f82cf7b6a wp-block-post-terms has-text-color has-accent-color has-medium-font-size has-caveat-font-family\"><a href=\"https:\/\/camping-benodet-vacances.com\/nl\/gamme\/presta-nl\/\" rel=\"tag\">Presta +<\/a><\/div>\n\n  \n <p style=\"font-size:clamp(0.875rem, 0.875rem + ((1vw - 0.2rem) * 0.708), 1.3rem);font-weight:600;line-height:1.2;text-transform:uppercase; padding-bottom:1rem;\" class=\"wp-elements-c99d0d8ae90bb0a29b161be418af4425 wp-block-gt-gt-ws-ctv-product-name has-text-color has-base-color\">\n     Stacaravan PRESTA+ 3 slaapkamers 2 badkamers 40m\u00b2 <\/p>\n \n\n\n<div class=\"wp-block-group alignfull hebergement-options is-nowrap is-layout-flex wp-container-core-group-is-layout-509d8e3e wp-block-group-is-layout-flex\" style=\"font-size:0.7rem;font-style:normal;font-weight:600\">\n<div class=\"wp-block-gt-gt-ws-ctv-product-room\">\n            <img decoding=\"async\" src=\"https:\/\/camping-benodet-vacances.com\/wp-content\/uploads\/2024\/11\/chambres-1.svg\" alt=\"Icon\" class=\"gt-icon\" \/>\n        3 CH<\/div>\n\n\n\n<div class=\"wp-block-gt-gt-ws-ctv-product-capacity\">\n            <img decoding=\"async\" src=\"https:\/\/camping-benodet-vacances.com\/wp-content\/uploads\/2024\/11\/personne-1.svg\" alt=\"Icon\" class=\"gt-icon\" \/>\n        6  PERS<\/div>\n\n\n \n <div class=\"wp-block-gt-gt-ws-ctv-product-surface\">\n              <img decoding=\"async\" src=\"https:\/\/camping-benodet-vacances.com\/wp-content\/uploads\/2024\/11\/surface-1.svg\" alt=\"Icon\" class=\"gt-icon\" \/>\n          40m\u00b2\n <\/div>\n \n\n\n<div class=\"wp-block-gt-gt-ws-ctv-product-bathrooms\">\n            <img decoding=\"async\" src=\"https:\/\/camping-benodet-vacances.com\/wp-content\/uploads\/2024\/11\/sdb.svg\" alt=\"Icon\" class=\"gt-icon\" \/>\n        2  SDB<\/div>\n\n\n\n<div class=\"wp-block-gt-gt-ws-ctv-product-tv\">\n            <img decoding=\"async\" src=\"https:\/\/camping-benodet-vacances.com\/wp-content\/uploads\/2024\/11\/moniteur-de-television-1.svg\" alt=\"Icon\" class=\"gt-icon\" \/>\n       <span> TV<\/span> \n<\/div>\n\n\n\n<div class=\"wp-block-gt-gt-ws-ctv-product-clim\">\n            <img decoding=\"async\" src=\"https:\/\/camping-benodet-vacances.com\/wp-content\/uploads\/2024\/11\/climatisation-1-1.svg\" alt=\"Icon\" class=\"gt-icon\" \/>\n        <span> Clim<\/span>\n<\/div>\n<\/div>\n\n\n\n<div class=\"wp-block-group alignfull hebergement-dispo is-layout-flow wp-block-group-is-layout-flow\">\n<hr class=\"wp-block-separator has-text-color has-alpha-channel-opacity has-background is-style-wide\" style=\"margin-top:var(--wp--preset--spacing--10);margin-bottom:var(--wp--preset--spacing--10);background-color:#33323217;color:#33323217\" \/>\n\n\n\n<div\n\tstyle=\"font-style:normal;font-weight:600;\" class=\"wp-block-gt-gt-ws-ctv-disponibilites has-medium-font-size\"\tdata-wp-interactive=\"gt\/ctv\"\n\tdata-wp-init=\"actions.loadStays\"\n\tdata-wp-bind--data-gt-statut=\"state.statut\"\n\tdata-wp-context='{\"isCamping\":false,\"idProduct\":\"116786\",\"campingKey\":\"1606\",\"disponibilites\":[],\"mainStay\":[],\"isIndisponible\":true}'>\n\n\t\t\t<div hidden class=\"gt-ws-ctv-spinner\" data-wp-bind--hidden=\"!state.isLoading\">\n\t\t\t<span class=\"loader\"><\/span>\n\t\t<\/div>\n\t\n\n\t<div data-wp-bind--hidden=\"state.isLoading\" class=\"gt-ws-ctv-disponibilite-wrap\">\n\n\t\t\t\t\t\t\t\t\t\t<div class=\"gt-ws-ctv-statut\" data-wp-text=\"state.titre\"><\/div>\n                \t\t\n\t\t\n\t\t\n\t\t\n\t\t\n\t<\/div>\n\n<\/div>\n\n\n\n<div\n\tstyle=\"font-style:normal;font-weight:600;\" class=\"wp-block-gt-gt-ws-ctv-disponibilites has-small-font-size\"\tdata-wp-interactive=\"gt\/ctv\"\n\tdata-wp-init=\"actions.loadStays\"\n\tdata-wp-bind--data-gt-statut=\"state.statut\"\n\tdata-wp-context='{\"isCamping\":false,\"idProduct\":\"116786\",\"campingKey\":\"1606\",\"disponibilites\":[],\"mainStay\":[],\"isIndisponible\":true}'>\n\n\t\n\n\t<div data-wp-bind--hidden=\"state.isLoading\" class=\"gt-ws-ctv-disponibilite-wrap\">\n\n\t\t\n\t\t\n\t\t\t\t\t<small>\n\t\t\t\t<div class=\"gt-ws-ctv__disponibilite__dates\">\n\t\t\t\t\t<div><b><span data-wp-text=\"context.datesTitles\"><\/span><\/b><\/div>\n\t\t\t\t\t<span data-wp-text=\"state.mainStay.productAvailabilityDate.txtFinalDates\"><\/span>\n\t\t\t\t<\/div>\n\t\t\t<\/small>\n\t\t\n\t\t\n\t\t\n\t<\/div>\n\n<\/div>\n\n\n\n<div class=\"wp-block-group alignwide has-small-font-size is-content-justification-right is-nowrap is-layout-flex wp-container-core-group-is-layout-780e1194 wp-block-group-is-layout-flex\">\n<p class=\"has-text-align-left has-small-font-size\" style=\"font-style:normal;font-weight:500;text-transform:uppercase\">Accommodatie bekijken<\/p>\n\n\n\n<figure class=\"wp-block-image size-full is-resized\"><img decoding=\"async\" width=\"68\" height=\"64\" src=\"https:\/\/camping-benodet-vacances.com\/wp-content\/uploads\/2024\/11\/fleche-cercles-1-3-1.png\" alt=\"pijlcirkels 1 3\" class=\"wp-image-2522\" style=\"width:30px\" \/><\/figure>\n<\/div>\n<\/div>\n<\/div>\n\n\n<a class=\"is-style-lien-cover wp-block-read-more has-large-font-size\" href=\"https:\/\/camping-benodet-vacances.com\/nl\/hebergement\/mobilhome-presta-3-chambres-2-sdb-40m%c2%b2-tv-clim\/\" target=\"_blank\">Lees verder<span class=\"screen-reader-text\">: Stacaravan PRESTA+ 3 slaapkamers 2 badkamers 40m\u00b2<\/span><\/a><\/div>\n\n<\/li><li data-gt-camping-id=\"1606\" data-wp-key=\"post-template-item-22109\" class=\"wp-block-post post-22109 hebergement type-hebergement status-publish gamme-presta-nl\">\n\n<div class=\"wp-block-group hebergement-wrap has-base-2-background-color has-background has-global-padding is-layout-constrained wp-container-core-group-is-layout-19e250f3 wp-block-group-is-layout-constrained\" style=\"border-radius:10px;box-shadow:var(--wp--preset--shadow--natural)\">\n<div class=\"wp-block-gt-gt-ws-ctv-product-images\"    data-wp-interactive=\"gt\/ctv\/hebergement\/image\"\n    data-wp-context='{\"images\":[\"https:\\\/\\\/static.secureholiday.net\\\/static\\\/Pictures\\\/1606\\\/00001240239.jpg\",\"https:\\\/\\\/static.secureholiday.net\\\/static\\\/Pictures\\\/1606\\\/00001240241.jpg\",\"https:\\\/\\\/static.secureholiday.net\\\/static\\\/Pictures\\\/1606\\\/00001240242.jpg\",\"https:\\\/\\\/static.secureholiday.net\\\/static\\\/Pictures\\\/1606\\\/00001240240.jpg\"],\"ratio\":\"16\\\/9\",\"jsonConfig\":[],\"sliderId\":\"69f0dbfd36cce\"}'        style=\"aspect-ratio: 16\/9\"\n    >\n\n    \n                                    <figure class=\"wp-block-image\" data-image-index=\"0\">\n\n                    \n                        <img decoding=\"async\"\n                            src=\"data:image\/svg+xml,%3Csvg xmlns='http:\/\/www.w3.org\/2000\/svg' viewBox='0 0 100 100'%3E%3Crect width='100' height='100' fill='grey'\/%3E%3C\/svg%3E\"\n                            width=\"1920\"\n                            height=\"1280\"\n                            data-gt-src=\"https:\/\/static.secureholiday.net\/static\/Pictures\/1606\/00001240239.jpg\"\n                            data-gt-srcset=\"https:\/\/static.secureholiday.net\/static\/Pictures\/1606\/00001240239.jpg 160w, https:\/\/static.secureholiday.net\/static\/Pictures\/1606\/00001240239.jpg?width=160 160w, https:\/\/static.secureholiday.net\/static\/Pictures\/1606\/00001240239.jpg?width=320 320w, https:\/\/static.secureholiday.net\/static\/Pictures\/1606\/00001240239.jpg?width=500 500w, https:\/\/static.secureholiday.net\/static\/Pictures\/1606\/00001240239.jpg?width=640 640w, https:\/\/static.secureholiday.net\/static\/Pictures\/1606\/00001240239.jpg?width=800 800w, https:\/\/static.secureholiday.net\/static\/Pictures\/1606\/00001240239.jpg?width=1024 1024w, https:\/\/static.secureholiday.net\/static\/Pictures\/1606\/00001240239.jpg?width=1600 1600w\"\n                            alt=\"Image 1 sur 1\"\n                            loading=\"lazy\"\n                            data-wp-init=\"actions.setImages\">\n                <\/figure>\n                    \n        \n    <\/div>\n\n\n<div class=\"wp-block-group alignfull hebergement-content has-base-2-background-color has-background is-layout-flow wp-container-core-group-is-layout-dec1c7ee wp-block-group-is-layout-flow\" style=\"padding-top:0.9rem;padding-right:2rem;padding-bottom:0.9rem;padding-left:2rem\"><div style=\"font-style:normal;font-weight:500;margin-top:var(--wp--preset--spacing--10);margin-right:var(--wp--preset--spacing--10)\" class=\"taxonomy-gamme has-text-align-center has-link-color gt-rotated wp-elements-e82ee233e38d64503923803f82cf7b6a wp-block-post-terms has-text-color has-accent-color has-medium-font-size has-caveat-font-family\"><a href=\"https:\/\/camping-benodet-vacances.com\/nl\/gamme\/presta-nl\/\" rel=\"tag\">Presta +<\/a><\/div>\n\n  \n <p style=\"font-size:clamp(0.875rem, 0.875rem + ((1vw - 0.2rem) * 0.708), 1.3rem);font-weight:600;line-height:1.2;text-transform:uppercase; padding-bottom:1rem;\" class=\"wp-elements-c99d0d8ae90bb0a29b161be418af4425 wp-block-gt-gt-ws-ctv-product-name has-text-color has-base-color\">\n     Stacaravan PRESTA+ 3 slaapkamers 2 badkamers 40m\u00b2 <\/p>\n \n\n\n<div class=\"wp-block-group alignfull hebergement-options is-nowrap is-layout-flex wp-container-core-group-is-layout-509d8e3e wp-block-group-is-layout-flex\" style=\"font-size:0.7rem;font-style:normal;font-weight:600\">\n<div class=\"wp-block-gt-gt-ws-ctv-product-room\">\n            <img decoding=\"async\" src=\"https:\/\/camping-benodet-vacances.com\/wp-content\/uploads\/2024\/11\/chambres-1.svg\" alt=\"Icon\" class=\"gt-icon\" \/>\n        3 CH<\/div>\n\n\n\n<div class=\"wp-block-gt-gt-ws-ctv-product-capacity\">\n            <img decoding=\"async\" src=\"https:\/\/camping-benodet-vacances.com\/wp-content\/uploads\/2024\/11\/personne-1.svg\" alt=\"Icon\" class=\"gt-icon\" \/>\n        6  PERS<\/div>\n\n\n \n <div class=\"wp-block-gt-gt-ws-ctv-product-surface\">\n              <img decoding=\"async\" src=\"https:\/\/camping-benodet-vacances.com\/wp-content\/uploads\/2024\/11\/surface-1.svg\" alt=\"Icon\" class=\"gt-icon\" \/>\n          40m\u00b2\n <\/div>\n \n\n\n<div class=\"wp-block-gt-gt-ws-ctv-product-bathrooms\">\n            <img decoding=\"async\" src=\"https:\/\/camping-benodet-vacances.com\/wp-content\/uploads\/2024\/11\/sdb.svg\" alt=\"Icon\" class=\"gt-icon\" \/>\n        2  SDB<\/div>\n\n\n\n<div class=\"wp-block-gt-gt-ws-ctv-product-tv\">\n            <img decoding=\"async\" src=\"https:\/\/camping-benodet-vacances.com\/wp-content\/uploads\/2024\/11\/moniteur-de-television-1.svg\" alt=\"Icon\" class=\"gt-icon\" \/>\n       <span> TV<\/span> \n<\/div>\n\n\n\n<div class=\"wp-block-gt-gt-ws-ctv-product-clim\">\n            <img decoding=\"async\" src=\"https:\/\/camping-benodet-vacances.com\/wp-content\/uploads\/2024\/11\/climatisation-1-1.svg\" alt=\"Icon\" class=\"gt-icon\" \/>\n        <span> Clim<\/span>\n<\/div>\n<\/div>\n\n\n\n<div class=\"wp-block-group alignfull hebergement-dispo is-layout-flow wp-block-group-is-layout-flow\">\n<hr class=\"wp-block-separator has-text-color has-alpha-channel-opacity has-background is-style-wide\" style=\"margin-top:var(--wp--preset--spacing--10);margin-bottom:var(--wp--preset--spacing--10);background-color:#33323217;color:#33323217\" \/>\n\n\n\n<div\n\tstyle=\"font-style:normal;font-weight:600;\" class=\"wp-block-gt-gt-ws-ctv-disponibilites has-medium-font-size\"\tdata-wp-interactive=\"gt\/ctv\"\n\tdata-wp-init=\"actions.loadStays\"\n\tdata-wp-bind--data-gt-statut=\"state.statut\"\n\tdata-wp-context='{\"isCamping\":false,\"idProduct\":\"126832\",\"campingKey\":\"1606\",\"disponibilites\":[],\"mainStay\":[],\"isIndisponible\":true}'>\n\n\t\t\t<div hidden class=\"gt-ws-ctv-spinner\" data-wp-bind--hidden=\"!state.isLoading\">\n\t\t\t<span class=\"loader\"><\/span>\n\t\t<\/div>\n\t\n\n\t<div data-wp-bind--hidden=\"state.isLoading\" class=\"gt-ws-ctv-disponibilite-wrap\">\n\n\t\t\t\t\t\t\t\t\t\t<div class=\"gt-ws-ctv-statut\" data-wp-text=\"state.titre\"><\/div>\n                \t\t\n\t\t\n\t\t\n\t\t\n\t\t\n\t<\/div>\n\n<\/div>\n\n\n\n<div\n\tstyle=\"font-style:normal;font-weight:600;\" class=\"wp-block-gt-gt-ws-ctv-disponibilites has-small-font-size\"\tdata-wp-interactive=\"gt\/ctv\"\n\tdata-wp-init=\"actions.loadStays\"\n\tdata-wp-bind--data-gt-statut=\"state.statut\"\n\tdata-wp-context='{\"isCamping\":false,\"idProduct\":\"126832\",\"campingKey\":\"1606\",\"disponibilites\":[],\"mainStay\":[],\"isIndisponible\":true}'>\n\n\t\n\n\t<div data-wp-bind--hidden=\"state.isLoading\" class=\"gt-ws-ctv-disponibilite-wrap\">\n\n\t\t\n\t\t\n\t\t\t\t\t<small>\n\t\t\t\t<div class=\"gt-ws-ctv__disponibilite__dates\">\n\t\t\t\t\t<div><b><span data-wp-text=\"context.datesTitles\"><\/span><\/b><\/div>\n\t\t\t\t\t<span data-wp-text=\"state.mainStay.productAvailabilityDate.txtFinalDates\"><\/span>\n\t\t\t\t<\/div>\n\t\t\t<\/small>\n\t\t\n\t\t\n\t\t\n\t<\/div>\n\n<\/div>\n\n\n\n<div class=\"wp-block-group alignwide has-small-font-size is-content-justification-right is-nowrap is-layout-flex wp-container-core-group-is-layout-780e1194 wp-block-group-is-layout-flex\">\n<p class=\"has-text-align-left has-small-font-size\" style=\"font-style:normal;font-weight:500;text-transform:uppercase\">Accommodatie bekijken<\/p>\n\n\n\n<figure class=\"wp-block-image size-full is-resized\"><img decoding=\"async\" width=\"68\" height=\"64\" src=\"https:\/\/camping-benodet-vacances.com\/wp-content\/uploads\/2024\/11\/fleche-cercles-1-3-1.png\" alt=\"pijlcirkels 1 3\" class=\"wp-image-2522\" style=\"width:30px\" \/><\/figure>\n<\/div>\n<\/div>\n<\/div>\n\n\n<a class=\"is-style-lien-cover wp-block-read-more has-large-font-size\" href=\"https:\/\/camping-benodet-vacances.com\/nl\/hebergement\/mobilhome-prestakids-3-chambres-2-sdb-40m%c2%b2-tv-clim\/\" target=\"_blank\">Lees verder<span class=\"screen-reader-text\">: Stacaravan PRESTA+ 3 slaapkamers 2 badkamers 40m\u00b2<\/span><\/a><\/div>\n\n<\/li><li data-gt-camping-id=\"1606\" data-wp-key=\"post-template-item-22107\" class=\"wp-block-post post-22107 hebergement type-hebergement status-publish gamme-presta-nl\">\n\n<div class=\"wp-block-group hebergement-wrap has-base-2-background-color has-background has-global-padding is-layout-constrained wp-container-core-group-is-layout-19e250f3 wp-block-group-is-layout-constrained\" style=\"border-radius:10px;box-shadow:var(--wp--preset--shadow--natural)\">\n<div class=\"wp-block-gt-gt-ws-ctv-product-images\"    data-wp-interactive=\"gt\/ctv\/hebergement\/image\"\n    data-wp-context='{\"images\":[\"https:\\\/\\\/static.secureholiday.net\\\/static\\\/Pictures\\\/1606\\\/00001281532.jpg\",\"https:\\\/\\\/static.secureholiday.net\\\/static\\\/Pictures\\\/1606\\\/00001281533.jpg\",\"https:\\\/\\\/static.secureholiday.net\\\/static\\\/Pictures\\\/1606\\\/00001281528.jpg\",\"https:\\\/\\\/static.secureholiday.net\\\/static\\\/Pictures\\\/1606\\\/00001281529.jpg\",\"https:\\\/\\\/static.secureholiday.net\\\/static\\\/Pictures\\\/1606\\\/00001281530.jpg\",\"https:\\\/\\\/static.secureholiday.net\\\/static\\\/Pictures\\\/1606\\\/00001281531.jpg\"],\"ratio\":\"16\\\/9\",\"jsonConfig\":[],\"sliderId\":\"69f0dbfd38a9f\"}'        style=\"aspect-ratio: 16\/9\"\n    >\n\n    \n                                    <figure class=\"wp-block-image\" data-image-index=\"0\">\n\n                    \n                        <img decoding=\"async\"\n                            src=\"data:image\/svg+xml,%3Csvg xmlns='http:\/\/www.w3.org\/2000\/svg' viewBox='0 0 100 100'%3E%3Crect width='100' height='100' fill='grey'\/%3E%3C\/svg%3E\"\n                            width=\"1920\"\n                            height=\"1280\"\n                            data-gt-src=\"https:\/\/static.secureholiday.net\/static\/Pictures\/1606\/00001281532.jpg\"\n                            data-gt-srcset=\"https:\/\/static.secureholiday.net\/static\/Pictures\/1606\/00001281532.jpg 160w, https:\/\/static.secureholiday.net\/static\/Pictures\/1606\/00001281532.jpg?width=160 160w, https:\/\/static.secureholiday.net\/static\/Pictures\/1606\/00001281532.jpg?width=320 320w, https:\/\/static.secureholiday.net\/static\/Pictures\/1606\/00001281532.jpg?width=500 500w, https:\/\/static.secureholiday.net\/static\/Pictures\/1606\/00001281532.jpg?width=640 640w, https:\/\/static.secureholiday.net\/static\/Pictures\/1606\/00001281532.jpg?width=800 800w, https:\/\/static.secureholiday.net\/static\/Pictures\/1606\/00001281532.jpg?width=1024 1024w, https:\/\/static.secureholiday.net\/static\/Pictures\/1606\/00001281532.jpg?width=1600 1600w\"\n                            alt=\"Image 1 sur 1\"\n                            loading=\"lazy\"\n                            data-wp-init=\"actions.setImages\">\n                <\/figure>\n                    \n        \n    <\/div>\n\n\n<div class=\"wp-block-group alignfull hebergement-content has-base-2-background-color has-background is-layout-flow wp-container-core-group-is-layout-dec1c7ee wp-block-group-is-layout-flow\" style=\"padding-top:0.9rem;padding-right:2rem;padding-bottom:0.9rem;padding-left:2rem\"><div style=\"font-style:normal;font-weight:500;margin-top:var(--wp--preset--spacing--10);margin-right:var(--wp--preset--spacing--10)\" class=\"taxonomy-gamme has-text-align-center has-link-color gt-rotated wp-elements-e82ee233e38d64503923803f82cf7b6a wp-block-post-terms has-text-color has-accent-color has-medium-font-size has-caveat-font-family\"><a href=\"https:\/\/camping-benodet-vacances.com\/nl\/gamme\/presta-nl\/\" rel=\"tag\">Presta +<\/a><\/div>\n\n  \n <p style=\"font-size:clamp(0.875rem, 0.875rem + ((1vw - 0.2rem) * 0.708), 1.3rem);font-weight:600;line-height:1.2;text-transform:uppercase; padding-bottom:1rem;\" class=\"wp-elements-c99d0d8ae90bb0a29b161be418af4425 wp-block-gt-gt-ws-ctv-product-name has-text-color has-base-color\">\n     Stacaravan PRESTA+ 3 slaapkamers 32m\u00b2 <\/p>\n \n\n\n<div class=\"wp-block-group alignfull hebergement-options is-nowrap is-layout-flex wp-container-core-group-is-layout-509d8e3e wp-block-group-is-layout-flex\" style=\"font-size:0.7rem;font-style:normal;font-weight:600\">\n<div class=\"wp-block-gt-gt-ws-ctv-product-room\">\n            <img decoding=\"async\" src=\"https:\/\/camping-benodet-vacances.com\/wp-content\/uploads\/2024\/11\/chambres-1.svg\" alt=\"Icon\" class=\"gt-icon\" \/>\n        3 CH<\/div>\n\n\n\n<div class=\"wp-block-gt-gt-ws-ctv-product-capacity\">\n            <img decoding=\"async\" src=\"https:\/\/camping-benodet-vacances.com\/wp-content\/uploads\/2024\/11\/personne-1.svg\" alt=\"Icon\" class=\"gt-icon\" \/>\n        7  PERS<\/div>\n\n\n \n <div class=\"wp-block-gt-gt-ws-ctv-product-surface\">\n              <img decoding=\"async\" src=\"https:\/\/camping-benodet-vacances.com\/wp-content\/uploads\/2024\/11\/surface-1.svg\" alt=\"Icon\" class=\"gt-icon\" \/>\n          32m\u00b2\n <\/div>\n \n\n\n<div class=\"wp-block-gt-gt-ws-ctv-product-bathrooms\">\n            <img decoding=\"async\" src=\"https:\/\/camping-benodet-vacances.com\/wp-content\/uploads\/2024\/11\/sdb.svg\" alt=\"Icon\" class=\"gt-icon\" \/>\n        1  SDB<\/div>\n\n\n\n<div class=\"wp-block-gt-gt-ws-ctv-product-tv\">\n            <img decoding=\"async\" src=\"https:\/\/camping-benodet-vacances.com\/wp-content\/uploads\/2024\/11\/moniteur-de-television-1.svg\" alt=\"Icon\" class=\"gt-icon\" \/>\n       <span> TV<\/span> \n<\/div>\n\n\n\n<div class=\"wp-block-gt-gt-ws-ctv-product-clim\">\n            <img decoding=\"async\" src=\"https:\/\/camping-benodet-vacances.com\/wp-content\/uploads\/2024\/11\/climatisation-1-1.svg\" alt=\"Icon\" class=\"gt-icon\" \/>\n        <span> Clim<\/span>\n<\/div>\n<\/div>\n\n\n\n<div class=\"wp-block-group alignfull hebergement-dispo is-layout-flow wp-block-group-is-layout-flow\">\n<hr class=\"wp-block-separator has-text-color has-alpha-channel-opacity has-background is-style-wide\" style=\"margin-top:var(--wp--preset--spacing--10);margin-bottom:var(--wp--preset--spacing--10);background-color:#33323217;color:#33323217\" \/>\n\n\n\n<div\n\tstyle=\"font-style:normal;font-weight:600;\" class=\"wp-block-gt-gt-ws-ctv-disponibilites has-medium-font-size\"\tdata-wp-interactive=\"gt\/ctv\"\n\tdata-wp-init=\"actions.loadStays\"\n\tdata-wp-bind--data-gt-statut=\"state.statut\"\n\tdata-wp-context='{\"isCamping\":false,\"idProduct\":\"109505\",\"campingKey\":\"1606\",\"disponibilites\":[],\"mainStay\":[],\"isIndisponible\":true}'>\n\n\t\t\t<div hidden class=\"gt-ws-ctv-spinner\" data-wp-bind--hidden=\"!state.isLoading\">\n\t\t\t<span class=\"loader\"><\/span>\n\t\t<\/div>\n\t\n\n\t<div data-wp-bind--hidden=\"state.isLoading\" class=\"gt-ws-ctv-disponibilite-wrap\">\n\n\t\t\t\t\t\t\t\t\t\t<div class=\"gt-ws-ctv-statut\" data-wp-text=\"state.titre\"><\/div>\n                \t\t\n\t\t\n\t\t\n\t\t\n\t\t\n\t<\/div>\n\n<\/div>\n\n\n\n<div\n\tstyle=\"font-style:normal;font-weight:600;\" class=\"wp-block-gt-gt-ws-ctv-disponibilites has-small-font-size\"\tdata-wp-interactive=\"gt\/ctv\"\n\tdata-wp-init=\"actions.loadStays\"\n\tdata-wp-bind--data-gt-statut=\"state.statut\"\n\tdata-wp-context='{\"isCamping\":false,\"idProduct\":\"109505\",\"campingKey\":\"1606\",\"disponibilites\":[],\"mainStay\":[],\"isIndisponible\":true}'>\n\n\t\n\n\t<div data-wp-bind--hidden=\"state.isLoading\" class=\"gt-ws-ctv-disponibilite-wrap\">\n\n\t\t\n\t\t\n\t\t\t\t\t<small>\n\t\t\t\t<div class=\"gt-ws-ctv__disponibilite__dates\">\n\t\t\t\t\t<div><b><span data-wp-text=\"context.datesTitles\"><\/span><\/b><\/div>\n\t\t\t\t\t<span data-wp-text=\"state.mainStay.productAvailabilityDate.txtFinalDates\"><\/span>\n\t\t\t\t<\/div>\n\t\t\t<\/small>\n\t\t\n\t\t\n\t\t\n\t<\/div>\n\n<\/div>\n\n\n\n<div class=\"wp-block-group alignwide has-small-font-size is-content-justification-right is-nowrap is-layout-flex wp-container-core-group-is-layout-780e1194 wp-block-group-is-layout-flex\">\n<p class=\"has-text-align-left has-small-font-size\" style=\"font-style:normal;font-weight:500;text-transform:uppercase\">Accommodatie bekijken<\/p>\n\n\n\n<figure class=\"wp-block-image size-full is-resized\"><img decoding=\"async\" width=\"68\" height=\"64\" src=\"https:\/\/camping-benodet-vacances.com\/wp-content\/uploads\/2024\/11\/fleche-cercles-1-3-1.png\" alt=\"pijlcirkels 1 3\" class=\"wp-image-2522\" style=\"width:30px\" \/><\/figure>\n<\/div>\n<\/div>\n<\/div>\n\n\n<a class=\"is-style-lien-cover wp-block-read-more has-large-font-size\" href=\"https:\/\/camping-benodet-vacances.com\/nl\/hebergement\/mobilehome-presta-3-chambres-32m%c2%b2-tv-clim\/\" target=\"_blank\">Lees verder<span class=\"screen-reader-text\">: Stacaravan PRESTA+ 3 slaapkamers 32m\u00b2<\/span><\/a><\/div>\n\n<\/li><li data-gt-camping-id=\"1606\" data-wp-key=\"post-template-item-22110\" class=\"wp-block-post post-22110 hebergement type-hebergement status-publish gamme-presta-nl\">\n\n<div class=\"wp-block-group hebergement-wrap has-base-2-background-color has-background has-global-padding is-layout-constrained wp-container-core-group-is-layout-19e250f3 wp-block-group-is-layout-constrained\" style=\"border-radius:10px;box-shadow:var(--wp--preset--shadow--natural)\">\n<div class=\"wp-block-gt-gt-ws-ctv-product-images\"    data-wp-interactive=\"gt\/ctv\/hebergement\/image\"\n    data-wp-context='{\"images\":[\"https:\\\/\\\/static.secureholiday.net\\\/static\\\/Pictures\\\/1606\\\/00001281446.jpg\",\"https:\\\/\\\/static.secureholiday.net\\\/static\\\/Pictures\\\/1606\\\/00001281445.jpg\",\"https:\\\/\\\/static.secureholiday.net\\\/static\\\/Pictures\\\/1606\\\/00001281442.jpg\",\"https:\\\/\\\/static.secureholiday.net\\\/static\\\/Pictures\\\/1606\\\/00001281443.jpg\",\"https:\\\/\\\/static.secureholiday.net\\\/static\\\/Pictures\\\/1606\\\/00001281444.jpg\",\"https:\\\/\\\/static.secureholiday.net\\\/static\\\/Pictures\\\/1606\\\/00001281441.jpg\"],\"ratio\":\"16\\\/9\",\"jsonConfig\":[],\"sliderId\":\"69f0dbfd3a530\"}'        style=\"aspect-ratio: 16\/9\"\n    >\n\n    \n                                    <figure class=\"wp-block-image\" data-image-index=\"0\">\n\n                    \n                        <img decoding=\"async\"\n                            src=\"data:image\/svg+xml,%3Csvg xmlns='http:\/\/www.w3.org\/2000\/svg' viewBox='0 0 100 100'%3E%3Crect width='100' height='100' fill='grey'\/%3E%3C\/svg%3E\"\n                            width=\"1920\"\n                            height=\"1280\"\n                            data-gt-src=\"https:\/\/static.secureholiday.net\/static\/Pictures\/1606\/00001281446.jpg\"\n                            data-gt-srcset=\"https:\/\/static.secureholiday.net\/static\/Pictures\/1606\/00001281446.jpg 160w, https:\/\/static.secureholiday.net\/static\/Pictures\/1606\/00001281446.jpg?width=160 160w, https:\/\/static.secureholiday.net\/static\/Pictures\/1606\/00001281446.jpg?width=320 320w, https:\/\/static.secureholiday.net\/static\/Pictures\/1606\/00001281446.jpg?width=500 500w, https:\/\/static.secureholiday.net\/static\/Pictures\/1606\/00001281446.jpg?width=640 640w, https:\/\/static.secureholiday.net\/static\/Pictures\/1606\/00001281446.jpg?width=800 800w, https:\/\/static.secureholiday.net\/static\/Pictures\/1606\/00001281446.jpg?width=1024 1024w, https:\/\/static.secureholiday.net\/static\/Pictures\/1606\/00001281446.jpg?width=1600 1600w\"\n                            alt=\"Image 1 sur 1\"\n                            loading=\"lazy\"\n                            data-wp-init=\"actions.setImages\">\n                <\/figure>\n                    \n        \n    <\/div>\n\n\n<div class=\"wp-block-group alignfull hebergement-content has-base-2-background-color has-background is-layout-flow wp-container-core-group-is-layout-dec1c7ee wp-block-group-is-layout-flow\" style=\"padding-top:0.9rem;padding-right:2rem;padding-bottom:0.9rem;padding-left:2rem\"><div style=\"font-style:normal;font-weight:500;margin-top:var(--wp--preset--spacing--10);margin-right:var(--wp--preset--spacing--10)\" class=\"taxonomy-gamme has-text-align-center has-link-color gt-rotated wp-elements-e82ee233e38d64503923803f82cf7b6a wp-block-post-terms has-text-color has-accent-color has-medium-font-size has-caveat-font-family\"><a href=\"https:\/\/camping-benodet-vacances.com\/nl\/gamme\/presta-nl\/\" rel=\"tag\">Presta +<\/a><\/div>\n\n  \n <p style=\"font-size:clamp(0.875rem, 0.875rem + ((1vw - 0.2rem) * 0.708), 1.3rem);font-weight:600;line-height:1.2;text-transform:uppercase; padding-bottom:1rem;\" class=\"wp-elements-c99d0d8ae90bb0a29b161be418af4425 wp-block-gt-gt-ws-ctv-product-name has-text-color has-base-color\">\n     Stacaravan PRESTA+ 4 slaapkamers 40m\u00b2 <\/p>\n \n\n\n<div class=\"wp-block-group alignfull hebergement-options is-nowrap is-layout-flex wp-container-core-group-is-layout-509d8e3e wp-block-group-is-layout-flex\" style=\"font-size:0.7rem;font-style:normal;font-weight:600\">\n<div class=\"wp-block-gt-gt-ws-ctv-product-room\">\n            <img decoding=\"async\" src=\"https:\/\/camping-benodet-vacances.com\/wp-content\/uploads\/2024\/11\/chambres-1.svg\" alt=\"Icon\" class=\"gt-icon\" \/>\n        4 CH<\/div>\n\n\n\n<div class=\"wp-block-gt-gt-ws-ctv-product-capacity\">\n            <img decoding=\"async\" src=\"https:\/\/camping-benodet-vacances.com\/wp-content\/uploads\/2024\/11\/personne-1.svg\" alt=\"Icon\" class=\"gt-icon\" \/>\n        9  PERS<\/div>\n\n\n \n <div class=\"wp-block-gt-gt-ws-ctv-product-surface\">\n              <img decoding=\"async\" src=\"https:\/\/camping-benodet-vacances.com\/wp-content\/uploads\/2024\/11\/surface-1.svg\" alt=\"Icon\" class=\"gt-icon\" \/>\n          40m\u00b2\n <\/div>\n \n\n\n<div class=\"wp-block-gt-gt-ws-ctv-product-bathrooms\">\n            <img decoding=\"async\" src=\"https:\/\/camping-benodet-vacances.com\/wp-content\/uploads\/2024\/11\/sdb.svg\" alt=\"Icon\" class=\"gt-icon\" \/>\n        1  SDB<\/div>\n\n\n\n<div class=\"wp-block-gt-gt-ws-ctv-product-tv\">\n            <img decoding=\"async\" src=\"https:\/\/camping-benodet-vacances.com\/wp-content\/uploads\/2024\/11\/moniteur-de-television-1.svg\" alt=\"Icon\" class=\"gt-icon\" \/>\n       <span> TV<\/span> \n<\/div>\n\n\n\n<div class=\"wp-block-gt-gt-ws-ctv-product-clim\">\n            <img decoding=\"async\" src=\"https:\/\/camping-benodet-vacances.com\/wp-content\/uploads\/2024\/11\/climatisation-1-1.svg\" alt=\"Icon\" class=\"gt-icon\" \/>\n        <span> Clim<\/span>\n<\/div>\n<\/div>\n\n\n\n<div class=\"wp-block-group alignfull hebergement-dispo is-layout-flow wp-block-group-is-layout-flow\">\n<hr class=\"wp-block-separator has-text-color has-alpha-channel-opacity has-background is-style-wide\" style=\"margin-top:var(--wp--preset--spacing--10);margin-bottom:var(--wp--preset--spacing--10);background-color:#33323217;color:#33323217\" \/>\n\n\n\n<div\n\tstyle=\"font-style:normal;font-weight:600;\" class=\"wp-block-gt-gt-ws-ctv-disponibilites has-medium-font-size\"\tdata-wp-interactive=\"gt\/ctv\"\n\tdata-wp-init=\"actions.loadStays\"\n\tdata-wp-bind--data-gt-statut=\"state.statut\"\n\tdata-wp-context='{\"isCamping\":false,\"idProduct\":\"96105\",\"campingKey\":\"1606\",\"disponibilites\":[],\"mainStay\":[],\"isIndisponible\":true}'>\n\n\t\t\t<div hidden class=\"gt-ws-ctv-spinner\" data-wp-bind--hidden=\"!state.isLoading\">\n\t\t\t<span class=\"loader\"><\/span>\n\t\t<\/div>\n\t\n\n\t<div data-wp-bind--hidden=\"state.isLoading\" class=\"gt-ws-ctv-disponibilite-wrap\">\n\n\t\t\t\t\t\t\t\t\t\t<div class=\"gt-ws-ctv-statut\" data-wp-text=\"state.titre\"><\/div>\n                \t\t\n\t\t\n\t\t\n\t\t\n\t\t\n\t<\/div>\n\n<\/div>\n\n\n\n<div\n\tstyle=\"font-style:normal;font-weight:600;\" class=\"wp-block-gt-gt-ws-ctv-disponibilites has-small-font-size\"\tdata-wp-interactive=\"gt\/ctv\"\n\tdata-wp-init=\"actions.loadStays\"\n\tdata-wp-bind--data-gt-statut=\"state.statut\"\n\tdata-wp-context='{\"isCamping\":false,\"idProduct\":\"96105\",\"campingKey\":\"1606\",\"disponibilites\":[],\"mainStay\":[],\"isIndisponible\":true}'>\n\n\t\n\n\t<div data-wp-bind--hidden=\"state.isLoading\" class=\"gt-ws-ctv-disponibilite-wrap\">\n\n\t\t\n\t\t\n\t\t\t\t\t<small>\n\t\t\t\t<div class=\"gt-ws-ctv__disponibilite__dates\">\n\t\t\t\t\t<div><b><span data-wp-text=\"context.datesTitles\"><\/span><\/b><\/div>\n\t\t\t\t\t<span data-wp-text=\"state.mainStay.productAvailabilityDate.txtFinalDates\"><\/span>\n\t\t\t\t<\/div>\n\t\t\t<\/small>\n\t\t\n\t\t\n\t\t\n\t<\/div>\n\n<\/div>\n\n\n\n<div class=\"wp-block-group alignwide has-small-font-size is-content-justification-right is-nowrap is-layout-flex wp-container-core-group-is-layout-780e1194 wp-block-group-is-layout-flex\">\n<p class=\"has-text-align-left has-small-font-size\" style=\"font-style:normal;font-weight:500;text-transform:uppercase\">Accommodatie bekijken<\/p>\n\n\n\n<figure class=\"wp-block-image size-full is-resized\"><img decoding=\"async\" width=\"68\" height=\"64\" src=\"https:\/\/camping-benodet-vacances.com\/wp-content\/uploads\/2024\/11\/fleche-cercles-1-3-1.png\" alt=\"pijlcirkels 1 3\" class=\"wp-image-2522\" style=\"width:30px\" \/><\/figure>\n<\/div>\n<\/div>\n<\/div>\n\n\n<a class=\"is-style-lien-cover wp-block-read-more has-large-font-size\" href=\"https:\/\/camping-benodet-vacances.com\/nl\/hebergement\/mobilhome-presta-4-chambres-40m%c2%b2-tv-clim\/\" target=\"_blank\">Lees verder<span class=\"screen-reader-text\">: Stacaravan PRESTA+ 4 slaapkamers 40m\u00b2<\/span><\/a><\/div>\n\n<\/li><li data-gt-camping-id=\"1606\" data-wp-key=\"post-template-item-22111\" class=\"wp-block-post post-22111 hebergement type-hebergement status-publish gamme-presta-nl\">\n\n<div class=\"wp-block-group hebergement-wrap has-base-2-background-color has-background has-global-padding is-layout-constrained wp-container-core-group-is-layout-19e250f3 wp-block-group-is-layout-constrained\" style=\"border-radius:10px;box-shadow:var(--wp--preset--shadow--natural)\">\n<div class=\"wp-block-gt-gt-ws-ctv-product-images\"    data-wp-interactive=\"gt\/ctv\/hebergement\/image\"\n    data-wp-context='{\"images\":[\"https:\\\/\\\/static.secureholiday.net\\\/static\\\/Pictures\\\/1606\\\/00001281532.jpg\",\"https:\\\/\\\/static.secureholiday.net\\\/static\\\/Pictures\\\/1606\\\/00001281533.jpg\",\"https:\\\/\\\/static.secureholiday.net\\\/static\\\/Pictures\\\/1606\\\/00001281528.jpg\",\"https:\\\/\\\/static.secureholiday.net\\\/static\\\/Pictures\\\/1606\\\/00001281529.jpg\",\"https:\\\/\\\/static.secureholiday.net\\\/static\\\/Pictures\\\/1606\\\/00001281530.jpg\",\"https:\\\/\\\/static.secureholiday.net\\\/static\\\/Pictures\\\/1606\\\/00001281531.jpg\"],\"ratio\":\"16\\\/9\",\"jsonConfig\":[],\"sliderId\":\"69f0dbfd3bc2b\"}'        style=\"aspect-ratio: 16\/9\"\n    >\n\n    \n                                    <figure class=\"wp-block-image\" data-image-index=\"0\">\n\n                    \n                        <img decoding=\"async\"\n                            src=\"data:image\/svg+xml,%3Csvg xmlns='http:\/\/www.w3.org\/2000\/svg' viewBox='0 0 100 100'%3E%3Crect width='100' height='100' fill='grey'\/%3E%3C\/svg%3E\"\n                            width=\"1920\"\n                            height=\"1280\"\n                            data-gt-src=\"https:\/\/static.secureholiday.net\/static\/Pictures\/1606\/00001281532.jpg\"\n                            data-gt-srcset=\"https:\/\/static.secureholiday.net\/static\/Pictures\/1606\/00001281532.jpg 160w, https:\/\/static.secureholiday.net\/static\/Pictures\/1606\/00001281532.jpg?width=160 160w, https:\/\/static.secureholiday.net\/static\/Pictures\/1606\/00001281532.jpg?width=320 320w, https:\/\/static.secureholiday.net\/static\/Pictures\/1606\/00001281532.jpg?width=500 500w, https:\/\/static.secureholiday.net\/static\/Pictures\/1606\/00001281532.jpg?width=640 640w, https:\/\/static.secureholiday.net\/static\/Pictures\/1606\/00001281532.jpg?width=800 800w, https:\/\/static.secureholiday.net\/static\/Pictures\/1606\/00001281532.jpg?width=1024 1024w, https:\/\/static.secureholiday.net\/static\/Pictures\/1606\/00001281532.jpg?width=1600 1600w\"\n                            alt=\"Image 1 sur 1\"\n                            loading=\"lazy\"\n                            data-wp-init=\"actions.setImages\">\n                <\/figure>\n                    \n        \n    <\/div>\n\n\n<div class=\"wp-block-group alignfull hebergement-content has-base-2-background-color has-background is-layout-flow wp-container-core-group-is-layout-dec1c7ee wp-block-group-is-layout-flow\" style=\"padding-top:0.9rem;padding-right:2rem;padding-bottom:0.9rem;padding-left:2rem\"><div style=\"font-style:normal;font-weight:500;margin-top:var(--wp--preset--spacing--10);margin-right:var(--wp--preset--spacing--10)\" class=\"taxonomy-gamme has-text-align-center has-link-color gt-rotated wp-elements-e82ee233e38d64503923803f82cf7b6a wp-block-post-terms has-text-color has-accent-color has-medium-font-size has-caveat-font-family\"><a href=\"https:\/\/camping-benodet-vacances.com\/nl\/gamme\/presta-nl\/\" rel=\"tag\">Presta +<\/a><\/div>\n\n  \n <p style=\"font-size:clamp(0.875rem, 0.875rem + ((1vw - 0.2rem) * 0.708), 1.3rem);font-weight:600;line-height:1.2;text-transform:uppercase; padding-bottom:1rem;\" class=\"wp-elements-c99d0d8ae90bb0a29b161be418af4425 wp-block-gt-gt-ws-ctv-product-name has-text-color has-base-color\">\n     Stacaravan PRESTA+ Tribu 6 slaapkamers 2 badkamers 60m\u00b2 <\/p>\n \n\n\n<div class=\"wp-block-group alignfull hebergement-options is-nowrap is-layout-flex wp-container-core-group-is-layout-509d8e3e wp-block-group-is-layout-flex\" style=\"font-size:0.7rem;font-style:normal;font-weight:600\">\n<div class=\"wp-block-gt-gt-ws-ctv-product-room\">\n            <img decoding=\"async\" src=\"https:\/\/camping-benodet-vacances.com\/wp-content\/uploads\/2024\/11\/chambres-1.svg\" alt=\"Icon\" class=\"gt-icon\" \/>\n        6 CH<\/div>\n\n\n\n<div class=\"wp-block-gt-gt-ws-ctv-product-capacity\">\n            <img decoding=\"async\" src=\"https:\/\/camping-benodet-vacances.com\/wp-content\/uploads\/2024\/11\/personne-1.svg\" alt=\"Icon\" class=\"gt-icon\" \/>\n        12  PERS<\/div>\n\n\n \n <div class=\"wp-block-gt-gt-ws-ctv-product-surface\">\n              <img decoding=\"async\" src=\"https:\/\/camping-benodet-vacances.com\/wp-content\/uploads\/2024\/11\/surface-1.svg\" alt=\"Icon\" class=\"gt-icon\" \/>\n          60m\u00b2\n <\/div>\n \n\n\n<div class=\"wp-block-gt-gt-ws-ctv-product-bathrooms\">\n            <img decoding=\"async\" src=\"https:\/\/camping-benodet-vacances.com\/wp-content\/uploads\/2024\/11\/sdb.svg\" alt=\"Icon\" class=\"gt-icon\" \/>\n        2  SDB<\/div>\n\n\n\n<div class=\"wp-block-gt-gt-ws-ctv-product-tv\">\n            <img decoding=\"async\" src=\"https:\/\/camping-benodet-vacances.com\/wp-content\/uploads\/2024\/11\/moniteur-de-television-1.svg\" alt=\"Icon\" class=\"gt-icon\" \/>\n       <span> TV<\/span> \n<\/div>\n\n\n\n<div class=\"wp-block-gt-gt-ws-ctv-product-clim\">\n            <img decoding=\"async\" src=\"https:\/\/camping-benodet-vacances.com\/wp-content\/uploads\/2024\/11\/climatisation-1-1.svg\" alt=\"Icon\" class=\"gt-icon\" \/>\n        <span> Clim<\/span>\n<\/div>\n<\/div>\n\n\n\n<div class=\"wp-block-group alignfull hebergement-dispo is-layout-flow wp-block-group-is-layout-flow\">\n<hr class=\"wp-block-separator has-text-color has-alpha-channel-opacity has-background is-style-wide\" style=\"margin-top:var(--wp--preset--spacing--10);margin-bottom:var(--wp--preset--spacing--10);background-color:#33323217;color:#33323217\" \/>\n\n\n\n<div\n\tstyle=\"font-style:normal;font-weight:600;\" class=\"wp-block-gt-gt-ws-ctv-disponibilites has-medium-font-size\"\tdata-wp-interactive=\"gt\/ctv\"\n\tdata-wp-init=\"actions.loadStays\"\n\tdata-wp-bind--data-gt-statut=\"state.statut\"\n\tdata-wp-context='{\"isCamping\":false,\"idProduct\":\"116794\",\"campingKey\":\"1606\",\"disponibilites\":[],\"mainStay\":[],\"isIndisponible\":true}'>\n\n\t\t\t<div hidden class=\"gt-ws-ctv-spinner\" data-wp-bind--hidden=\"!state.isLoading\">\n\t\t\t<span class=\"loader\"><\/span>\n\t\t<\/div>\n\t\n\n\t<div data-wp-bind--hidden=\"state.isLoading\" class=\"gt-ws-ctv-disponibilite-wrap\">\n\n\t\t\t\t\t\t\t\t\t\t<div class=\"gt-ws-ctv-statut\" data-wp-text=\"state.titre\"><\/div>\n                \t\t\n\t\t\n\t\t\n\t\t\n\t\t\n\t<\/div>\n\n<\/div>\n\n\n\n<div\n\tstyle=\"font-style:normal;font-weight:600;\" class=\"wp-block-gt-gt-ws-ctv-disponibilites has-small-font-size\"\tdata-wp-interactive=\"gt\/ctv\"\n\tdata-wp-init=\"actions.loadStays\"\n\tdata-wp-bind--data-gt-statut=\"state.statut\"\n\tdata-wp-context='{\"isCamping\":false,\"idProduct\":\"116794\",\"campingKey\":\"1606\",\"disponibilites\":[],\"mainStay\":[],\"isIndisponible\":true}'>\n\n\t\n\n\t<div data-wp-bind--hidden=\"state.isLoading\" class=\"gt-ws-ctv-disponibilite-wrap\">\n\n\t\t\n\t\t\n\t\t\t\t\t<small>\n\t\t\t\t<div class=\"gt-ws-ctv__disponibilite__dates\">\n\t\t\t\t\t<div><b><span data-wp-text=\"context.datesTitles\"><\/span><\/b><\/div>\n\t\t\t\t\t<span data-wp-text=\"state.mainStay.productAvailabilityDate.txtFinalDates\"><\/span>\n\t\t\t\t<\/div>\n\t\t\t<\/small>\n\t\t\n\t\t\n\t\t\n\t<\/div>\n\n<\/div>\n\n\n\n<div class=\"wp-block-group alignwide has-small-font-size is-content-justification-right is-nowrap is-layout-flex wp-container-core-group-is-layout-780e1194 wp-block-group-is-layout-flex\">\n<p class=\"has-text-align-left has-small-font-size\" style=\"font-style:normal;font-weight:500;text-transform:uppercase\">Accommodatie bekijken<\/p>\n\n\n\n<figure class=\"wp-block-image size-full is-resized\"><img decoding=\"async\" width=\"68\" height=\"64\" src=\"https:\/\/camping-benodet-vacances.com\/wp-content\/uploads\/2024\/11\/fleche-cercles-1-3-1.png\" alt=\"pijlcirkels 1 3\" class=\"wp-image-2522\" style=\"width:30px\" \/><\/figure>\n<\/div>\n<\/div>\n<\/div>\n\n\n<a class=\"is-style-lien-cover wp-block-read-more has-large-font-size\" href=\"https:\/\/camping-benodet-vacances.com\/nl\/hebergement\/mobilhome-presta-tribu-6-chambres-2sdb-60m%c2%b2-tv-clim\/\" target=\"_blank\">Lees verder<span class=\"screen-reader-text\">: Stacaravan PRESTA+ Tribu 6 slaapkamers 2 badkamers 60m\u00b2<\/span><\/a><\/div>\n\n<\/li><li data-gt-camping-id=\"1606\" data-wp-key=\"post-template-item-22092\" class=\"wp-block-post post-22092 hebergement type-hebergement status-publish gamme-locatie\">\n\n<div class=\"wp-block-group hebergement-wrap has-base-2-background-color has-background has-global-padding is-layout-constrained wp-container-core-group-is-layout-19e250f3 wp-block-group-is-layout-constrained\" style=\"border-radius:10px;box-shadow:var(--wp--preset--shadow--natural)\">\n<div class=\"wp-block-gt-gt-ws-ctv-product-images\"    data-wp-interactive=\"gt\/ctv\/hebergement\/image\"\n    data-wp-context='{\"images\":[\"https:\\\/\\\/static.secureholiday.net\\\/static\\\/Pictures\\\/1606\\\/00001281464.jpg\",\"https:\\\/\\\/static.secureholiday.net\\\/static\\\/Pictures\\\/1606\\\/00001281463.jpg\",\"https:\\\/\\\/static.secureholiday.net\\\/static\\\/Pictures\\\/1606\\\/00001281460.jpg\",\"https:\\\/\\\/static.secureholiday.net\\\/static\\\/Pictures\\\/1606\\\/00001281461.jpg\",\"https:\\\/\\\/static.secureholiday.net\\\/static\\\/Pictures\\\/1606\\\/00001281462.jpg\",\"https:\\\/\\\/static.secureholiday.net\\\/static\\\/Pictures\\\/1606\\\/00001281459.jpg\"],\"ratio\":\"16\\\/9\",\"jsonConfig\":[],\"sliderId\":\"69f0dbfd3d7c8\"}'        style=\"aspect-ratio: 16\/9\"\n    >\n\n    \n                                    <figure class=\"wp-block-image\" data-image-index=\"0\">\n\n                    \n                        <img decoding=\"async\"\n                            src=\"data:image\/svg+xml,%3Csvg xmlns='http:\/\/www.w3.org\/2000\/svg' viewBox='0 0 100 100'%3E%3Crect width='100' height='100' fill='grey'\/%3E%3C\/svg%3E\"\n                            width=\"1920\"\n                            height=\"1280\"\n                            data-gt-src=\"https:\/\/static.secureholiday.net\/static\/Pictures\/1606\/00001281464.jpg\"\n                            data-gt-srcset=\"https:\/\/static.secureholiday.net\/static\/Pictures\/1606\/00001281464.jpg 160w, https:\/\/static.secureholiday.net\/static\/Pictures\/1606\/00001281464.jpg?width=160 160w, https:\/\/static.secureholiday.net\/static\/Pictures\/1606\/00001281464.jpg?width=320 320w, https:\/\/static.secureholiday.net\/static\/Pictures\/1606\/00001281464.jpg?width=500 500w, https:\/\/static.secureholiday.net\/static\/Pictures\/1606\/00001281464.jpg?width=640 640w, https:\/\/static.secureholiday.net\/static\/Pictures\/1606\/00001281464.jpg?width=800 800w, https:\/\/static.secureholiday.net\/static\/Pictures\/1606\/00001281464.jpg?width=1024 1024w, https:\/\/static.secureholiday.net\/static\/Pictures\/1606\/00001281464.jpg?width=1600 1600w\"\n                            alt=\"Image 1 sur 1\"\n                            loading=\"lazy\"\n                            data-wp-init=\"actions.setImages\">\n                <\/figure>\n                    \n        \n    <\/div>\n\n\n<div class=\"wp-block-group alignfull hebergement-content has-base-2-background-color has-background is-layout-flow wp-container-core-group-is-layout-dec1c7ee wp-block-group-is-layout-flow\" style=\"padding-top:0.9rem;padding-right:2rem;padding-bottom:0.9rem;padding-left:2rem\"><div style=\"font-style:normal;font-weight:500;margin-top:var(--wp--preset--spacing--10);margin-right:var(--wp--preset--spacing--10)\" class=\"taxonomy-gamme has-text-align-center has-link-color gt-rotated wp-elements-e82ee233e38d64503923803f82cf7b6a wp-block-post-terms has-text-color has-accent-color has-medium-font-size has-caveat-font-family\"><a href=\"https:\/\/camping-benodet-vacances.com\/nl\/gamme\/locatie\/\" rel=\"tag\">Locatie<\/a><\/div>\n\n  \n <p style=\"font-size:clamp(0.875rem, 0.875rem + ((1vw - 0.2rem) * 0.708), 1.3rem);font-weight:600;line-height:1.2;text-transform:uppercase; padding-bottom:1rem;\" class=\"wp-elements-c99d0d8ae90bb0a29b161be418af4425 wp-block-gt-gt-ws-ctv-product-name has-text-color has-base-color\">\n     Standplaats + voertuig + elektriciteit 6A <\/p>\n \n\n\n<div class=\"wp-block-group alignfull hebergement-options is-nowrap is-layout-flex wp-container-core-group-is-layout-509d8e3e wp-block-group-is-layout-flex\" style=\"font-size:0.7rem;font-style:normal;font-weight:600\">\n<div class=\"wp-block-gt-gt-ws-ctv-product-room\">\n            <img decoding=\"async\" src=\"https:\/\/camping-benodet-vacances.com\/wp-content\/uploads\/2024\/11\/chambres-1.svg\" alt=\"Icon\" class=\"gt-icon\" \/>\n        1 CH<\/div>\n\n\n\n<div class=\"wp-block-gt-gt-ws-ctv-product-capacity\">\n            <img decoding=\"async\" src=\"https:\/\/camping-benodet-vacances.com\/wp-content\/uploads\/2024\/11\/personne-1.svg\" alt=\"Icon\" class=\"gt-icon\" \/>\n        6  PERS<\/div>\n\n\n \n <div class=\"wp-block-gt-gt-ws-ctv-product-surface\">\n              <img decoding=\"async\" src=\"https:\/\/camping-benodet-vacances.com\/wp-content\/uploads\/2024\/11\/surface-1.svg\" alt=\"Icon\" class=\"gt-icon\" \/>\n          80m\u00b2\n <\/div>\n \n\n\n\n\n\n<\/div>\n\n\n\n<div class=\"wp-block-group alignfull hebergement-dispo is-layout-flow wp-block-group-is-layout-flow\">\n<hr class=\"wp-block-separator has-text-color has-alpha-channel-opacity has-background is-style-wide\" style=\"margin-top:var(--wp--preset--spacing--10);margin-bottom:var(--wp--preset--spacing--10);background-color:#33323217;color:#33323217\" \/>\n\n\n\n<div\n\tstyle=\"font-style:normal;font-weight:600;\" class=\"wp-block-gt-gt-ws-ctv-disponibilites has-medium-font-size\"\tdata-wp-interactive=\"gt\/ctv\"\n\tdata-wp-init=\"actions.loadStays\"\n\tdata-wp-bind--data-gt-statut=\"state.statut\"\n\tdata-wp-context='{\"isCamping\":false,\"idProduct\":\"82961\",\"campingKey\":\"1606\",\"disponibilites\":[],\"mainStay\":[],\"isIndisponible\":true}'>\n\n\t\t\t<div hidden class=\"gt-ws-ctv-spinner\" data-wp-bind--hidden=\"!state.isLoading\">\n\t\t\t<span class=\"loader\"><\/span>\n\t\t<\/div>\n\t\n\n\t<div data-wp-bind--hidden=\"state.isLoading\" class=\"gt-ws-ctv-disponibilite-wrap\">\n\n\t\t\t\t\t\t\t\t\t\t<div class=\"gt-ws-ctv-statut\" data-wp-text=\"state.titre\"><\/div>\n                \t\t\n\t\t\n\t\t\n\t\t\n\t\t\n\t<\/div>\n\n<\/div>\n\n\n\n<div\n\tstyle=\"font-style:normal;font-weight:600;\" class=\"wp-block-gt-gt-ws-ctv-disponibilites has-small-font-size\"\tdata-wp-interactive=\"gt\/ctv\"\n\tdata-wp-init=\"actions.loadStays\"\n\tdata-wp-bind--data-gt-statut=\"state.statut\"\n\tdata-wp-context='{\"isCamping\":false,\"idProduct\":\"82961\",\"campingKey\":\"1606\",\"disponibilites\":[],\"mainStay\":[],\"isIndisponible\":true}'>\n\n\t\n\n\t<div data-wp-bind--hidden=\"state.isLoading\" class=\"gt-ws-ctv-disponibilite-wrap\">\n\n\t\t\n\t\t\n\t\t\t\t\t<small>\n\t\t\t\t<div class=\"gt-ws-ctv__disponibilite__dates\">\n\t\t\t\t\t<div><b><span data-wp-text=\"context.datesTitles\"><\/span><\/b><\/div>\n\t\t\t\t\t<span data-wp-text=\"state.mainStay.productAvailabilityDate.txtFinalDates\"><\/span>\n\t\t\t\t<\/div>\n\t\t\t<\/small>\n\t\t\n\t\t\n\t\t\n\t<\/div>\n\n<\/div>\n\n\n\n<div class=\"wp-block-group alignwide has-small-font-size is-content-justification-right is-nowrap is-layout-flex wp-container-core-group-is-layout-780e1194 wp-block-group-is-layout-flex\">\n<p class=\"has-text-align-left has-small-font-size\" style=\"font-style:normal;font-weight:500;text-transform:uppercase\">Accommodatie bekijken<\/p>\n\n\n\n<figure class=\"wp-block-image size-full is-resized\"><img decoding=\"async\" width=\"68\" height=\"64\" src=\"https:\/\/camping-benodet-vacances.com\/wp-content\/uploads\/2024\/11\/fleche-cercles-1-3-1.png\" alt=\"pijlcirkels 1 3\" class=\"wp-image-2522\" style=\"width:30px\" \/><\/figure>\n<\/div>\n<\/div>\n<\/div>\n\n\n<a class=\"is-style-lien-cover wp-block-read-more has-large-font-size\" href=\"https:\/\/camping-benodet-vacances.com\/nl\/hebergement\/standplaats-comfort-1-voertuig-elektriciteit-6a-inbegrepen\/\" target=\"_blank\">Lees verder<span class=\"screen-reader-text\">: Standplaats + voertuig + elektriciteit 6A<\/span><\/a><\/div>\n\n<\/li><\/ul><\/div>\n<\/div>\n\n<div class=\"wp-block-group alignwide gt-break-mobile has-global-padding is-layout-constrained wp-block-group-is-layout-constrained\">\n<details style=\"font-style:normal;font-weight:600;line-height:1; border-radius:32px; padding-top:var(--wp--preset--spacing--10);padding-bottom:var(--wp--preset--spacing--10);padding-left:var(--wp--preset--spacing--10);padding-right:var(--wp--preset--spacing--10);margin-right:0;margin-left:0;\" class=\"gt-fse-faq aligncenter wp-block-gt-gt-fse-faq aligncenter gt-fse-faq has-base-color has-base-2-background-color has-text-color has-background has-link-color wp-elements-b5a4c99becba69e6271baec91bb7a63b wp-block-gt-gt-fse-faq has-text-color has-base-color has-background has-base-2-background-color\" data-wp-interactive=\"gt-fse-faq\" data-wp-context='{ \"isOpen\": false }'>\n\t<summary aria-expanded=\"false\" class=\"gt-fse-faq-summary\" data-wp-on--click=\"actions.toggle\" data-wp-bind--aria-expanded=\"context.isOpen\">\n\t\t<h3 class=\"gt-fse-faq-summary-text\">ONTDEK ONZE ASSORTIMENTEN<\/h3>\n\t\t<span class=\"gt-fse-faq-opener\"><\/span>\n\t<\/summary>\n\t<div class=\"gt-fse-faq-content\">\n\t\t\n\n<figure class=\"wp-block-image aligncenter size-full is-style-default\" style=\"margin-top:var(--wp--preset--spacing--10);margin-bottom:0\"><img alt=\"mer blanche gammes hebergements\" decoding=\"async\" width=\"1280\" height=\"1707\" src=\"https:\/\/camping-benodet-vacances.com\/wp-content\/uploads\/2024\/12\/mer-blanche-gammes-hebergements.avif\" alt=\"\" class=\"wp-image-16929\" srcset=\"https:\/\/camping-benodet-vacances.com\/wp-content\/uploads\/2024\/12\/mer-blanche-gammes-hebergements.avif 1280w, https:\/\/camping-benodet-vacances.com\/wp-content\/uploads\/2024\/12\/mer-blanche-gammes-hebergements-225x300.jpg 225w, https:\/\/camping-benodet-vacances.com\/wp-content\/uploads\/2024\/12\/mer-blanche-gammes-hebergements-768x1024.jpg 768w, https:\/\/camping-benodet-vacances.com\/wp-content\/uploads\/2024\/12\/mer-blanche-gammes-hebergements-1152x1536.jpg 1152w\" sizes=\"(max-width: 1280px) 100vw, 1280px\" \/><\/figure>\n\n\t<\/div>\n<\/details>\n\n\n<div style=\"height:32px\" aria-hidden=\"true\" class=\"wp-block-spacer gt-hide-mobile\"><\/div>\n<\/div>\n\n<div class=\"wp-block-group alignwide is-layout-flow wp-block-group-is-layout-flow\">\n<p>Welkom op Camping Club La Mer Blanche in B\u00e9nodet! Of je nu een <strong>stel, een gezin, een groep vrienden<\/strong> of <strong>zelfs een soloreiziger<\/strong> bent, je vindt hier <strong>de ideale stacaravan<\/strong> voor een onvergetelijk verblijf aan de oevers van de Atlantische Oceaan. Gelegen op een steenworp afstand van de stranden en toeristische trekpleisters van Zuid-Finist\u00e8re, belooft onze 4-sterren camping een unieke ervaring die comfort, gezelligheid en plezier combineert. Profiteer van ons waterpark, onze vele activiteiten en onze <strong>warme sfeer<\/strong> voor momenten van ontspanning en plezier. Bereid je voor op een onvergetelijke vakantie in het hart van Bretagne.    <\/p>\n<\/div>\n","protected":false},"excerpt":{"rendered":"<p>Onze huuraccommodaties Verhuur van stacaravans en staanplaatsen opB\u00e9nodet in Finist\u00e8re Welkom op Camping Club La Mer Blanche in B\u00e9nodet! Of je nu een stel, een gezin, een groep vrienden of zelfs een soloreiziger bent, je vindt hier de ideale stacaravan voor een onvergetelijk verblijf aan de oevers van de Atlantische Oceaan. Gelegen op een steenworp [&hellip;]<\/p>\n","protected":false},"author":1,"featured_media":20055,"parent":0,"menu_order":0,"comment_status":"closed","ping_status":"closed","template":"wp-custom-template-page-recherche","meta":{"_acf_changed":false,"_seopress_robots_primary_cat":"","_seopress_titles_title":"Je vakantie zoeken","_seopress_titles_desc":"%%post_excerpt%%","_seopress_robots_index":"","_gt_ctv_global_id":"1606","_gt_ctv_id_group":false,"inline_featured_image":false,"gt_fse_maillage_image":"https:\/\/camping-benodet-vacances.com\/wp-content\/uploads\/2024\/12\/votre-recherche-de-sejour-cta.avif","gt_fse_maillage_titre":"Je vakantie zoeken","gt_fse_maillage_alt":"Je vakantie zoeken","gt_fse_maillage_resume":"","footnotes":""},"categories":[],"tags":[],"class_list":["post-20039","page","type-page","status-publish","has-post-thumbnail"],"acf":[],"_links":{"self":[{"href":"https:\/\/camping-benodet-vacances.com\/nl\/wp-json\/wp\/v2\/pages\/20039","targetHints":{"allow":["GET"]}}],"collection":[{"href":"https:\/\/camping-benodet-vacances.com\/nl\/wp-json\/wp\/v2\/pages"}],"about":[{"href":"https:\/\/camping-benodet-vacances.com\/nl\/wp-json\/wp\/v2\/types\/page"}],"author":[{"embeddable":true,"href":"https:\/\/camping-benodet-vacances.com\/nl\/wp-json\/wp\/v2\/users\/1"}],"replies":[{"embeddable":true,"href":"https:\/\/camping-benodet-vacances.com\/nl\/wp-json\/wp\/v2\/comments?post=20039"}],"version-history":[{"count":14,"href":"https:\/\/camping-benodet-vacances.com\/nl\/wp-json\/wp\/v2\/pages\/20039\/revisions"}],"predecessor-version":[{"id":31050,"href":"https:\/\/camping-benodet-vacances.com\/nl\/wp-json\/wp\/v2\/pages\/20039\/revisions\/31050"}],"wp:featuredmedia":[{"embeddable":true,"href":"https:\/\/camping-benodet-vacances.com\/nl\/wp-json\/wp\/v2\/media\/20055"}],"wp:attachment":[{"href":"https:\/\/camping-benodet-vacances.com\/nl\/wp-json\/wp\/v2\/media?parent=20039"}],"wp:term":[{"taxonomy":"category","embeddable":true,"href":"https:\/\/camping-benodet-vacances.com\/nl\/wp-json\/wp\/v2\/categories?post=20039"},{"taxonomy":"post_tag","embeddable":true,"href":"https:\/\/camping-benodet-vacances.com\/nl\/wp-json\/wp\/v2\/tags?post=20039"}],"curies":[{"name":"wp","href":"https:\/\/api.w.org\/{rel}","templated":true}]}}