{"id":20111,"date":"2024-11-08T17:00:53","date_gmt":"2024-11-08T16:00:53","guid":{"rendered":"https:\/\/www.camping-benodet-vacances.com\/location-emplacement-benodet\/"},"modified":"2026-04-28T08:16:00","modified_gmt":"2026-04-28T06:16:00","slug":"location-emplacement-benodet","status":"publish","type":"page","link":"https:\/\/camping-benodet-vacances.com\/nl\/location-emplacement-benodet\/","title":{"rendered":"Onze locaties"},"content":{"rendered":"\n<div class=\"wp-block-group alignwide is-layout-flow wp-block-group-is-layout-flow\">\n<p class=\"gt-rotated has-accent-color has-text-color has-link-color has-caveat-font-family has-xx-large-font-size wp-elements-ff055e2a698594864477a2fd76122552\">Onze locaties<\/p>\n\n\n\n<div class=\"wp-block-group alignwide is-content-justification-space-between is-layout-flex wp-container-core-group-is-layout-a5ee66c4 wp-block-group-is-layout-flex\">\n<h1 class=\"wp-block-heading alignwide has-base-color has-text-color has-link-color wp-elements-6b095ce423ac8851bd2d93f52a15f301 wp-container-content-663c14dd\"><strong>Volledig ingerichte staanplaatsen te huur in Zuid-Finist\u00e8re<\/strong><\/h1>\n\n\n\n<div class=\"wp-block-buttons wp-container-content-9cfa9a5a is-layout-flex wp-block-buttons-is-layout-flex\">\n<div class=\"wp-block-button has-custom-width wp-block-button__width-50\"><a class=\"wp-block-button__link has-contrast-color has-contrast-2-background-color has-text-color has-background has-link-color has-border-color has-accent-border-color has-small-font-size has-custom-font-size wp-element-button\" href=\"https:\/\/camping-benodet-vacances.com\/nl\/votre-recherche-de-sejour\/\" style=\"border-width:2px;font-style:normal;font-weight:200\">Verhuur<\/a><\/div>\n\n\n\n<div class=\"wp-block-button has-custom-width wp-block-button__width-50\"><a class=\"wp-block-button__link has-base-2-color has-accent-background-color has-text-color has-background has-link-color has-border-color has-accent-border-color has-small-font-size has-custom-font-size wp-element-button\" style=\"border-width:1px;font-style:normal;font-weight:200\">Locaties<\/a><\/div>\n<\/div>\n<\/div>\n<\/div>\n\n<div class=\"wp-block-group alignwide is-layout-flow wp-block-group-is-layout-flow\">\n<div style=\"height:6rem\" aria-hidden=\"true\" class=\"wp-block-spacer gt-hide-mobile\"><\/div>\n\n\n\n<div class=\"wp-block-columns alignwide is-layout-flex wp-container-core-columns-is-layout-7fc3d43a wp-block-columns-is-layout-flex\">\n<div class=\"wp-block-column is-layout-flow wp-block-column-is-layout-flow\">\n<h2 class=\"wp-block-heading has-base-color has-text-color has-link-color wp-elements-90e9cd5281f8d878ff9bc7248a4ea8d3\"><br \/>Tent- en caravanplaatsen te huur<\/h2>\n\n\n\n<p>Pour les adeptes du <strong>camping traditionnel en plein air<\/strong>, le camping 4 \u00e9toiles La Mer Blanche propose des <strong>emplacements spacieux et privatis\u00e9s<\/strong> pour vos vacances en <a href=\"https:\/\/camping-benodet-vacances.com\/\">camping \u00e0 B\u00e9nodet.<\/a><\/p>\n\n\n\n<p>Id\u00e9al pour un <a href=\"https:\/\/camping-benodet-vacances.com\/camping-pas-cher-benodet\/\">s\u00e9jour pas cher dans le Finist\u00e8re<\/a>. Nos confortables emplacements de <strong>80m\u00b2 en moyenne<\/strong> sont d\u00e9limit\u00e9s par des <strong>haies <\/strong>et sont \u00e9quip\u00e9s d\u2019un<strong> raccordement \u00e9lectrique 6 A<\/strong> et d\u2019un <strong>point d\u2019eau<\/strong>. Situ\u00e9s dans un <strong>\u00e9crin de verdure<\/strong>, ils feront le bonheur des campeurs pour d\u2019inoubliables vacances en famille ou entre amis.<\/p>\n\n\n    <div id=\"gt-fse-lire-plus-69f0ca08bf5a5\" class=\"gt-fse-lire-plus\" data-min-height=\"130\" style=\"background-color: #f9f2e8;\">\n        <input id=\"gt-fse-lire-plus-69f0ca08bf5a5-toggle\" type=\"checkbox\" class=\"gt-fse-lire-plus__toggle\" \/>\n        <label for=\"gt-fse-lire-plus-69f0ca08bf5a5-toggle\" class=\"gt-fse-lire-plus__toggle-label\">\n            <span>Meer lezen<\/span>\n            <span>Minder lezen<\/span>\n        <\/label>\n        <div class=\"gt-fse-lire-plus__content\" style=\"height: 130px;\">\n            \n\n<p>Des sanitaires bien \u00e9quip\u00e9s sont \u00e9galement \u00e0 votre disposition et vous aurez acc\u00e8s aux nombreux services propos\u00e9s par le camping 4 \u00e9toiles \u00e0 B\u00e9nodet, en Bretagne Sud. Les <strong>animaux<\/strong> (chiens hors cat\u00e9gorie 1 et 2, moins de 25 kg) sont <strong>admis<\/strong> sur le camping (3\u20ac \/jour en emplacement). Les emplacements sont ouverts <strong>du 14\/05 au 17\/05\/2026<\/strong> pour le pont de l&#8217;ascension, puis <strong>du 03\/07 au 30\/08\/2026<\/strong> pour les vacances d&#8217;\u00e9t\u00e9. Avec notre <a href=\"https:\/\/camping-benodet-vacances.com\/camping-vacaf-benodet\/\">camping VACAF en Bretagne<\/a>, partez en vacances sans vous soucier du budget. Nous acceptons les <a href=\"https:\/\/camping-benodet-vacances.com\/ancv-camping-benodet\/\">ch\u00e8ques vacances ANCV<\/a>.<\/p>\n\n\n\n<p>Let op: caravans met dubbele assen zijn niet toegestaan op de camping. Campers van 7 meter of meer moeten bij de reservering worden opgegeven, zodat we je plaatsnummer kunnen bevestigen en je reservering kunnen valideren. <\/p>\n\n\n\n<p>In het seizoen: aankomst tot 19u.<\/p>\n\n            <div class=\"gt-fse-lire-plus__gradient\" style=\"background: linear-gradient(to bottom,rgba(249,242,232,0) 0%,rgba(249,242,232,1) 100%);\"><\/div>\n        <\/div>\n    <\/div>\n    <\/div>\n\n\n\n<div class=\"wp-block-column is-layout-flow wp-block-column-is-layout-flow\">\n<div class=\"wp-block-group has-global-padding is-layout-constrained wp-block-group-is-layout-constrained\">\n\n<form\n    id=\"gt-ws-ctv-resa-1\"\n    class=\"gt-ws-ctv-form-resa wp-block-gt-gt-ws-ctv-form-resa\"    data-wp-interactive=\"gt\/ctv\"\n    data-wp-init=\"actions.sortHebergements\"\n        method=\"POST\"\n    action=\"https:\/\/camping-benodet-vacances.com\/nl\/location-emplacement-benodet\/\"\n\n\n    data-wp-context='{\"destination\":false,\"showSearch\":true,\"isStickyAfterScroll\":false}'>\n\n    \n\n    <!-- Calendar Input -->\n            <div class=\"gt-form-field\">\n                        <input\n                data-wp-init=\"actions.setCaleran\"\n                class=\"gt-input gt-caleran gt-caleran-merged\"\n                name=\"calendar-input\"\n                type=\"text\"\n                value=\"28\/04\/2026 - 05\/05\/2026\"\n                            \/>\n        <\/div>\n    \n    <!-- Conditionally display Dropdown for Nombre de personnes -->\n    \n    <!-- Conditionally display Dropdown for Campings -->\n    \n    <!-- Conditionally display Dropdown for Types d'h\u00e9bergement -->\n    \n        <!-- Submit Button -->\n    <div class=\"gt-form-field\">\n        <button\n            type=\"submit\"\n            class=\"gt-button \"\n        >\n                            <span class=\"gt-button__icon\">\n                                            <svg\n                            xmlns=\"http:\/\/www.w3.org\/2000\/svg\"\n                            xmlns:xlink=\"http:\/\/www.w3.org\/1999\/xlink\"\n                            aria-hidden=\"true\"\n                            role=\"img\"\n                            width=\"24\"\n                            height=\"24\"\n                            preserveAspectRatio=\"xMidYMid meet\"\n                            viewBox=\"0 0 24 24\"\n                            >\n                            <g fill=\"none\" stroke=\"currentColor\" stroke-width=\"2\" stroke-linecap=\"round\">\n                                <path d=\"M15 15l6 6m-3-11a7 7 0 1 1-14 0a7 7 0 0 1 14 0\"><\/path>\n                            <\/g>\n                        <\/svg>\n                                    <\/span>\n                                            <span class=\"gt-button__text\">Zoek op<\/span>\n                    <\/button>\n    <\/div>\n    \n<\/form>\n\n<\/div>\n\n\n\n<div data-wp-context=\"{}\" data-wp-interactive=\"core\/query\" data-wp-key=\"6\" data-wp-router-region=\"query-6\" class=\"wp-block-query alignwide gt-ws-ctv-disponibilites-query emplacement is-layout-flow wp-block-query-is-layout-flow\"><ul class=\"wp-block-post-template is-layout-grid wp-container-core-post-template-is-layout-c37e0d04 wp-block-post-template-is-layout-grid\"><li data-gt-camping-id=\"1606\" data-wp-key=\"post-template-item-22092\" class=\"wp-block-post post-22092 hebergement type-hebergement status-publish gamme-locatie\">\n\n<div class=\"wp-block-group hebergement-wrap has-base-2-background-color has-background has-global-padding is-layout-constrained wp-container-core-group-is-layout-19e250f3 wp-block-group-is-layout-constrained\" style=\"border-radius:10px;box-shadow:var(--wp--preset--shadow--natural)\">\n<div class=\"wp-block-gt-gt-ws-ctv-product-images\"    data-wp-interactive=\"gt\/ctv\/hebergement\/image\"\n    data-wp-context='{\"images\":[\"https:\\\/\\\/static.secureholiday.net\\\/static\\\/Pictures\\\/1606\\\/00001281482.jpg\",\"https:\\\/\\\/static.secureholiday.net\\\/static\\\/Pictures\\\/1606\\\/00001281479.jpg\",\"https:\\\/\\\/static.secureholiday.net\\\/static\\\/Pictures\\\/1606\\\/00001281477.jpg\",\"https:\\\/\\\/static.secureholiday.net\\\/static\\\/Pictures\\\/1606\\\/00001281480.jpg\",\"https:\\\/\\\/static.secureholiday.net\\\/static\\\/Pictures\\\/1606\\\/00001281481.jpg\",\"https:\\\/\\\/static.secureholiday.net\\\/static\\\/Pictures\\\/1606\\\/00001281478.jpg\"],\"ratio\":\"16\\\/9\",\"jsonConfig\":[],\"sliderId\":\"69f0ca08c81f9\"}'        style=\"aspect-ratio: 16\/9\"\n    >\n\n    \n                                    <figure class=\"wp-block-image\" data-image-index=\"0\">\n\n                    \n                        <img decoding=\"async\"\n                            src=\"data:image\/svg+xml,%3Csvg xmlns='http:\/\/www.w3.org\/2000\/svg' viewBox='0 0 100 100'%3E%3Crect width='100' height='100' fill='grey'\/%3E%3C\/svg%3E\"\n                            width=\"1920\"\n                            height=\"1280\"\n                            data-gt-src=\"https:\/\/static.secureholiday.net\/static\/Pictures\/1606\/00001281482.jpg\"\n                            data-gt-srcset=\"https:\/\/static.secureholiday.net\/static\/Pictures\/1606\/00001281482.jpg 160w, https:\/\/static.secureholiday.net\/static\/Pictures\/1606\/00001281482.jpg?width=160 160w, https:\/\/static.secureholiday.net\/static\/Pictures\/1606\/00001281482.jpg?width=320 320w, https:\/\/static.secureholiday.net\/static\/Pictures\/1606\/00001281482.jpg?width=500 500w, https:\/\/static.secureholiday.net\/static\/Pictures\/1606\/00001281482.jpg?width=640 640w, https:\/\/static.secureholiday.net\/static\/Pictures\/1606\/00001281482.jpg?width=800 800w, https:\/\/static.secureholiday.net\/static\/Pictures\/1606\/00001281482.jpg?width=1024 1024w, https:\/\/static.secureholiday.net\/static\/Pictures\/1606\/00001281482.jpg?width=1600 1600w\"\n                            alt=\"Image 1 sur 1\"\n                            loading=\"lazy\"\n                            data-wp-init=\"actions.setImages\">\n                <\/figure>\n                    \n        \n    <\/div>\n\n\n<div class=\"wp-block-group alignfull hebergement-content has-base-2-background-color has-background is-layout-flow wp-container-core-group-is-layout-dec1c7ee wp-block-group-is-layout-flow\" style=\"padding-top:0.9rem;padding-right:2rem;padding-bottom:0.9rem;padding-left:2rem\"><div style=\"font-style:normal;font-weight:500;margin-top:var(--wp--preset--spacing--10)\" class=\"taxonomy-gamme has-text-align-center has-link-color gt-rotated wp-elements-592b3b51368dccbf0db34c8c17050406 wp-block-post-terms has-text-color has-accent-color has-medium-font-size has-caveat-font-family\"><a href=\"https:\/\/camping-benodet-vacances.com\/nl\/gamme\/locatie\/\" rel=\"tag\">Locatie<\/a><\/div>\n\n  \n <p style=\"font-size:clamp(0.875rem, 0.875rem + ((1vw - 0.2rem) * 0.708), 1.3rem);font-weight:600;line-height:1.2;text-transform:uppercase; padding-bottom:1rem;\" class=\"wp-elements-c99d0d8ae90bb0a29b161be418af4425 wp-block-gt-gt-ws-ctv-product-name has-text-color has-base-color\">\n     Standplaats + voertuig + elektriciteit 6A <\/p>\n \n\n\n<div class=\"wp-block-group alignfull hebergement-options is-layout-grid wp-container-core-group-is-layout-715e2ff7 wp-block-group-is-layout-grid\" style=\"font-size:0.7rem;font-style:normal;font-weight:600\">\n<div class=\"wp-block-gt-gt-ws-ctv-product-room\">\n            <img decoding=\"async\" src=\"https:\/\/camping-benodet-vacances.com\/wp-content\/uploads\/2024\/11\/chambres-1.svg\" alt=\"Icon\" class=\"gt-icon\" \/>\n        1 CH<\/div>\n\n\n\n<div class=\"wp-block-gt-gt-ws-ctv-product-capacity\">\n            <img decoding=\"async\" src=\"https:\/\/camping-benodet-vacances.com\/wp-content\/uploads\/2024\/11\/personne-1.svg\" alt=\"Icon\" class=\"gt-icon\" \/>\n        6  PERS<\/div>\n\n\n \n <div class=\"wp-block-gt-gt-ws-ctv-product-surface\">\n              <img decoding=\"async\" src=\"https:\/\/camping-benodet-vacances.com\/wp-content\/uploads\/2024\/11\/surface-1.svg\" alt=\"Icon\" class=\"gt-icon\" \/>\n          80m\u00b2\n <\/div>\n \n\n\n\n\n\n<\/div>\n\n\n\n<div class=\"wp-block-group alignfull hebergement-dispo is-layout-flow wp-block-group-is-layout-flow\">\n<hr class=\"wp-block-separator has-text-color has-alpha-channel-opacity has-background is-style-wide\" style=\"margin-top:var(--wp--preset--spacing--10);margin-bottom:var(--wp--preset--spacing--10);background-color:#33323217;color:#33323217\" \/>\n\n\n\n<div class=\"wp-block-group alignwide gt-break-mobile has-small-font-size is-content-justification-space-between is-nowrap is-layout-flex wp-container-core-group-is-layout-0c1b72c4 wp-block-group-is-layout-flex\">\n<div\n\tstyle=\"font-style:normal;font-weight:600;\" class=\"wp-block-gt-gt-ws-ctv-disponibilites has-medium-font-size\"\tdata-wp-interactive=\"gt\/ctv\"\n\tdata-wp-init=\"actions.loadStays\"\n\tdata-wp-bind--data-gt-statut=\"state.statut\"\n\tdata-wp-context='{\"isCamping\":false,\"idProduct\":\"82961\",\"campingKey\":\"1606\",\"disponibilites\":[],\"mainStay\":[],\"isIndisponible\":true}'>\n\n\t\t\t<div hidden class=\"gt-ws-ctv-spinner\" data-wp-bind--hidden=\"!state.isLoading\">\n\t\t\t<span class=\"loader\"><\/span>\n\t\t<\/div>\n\t\n\n\t<div data-wp-bind--hidden=\"state.isLoading\" class=\"gt-ws-ctv-disponibilite-wrap\">\n\n\t\t\t\t\t\t\t\t\t\t<div class=\"gt-ws-ctv-statut\" data-wp-text=\"state.titre\"><\/div>\n                \t\t\n\t\t\n\t\t\n\t\t\n\t\t\n\t<\/div>\n\n<\/div>\n\n\n\n<div class=\"wp-block-group is-content-justification-right is-nowrap is-layout-flex wp-container-core-group-is-layout-e6270afc wp-block-group-is-layout-flex\">\n<div\n\tstyle=\"font-size:clamp(0.875rem, 0.875rem + ((1vw - 0.2rem) * 0.708), 1.3rem);font-style:normal;font-weight:600;line-height:1.1;\" class=\"alignright wp-elements-a678eef1848e2b5a0ecf4d0c6eeff70f wp-block-gt-gt-ws-ctv-disponibilites has-text-color has-accent-color\"\tdata-wp-interactive=\"gt\/ctv\"\n\tdata-wp-init=\"actions.loadStays\"\n\tdata-wp-bind--data-gt-statut=\"state.statut\"\n\tdata-wp-context='{\"isCamping\":false,\"idProduct\":\"82961\",\"campingKey\":\"1606\",\"disponibilites\":[],\"mainStay\":[],\"isIndisponible\":true}'>\n\n\t\n\n\t<div data-wp-bind--hidden=\"state.isLoading\" class=\"gt-ws-ctv-disponibilite-wrap\">\n\n\t\t\n\t\t\t\t\t<div \n\t\t\t\tclass=\"gt-ws-ctv__disponibilite__price gt-ws-ctv__disponibilite__price--main\"\n\t\t\t\tdata-wp-bind--hidden=\"state.isIndisponible\"\n\t\t\t>\n                                <div>\n                    <div class=\"gt-ws-ctv__disponibilite__price__label\">Van <\/div>\n                    <span hidden class=\"gt-ws-ctv__disponibilite__price__original\" data-wp-bind--hidden=\"!state.mainStay.productSpecialOffer\">\n                        <strike><span data-wp-text=\"state.mainStay.productPrice.price\"><\/span>\u20ac<\/strike>\n                    <\/span>\n                    <span class=\"gt-ws-ctv__disponibilite__price__discounted\">\n                        <span data-wp-bind--data-gt-price=\"state.mainStay.productPrice.finalPrice\" class=\"gt-ws-ctv-data-price\" data-wp-text=\"state.mainStay.productPrice.finalPrice\"><\/span>\u20ac\n                    <\/span>\n                <\/div>\n                                    <img decoding=\"async\" src=\"\/wp-content\/uploads\/2024\/11\/fleche-cercles-1-3-1.png\">\n                \t\t\t<\/div>\n\t\t\n\t\t\n\t\t\n\t\t\n\t<\/div>\n\n<\/div>\n<\/div>\n<\/div>\n<\/div>\n<\/div>\n\n\n<a class=\"is-style-lien-cover wp-block-read-more has-large-font-size\" href=\"https:\/\/camping-benodet-vacances.com\/nl\/hebergement\/standplaats-comfort-1-voertuig-elektriciteit-6a-inbegrepen\/\" target=\"_blank\">Lees verder<span class=\"screen-reader-text\">: Standplaats + voertuig + elektriciteit 6A<\/span><\/a><\/div>\n\n<\/li><\/ul><\/div>\n<\/div>\n<\/div>\n\n\n\n<div style=\"height:6rem\" aria-hidden=\"true\" class=\"wp-block-spacer gt-hide-mobile\"><\/div>\n<\/div>\n\n<div class=\"wp-block-group alignfull position-relative gt-section-blue-right is-layout-flow wp-container-core-group-is-layout-a77db08e wp-block-group-is-layout-flow\">\n<div class=\"wp-block-group alignfull is-layout-flow wp-container-core-group-is-layout-bc493828 wp-block-group-is-layout-flow\" style=\"padding-left:148px\">\n<div class=\"wp-block-group alignfull has-base-background-color has-background is-layout-flow wp-block-group-is-layout-flow\" style=\"border-top-left-radius:70px;padding-top:var(--wp--preset--spacing--50);padding-right:var(--wp--preset--spacing--50);padding-bottom:var(--wp--preset--spacing--50);padding-left:var(--wp--preset--spacing--50)\">\n<div class=\"wp-block-group alignfull gt-break-mobile is-nowrap is-layout-flex wp-container-core-group-is-layout-f01a8a75 wp-block-group-is-layout-flex\">\n<div class=\"wp-block-group has-global-padding is-layout-constrained wp-block-group-is-layout-constrained\">\n<h2 class=\"wp-block-heading has-base-2-color has-text-color has-link-color wp-elements-1f5b2a33d48dda168fb35c9460ddf8cc\"><br \/> <br \/>De beschikbare faciliteiten voor uw verblijf in Finist\u00e8re<\/h2>\n\n\n\n<p class=\"has-base-2-color has-text-color has-link-color has-medium-font-size wp-elements-11b9e87b09182f6d5c85a457b0982d01\">Pour simplifier vos journ\u00e9es lors de votre s\u00e9jour \u00e0 B\u00e9nodet, nous mettons \u00e0 disposition des campeurs <strong>tous les \u00e9quipements et services n\u00e9cessaires<\/strong> : raccordement \u00e9lectrique 6 A, point d\u2019eau, espace laverie (machine \u00e0 laver et s\u00e8che-linge), <a href=\"https:\/\/camping-benodet-vacances.com\/camping-parc-aquatique-benodet\/\">espace aquatique<\/a>, aire de jeux, bar snack.<\/p>\n<\/div>\n\n\n\n<div class=\"wp-block-group has-global-padding is-layout-constrained wp-block-group-is-layout-constrained\">\n<p class=\"has-base-2-color has-text-color has-link-color has-medium-font-size wp-elements-b713bdde17a0122a1abe4e59f8ff9d7e\"><strong>Huisdieren <\/strong>(behalve categorie 1 en 2) zijn <strong>toegestaan<\/strong> op de camping (\u20ac3\/dag\/dier op kampeerplaats).<\/p>\n\n\n\n<p class=\"has-base-2-color has-text-color has-link-color has-medium-font-size wp-elements-ffe405c58b5bf727a84f1706f734c20c\">Belangrijk: onze sanitaire voorzieningen hebben riolering voor het legen van campers. Houd er rekening mee dat je je container naar ons &#8220;ledigingsstation&#8221; moet brengen en dat je je camper niet kunt legen via het luik op de vloer. <\/p>\n\n\n\n<div class=\"wp-block-group has-global-padding is-layout-constrained wp-block-group-is-layout-constrained\" style=\"margin-bottom:0\">\n<p class=\"has-base-2-color has-text-color has-link-color has-medium-font-size wp-elements-db4212eb8cc642c1ef6cc0319f41c876\">1 <strong>sanitairgebouw dicht bij de kampeerplaatsen<\/strong> is open om ervoor te zorgen dat je zo min mogelijk hoeft te wachten:<\/p>\n<\/div>\n\n\n\n<div class=\"wp-block-group has-global-padding is-layout-constrained wp-block-group-is-layout-constrained\" style=\"margin-top:0px\">\n<ul class=\"wp-block-list has-base-2-color has-text-color has-link-color wp-elements-20bdb2cd150ae30f089036320e1da564\">\n<li>Douchecabines met warm water (inbegrepen in de prijs)<\/li>\n\n\n\n<li>Wastafels<\/li>\n\n\n\n<li>Aparte toiletten<\/li>\n<\/ul>\n<\/div>\n<\/div>\n<\/div>\n<\/div>\n<\/div>\n\n\n\n<figure class=\"wp-block-image alignright size-full is-resized gt-deco-sun\"><img decoding=\"async\" width=\"752\" height=\"1511\" src=\"https:\/\/camping-benodet-vacances.com\/wp-content\/uploads\/2024\/10\/graphisme-1-1.png\" alt=\"afbeeldingen 1 1\" class=\"wp-image-298\" style=\"object-fit:cover;width:350px;height:350px\" srcset=\"https:\/\/camping-benodet-vacances.com\/wp-content\/uploads\/2024\/10\/graphisme-1-1.png 752w, https:\/\/camping-benodet-vacances.com\/wp-content\/uploads\/2024\/10\/graphisme-1-1-149x300.png 149w, https:\/\/camping-benodet-vacances.com\/wp-content\/uploads\/2024\/10\/graphisme-1-1-510x1024.png 510w\" sizes=\"(max-width: 752px) 100vw, 752px\" \/><\/figure>\n\n\n\n<div class=\"wp-block-cover aligncenter is-light has-custom-content-position is-position-bottom-left\" style=\"border-bottom-left-radius:154px;min-height:640px;aspect-ratio:unset;\"><img decoding=\"async\" width=\"1920\" height=\"646\" class=\"wp-block-cover__image-background wp-image-14761\" alt=\"animaux acceptes au camping dans le finistere\" src=\"https:\/\/camping-benodet-vacances.com\/wp-content\/uploads\/2024\/12\/animaux-acceptes-au-camping-dans-le-finistere.avif\" data-object-fit=\"cover\" srcset=\"https:\/\/camping-benodet-vacances.com\/wp-content\/uploads\/2024\/12\/animaux-acceptes-au-camping-dans-le-finistere.avif 1920w, https:\/\/camping-benodet-vacances.com\/wp-content\/uploads\/2024\/12\/animaux-acceptes-au-camping-dans-le-finistere-300x101.jpg 300w, https:\/\/camping-benodet-vacances.com\/wp-content\/uploads\/2024\/12\/animaux-acceptes-au-camping-dans-le-finistere-1024x345.jpg 1024w, https:\/\/camping-benodet-vacances.com\/wp-content\/uploads\/2024\/12\/animaux-acceptes-au-camping-dans-le-finistere-768x258.jpg 768w, https:\/\/camping-benodet-vacances.com\/wp-content\/uploads\/2024\/12\/animaux-acceptes-au-camping-dans-le-finistere-1536x517.jpg 1536w\" sizes=\"(max-width: 1920px) 100vw, 1920px\" \/><span aria-hidden=\"true\" class=\"wp-block-cover__background has-contrast-background-color has-background-dim-10 has-background-dim\"><\/span><div class=\"wp-block-cover__inner-container is-layout-flow wp-block-cover-is-layout-flow\">\n<p class=\"has-text-align-center has-base-2-color has-text-color has-link-color has-caveat-font-family gt-gsap-fadeIn wp-elements-be4c6cf536531d657439c7cdab4bbf3a\" style=\"padding-top:var(--wp--preset--spacing--30);padding-right:var(--wp--preset--spacing--40);padding-bottom:var(--wp--preset--spacing--30);padding-left:var(--wp--preset--spacing--40);font-size:clamp(48.588px, 3.037rem + ((1vw - 3.2px) * 4.939), 96px);line-height:1.2\">Huisdieren welkom!<\/p>\n<\/div><\/div>\n<\/div>\n\n<div class=\"wp-block-group alignwide is-layout-flow wp-block-group-is-layout-flow\">\n<div style=\"height:6rem\" aria-hidden=\"true\" class=\"wp-block-spacer gt-hide-mobile\"><\/div>\n\n\n\n<div class=\"wp-block-columns alignwide is-layout-flex wp-container-core-columns-is-layout-7fc3d43a wp-block-columns-is-layout-flex\">\n<div class=\"wp-block-column is-layout-flow wp-block-column-is-layout-flow\">\n<div class=\"wp-block-group is-content-justification-space-between is-nowrap is-layout-flex wp-container-core-group-is-layout-4e2e7437 wp-block-group-is-layout-flex\">\n<figure class=\"wp-block-image size-full is-style-rounded gt-img-full wp-container-content-9cfa9a5a is-style-rounded--2\"><img decoding=\"async\" width=\"639\" height=\"639\" src=\"https:\/\/camping-benodet-vacances.com\/wp-content\/uploads\/2024\/12\/cuisson-de-vos-brochettes.avif\" alt=\"uw kebabs bereiden\" class=\"wp-image-14764\" style=\"aspect-ratio:1;object-fit:cover\" srcset=\"https:\/\/camping-benodet-vacances.com\/wp-content\/uploads\/2024\/12\/cuisson-de-vos-brochettes.avif 639w, https:\/\/camping-benodet-vacances.com\/wp-content\/uploads\/2024\/12\/cuisson-de-vos-brochettes-300x300.jpg 300w, https:\/\/camping-benodet-vacances.com\/wp-content\/uploads\/2024\/12\/cuisson-de-vos-brochettes-150x150.jpg 150w, https:\/\/camping-benodet-vacances.com\/wp-content\/uploads\/2024\/12\/cuisson-de-vos-brochettes-400x400.jpg 400w, https:\/\/camping-benodet-vacances.com\/wp-content\/uploads\/2024\/12\/cuisson-de-vos-brochettes-600x600.jpg 600w\" sizes=\"(max-width: 639px) 100vw, 639px\" \/><figcaption class=\"wp-element-caption\">default<\/figcaption><\/figure>\n<\/div>\n<\/div>\n\n\n\n<div class=\"wp-block-column is-layout-flow wp-block-column-is-layout-flow\">\n<p class=\"gt-rotated gt-negative-left has-accent-color has-text-color has-link-color has-caveat-font-family has-xx-large-font-size wp-elements-6cc59549d4b3960707c0431976dae192\">Uitrusting<\/p>\n\n\n\n<h2 class=\"wp-block-heading has-base-color has-text-color has-link-color has-x-large-font-size wp-elements-7faf4dd5c41eb851d20af22cf744c368\" style=\"font-style:normal;font-weight:600;text-transform:uppercase\"><br \/>Extra uitrusting te huur<\/h2>\n\n\n\n<p>Kook in de open lucht en deel gezellige momenten!<\/p>\n\n\n\n<p>Huur een <strong>gasfornuis<\/strong> voor gebruik op uw kampeerplaats in B\u00e9nodet.<\/p>\n\n\n\n<p><strong>Eenvoudig te gebruiken<\/strong> apparatuur voor het bereiden van kebabs, garnalen en groentefricasses!<\/p>\n\n\n\n<p>Pour 5 euros par jour (minimum 3 jours), c\u2019est une alternative id\u00e9ale au barbecue \u00e9lectrique interdit sur le site.<\/p>\n<\/div>\n<\/div>\n<\/div>\n\n<div style=\"height:100px\" aria-hidden=\"true\" class=\"wp-block-spacer\"><\/div>\n\n<div class=\"wp-block-group alignfull gt-section-content-width-slider gt-break-mobile is-content-justification-right is-nowrap is-layout-flex wp-container-core-group-is-layout-99f77615 wp-block-group-is-layout-flex\" style=\"padding-right:0;padding-left:0\">\n<div class=\"wp-block-group has-contrast-2-background-color has-background has-global-padding is-layout-constrained wp-container-core-group-is-layout-b2dbe7bd wp-block-group-is-layout-constrained\" style=\"padding-right:var(--wp--preset--spacing--30);padding-bottom:var(--wp--preset--spacing--20);padding-left:var(--wp--preset--spacing--60)\">\n<div class=\"wp-block-group has-global-padding is-layout-constrained wp-container-core-group-is-layout-7db9d80f wp-block-group-is-layout-constrained\" style=\"padding-right:0;padding-left:0\">\n<div style=\"height:100px\" aria-hidden=\"true\" class=\"wp-block-spacer gt-hide-mobile\"><\/div>\n\n\n\n<h2 class=\"wp-block-heading has-base-color has-text-color has-link-color wp-elements-1b24cf87296f976c4628a8cc3a893c49\"><br \/>Onze moderne sanitaire voorzieningen en kwaliteit in de buurt<\/h2>\n\n\n\n<p>Als je kampeert op een kampeerplaats in Zuid-Finist\u00e8re, heb je toegang tot een <strong>modern toiletgebouw<\/strong> met voorzieningen <strong>voor mindervaliden<\/strong>.<\/p>\n\n\n\n<p>Het blok is goed onderhouden, <strong>ruim en compleet<\/strong> en beschikt over alle faciliteiten die je nodig hebt voor je dagelijkse welzijn: douches, wastafels, toiletten, afwas- en wasfaciliteiten, spiegels en stopcontacten.<\/p>\n<\/div>\n\n\n\n<div class=\"wp-block-group is-content-justification-right is-layout-flex wp-container-core-group-is-layout-94ae8342 wp-block-group-is-layout-flex\" style=\"padding-right:var(--wp--preset--spacing--30);padding-left:0\">\n<div class=\"wp-block-group is-content-justification-right is-nowrap is-layout-flex wp-container-core-group-is-layout-17124a9a wp-block-group-is-layout-flex\">\n<figure class=\"wp-block-image size-large is-resized gt-swiper-mb-1-left\"><img decoding=\"async\" width=\"17\" height=\"14\" src=\"https:\/\/camping-benodet-vacances.com\/wp-content\/uploads\/2024\/10\/left.svg\" alt=\"left\" class=\"wp-image-413\" style=\"width:16px\" \/><\/figure>\n\n\n\n<figure class=\"wp-block-image size-large is-resized gt-swiper-mb-1-right\"><img decoding=\"async\" width=\"17\" height=\"14\" src=\"https:\/\/camping-benodet-vacances.com\/wp-content\/uploads\/2024\/10\/right.svg\" alt=\"right\" class=\"wp-image-415\" style=\"width:16px\" \/><\/figure>\n<\/div>\n<\/div>\n<\/div>\n\n\n\n<div class=\"wp-block-group gt-swiper-mb-1 has-global-padding is-content-justification-right is-layout-constrained wp-container-core-group-is-layout-fbcf87ba wp-block-group-is-layout-constrained\">\n<div data-swiper=\"{&quot;speed&quot;:400,&quot;spaceBetween&quot;:0,&quot;slidesPerView&quot;:1,&quot;createElements&quot;:true,&quot;loop&quot;:true,&quot;freemode&quot;:true,&quot;navigation&quot;:{&quot;nextEl&quot;:&quot;.gt-swiper-mb-1-right&quot;,&quot;prevEl&quot;:&quot;.gt-swiper-mb-1-left&quot;},&quot;breakpoints&quot;:[{&quot;slidesPerView&quot;:1}],&quot;autoplay&quot;:{&quot;delay&quot;:2000}}\" class=\"wp-block-group gt-is-slider gt-is-slider-desktop is-layout-grid wp-container-core-group-is-layout-f2e2ae4a wp-block-group-is-layout-grid\" style=\"border-top-left-radius:2rem;border-top-right-radius:0rem;border-bottom-left-radius:2rem;border-bottom-right-radius:0rem\">\n<figure class=\"wp-block-image size-full has-custom-border\"><img decoding=\"async\" width=\"1152\" height=\"768\" src=\"https:\/\/camping-benodet-vacances.com\/wp-content\/uploads\/2024\/12\/nos-sanitaires-modernes-et-de-qualite-a-proximite.avif\" alt=\"onze moderne, hoogwaardige sanitaire voorzieningen in de buurt\" class=\"wp-image-14766\" style=\"border-top-left-radius:26px;border-top-right-radius:0px;border-bottom-left-radius:26px;object-fit:cover\" srcset=\"https:\/\/camping-benodet-vacances.com\/wp-content\/uploads\/2024\/12\/nos-sanitaires-modernes-et-de-qualite-a-proximite.avif 1152w, https:\/\/camping-benodet-vacances.com\/wp-content\/uploads\/2024\/12\/nos-sanitaires-modernes-et-de-qualite-a-proximite-300x200.jpg 300w, https:\/\/camping-benodet-vacances.com\/wp-content\/uploads\/2024\/12\/nos-sanitaires-modernes-et-de-qualite-a-proximite-1024x683.jpg 1024w, https:\/\/camping-benodet-vacances.com\/wp-content\/uploads\/2024\/12\/nos-sanitaires-modernes-et-de-qualite-a-proximite-768x512.jpg 768w\" sizes=\"(max-width: 1152px) 100vw, 1152px\" \/><\/figure>\n\n\n\n<figure class=\"wp-block-image size-full has-custom-border\"><img decoding=\"async\" width=\"1152\" height=\"768\" src=\"https:\/\/camping-benodet-vacances.com\/wp-content\/uploads\/2024\/12\/bloc-sanitaire-moderne.avif\" alt=\"modern sanitairgebouw\" class=\"wp-image-14768\" style=\"border-top-left-radius:26px;border-top-right-radius:0px;border-bottom-left-radius:26px;object-fit:cover\" srcset=\"https:\/\/camping-benodet-vacances.com\/wp-content\/uploads\/2024\/12\/bloc-sanitaire-moderne.avif 1152w, https:\/\/camping-benodet-vacances.com\/wp-content\/uploads\/2024\/12\/bloc-sanitaire-moderne-300x200.jpg 300w, https:\/\/camping-benodet-vacances.com\/wp-content\/uploads\/2024\/12\/bloc-sanitaire-moderne-1024x683.jpg 1024w, https:\/\/camping-benodet-vacances.com\/wp-content\/uploads\/2024\/12\/bloc-sanitaire-moderne-768x512.jpg 768w\" sizes=\"(max-width: 1152px) 100vw, 1152px\" \/><\/figure>\n\n\n\n<figure class=\"wp-block-image size-full has-custom-border\"><img decoding=\"async\" width=\"1152\" height=\"768\" src=\"https:\/\/camping-benodet-vacances.com\/wp-content\/uploads\/2024\/12\/toilettes-accessible-aux-personnes-a-mobilite-reduite.avif\" alt=\"Toegankelijke toiletten voor mensen met beperkte mobiliteit\" class=\"wp-image-14770\" style=\"border-top-left-radius:26px;border-top-right-radius:0px;border-bottom-left-radius:26px;object-fit:cover\" srcset=\"https:\/\/camping-benodet-vacances.com\/wp-content\/uploads\/2024\/12\/toilettes-accessible-aux-personnes-a-mobilite-reduite.avif 1152w, https:\/\/camping-benodet-vacances.com\/wp-content\/uploads\/2024\/12\/toilettes-accessible-aux-personnes-a-mobilite-reduite-300x200.jpg 300w, https:\/\/camping-benodet-vacances.com\/wp-content\/uploads\/2024\/12\/toilettes-accessible-aux-personnes-a-mobilite-reduite-1024x683.jpg 1024w, https:\/\/camping-benodet-vacances.com\/wp-content\/uploads\/2024\/12\/toilettes-accessible-aux-personnes-a-mobilite-reduite-768x512.jpg 768w\" sizes=\"(max-width: 1152px) 100vw, 1152px\" \/><\/figure>\n<\/div>\n<\/div>\n<\/div>\n\n<div id=\"gt-bg-image-1\" class=\"wp-block-group gt-bg-image gt-gsap-parallaxDown has-global-padding is-layout-constrained wp-container-core-group-is-layout-d032a070 wp-block-group-is-layout-constrained\" style=\"padding-left:var(--wp--preset--spacing--60)\">\n<figure class=\"wp-block-image aligncenter size-full\" style=\"margin-top:-370px\"><img decoding=\"async\" width=\"306\" height=\"313\" src=\"https:\/\/camping-benodet-vacances.com\/wp-content\/uploads\/2024\/10\/Insta-3.svg\" alt=\"Insta 3\" class=\"wp-image-463\" \/><\/figure>\n<\/div>\n\n<div style=\"height:4rem\" aria-hidden=\"true\" class=\"wp-block-spacer gt-show-mobile\"><\/div>\n\n<div class=\"wp-block-group alignwide has-medium-font-size is-layout-flow wp-block-group-is-layout-flow\">\n<h2 class=\"wp-block-heading h2-like has-base-color has-text-color has-link-color has-large-font-size wp-elements-4f9fa1f294c83718e1015ac700af9c48\" style=\"margin-top:0;margin-bottom:-16px;font-style:normal;font-weight:600;text-transform:uppercase\">D\u00e9couvrez nos mobil-homes, nos animations et NOS SERVICES<\/h2>\n\n\n\n<div class=\"wp-block-query alignwide gt-is-slider gt-is-slider-desktop is-layout-flow wp-block-query-is-layout-flow\"><ul class=\"wp-block-post-template is-layout-grid wp-container-core-post-template-is-layout-c37e0d04 wp-block-post-template-is-layout-grid\"><li class=\"wp-block-post post-20316 page type-page status-publish has-post-thumbnail\">\n\n<div class=\"wp-block-group overflow-hidden has-base-2-background-color has-background has-global-padding is-layout-constrained wp-container-core-group-is-layout-95730b41 wp-block-group-is-layout-constrained\" style=\"border-radius:0.5rem;min-height:100%;padding-top:0;padding-bottom:0;box-shadow:var(--wp--preset--shadow--natural)\">\n<figure class=\"wp-block-image\"><img decoding=\"async\" src=\"https:\/\/camping-benodet-vacances.com\/wp-content\/uploads\/2024\/12\/camping-animations-benodet-cta.avif\" alt=\"Animatie en avonden\" style=\"aspect-ratio:4\/3;object-fit:cover\" \/><\/figure>\n\n\n\n<div class=\"wp-block-group has-global-padding is-layout-constrained wp-container-core-group-is-layout-86dba5ee wp-block-group-is-layout-constrained\" style=\"padding-top:var(--wp--preset--spacing--10);padding-right:var(--wp--preset--spacing--10);padding-bottom:var(--wp--preset--spacing--10);padding-left:var(--wp--preset--spacing--10)\">\n<div class=\"wp-block-group has-global-padding is-layout-constrained wp-container-core-group-is-layout-e555385e wp-block-group-is-layout-constrained\">\n<p class=\"has-text-align-center gt-rotated has-accent-color has-text-color has-link-color has-caveat-font-family has-large-font-size wp-elements-005c35a45e8eeafe15ab6182ad9cdba1\" style=\"font-style:normal;font-weight:500\">Ontdek<\/p>\n\n\n\n<p class=\"has-text-align-center has-base-color has-text-color has-link-color has-caveat-font-family has-large-font-size wp-elements-0d156a93fb2aa5049bd2c20f062aa661\" style=\"font-style:normal;font-weight:400\">Animatie en avonden<\/p>\n<\/div>\n\n\n\n<p class=\"has-text-align-center has-medium-font-size\" style=\"font-style:normal;font-weight:400\">Leef je uit op campingclub B\u00e9nodet in Zuid-Finist\u00e8re<\/p>\n\n\n\n<div class=\"wp-block-group is-nowrap is-layout-flex wp-container-core-group-is-layout-37505225 wp-block-group-is-layout-flex\">\n<p class=\"has-base-color has-text-color has-link-color wp-elements-ca6bef4703fb7078f8a8b9ad071ad1aa\" style=\"font-size:0.8rem\">Lees meer<\/p>\n\n\n\n<figure class=\"wp-block-image size-full is-resized\" style=\"margin-top:0;margin-right:0;margin-bottom:0;margin-left:0\"><img decoding=\"async\" width=\"68\" height=\"64\" src=\"https:\/\/camping-benodet-vacances.com\/wp-content\/uploads\/2024\/11\/fleche-cercles-1-3-1.png\" alt=\"pijlcirkels 1 3\" class=\"wp-image-2522\" style=\"width:20px;height:auto\" \/><\/figure>\n<\/div>\n<\/div>\n\n\n<a class=\"is-style-lien-cover wp-block-read-more\" href=\"https:\/\/camping-benodet-vacances.com\/nl\/camping-animaties-benodet\/\" target=\"_self\">Lees verder<span class=\"screen-reader-text\">: Camping met animatie en avondevenementen in Zuid-Finist\u00e8re<\/span><\/a><\/div>\n\n<\/li><li class=\"wp-block-post post-20166 page type-page status-publish has-post-thumbnail\">\n\n<div class=\"wp-block-group overflow-hidden has-base-2-background-color has-background has-global-padding is-layout-constrained wp-container-core-group-is-layout-95730b41 wp-block-group-is-layout-constrained\" style=\"border-radius:0.5rem;min-height:100%;padding-top:0;padding-bottom:0;box-shadow:var(--wp--preset--shadow--natural)\">\n<figure class=\"wp-block-image\"><img decoding=\"async\" src=\"https:\/\/camping-benodet-vacances.com\/wp-content\/uploads\/2024\/12\/location-mobil-home-benodet-cta.avif\" alt=\"Onze huuraccommodaties\" style=\"aspect-ratio:4\/3;object-fit:cover\" \/><\/figure>\n\n\n\n<div class=\"wp-block-group has-global-padding is-layout-constrained wp-container-core-group-is-layout-86dba5ee wp-block-group-is-layout-constrained\" style=\"padding-top:var(--wp--preset--spacing--10);padding-right:var(--wp--preset--spacing--10);padding-bottom:var(--wp--preset--spacing--10);padding-left:var(--wp--preset--spacing--10)\">\n<div class=\"wp-block-group has-global-padding is-layout-constrained wp-container-core-group-is-layout-e555385e wp-block-group-is-layout-constrained\">\n<p class=\"has-text-align-center gt-rotated has-accent-color has-text-color has-link-color has-caveat-font-family has-large-font-size wp-elements-005c35a45e8eeafe15ab6182ad9cdba1\" style=\"font-style:normal;font-weight:500\">Ontdek<\/p>\n\n\n\n<p class=\"has-text-align-center has-base-color has-text-color has-link-color has-caveat-font-family has-large-font-size wp-elements-0d156a93fb2aa5049bd2c20f062aa661\" style=\"font-style:normal;font-weight:400\">Onze huuraccommodaties<\/p>\n<\/div>\n\n\n\n<p class=\"has-text-align-center has-medium-font-size\" style=\"font-style:normal;font-weight:400\">Vind de ideale stacaravan voor een onvergetelijk verblijf<\/p>\n\n\n\n<div class=\"wp-block-group is-nowrap is-layout-flex wp-container-core-group-is-layout-37505225 wp-block-group-is-layout-flex\">\n<p class=\"has-base-color has-text-color has-link-color wp-elements-ca6bef4703fb7078f8a8b9ad071ad1aa\" style=\"font-size:0.8rem\">Lees meer<\/p>\n\n\n\n<figure class=\"wp-block-image size-full is-resized\" style=\"margin-top:0;margin-right:0;margin-bottom:0;margin-left:0\"><img decoding=\"async\" width=\"68\" height=\"64\" src=\"https:\/\/camping-benodet-vacances.com\/wp-content\/uploads\/2024\/11\/fleche-cercles-1-3-1.png\" alt=\"pijlcirkels 1 3\" class=\"wp-image-2522\" style=\"width:20px;height:auto\" \/><\/figure>\n<\/div>\n<\/div>\n\n\n<a class=\"is-style-lien-cover wp-block-read-more\" href=\"https:\/\/camping-benodet-vacances.com\/nl\/locatie-stacaravan-benodet\/\" target=\"_self\">Lees verder<span class=\"screen-reader-text\">: Onze huuraccommodaties<\/span><\/a><\/div>\n\n<\/li><li class=\"wp-block-post post-20218 page type-page status-publish has-post-thumbnail\">\n\n<div class=\"wp-block-group overflow-hidden has-base-2-background-color has-background has-global-padding is-layout-constrained wp-container-core-group-is-layout-95730b41 wp-block-group-is-layout-constrained\" style=\"border-radius:0.5rem;min-height:100%;padding-top:0;padding-bottom:0;box-shadow:var(--wp--preset--shadow--natural)\">\n<figure class=\"wp-block-image\"><img decoding=\"async\" src=\"https:\/\/camping-benodet-vacances.com\/wp-content\/uploads\/2024\/12\/camping-familial-avec-restaurant-bar-benodet-cta.avif\" alt=\"Diensten en catering\" style=\"aspect-ratio:4\/3;object-fit:cover\" \/><\/figure>\n\n\n\n<div class=\"wp-block-group has-global-padding is-layout-constrained wp-container-core-group-is-layout-86dba5ee wp-block-group-is-layout-constrained\" style=\"padding-top:var(--wp--preset--spacing--10);padding-right:var(--wp--preset--spacing--10);padding-bottom:var(--wp--preset--spacing--10);padding-left:var(--wp--preset--spacing--10)\">\n<div class=\"wp-block-group has-global-padding is-layout-constrained wp-container-core-group-is-layout-e555385e wp-block-group-is-layout-constrained\">\n<p class=\"has-text-align-center gt-rotated has-accent-color has-text-color has-link-color has-caveat-font-family has-large-font-size wp-elements-005c35a45e8eeafe15ab6182ad9cdba1\" style=\"font-style:normal;font-weight:500\">Ontdek<\/p>\n\n\n\n<p class=\"has-text-align-center has-base-color has-text-color has-link-color has-caveat-font-family has-large-font-size wp-elements-0d156a93fb2aa5049bd2c20f062aa661\" style=\"font-style:normal;font-weight:400\">Diensten en catering<\/p>\n<\/div>\n\n\n\n<p class=\"has-text-align-center has-medium-font-size\" style=\"font-style:normal;font-weight:400\">Profiteer van de vele services en restaurants op uw camping in B\u00e9nodet<\/p>\n\n\n\n<div class=\"wp-block-group is-nowrap is-layout-flex wp-container-core-group-is-layout-37505225 wp-block-group-is-layout-flex\">\n<p class=\"has-base-color has-text-color has-link-color wp-elements-ca6bef4703fb7078f8a8b9ad071ad1aa\" style=\"font-size:0.8rem\">Lees meer<\/p>\n\n\n\n<figure class=\"wp-block-image size-full is-resized\" style=\"margin-top:0;margin-right:0;margin-bottom:0;margin-left:0\"><img decoding=\"async\" width=\"68\" height=\"64\" src=\"https:\/\/camping-benodet-vacances.com\/wp-content\/uploads\/2024\/11\/fleche-cercles-1-3-1.png\" alt=\"pijlcirkels 1 3\" class=\"wp-image-2522\" style=\"width:20px;height:auto\" \/><\/figure>\n<\/div>\n<\/div>\n\n\n<a class=\"is-style-lien-cover wp-block-read-more\" href=\"https:\/\/camping-benodet-vacances.com\/nl\/familiecamping-met-restaurant-en-bar-in-benodet\/\" target=\"_self\">Lees verder<span class=\"screen-reader-text\">: 4-sterren camping diensten<\/span><\/a><\/div>\n\n<\/li><\/ul><\/div>\n<\/div>\n","protected":false},"excerpt":{"rendered":"<p>Onze locaties Volledig ingerichte staanplaatsen te huur in Zuid-Finist\u00e8re Tent- en caravanplaatsen te huur Pour les adeptes du camping traditionnel en plein air, le camping 4 \u00e9toiles La Mer Blanche propose des emplacements spacieux et privatis\u00e9s pour vos vacances en camping \u00e0 B\u00e9nodet. Id\u00e9al pour un s\u00e9jour pas cher dans le Finist\u00e8re. Nos confortables emplacements [&hellip;]<\/p>\n","protected":false},"author":1,"featured_media":20149,"parent":0,"menu_order":0,"comment_status":"closed","ping_status":"closed","template":"wp-custom-template-page-emplacement","meta":{"_acf_changed":false,"_seopress_robots_primary_cat":"","_seopress_titles_title":"Kampeerplaatsen voor caravans B\u00e9nodet : Kampeerplaatsen voor tenten, campers en caravans Finist\u00e8re Sud","_seopress_titles_desc":"Reserveer een volledig uitgeruste kampeerplaats voor tenten en caravans: kampeerplaatsen te huur in Finist\u00e8re met faciliteiten dicht bij de toiletten","_seopress_robots_index":"","_gt_ctv_global_id":"1606","_gt_ctv_id_group":false,"inline_featured_image":false,"gt_fse_maillage_image":"https:\/\/camping-benodet-vacances.com\/wp-content\/uploads\/2024\/12\/location-emplacement-benodet-cta.avif","gt_fse_maillage_titre":"Onze locaties","gt_fse_maillage_alt":"Onze locaties","gt_fse_maillage_resume":"Reserveer een volledig uitgeruste kampeerplaats voor tenten en caravans","footnotes":""},"categories":[],"tags":[],"class_list":["post-20111","page","type-page","status-publish","has-post-thumbnail"],"acf":[],"_links":{"self":[{"href":"https:\/\/camping-benodet-vacances.com\/nl\/wp-json\/wp\/v2\/pages\/20111","targetHints":{"allow":["GET"]}}],"collection":[{"href":"https:\/\/camping-benodet-vacances.com\/nl\/wp-json\/wp\/v2\/pages"}],"about":[{"href":"https:\/\/camping-benodet-vacances.com\/nl\/wp-json\/wp\/v2\/types\/page"}],"author":[{"embeddable":true,"href":"https:\/\/camping-benodet-vacances.com\/nl\/wp-json\/wp\/v2\/users\/1"}],"replies":[{"embeddable":true,"href":"https:\/\/camping-benodet-vacances.com\/nl\/wp-json\/wp\/v2\/comments?post=20111"}],"version-history":[{"count":18,"href":"https:\/\/camping-benodet-vacances.com\/nl\/wp-json\/wp\/v2\/pages\/20111\/revisions"}],"predecessor-version":[{"id":34821,"href":"https:\/\/camping-benodet-vacances.com\/nl\/wp-json\/wp\/v2\/pages\/20111\/revisions\/34821"}],"wp:featuredmedia":[{"embeddable":true,"href":"https:\/\/camping-benodet-vacances.com\/nl\/wp-json\/wp\/v2\/media\/20149"}],"wp:attachment":[{"href":"https:\/\/camping-benodet-vacances.com\/nl\/wp-json\/wp\/v2\/media?parent=20111"}],"wp:term":[{"taxonomy":"category","embeddable":true,"href":"https:\/\/camping-benodet-vacances.com\/nl\/wp-json\/wp\/v2\/categories?post=20111"},{"taxonomy":"post_tag","embeddable":true,"href":"https:\/\/camping-benodet-vacances.com\/nl\/wp-json\/wp\/v2\/tags?post=20111"}],"curies":[{"name":"wp","href":"https:\/\/api.w.org\/{rel}","templated":true}]}}