{"id":20166,"date":"2024-11-18T15:58:14","date_gmt":"2024-11-18T14:58:14","guid":{"rendered":"https:\/\/www.camping-benodet-vacances.com\/location-mobil-home-benodet\/"},"modified":"2026-04-27T15:58:12","modified_gmt":"2026-04-27T13:58:12","slug":"locatie-stacaravan-benodet","status":"publish","type":"page","link":"https:\/\/camping-benodet-vacances.com\/nl\/locatie-stacaravan-benodet\/","title":{"rendered":"Onze huuraccommodaties"},"content":{"rendered":"\n<div class=\"wp-block-group alignfull has-global-padding is-layout-constrained wp-container-core-group-is-layout-63eb7806 wp-block-group-is-layout-constrained\">\n<p class=\"gt-rotated has-accent-color has-text-color has-link-color has-caveat-font-family has-xx-large-font-size wp-elements-ba00c9e68fe1a2d406f6e56f2843ea6f\">Onze verhuur<\/p>\n\n\n\n<div style=\"height:20px\" aria-hidden=\"true\" class=\"wp-block-spacer gt-hide-mobile\"><\/div>\n<\/div>\n\n<div class=\"wp-block-group alignwide is-layout-flow wp-block-group-is-layout-flow\">\n<div class=\"wp-block-group alignwide is-content-justification-space-between is-layout-flex wp-container-core-group-is-layout-a5ee66c4 wp-block-group-is-layout-flex\">\n<h1 class=\"wp-block-heading has-base-color has-text-color has-link-color has-x-large-font-size wp-elements-7d5ddfe295193384d6839c0d06c3032d\" style=\"font-style:normal;font-weight:600;text-transform:uppercase\"><br \/>Verhuur van stacaravans in B\u00e9nodet, Finist\u00e8re<\/h1>\n\n\n\n<div class=\"wp-block-buttons wp-container-content-9cfa9a5a is-layout-flex wp-block-buttons-is-layout-flex\">\n<div class=\"wp-block-button has-custom-width wp-block-button__width-50\"><a class=\"wp-block-button__link has-base-2-color has-accent-5-background-color has-text-color has-background has-link-color has-border-color has-accent-border-color has-small-font-size has-custom-font-size wp-element-button\" href=\"https:\/\/camping-benodet-vacances.com\/nl\/votre-recherche-de-sejour\/\" style=\"border-width:2px;font-style:normal;font-weight:200\">Verhuur<\/a><\/div>\n\n\n\n<div class=\"wp-block-button has-custom-width wp-block-button__width-50\"><a class=\"wp-block-button__link has-contrast-color has-contrast-3-background-color has-text-color has-background has-link-color has-border-color has-accent-border-color has-small-font-size has-custom-font-size wp-element-button\" href=\"https:\/\/camping-benodet-vacances.com\/nl\/location-emplacement-benodet\/\" style=\"border-width:2px;font-style:normal;font-weight:200\">Locaties<\/a><\/div>\n<\/div>\n<\/div>\n\n\n\n<div style=\"height:32px\" aria-hidden=\"true\" class=\"wp-block-spacer gt-hide-mobile\"><\/div>\n\n\n\n<p>Roept <strong>Bretagne<\/strong> jou? Stelt u zich de zeelucht, de zandstranden en de zachte levenswijze van de Bretonse Rivi\u00e8ra voor. Om optimaal van deze schatten te genieten, is <strong>het huren van een stacaravan in Zuid-Finist\u00e8re<\/strong> de beste optie. Op <strong>camping La Mer Blanche<\/strong>, gelegen in een groene omgeving van 6,5 hectare in <strong>B\u00e9nodet<\/strong>, zorgen wij voor een onvergetelijk verblijf.   <\/p>\n\n\n\n<p>Profiteer van een <a href=\"https:\/\/camping-benodet-vacances.com\/nl\/\">verblijf op onze camping<\/a>, ideaal voor een voordelige gezinsvakantie. Trouvez ici l&#8217;h\u00e9bergement qui correspond exactement \u00e0 vos envies, du nid douillet pour deux \u00e0 la grande r\u00e9sidence pour toute la tribu.<\/p>\n\n\n\n<div style=\"height:32px\" aria-hidden=\"true\" class=\"wp-block-spacer gt-hide-mobile\"><\/div>\n<\/div>\n\n<div style=\"height:8px\" aria-hidden=\"true\" class=\"wp-block-spacer gt-hide-mobile\"><\/div>\n\n<div class=\"wp-block-group alignwide has-global-padding is-content-justification-left is-layout-constrained wp-container-core-group-is-layout-ad95d4cf wp-block-group-is-layout-constrained\">\n<div data-wp-context=\"{}\" data-wp-interactive=\"core\/query\" data-wp-key=\"3\" data-wp-router-region=\"query-3\" class=\"wp-block-query alignwide gt-ws-ctv-disponibilites-query is-layout-flow wp-block-query-is-layout-flow\">\n\n<div class=\"wp-block-query-no-results\">\n\n<div class=\"wp-block-group has-global-padding is-layout-constrained wp-block-group-is-layout-constrained\">\n<p class=\"has-text-align-center has-medium-font-size\" style=\"font-style:normal;font-weight:500\">Sorry, maar er is geen accommodatie beschikbaar op deze data.<\/p>\n\n\n\n\n<form\n    id=\"gt-ws-ctv-resa-1\"\n    class=\"gt-ws-ctv-form-resa wp-block-gt-gt-ws-ctv-form-resa\"    data-wp-interactive=\"gt\/ctv\"\n    data-wp-init=\"actions.sortHebergements\"\n        method=\"POST\"\n    action=\"https:\/\/camping-benodet-vacances.com\/nl\/locatie-stacaravan-benodet\/\"\n\n\n    data-wp-context='{\"destination\":false,\"showSearch\":false,\"isStickyAfterScroll\":false}'>\n\n    \n\n    <!-- Calendar Input -->\n            <div class=\"gt-form-field\">\n                        <input\n                data-wp-init=\"actions.setCaleran\"\n                class=\"gt-input gt-caleran gt-caleran-merged\"\n                name=\"calendar-input\"\n                type=\"text\"\n                value=\"28\/04\/2026 - 05\/05\/2026\"\n                                    data-wp-on--change=\"actions.submitForm\"\n                    data-wp-on--gt_ws_ctv_updated=\"actions.submitForm\"\n                            \/>\n        <\/div>\n    \n    <!-- Conditionally display Dropdown for Nombre de personnes -->\n    \n    <!-- Conditionally display Dropdown for Campings -->\n    \n    <!-- Conditionally display Dropdown for Types d'h\u00e9bergement -->\n    \n    \n<\/form>\n\n    <div data-wp-interactive=\"gt\/ctv\">\n        <div hidden class=\"gt-ws-ctv-spinner\" data-wp-bind--hidden=\"!state.isLoading\">\n            <span class=\"loader\"><\/span>\n        <\/div>\n    <\/div>\n<\/div>\n\n<\/div>\n\n\n<div \n    class=\"wp-block-gt-gt-ws-ctv-product-no-results\"    data-wp-interactive=\"gt\/ctv\/filtres\"\n    hidden\n>\n   \n\n<p class=\"has-text-align-center\">Sorry, maar er zijn geen resultaten beschikbaar voor uw criteria.<\/p>\n\n   <button\n    data-wp-on--click=\"actions.clearAllFilters\"\n   >\n        <i class=\"fas fa-undo-alt\"><\/i>\n        R\u00e9initialisez les filtres    <\/button>\n<\/div>\n<\/div>\n<\/div>\n\n<div class=\"wp-block-group alignwide has-global-padding is-content-justification-left is-layout-constrained wp-container-core-group-is-layout-c4d06299 wp-block-group-is-layout-constrained\">\n<div data-wp-context=\"{}\" data-wp-interactive=\"core\/query\" data-wp-key=\"4\" data-wp-router-region=\"query-4\" class=\"wp-block-query alignwide gt-ws-ctv-contrepropositions-query is-layout-flow wp-block-query-is-layout-flow\">\n<div style=\"height:64px\" aria-hidden=\"true\" class=\"wp-block-spacer gt-hide-mobile\"><\/div>\n\n\n\n<h2 class=\"wp-block-heading has-base-color has-text-color has-link-color has-medium-font-size wp-elements-a28dd9332a1710f6d55de76ab4ab6501\">Accommodatie beschikbaar op andere data<\/h2>\n\n\n<\/div>\n<\/div>\n\n<div class=\"wp-block-group alignwide is-layout-flow wp-block-group-is-layout-flow\">\n<div style=\"height:6rem\" aria-hidden=\"true\" class=\"wp-block-spacer gt-hide-mobile\"><\/div>\n\n\n\n<div class=\"wp-block-columns alignwide is-layout-flex wp-container-core-columns-is-layout-7fc3d43a wp-block-columns-is-layout-flex\">\n<div class=\"wp-block-column is-layout-flow wp-block-column-is-layout-flow\">\n<p class=\"gt-rotated gt-negative-left has-accent-color has-text-color has-link-color has-caveat-font-family wp-elements-d835c849485234c5d46441cf3ee2fecf\" style=\"font-size:clamp(2.418rem, 2.418rem + ((1vw - 0.2rem) * 3.47), 4.5rem);\">Onze stacaravans<\/p>\n\n\n\n<h2 class=\"wp-block-heading has-base-color has-text-color has-link-color has-x-large-font-size wp-elements-9e53062a1803057ccf75324cf9f0ba41\" style=\"font-style:normal;font-weight:600;text-transform:uppercase\"><br \/> <br \/>Stellen, gezinnen, vrienden: huur de perfecte stacaravan in B\u00e9nodet<\/h2>\n\n\n    <div id=\"gt-fse-lire-plus-69f0ca0a3a698\" class=\"gt-fse-lire-plus\" data-min-height=\"130\" style=\"background-color: #f9f2e8;\">\n        <input id=\"gt-fse-lire-plus-69f0ca0a3a698-toggle\" type=\"checkbox\" class=\"gt-fse-lire-plus__toggle\" \/>\n        <label for=\"gt-fse-lire-plus-69f0ca0a3a698-toggle\" class=\"gt-fse-lire-plus__toggle-label\">\n            <span>Meer lezen<\/span>\n            <span>Minder lezen<\/span>\n        <\/label>\n        <div class=\"gt-fse-lire-plus__content\" style=\"height: 130px;\">\n            \n\n<p>Reserveer uw accommodatie voor uw kampeervakantie in B\u00e9nodet, in Zuid-Finist\u00e8re. De 4-sterren camping La Mer Blanche is ideaal gelegen <strong>dicht bij de stranden en de belangrijkste toeristische trekpleisters van Zuid-Finist\u00e8re<\/strong> en biedt verhuur van <strong>stacaravans voor 2 tot 12 personen<\/strong>, evenals <a href=\"https:\/\/camping-benodet-vacances.com\/nl\/location-emplacement-benodet\/\">staanplaatsen voor tenten, caravans en campers<\/a>. <\/p>\n\n\n\n<p>Of je nu <strong>alleen kampeert<\/strong>, <strong>met z&#8217;n twee\u00ebn<\/strong> op vakantie bent, <strong>met een groot gezin<\/strong>, <strong>met jonge kinderen<\/strong> of met een kleine <strong>groep vrienden<\/strong>, je bent van harte welkom op camping Mer Blanche! Ons huuraanbod van stacaravans in B\u00e9nodet is ontworpen om aan elke behoefte en elke wens te voldoen. <\/p>\n\n\n\n<p>Afhankelijk van je budget en je comfortvereisten kun je kiezen voor een <strong>stacaravan met twee slaapkamers voor 4<\/strong> of <strong>6<\/strong> <strong>personen<\/strong>, een stacaravan<strong> met drie slaapkamers <\/strong>of een stacaravan <strong>met vier slaapkamers<\/strong>, die geschikt is voor maximaal 9 personen.<\/p>\n\n\n\n<p>Kleine groepen, families of vriendengroepen tot 12 personen kunnen genieten van een rustige, comfortabele vakantie in onze <strong>accommodatie met 6 slaapkamers<\/strong> en <strong>twee badkamers<\/strong>. Ideaal om ieders privacy en rust te bewaren! <\/p>\n\n\n\n<p>Profiteer van een <strong>verblijf op onze camping<\/strong>, ideaal voor een voordelige gezinsvakantie. <\/p>\n\n\n\n<p>Al onze stacaravans te huur in Zuid-Finist\u00e8re zijn volledig uitgerust voor uw dagelijks leven. Ze hebben ook een <strong>aangenaam terras<\/strong> zodat u optimaal kunt genieten van de zeelucht, op een steenworp afstand van de stranden van B\u00e9nodet! <\/p>\n\n            <div class=\"gt-fse-lire-plus__gradient\" style=\"background: linear-gradient(to bottom,rgba(249,242,232,0) 0%,rgba(249,242,232,1) 100%);\"><\/div>\n        <\/div>\n    <\/div>\n    <\/div>\n\n\n\n<div class=\"wp-block-column is-layout-flow wp-block-column-is-layout-flow\">\n<div class=\"wp-block-group is-content-justification-space-between is-nowrap is-layout-flex wp-container-core-group-is-layout-cb46ffcb wp-block-group-is-layout-flex\">\n<figure class=\"wp-block-image size-full is-style-rounded gt-img-full wp-container-content-9cfa9a5a is-style-rounded--2\"><img decoding=\"async\" width=\"1280\" height=\"768\" src=\"https:\/\/camping-benodet-vacances.com\/wp-content\/uploads\/2024\/12\/hebergements-confortable-camping-la-mer-blanche-maeva-benodet.avif\" alt=\"comfortabele accommodatie camping la mer blanche maeva benodet\" class=\"wp-image-15246\" style=\"aspect-ratio:1;object-fit:cover\" srcset=\"https:\/\/camping-benodet-vacances.com\/wp-content\/uploads\/2024\/12\/hebergements-confortable-camping-la-mer-blanche-maeva-benodet.avif 1280w, https:\/\/camping-benodet-vacances.com\/wp-content\/uploads\/2024\/12\/hebergements-confortable-camping-la-mer-blanche-maeva-benodet-300x180.jpg 300w, https:\/\/camping-benodet-vacances.com\/wp-content\/uploads\/2024\/12\/hebergements-confortable-camping-la-mer-blanche-maeva-benodet-1024x614.jpg 1024w, https:\/\/camping-benodet-vacances.com\/wp-content\/uploads\/2024\/12\/hebergements-confortable-camping-la-mer-blanche-maeva-benodet-768x461.jpg 768w\" sizes=\"(max-width: 1280px) 100vw, 1280px\" \/><\/figure>\n\n\n\n<div data-gt-animation-delay=\"0.6\" class=\"wp-block-group z-index-1 gt-gsap-fadeInUp has-global-padding is-layout-constrained wp-block-group-is-layout-constrained\" style=\"padding-top:53px\">\n<figure data-gt-animation-speed=\"100\" class=\"wp-block-image size-full is-resized gt-dot-deco gt-gsap-parallaxDown\"><img alt=\"Cercle\" decoding=\"async\" width=\"168\" height=\"169\" src=\"https:\/\/camping-benodet-vacances.com\/wp-content\/uploads\/2024\/10\/Circle.svg\" alt=\"\" class=\"wp-image-182\" style=\"width:167px\" \/><\/figure>\n<\/div>\n<\/div>\n<\/div>\n<\/div>\n\n\n\n<div style=\"height:6rem\" aria-hidden=\"true\" class=\"wp-block-spacer gt-hide-mobile\"><\/div>\n\n\n\n<h2 class=\"wp-block-heading has-base-color has-text-color has-link-color has-x-large-font-size wp-elements-996fcdbc7511ada835ba871913cd50d6\" style=\"font-style:normal;font-weight:600;text-transform:uppercase\">Hoe kies je de juiste stacaravan?<\/h2>\n\n\n\n<p>Met zo&#8217;n groot aanbod is het niet altijd eenvoudig om te vinden wat je zoekt. Om het zeldzame pareltje te vinden tussen onze <strong>huuraccommodaties in stacaravans in Zuid-Finist\u00e8re<\/strong>, zijn dit de belangrijkste criteria die je moet controleren voor je reserveert: <\/p>\n\n\n\n<ul class=\"wp-block-list\">\n<li><strong>Capaciteit:<\/strong> hoeveel slaapkamers? Onze modellen vari\u00ebren van 2 tot 4 slaapkamers voor maximaal 12 personen. <\/li>\n\n\n\n<li><strong>Thermisch comfort:<\/strong> ben je bang voor de hitte? Airconditioning (beschikbaar in het Presta+ gamma) is een echt pluspunt in de zomer. <\/li>\n\n\n\n<li><strong>Budget:<\/strong> ben je op zoek naar een goedkope stacaravan in Zuid-Finist\u00e8re of een eersteklas accommodatie met tv en vaatwasser?<\/li>\n\n\n\n<li><strong>Buitenleven:<\/strong> een overdekt of halfoverdekt terras is essentieel als je buiten wilt eten, zelfs in een lichte Bretonse bui.<\/li>\n<\/ul>\n\n\n\n<p>Een <strong>stacaravan huren in Zuid-Finist\u00e8re<\/strong> moet een plek zijn waar je je thuis voelt. Vergelijk hieronder ons aanbod om de juiste keuze te maken. <\/p>\n<\/div>\n\n<div class=\"wp-block-columns alignwide is-layout-flex wp-container-core-columns-is-layout-7fc3d43a wp-block-columns-is-layout-flex\">\n<div class=\"wp-block-column is-layout-flow wp-block-column-is-layout-flow\">\n<div class=\"wp-block-group alignwide gt-slider-mak-with-text is-content-justification-center is-layout-flex wp-container-core-group-is-layout-2e827744 wp-block-group-is-layout-flex\">\n<div class=\"wp-block-group gt-slider-mask-wrap is-nowrap is-layout-flex wp-container-core-group-is-layout-9bd231a2 wp-block-group-is-layout-flex\">\n<div class=\"wp-block-group gt-slider-mask has-global-padding is-layout-constrained wp-block-group-is-layout-constrained\" style=\"padding-top:53px\">\n<div data-swiper=\"{&quot;speed&quot;:400,&quot;spaceBetween&quot;:16,&quot;slidesPerView&quot;:1,&quot;createElements&quot;:true,&quot;loop&quot;:true,&quot;freemode&quot;:true,&quot;navigation&quot;:{&quot;nextEl&quot;:&quot;buttonNext&quot;,&quot;prevEl&quot;:&quot;buttonPrev&quot;},&quot;pagination&quot;:{&quot;el&quot;:&quot;.swiper-pagination&quot;,&quot;dynamicBullets&quot;:true},&quot;breakpoints&quot;:[{&quot;slidesPerView&quot;:1}],&quot;autoplay&quot;:{&quot;delay&quot;:3000}}\" class=\"wp-block-group gt-is-slider gt-is-slider-desktop has-global-padding is-layout-constrained wp-container-core-group-is-layout-1cfdb9ee wp-block-group-is-layout-constrained\">\n<figure class=\"wp-block-image size-full\"><img decoding=\"async\" width=\"1280\" height=\"768\" src=\"https:\/\/camping-benodet-vacances.com\/wp-content\/uploads\/2024\/12\/hebergements-confortable-camping-la-mer-blanche-maeva-benodet.avif\" alt=\"comfortabele accommodatie camping la mer blanche maeva benodet\" class=\"wp-image-15246\" style=\"aspect-ratio:1;object-fit:cover\" srcset=\"https:\/\/camping-benodet-vacances.com\/wp-content\/uploads\/2024\/12\/hebergements-confortable-camping-la-mer-blanche-maeva-benodet.avif 1280w, https:\/\/camping-benodet-vacances.com\/wp-content\/uploads\/2024\/12\/hebergements-confortable-camping-la-mer-blanche-maeva-benodet-300x180.jpg 300w, https:\/\/camping-benodet-vacances.com\/wp-content\/uploads\/2024\/12\/hebergements-confortable-camping-la-mer-blanche-maeva-benodet-1024x614.jpg 1024w, https:\/\/camping-benodet-vacances.com\/wp-content\/uploads\/2024\/12\/hebergements-confortable-camping-la-mer-blanche-maeva-benodet-768x461.jpg 768w\" sizes=\"(max-width: 1280px) 100vw, 1280px\" \/><\/figure>\n\n\n\n<figure class=\"wp-block-image size-full\"><img decoding=\"async\" width=\"1280\" height=\"768\" src=\"https:\/\/camping-benodet-vacances.com\/wp-content\/uploads\/2024\/12\/mobil-home-confortable-camping-la-mer-blanche-maeva-benodet.avif\" alt=\"comfortabele stacaravan camping la mer blanche maeva benodet\" class=\"wp-image-15226\" style=\"aspect-ratio:1;object-fit:cover\" srcset=\"https:\/\/camping-benodet-vacances.com\/wp-content\/uploads\/2024\/12\/mobil-home-confortable-camping-la-mer-blanche-maeva-benodet.avif 1280w, https:\/\/camping-benodet-vacances.com\/wp-content\/uploads\/2024\/12\/mobil-home-confortable-camping-la-mer-blanche-maeva-benodet-300x180.jpg 300w, https:\/\/camping-benodet-vacances.com\/wp-content\/uploads\/2024\/12\/mobil-home-confortable-camping-la-mer-blanche-maeva-benodet-1024x614.jpg 1024w, https:\/\/camping-benodet-vacances.com\/wp-content\/uploads\/2024\/12\/mobil-home-confortable-camping-la-mer-blanche-maeva-benodet-768x461.jpg 768w\" sizes=\"(max-width: 1280px) 100vw, 1280px\" \/><\/figure>\n\n\n\n<figure class=\"wp-block-image size-full\"><img decoding=\"async\" width=\"618\" height=\"618\" src=\"https:\/\/camping-benodet-vacances.com\/wp-content\/uploads\/2024\/12\/nos-gammes-de-mobil-homes-en-location.avif\" alt=\"onze stacaravan verhuur assortimenten\" class=\"wp-image-14756\" style=\"aspect-ratio:1;object-fit:cover\" srcset=\"https:\/\/camping-benodet-vacances.com\/wp-content\/uploads\/2024\/12\/nos-gammes-de-mobil-homes-en-location.avif 618w, https:\/\/camping-benodet-vacances.com\/wp-content\/uploads\/2024\/12\/nos-gammes-de-mobil-homes-en-location-300x300.jpg 300w, https:\/\/camping-benodet-vacances.com\/wp-content\/uploads\/2024\/12\/nos-gammes-de-mobil-homes-en-location-150x150.jpg 150w, https:\/\/camping-benodet-vacances.com\/wp-content\/uploads\/2024\/12\/nos-gammes-de-mobil-homes-en-location-400x400.jpg 400w, https:\/\/camping-benodet-vacances.com\/wp-content\/uploads\/2024\/12\/nos-gammes-de-mobil-homes-en-location-600x600.jpg 600w\" sizes=\"(max-width: 618px) 100vw, 618px\" \/><\/figure>\n<\/div>\n<\/div>\n<\/div>\n\n\n\n<div class=\"wp-block-group wp-container-content-5b9a5e8f is-vertical is-layout-flex wp-container-core-group-is-layout-ea0cb840 wp-block-group-is-layout-flex\">\n<h2 class=\"wp-block-heading has-base-color has-text-color has-link-color has-x-large-font-size wp-elements-27f94e92735a1fbdf4035402ab8cd4b5\" style=\"font-style:normal;font-weight:600;text-transform:uppercase\">De Comfort Range: het essenti\u00eble voor een lage prijs<\/h2>\n\n\n\n<p>Wil je je budget onder controle houden zodat je optimaal kunt genieten van de cr\u00eaperies en uitstapjes in Les Gl\u00e9nan? Dan is de <strong>Comfort-reeks<\/strong> iets voor jou. Deze functionele en slimme accommodatie heeft alles wat je nodig hebt: een volledig uitgeruste keuken, gezellige slaapkamers en een terras voor je ontbijt in de zon.  <\/p>\n\n\n\n<p>C&#8217;est l&#8217;option id\u00e9ale pour ceux qui cherchent un <a href=\"https:\/\/camping-benodet-vacances.com\/nl\/goedkope-camping-in-benodet\/\">camping pas cher dans le Finist\u00e8re Sud<\/a>. Je hebt toegang tot alle 4-sterrenfaciliteiten van het domein (waterpark, animatie) terwijl je verblijft in een <strong>huuraccommodatie in een stacaravan in Finist\u00e8re<\/strong> voor een slimme prijs. Eenvoud is goed als het rijmt op sparen.<\/p>\n<\/div>\n<\/div>\n<\/div>\n<\/div>\n\n<div style=\"height:32px\" aria-hidden=\"true\" class=\"wp-block-spacer gt-hide-mobile\"><\/div>\n\n<div class=\"wp-block-group alignwide gt-slider-mak-with-text is-content-justification-center is-layout-flex wp-container-core-group-is-layout-2e827744 wp-block-group-is-layout-flex\">\n<div class=\"wp-block-group wp-container-content-5b9a5e8f is-vertical is-layout-flex wp-container-core-group-is-layout-ea0cb840 wp-block-group-is-layout-flex\">\n<div style=\"height:0px\" aria-hidden=\"true\" class=\"wp-block-spacer gt-hide-mobile wp-container-content-fdc43b14\"><\/div>\n\n\n\n<h2 class=\"wp-block-heading has-base-color has-text-color has-link-color wp-elements-9a67409539ab0024c0c88ecf4f395632\" style=\"margin-top:0;margin-bottom:0;font-style:normal;font-weight:600;text-transform:uppercase\">De Grand Confort reeks: ruimte en moderniteit<\/h2>\n\n\n\n<p class=\"has-medium-font-size\">Op zoek naar een balans tussen een aantrekkelijke prijs en een hoog serviceniveau? De <strong>Grand Confort serie<\/strong> is onze bestseller. Deze stacaravans bieden optimale leefruimtes en hebben vaak een televisie voor uw ontspanningsmomenten.  <\/p>\n\n\n\n<p class=\"has-medium-font-size\">Met een aangenaam terras kun je optimaal genieten van de lange zomeravonden. Dit is het hart van ons aanbod <strong>stacaravans te huur in Zuid-Finist\u00e8re<\/strong>. Je vindt er een keuken met praktische opbergmogelijkheden en kwaliteitsbeddengoed om bij te komen na je wandelingen langs het douanepad (GR34). Dit is de keuze bij uitstek voor gezinnen die de beste prijs-kwaliteitverhouding willen bij het <strong>huren van een stacaravan in Zuid-Finist\u00e8re<\/strong>.<\/p>\n<\/div>\n\n\n\n<div class=\"wp-block-group gt-slider-mask-wrap is-nowrap is-layout-flex wp-container-core-group-is-layout-9bd231a2 wp-block-group-is-layout-flex\">\n<div class=\"wp-block-group gt-slider-mask has-global-padding is-layout-constrained wp-block-group-is-layout-constrained\" style=\"padding-top:53px\">\n<div data-swiper=\"{&quot;speed&quot;:400,&quot;spaceBetween&quot;:16,&quot;slidesPerView&quot;:1,&quot;createElements&quot;:true,&quot;loop&quot;:true,&quot;freemode&quot;:true,&quot;navigation&quot;:{&quot;nextEl&quot;:&quot;buttonNext&quot;,&quot;prevEl&quot;:&quot;buttonPrev&quot;},&quot;pagination&quot;:{&quot;el&quot;:&quot;.swiper-pagination&quot;,&quot;dynamicBullets&quot;:true},&quot;breakpoints&quot;:[{&quot;slidesPerView&quot;:1}],&quot;autoplay&quot;:{&quot;delay&quot;:3000}}\" class=\"wp-block-group gt-is-slider gt-is-slider-desktop has-global-padding is-layout-constrained wp-container-core-group-is-layout-1cfdb9ee wp-block-group-is-layout-constrained\">\n<figure class=\"wp-block-image size-full\"><img alt=\"location mobil home grand confort finistere sud\" decoding=\"async\" width=\"1600\" height=\"1066\" src=\"https:\/\/camping-benodet-vacances.com\/wp-content\/uploads\/2026\/02\/location-mobil-home-grand-confort-finistere-1.jpg\" alt=\"\" class=\"wp-image-34859\" style=\"aspect-ratio:1;object-fit:cover\" srcset=\"https:\/\/camping-benodet-vacances.com\/wp-content\/uploads\/2026\/02\/location-mobil-home-grand-confort-finistere-1.jpg 1600w, https:\/\/camping-benodet-vacances.com\/wp-content\/uploads\/2026\/02\/location-mobil-home-grand-confort-finistere-1-300x200.jpg 300w, https:\/\/camping-benodet-vacances.com\/wp-content\/uploads\/2026\/02\/location-mobil-home-grand-confort-finistere-1-1024x682.jpg 1024w, https:\/\/camping-benodet-vacances.com\/wp-content\/uploads\/2026\/02\/location-mobil-home-grand-confort-finistere-1-768x512.jpg 768w, https:\/\/camping-benodet-vacances.com\/wp-content\/uploads\/2026\/02\/location-mobil-home-grand-confort-finistere-1-1536x1023.jpg 1536w\" sizes=\"(max-width: 1600px) 100vw, 1600px\" \/><\/figure>\n\n\n\n<figure class=\"wp-block-image size-full\"><img decoding=\"async\" width=\"618\" height=\"618\" src=\"https:\/\/camping-benodet-vacances.com\/wp-content\/uploads\/2024\/12\/mobil-homes-de-deux-et-trois-chambres-tout-confort-dans-le-sud-du-finistere.avif\" alt=\"comfortabele stacaravans met twee of drie slaapkamers in het zuiden van de finist&#xE8;re\" class=\"wp-image-14752\" style=\"aspect-ratio:1;object-fit:cover\" srcset=\"https:\/\/camping-benodet-vacances.com\/wp-content\/uploads\/2024\/12\/mobil-homes-de-deux-et-trois-chambres-tout-confort-dans-le-sud-du-finistere.avif 618w, https:\/\/camping-benodet-vacances.com\/wp-content\/uploads\/2024\/12\/mobil-homes-de-deux-et-trois-chambres-tout-confort-dans-le-sud-du-finistere-300x300.jpg 300w, https:\/\/camping-benodet-vacances.com\/wp-content\/uploads\/2024\/12\/mobil-homes-de-deux-et-trois-chambres-tout-confort-dans-le-sud-du-finistere-150x150.jpg 150w, https:\/\/camping-benodet-vacances.com\/wp-content\/uploads\/2024\/12\/mobil-homes-de-deux-et-trois-chambres-tout-confort-dans-le-sud-du-finistere-400x400.jpg 400w, https:\/\/camping-benodet-vacances.com\/wp-content\/uploads\/2024\/12\/mobil-homes-de-deux-et-trois-chambres-tout-confort-dans-le-sud-du-finistere-600x600.jpg 600w\" sizes=\"(max-width: 618px) 100vw, 618px\" \/><\/figure>\n\n\n\n<figure class=\"wp-block-image size-full\"><img decoding=\"async\" width=\"618\" height=\"618\" src=\"https:\/\/camping-benodet-vacances.com\/wp-content\/uploads\/2024\/12\/mobil-homes-avec-climatisation.avif\" alt=\"stacaravans met airconditioning\" class=\"wp-image-14758\" style=\"aspect-ratio:1;object-fit:cover\" srcset=\"https:\/\/camping-benodet-vacances.com\/wp-content\/uploads\/2024\/12\/mobil-homes-avec-climatisation.avif 618w, https:\/\/camping-benodet-vacances.com\/wp-content\/uploads\/2024\/12\/mobil-homes-avec-climatisation-300x300.jpg 300w, https:\/\/camping-benodet-vacances.com\/wp-content\/uploads\/2024\/12\/mobil-homes-avec-climatisation-150x150.jpg 150w, https:\/\/camping-benodet-vacances.com\/wp-content\/uploads\/2024\/12\/mobil-homes-avec-climatisation-400x400.jpg 400w, https:\/\/camping-benodet-vacances.com\/wp-content\/uploads\/2024\/12\/mobil-homes-avec-climatisation-600x600.jpg 600w\" sizes=\"(max-width: 618px) 100vw, 618px\" \/><\/figure>\n<\/div>\n<\/div>\n<\/div>\n<\/div>\n\n<div class=\"wp-block-group alignwide gt-slider-mak-with-text is-content-justification-center is-layout-flex wp-container-core-group-is-layout-2e827744 wp-block-group-is-layout-flex\">\n<div class=\"wp-block-group gt-slider-mask-wrap is-nowrap is-layout-flex wp-container-core-group-is-layout-9bd231a2 wp-block-group-is-layout-flex\">\n<div class=\"wp-block-group gt-slider-mask has-global-padding is-layout-constrained wp-block-group-is-layout-constrained\" style=\"padding-top:53px\">\n<div data-swiper=\"{&quot;speed&quot;:400,&quot;spaceBetween&quot;:16,&quot;slidesPerView&quot;:1,&quot;createElements&quot;:true,&quot;loop&quot;:true,&quot;freemode&quot;:true,&quot;navigation&quot;:{&quot;nextEl&quot;:&quot;buttonNext&quot;,&quot;prevEl&quot;:&quot;buttonPrev&quot;},&quot;pagination&quot;:{&quot;el&quot;:&quot;.swiper-pagination&quot;,&quot;dynamicBullets&quot;:true},&quot;breakpoints&quot;:[{&quot;slidesPerView&quot;:1}],&quot;autoplay&quot;:{&quot;delay&quot;:3000}}\" class=\"wp-block-group gt-is-slider gt-is-slider-desktop has-global-padding is-layout-constrained wp-container-core-group-is-layout-1cfdb9ee wp-block-group-is-layout-constrained\">\n<figure class=\"wp-block-image size-full\"><img decoding=\"async\" width=\"1600\" height=\"1066\" src=\"https:\/\/camping-benodet-vacances.com\/wp-content\/uploads\/2026\/02\/terrasse-couverte-mobil-home-finistere-sud-1.jpg\" alt=\"overdekt terras stacaravan finistere sud \" class=\"wp-image-34865\" style=\"aspect-ratio:1;object-fit:cover\" srcset=\"https:\/\/camping-benodet-vacances.com\/wp-content\/uploads\/2026\/02\/terrasse-couverte-mobil-home-finistere-sud-1.jpg 1600w, https:\/\/camping-benodet-vacances.com\/wp-content\/uploads\/2026\/02\/terrasse-couverte-mobil-home-finistere-sud-1-300x200.jpg 300w, https:\/\/camping-benodet-vacances.com\/wp-content\/uploads\/2026\/02\/terrasse-couverte-mobil-home-finistere-sud-1-1024x682.jpg 1024w, https:\/\/camping-benodet-vacances.com\/wp-content\/uploads\/2026\/02\/terrasse-couverte-mobil-home-finistere-sud-1-768x512.jpg 768w, https:\/\/camping-benodet-vacances.com\/wp-content\/uploads\/2026\/02\/terrasse-couverte-mobil-home-finistere-sud-1-1536x1023.jpg 1536w\" sizes=\"(max-width: 1600px) 100vw, 1600px\" \/><\/figure>\n\n\n\n<figure class=\"wp-block-image size-full\"><img decoding=\"async\" width=\"2000\" height=\"1333\" src=\"https:\/\/camping-benodet-vacances.com\/wp-content\/uploads\/2026\/02\/location-mobil-home-luxe-finistere-1.jpg\" alt=\"verhuur van luxe stacaravans finist&#xE8;re\" class=\"wp-image-34862\" style=\"aspect-ratio:1;object-fit:cover\" srcset=\"https:\/\/camping-benodet-vacances.com\/wp-content\/uploads\/2026\/02\/location-mobil-home-luxe-finistere-1.jpg 2000w, https:\/\/camping-benodet-vacances.com\/wp-content\/uploads\/2026\/02\/location-mobil-home-luxe-finistere-1-300x200.jpg 300w, https:\/\/camping-benodet-vacances.com\/wp-content\/uploads\/2026\/02\/location-mobil-home-luxe-finistere-1-1024x682.jpg 1024w, https:\/\/camping-benodet-vacances.com\/wp-content\/uploads\/2026\/02\/location-mobil-home-luxe-finistere-1-768x512.jpg 768w, https:\/\/camping-benodet-vacances.com\/wp-content\/uploads\/2026\/02\/location-mobil-home-luxe-finistere-1-1536x1024.jpg 1536w\" sizes=\"(max-width: 2000px) 100vw, 2000px\" \/><\/figure>\n\n\n\n<figure class=\"wp-block-image size-full\"><img decoding=\"async\" width=\"1600\" height=\"1066\" src=\"https:\/\/camping-benodet-vacances.com\/wp-content\/uploads\/2026\/02\/chambres-enfants-location-mobil-home-bretagne-1.jpg\" alt=\"verhuur stacaravan met kinderslaapkamer Bretagne\" class=\"wp-image-34868\" style=\"aspect-ratio:1;object-fit:cover\" srcset=\"https:\/\/camping-benodet-vacances.com\/wp-content\/uploads\/2026\/02\/chambres-enfants-location-mobil-home-bretagne-1.jpg 1600w, https:\/\/camping-benodet-vacances.com\/wp-content\/uploads\/2026\/02\/chambres-enfants-location-mobil-home-bretagne-1-300x200.jpg 300w, https:\/\/camping-benodet-vacances.com\/wp-content\/uploads\/2026\/02\/chambres-enfants-location-mobil-home-bretagne-1-1024x682.jpg 1024w, https:\/\/camping-benodet-vacances.com\/wp-content\/uploads\/2026\/02\/chambres-enfants-location-mobil-home-bretagne-1-768x512.jpg 768w, https:\/\/camping-benodet-vacances.com\/wp-content\/uploads\/2026\/02\/chambres-enfants-location-mobil-home-bretagne-1-1536x1023.jpg 1536w\" sizes=\"(max-width: 1600px) 100vw, 1600px\" \/><\/figure>\n\n\n\n<figure class=\"wp-block-image size-full\"><img decoding=\"async\" width=\"1600\" height=\"1066\" src=\"https:\/\/camping-benodet-vacances.com\/wp-content\/uploads\/2026\/02\/salle-de-bains-location-mobil-home-finistere-sud-1.jpg\" alt=\"badkamer stacaravan finistere sud\" class=\"wp-image-34871\" style=\"aspect-ratio:1;object-fit:cover\" srcset=\"https:\/\/camping-benodet-vacances.com\/wp-content\/uploads\/2026\/02\/salle-de-bains-location-mobil-home-finistere-sud-1.jpg 1600w, https:\/\/camping-benodet-vacances.com\/wp-content\/uploads\/2026\/02\/salle-de-bains-location-mobil-home-finistere-sud-1-300x200.jpg 300w, https:\/\/camping-benodet-vacances.com\/wp-content\/uploads\/2026\/02\/salle-de-bains-location-mobil-home-finistere-sud-1-1024x682.jpg 1024w, https:\/\/camping-benodet-vacances.com\/wp-content\/uploads\/2026\/02\/salle-de-bains-location-mobil-home-finistere-sud-1-768x512.jpg 768w, https:\/\/camping-benodet-vacances.com\/wp-content\/uploads\/2026\/02\/salle-de-bains-location-mobil-home-finistere-sud-1-1536x1023.jpg 1536w\" sizes=\"(max-width: 1600px) 100vw, 1600px\" \/><\/figure>\n<\/div>\n<\/div>\n<\/div>\n\n\n\n<div class=\"wp-block-group wp-container-content-5b9a5e8f is-vertical is-layout-flex wp-container-core-group-is-layout-ea0cb840 wp-block-group-is-layout-flex\">\n<div style=\"height:0px\" aria-hidden=\"true\" class=\"wp-block-spacer gt-hide-mobile wp-container-content-fdc43b14\"><\/div>\n\n\n\n<h2 class=\"wp-block-heading has-base-color has-text-color has-link-color wp-elements-81a2b52bf9f74dc501513c72904c476b\" style=\"margin-top:0;margin-bottom:0;font-style:normal;font-weight:600;text-transform:uppercase\">Het Presta+ gamma: luxe in het hart van de natuur<\/h2>\n\n\n\n<p class=\"has-medium-font-size\">Voor wie geen compromissen wil sluiten, zijn onze<strong>&#8220;Presta +<\/strong>&#8221; modellen het toonbeeld van uitmuntendheid. Stelt u zich eens voor: <strong>een stacaravan huren in Finist\u00e8re<\/strong> met televisie, airconditioning, vaatwasser en royale leefruimte. <\/p>\n\n\n\n<p class=\"has-medium-font-size\">Sommige van onze grotere<strong>&#8220;Tribu&#8221;-modellen<\/strong> bieden plaats aan 12 personen in 4 of meer slaapkamers! Het is net een vakantiehuis, maar dan met hoteldiensten. Als je op zoek bent naar een eersteklas ervaring, dan ben je hier aan het juiste adres. Geen klusjes meer, gewoon absolute ontspanning in een moderne omgeving.   <\/p>\n<\/div>\n<\/div>\n\n<div style=\"height:4rem\" aria-hidden=\"true\" class=\"wp-block-spacer gt-hide-mobile\"><\/div>\n\n<div class=\"wp-block-group alignwide is-layout-flow wp-block-group-is-layout-flow\">\n<div style=\"height:6rem\" aria-hidden=\"true\" class=\"wp-block-spacer gt-hide-mobile\"><\/div>\n\n\n\n<div class=\"wp-block-columns alignwide is-layout-flex wp-container-core-columns-is-layout-7fc3d43a wp-block-columns-is-layout-flex\">\n<div class=\"wp-block-column is-layout-flow wp-block-column-is-layout-flow\">\n<p class=\"gt-rotated gt-negative-left has-accent-color has-text-color has-link-color has-caveat-font-family wp-elements-fade24bc6f4dcfa4343d83d70dc60180\" style=\"font-size:clamp(2.418rem, 2.418rem + ((1vw - 0.2rem) * 3.47), 4.5rem);\">Betaalbare vakanties<\/p>\n\n\n\n<h2 class=\"wp-block-heading has-base-color has-text-color has-link-color has-x-large-font-size wp-elements-1dd2bcb134b32019133694af353a507d\" style=\"font-style:normal;font-weight:600;text-transform:uppercase\">Praktische diensten en hulp tijdens vakanties<\/h2>\n\n\n\n<p>We weten dat het budget een doorslaggevende factor is. Om je vakantie te vergemakkelijken, zijn we een <a href=\"https:\/\/camping-benodet-vacances.com\/nl\/kamperen-vacaf-benodet\/\">door de VACAF erkende camping in Bretagne<\/a>. Dit betekent dat begunstigden kunnen profiteren van een rechtstreekse betaling voor hun vakantie. We zijn ook een <a href=\"https:\/\/camping-benodet-vacances.com\/nl\/ancv-kamperen-benodet\/\">ANCV-erkende camping in Bretagne<\/a>, dus je kunt je vakantie gemakkelijk betalen.   <\/p>\n\n\n\n<p>Als je liever traditioneel kampeert in een tent of caravan, kun je bij ons<a href=\"https:\/\/camping-benodet-vacances.com\/nl\/location-emplacement-benodet\/\">in Zuid-Finist\u00e8re ookkampeerplaatsen<\/a> <strong>huren<\/strong> op afgebakende grasvelden.<\/p>\n\n\n\n<p>Wacht niet langer. <strong>De prijzen voor stacaravans in Zuid-Finist\u00e8re<\/strong> zijn het aantrekkelijkst als je vroeg boekt. Bekijk onze beschikbaarheid en profiteer van deze langverwachte vakantie in Bretagne!  <\/p>\n<\/div>\n\n\n\n<div class=\"wp-block-column is-layout-flow wp-block-column-is-layout-flow\">\n<div class=\"wp-block-group is-content-justification-space-between is-nowrap is-layout-flex wp-container-core-group-is-layout-cb46ffcb wp-block-group-is-layout-flex\">\n<figure class=\"wp-block-image size-full is-style-rounded gt-img-full wp-container-content-9cfa9a5a is-style-rounded--3\"><img decoding=\"async\" width=\"562\" height=\"562\" src=\"https:\/\/camping-benodet-vacances.com\/wp-content\/uploads\/2024\/12\/votre-camping-vacaf-dans-le-finistere.avif\" alt=\"uw vacaf camping in finist&#xE8;re\" class=\"wp-image-14668\" style=\"aspect-ratio:1;object-fit:cover\" srcset=\"https:\/\/camping-benodet-vacances.com\/wp-content\/uploads\/2024\/12\/votre-camping-vacaf-dans-le-finistere.avif 562w, https:\/\/camping-benodet-vacances.com\/wp-content\/uploads\/2024\/12\/votre-camping-vacaf-dans-le-finistere-300x300.jpg 300w, https:\/\/camping-benodet-vacances.com\/wp-content\/uploads\/2024\/12\/votre-camping-vacaf-dans-le-finistere-150x150.jpg 150w, https:\/\/camping-benodet-vacances.com\/wp-content\/uploads\/2024\/12\/votre-camping-vacaf-dans-le-finistere-400x400.jpg 400w\" sizes=\"(max-width: 562px) 100vw, 562px\" \/><\/figure>\n\n\n\n<div data-gt-animation-delay=\"0.6\" class=\"wp-block-group z-index-1 gt-gsap-fadeInUp has-global-padding is-layout-constrained wp-block-group-is-layout-constrained\" style=\"padding-top:53px\">\n<figure data-gt-animation-speed=\"100\" class=\"wp-block-image size-full is-resized gt-dot-deco gt-gsap-parallaxDown\"><img alt=\"Cercle\" decoding=\"async\" width=\"168\" height=\"169\" src=\"https:\/\/camping-benodet-vacances.com\/wp-content\/uploads\/2024\/10\/Circle.svg\" alt=\"\" class=\"wp-image-182\" style=\"width:167px\" \/><\/figure>\n<\/div>\n<\/div>\n<\/div>\n<\/div>\n<\/div>\n\n<div class=\"wp-block-group alignwide is-layout-flow wp-block-group-is-layout-flow\">\n<div style=\"height:6rem\" aria-hidden=\"true\" class=\"wp-block-spacer gt-hide-mobile\"><\/div>\n\n\n\n<div class=\"wp-block-columns alignwide is-layout-flex wp-container-core-columns-is-layout-7fc3d43a wp-block-columns-is-layout-flex\">\n<div class=\"wp-block-column is-layout-flow wp-block-column-is-layout-flow\">\n<h2 class=\"wp-block-heading has-base-color has-text-color has-link-color has-large-font-size wp-elements-fbedbcaf75fe344fb07242b30b078c0d\" style=\"font-style:normal;font-weight:600;text-transform:uppercase\">FAQ &#8211; Alles wat je moet weten over het huren van een stacaravan<\/h2>\n\n\n\n<div style=\"height:1rem\" aria-hidden=\"true\" class=\"wp-block-spacer gt-hide-mobile\"><\/div>\n\n\n\n<div class=\"wp-block-group has-base-background-color has-background has-global-padding is-layout-constrained wp-container-core-group-is-layout-639b5052 wp-block-group-is-layout-constrained\" style=\"border-radius:32px;padding-top:0;padding-right:0;padding-bottom:0;padding-left:0\">\n<details style=\"font-style:normal;font-weight:600;line-height:1.5; border-radius:25px;border-width:1px; padding-left:var(--wp--preset--spacing--30);padding-right:var(--wp--preset--spacing--30);padding-top:0.5rem;padding-bottom:0.5rem;\" class=\"gt-fse-faq alignwide wp-block-gt-gt-fse-faq alignwide gt-fse-faq has-base-color has-contrast-3-background-color has-text-color has-background has-link-color wp-elements-2c1e29fdc6eb254f34cea4b81a90fccb wp-block-gt-gt-fse-faq has-text-color has-base-color has-background has-contrast-3-background-color\" data-wp-interactive=\"gt-fse-faq\" data-wp-context='{ \"isOpen\": false }'>\n\t<summary aria-expanded=\"false\" class=\"gt-fse-faq-summary\" data-wp-on--click=\"actions.toggle\" data-wp-bind--aria-expanded=\"context.isOpen\">\n\t\t<h3 class=\"gt-fse-faq-summary-text\">Welke huuraccommodatie in een stacaravan moet je kiezen voor een groot gezin?<\/h3>\n\t\t<span class=\"gt-fse-faq-opener\"><\/span>\n\t<\/summary>\n\t<div class=\"gt-fse-faq-content\">\n\t\t\n\n<p style=\"font-style:normal;font-weight:400\">Voor grote groepen kun je kiezen voor onze &#8220;Presta + Tribu&#8221; serie. Deze XXL stacaravans zijn geschikt voor maximaal 12 personen met 4 slaapkamers. Het is de ideale oplossing voor een gezellige <strong>vakantie in een stacaravan in Finist\u00e8re<\/strong>, met alle moderne comfort (vaatwasser, airconditioning).  <\/p>\n\n\t<\/div>\n<\/details><\/div>\n\n\n\n<div class=\"wp-block-group has-base-background-color has-background has-global-padding is-layout-constrained wp-container-core-group-is-layout-639b5052 wp-block-group-is-layout-constrained\" style=\"border-radius:32px;padding-top:0;padding-right:0;padding-bottom:0;padding-left:0\">\n<details style=\"font-style:normal;font-weight:600;line-height:1.5; border-radius:25px;border-width:1px; padding-left:var(--wp--preset--spacing--30);padding-right:var(--wp--preset--spacing--30);padding-top:0.5rem;padding-bottom:0.5rem;\" class=\"gt-fse-faq alignwide wp-block-gt-gt-fse-faq alignwide gt-fse-faq has-base-color has-contrast-3-background-color has-text-color has-background has-link-color wp-elements-9f1df9e82251768e72ca1194e3823dee wp-block-gt-gt-fse-faq has-text-color has-base-color has-background has-contrast-3-background-color\" data-wp-interactive=\"gt-fse-faq\" data-wp-context='{ \"isOpen\": false }'>\n\t<summary aria-expanded=\"false\" class=\"gt-fse-faq-summary\" data-wp-on--click=\"actions.toggle\" data-wp-bind--aria-expanded=\"context.isOpen\">\n\t\t<h3 class=\"gt-fse-faq-summary-text\">Accepteert de camping VACAF-hulp?<\/h3>\n\t\t<span class=\"gt-fse-faq-opener\"><\/span>\n\t<\/summary>\n\t<div class=\"gt-fse-faq-content\">\n\t\t\n\n<p style=\"font-style:normal;font-weight:400\">Ja, absoluut. Onze vestiging is erkend door de VACAF. U kunt uw recht gebruiken om de huur van uw stacaravan in Zuid-Finist\u00e8re geheel of gedeeltelijk te financieren. Vergeet niet om ons uw voordeelnummer door te geven wanneer u uw kampeervakantie boekt.   <\/p>\n\n\t<\/div>\n<\/details><\/div>\n\n\n\n<div class=\"wp-block-group has-base-background-color has-background has-global-padding is-layout-constrained wp-container-core-group-is-layout-639b5052 wp-block-group-is-layout-constrained\" style=\"border-radius:32px;padding-top:0;padding-right:0;padding-bottom:0;padding-left:0\">\n<details style=\"font-style:normal;font-weight:600;line-height:1.5; border-radius:25px;border-width:1px; padding-left:var(--wp--preset--spacing--30);padding-right:var(--wp--preset--spacing--30);padding-top:0.5rem;padding-bottom:0.5rem;\" class=\"gt-fse-faq alignwide wp-block-gt-gt-fse-faq alignwide gt-fse-faq has-base-color has-contrast-3-background-color has-text-color has-background has-link-color wp-elements-dd6aee39eb08eaec129febadd1d56a54 wp-block-gt-gt-fse-faq has-text-color has-base-color has-background has-contrast-3-background-color\" data-wp-interactive=\"gt-fse-faq\" data-wp-context='{ \"isOpen\": false }'>\n\t<summary aria-expanded=\"false\" class=\"gt-fse-faq-summary\" data-wp-on--click=\"actions.toggle\" data-wp-bind--aria-expanded=\"context.isOpen\">\n\t\t<h3 class=\"gt-fse-faq-summary-text\">Is het zwembad het hele seizoen verwarmd?<\/h3>\n\t\t<span class=\"gt-fse-faq-opener\"><\/span>\n\t<\/summary>\n\t<div class=\"gt-fse-faq-content\">\n\t\t\n\n<p style=\"font-style:normal;font-weight:400\">Ja, ons <strong>verwarmde overdekte zwembad<\/strong> wordt op 25\u00b0C gehouden vanaf de opening van de camping, van 4 april tot 19 september 2026. Zo kun je tijdens je <strong>vakantie in Zuid-Finist\u00e8re<\/strong> genieten van de geneugten van het water, ongeacht het weer. <\/p>\n\n\t<\/div>\n<\/details><\/div>\n\n\n\n<div class=\"wp-block-group has-base-background-color has-background has-global-padding is-layout-constrained wp-container-core-group-is-layout-639b5052 wp-block-group-is-layout-constrained\" style=\"border-radius:32px;padding-top:0;padding-right:0;padding-bottom:0;padding-left:0\">\n<details style=\"font-style:normal;font-weight:600;line-height:1.5; border-radius:25px;border-width:1px; padding-left:var(--wp--preset--spacing--30);padding-right:var(--wp--preset--spacing--30);padding-top:0.5rem;padding-bottom:0.5rem;\" class=\"gt-fse-faq alignwide wp-block-gt-gt-fse-faq alignwide gt-fse-faq has-base-color has-contrast-3-background-color has-text-color has-background has-link-color wp-elements-38caf7219572bb42f7b7b99dfb18e7d9 wp-block-gt-gt-fse-faq has-text-color has-base-color has-background has-contrast-3-background-color\" data-wp-interactive=\"gt-fse-faq\" data-wp-context='{ \"isOpen\": false }'>\n\t<summary aria-expanded=\"false\" class=\"gt-fse-faq-summary\" data-wp-on--click=\"actions.toggle\" data-wp-bind--aria-expanded=\"context.isOpen\">\n\t\t<h3 class=\"gt-fse-faq-summary-text\">Hebben stacaravans airconditioning?<\/h3>\n\t\t<span class=\"gt-fse-faq-opener\"><\/span>\n\t<\/summary>\n\t<div class=\"gt-fse-faq-content\">\n\t\t\n\n<p style=\"font-style:normal;font-weight:400\">Alleen de serie &#8220;Presta +&#8221; heeft airconditioning. De modellen Confort en Grand Confort hebben geen airconditioning, maar profiteren wel van het zachte Bretonse klimaat. Dit is een punt om te controleren als u zich zorgen maakt over de hitte bij het kiezen van een <strong>stacaravan om te huren in Zuid-Finist\u00e8re<\/strong>.  <\/p>\n\n\t<\/div>\n<\/details><\/div>\n\n\n\n<div class=\"wp-block-group has-base-background-color has-background has-global-padding is-layout-constrained wp-container-core-group-is-layout-639b5052 wp-block-group-is-layout-constrained\" style=\"border-radius:32px;padding-top:0;padding-right:0;padding-bottom:0;padding-left:0\">\n<details style=\"font-style:normal;font-weight:600;line-height:1.5; border-radius:25px;border-width:1px; padding-left:var(--wp--preset--spacing--30);padding-right:var(--wp--preset--spacing--30);padding-top:0.5rem;padding-bottom:0.5rem;\" class=\"gt-fse-faq alignwide wp-block-gt-gt-fse-faq alignwide gt-fse-faq has-base-color has-contrast-3-background-color has-text-color has-background has-link-color wp-elements-9707ff40c5dc1fc76ca1aa027f559614 wp-block-gt-gt-fse-faq has-text-color has-base-color has-background has-contrast-3-background-color\" data-wp-interactive=\"gt-fse-faq\" data-wp-context='{ \"isOpen\": false }'>\n\t<summary aria-expanded=\"false\" class=\"gt-fse-faq-summary\" data-wp-on--click=\"actions.toggle\" data-wp-bind--aria-expanded=\"context.isOpen\">\n\t\t<h3 class=\"gt-fse-faq-summary-text\">Hoe ver is het strand van hier?<\/h3>\n\t\t<span class=\"gt-fse-faq-opener\"><\/span>\n\t<\/summary>\n\t<div class=\"gt-fse-faq-content\">\n\t\t\n\n<p style=\"font-style:normal;font-weight:400\">De camping ligt op ongeveer 3,5 km van het strand van Trez in B\u00e9nodet en op 4 km van de lagune de Letty. Het is de ideale afstand vanaf uw <strong>stacaravan in Finist\u00e8re<\/strong> om te genieten van de rust van het bosrijke park, terwijl u met de fiets of auto snel aan zee bent. <\/p>\n\n\t<\/div>\n<\/details><\/div>\n\n\n\n<div class=\"wp-block-group has-base-background-color has-background has-global-padding is-layout-constrained wp-container-core-group-is-layout-639b5052 wp-block-group-is-layout-constrained\" style=\"border-radius:32px;padding-top:0;padding-right:0;padding-bottom:0;padding-left:0\">\n<details style=\"font-style:normal;font-weight:600;line-height:1.5; border-radius:25px;border-width:1px; padding-left:var(--wp--preset--spacing--30);padding-right:var(--wp--preset--spacing--30);padding-top:0.5rem;padding-bottom:0.5rem;\" class=\"gt-fse-faq alignwide wp-block-gt-gt-fse-faq alignwide gt-fse-faq has-base-color has-contrast-3-background-color has-text-color has-background has-link-color wp-elements-ca8cd3f659c39cd7eacd4971c4318dd8 wp-block-gt-gt-fse-faq has-text-color has-base-color has-background has-contrast-3-background-color\" data-wp-interactive=\"gt-fse-faq\" data-wp-context='{ \"isOpen\": false }'>\n\t<summary aria-expanded=\"false\" class=\"gt-fse-faq-summary\" data-wp-on--click=\"actions.toggle\" data-wp-bind--aria-expanded=\"context.isOpen\">\n\t\t<h3 class=\"gt-fse-faq-summary-text\">Zijn huisdieren toegestaan in de accommodatie?<\/h3>\n\t\t<span class=\"gt-fse-faq-opener\"><\/span>\n\t<\/summary>\n\t<div class=\"gt-fse-faq-content\">\n\t\t\n\n<p style=\"font-style:normal;font-weight:400\">Ja, honden (behalve categorie 1 en 2) worden geaccepteerd voor een dagelijkse toeslag. Vergeet het inentingsbewijs van uw hond niet. U kunt genieten van wandelingen in het bos of langs de kustpaden rond uw stacaravan.  <\/p>\n\n\t<\/div>\n<\/details><\/div>\n\n\n\n<div class=\"wp-block-group has-base-background-color has-background has-global-padding is-layout-constrained wp-container-core-group-is-layout-639b5052 wp-block-group-is-layout-constrained\" style=\"border-radius:32px;padding-top:0;padding-right:0;padding-bottom:0;padding-left:0\">\n<details style=\"font-style:normal;font-weight:600;line-height:1.5; border-radius:25px;border-width:1px; padding-left:var(--wp--preset--spacing--30);padding-right:var(--wp--preset--spacing--30);padding-top:0.5rem;padding-bottom:0.5rem;\" class=\"gt-fse-faq alignwide wp-block-gt-gt-fse-faq alignwide gt-fse-faq has-base-color has-contrast-3-background-color has-text-color has-background has-link-color wp-elements-d278e72d8e718d8fe0e55d60aadb9a13 wp-block-gt-gt-fse-faq has-text-color has-base-color has-background has-contrast-3-background-color\" data-wp-interactive=\"gt-fse-faq\" data-wp-context='{ \"isOpen\": false }'>\n\t<summary aria-expanded=\"false\" class=\"gt-fse-faq-summary\" data-wp-on--click=\"actions.toggle\" data-wp-bind--aria-expanded=\"context.isOpen\">\n\t\t<h3 class=\"gt-fse-faq-summary-text\">Welke apparatuur is inbegrepen in de keuken?<\/h3>\n\t\t<span class=\"gt-fse-faq-opener\"><\/span>\n\t<\/summary>\n\t<div class=\"gt-fse-faq-content\">\n\t\t\n\n<p style=\"font-style:normal;font-weight:400\">Al onze <strong>stacaravans en bungalows<\/strong> hebben een volledig uitgeruste keuken met gasfornuis, koelkast, magnetron en koffiezetapparaat. Het Presta+ gamma voegt een vaatwasser toe voor nog meer comfort. Een gedetailleerde lijst is beschikbaar voor elke <strong>huuraccommodatie in een stacaravan in Zuid-Finist\u00e8re<\/strong>.  <\/p>\n\n\t<\/div>\n<\/details><\/div>\n<\/div>\n<\/div>\n<\/div>\n\n<div style=\"height:35px\" aria-hidden=\"true\" class=\"wp-block-spacer gt-hide-mobile\"><\/div>\n\n<div class=\"wp-block-group alignwide is-layout-flow wp-block-group-is-layout-flow\">\n<div style=\"height:39px\" aria-hidden=\"true\" class=\"wp-block-spacer gt-hide-mobile\"><\/div>\n\n\n\n<div class=\"wp-block-columns alignwide is-layout-flex wp-container-core-columns-is-layout-7fc3d43a wp-block-columns-is-layout-flex\">\n<div class=\"wp-block-column is-layout-flow wp-block-column-is-layout-flow\">\n<h2 class=\"wp-block-heading has-base-color has-text-color has-link-color has-large-font-size wp-elements-54c99474406799185b8099cbb9343db5\" style=\"font-style:normal;font-weight:600;text-transform:uppercase\">ONZE KLANTEN GETUIGEN<\/h2>\n\n\n\n<p>Ontdek de getuigenissen en ervaringen van onze klanten tijdens hun verblijf op onze camping in Zuid-Finist\u00e8re.<\/p>\n<\/div>\n\n\n\n<div class=\"wp-block-column is-layout-flow wp-block-column-is-layout-flow\">\n\n    window.ctoutvert = {\n\t\tid: 1606, \n\t\tlang: &#8216;auto&#8217;, \n\t\turl: &#8216;https:\/\/reservation.secureholiday.net\/widgets\/&#8217;\n    };\n    (function (w, d, s, ctv, r, js, fjs) {\n        r=new XMLHttpRequest();r.open(&#8216;GET&#8217;,w[ctv].url+&#8217;js\/src.json&#8217;);\n        r.responseType=&#8217;json&#8217;;r.json=true;r.send();\n        r.onload=function(){w[ctv].src=r.responseType==&#8217;json&#8217;?r.response:JSON.parse(r.response);\n        js.src=w[ctv].src[0];fjs.parentNode.insertBefore(js, fjs);}\n        js=d.createElement(s),fjs=d.getElementsByTagName(s)[0];\n        js.id=&#8217;ctvwidget&#8217;;js.async=1;\n    }(window, document, &#8216;script&#8217;, &#8216;ctoutvert&#8217;));\n\n\n<\/div>\n<\/div>\n<\/div>\n\n<div style=\"height:39px\" aria-hidden=\"true\" class=\"wp-block-spacer gt-hide-mobile\"><\/div>\n\n<div class=\"wp-block-group alignwide has-medium-font-size is-layout-flow wp-block-group-is-layout-flow\">\n<h2 class=\"wp-block-heading h2-like has-base-color has-text-color has-link-color has-large-font-size wp-elements-7de64358b8d637485f5302fd78c2f77e\" style=\"margin-top:0;margin-bottom:-16px;font-style:normal;font-weight:600;text-transform:uppercase\">Alle informatie die je nodig hebt voor je verblijf in Zuid-Bretagne<\/h2>\n\n\n\n<div class=\"wp-block-query alignwide gt-is-slider gt-is-slider-desktop is-layout-flow wp-block-query-is-layout-flow\"><ul class=\"wp-block-post-template is-layout-grid wp-container-core-post-template-is-layout-c37e0d04 wp-block-post-template-is-layout-grid\"><li class=\"wp-block-post post-20668 page type-page status-publish has-post-thumbnail\">\n\n<div class=\"wp-block-group overflow-hidden has-base-2-background-color has-background has-global-padding is-layout-constrained wp-container-core-group-is-layout-95730b41 wp-block-group-is-layout-constrained\" style=\"border-radius:0.5rem;min-height:100%;padding-top:0;padding-bottom:0;box-shadow:var(--wp--preset--shadow--natural)\">\n<figure class=\"wp-block-image\"><img decoding=\"async\" src=\"https:\/\/camping-benodet-vacances.com\/wp-content\/uploads\/2024\/12\/camping-pas-cher-benodet-cta.avif\" alt=\"Onze promoties\" style=\"aspect-ratio:4\/3;object-fit:cover\" \/><\/figure>\n\n\n\n<div class=\"wp-block-group has-global-padding is-layout-constrained wp-container-core-group-is-layout-86dba5ee wp-block-group-is-layout-constrained\" style=\"padding-top:var(--wp--preset--spacing--10);padding-right:var(--wp--preset--spacing--10);padding-bottom:var(--wp--preset--spacing--10);padding-left:var(--wp--preset--spacing--10)\">\n<div class=\"wp-block-group has-global-padding is-layout-constrained wp-container-core-group-is-layout-e555385e wp-block-group-is-layout-constrained\">\n<p class=\"has-text-align-center gt-rotated has-accent-color has-text-color has-link-color has-caveat-font-family has-large-font-size wp-elements-005c35a45e8eeafe15ab6182ad9cdba1\" style=\"font-style:normal;font-weight:500\">Ontdek<\/p>\n\n\n\n<p class=\"has-text-align-center has-base-color has-text-color has-link-color has-caveat-font-family has-large-font-size wp-elements-0d156a93fb2aa5049bd2c20f062aa661\" style=\"font-style:normal;font-weight:400\">Onze promoties<\/p>\n<\/div>\n\n\n\n<p class=\"has-text-align-center has-medium-font-size\" style=\"font-style:normal;font-weight:400\">Krijg de beste waarde voor je verblijf<\/p>\n\n\n\n<div class=\"wp-block-group is-nowrap is-layout-flex wp-container-core-group-is-layout-37505225 wp-block-group-is-layout-flex\">\n<p class=\"has-base-color has-text-color has-link-color wp-elements-ca6bef4703fb7078f8a8b9ad071ad1aa\" style=\"font-size:0.8rem\">Lees meer<\/p>\n\n\n\n<figure class=\"wp-block-image size-full is-resized\" style=\"margin-top:0;margin-right:0;margin-bottom:0;margin-left:0\"><img decoding=\"async\" width=\"68\" height=\"64\" src=\"https:\/\/camping-benodet-vacances.com\/wp-content\/uploads\/2024\/11\/fleche-cercles-1-3-1.png\" alt=\"pijlcirkels 1 3\" class=\"wp-image-2522\" style=\"width:20px;height:auto\" \/><\/figure>\n<\/div>\n<\/div>\n\n\n<a class=\"is-style-lien-cover wp-block-read-more\" href=\"https:\/\/camping-benodet-vacances.com\/nl\/goedkope-camping-in-benodet\/\" target=\"_self\">Lees verder<span class=\"screen-reader-text\">: Tarieven<\/span><\/a><\/div>\n\n<\/li><li class=\"wp-block-post post-20645 page type-page status-publish has-post-thumbnail\">\n\n<div class=\"wp-block-group overflow-hidden has-base-2-background-color has-background has-global-padding is-layout-constrained wp-container-core-group-is-layout-95730b41 wp-block-group-is-layout-constrained\" style=\"border-radius:0.5rem;min-height:100%;padding-top:0;padding-bottom:0;box-shadow:var(--wp--preset--shadow--natural)\">\n<figure class=\"wp-block-image\"><img decoding=\"async\" src=\"https:\/\/camping-benodet-vacances.com\/wp-content\/uploads\/2024\/12\/avis-camping-benodet-cta.avif\" alt=\"Beoordelingen van klanten\" style=\"aspect-ratio:4\/3;object-fit:cover\" \/><\/figure>\n\n\n\n<div class=\"wp-block-group has-global-padding is-layout-constrained wp-container-core-group-is-layout-86dba5ee wp-block-group-is-layout-constrained\" style=\"padding-top:var(--wp--preset--spacing--10);padding-right:var(--wp--preset--spacing--10);padding-bottom:var(--wp--preset--spacing--10);padding-left:var(--wp--preset--spacing--10)\">\n<div class=\"wp-block-group has-global-padding is-layout-constrained wp-container-core-group-is-layout-e555385e wp-block-group-is-layout-constrained\">\n<p class=\"has-text-align-center gt-rotated has-accent-color has-text-color has-link-color has-caveat-font-family has-large-font-size wp-elements-005c35a45e8eeafe15ab6182ad9cdba1\" style=\"font-style:normal;font-weight:500\">Ontdek<\/p>\n\n\n\n<p class=\"has-text-align-center has-base-color has-text-color has-link-color has-caveat-font-family has-large-font-size wp-elements-0d156a93fb2aa5049bd2c20f062aa661\" style=\"font-style:normal;font-weight:400\">Beoordelingen van klanten<\/p>\n<\/div>\n\n\n\n<p class=\"has-text-align-center has-medium-font-size\" style=\"font-style:normal;font-weight:400\">Lees wat onze klanten zeggen na hun verblijf<\/p>\n\n\n\n<div class=\"wp-block-group is-nowrap is-layout-flex wp-container-core-group-is-layout-37505225 wp-block-group-is-layout-flex\">\n<p class=\"has-base-color has-text-color has-link-color wp-elements-ca6bef4703fb7078f8a8b9ad071ad1aa\" style=\"font-size:0.8rem\">Lees meer<\/p>\n\n\n\n<figure class=\"wp-block-image size-full is-resized\" style=\"margin-top:0;margin-right:0;margin-bottom:0;margin-left:0\"><img decoding=\"async\" width=\"68\" height=\"64\" src=\"https:\/\/camping-benodet-vacances.com\/wp-content\/uploads\/2024\/11\/fleche-cercles-1-3-1.png\" alt=\"pijlcirkels 1 3\" class=\"wp-image-2522\" style=\"width:20px;height:auto\" \/><\/figure>\n<\/div>\n<\/div>\n\n\n<a class=\"is-style-lien-cover wp-block-read-more\" href=\"https:\/\/camping-benodet-vacances.com\/nl\/advies-camping-benodet\/\" target=\"_self\">Lees verder<span class=\"screen-reader-text\">: Beoordelingen van klanten<\/span><\/a><\/div>\n\n<\/li><li class=\"wp-block-post post-20617 page type-page status-publish has-post-thumbnail\">\n\n<div class=\"wp-block-group overflow-hidden has-base-2-background-color has-background has-global-padding is-layout-constrained wp-container-core-group-is-layout-95730b41 wp-block-group-is-layout-constrained\" style=\"border-radius:0.5rem;min-height:100%;padding-top:0;padding-bottom:0;box-shadow:var(--wp--preset--shadow--natural)\">\n<figure class=\"wp-block-image\"><img decoding=\"async\" src=\"https:\/\/camping-benodet-vacances.com\/wp-content\/uploads\/2024\/12\/faq-camping-benodet-cta.avif\" alt=\"FAQ\" style=\"aspect-ratio:4\/3;object-fit:cover\" \/><\/figure>\n\n\n\n<div class=\"wp-block-group has-global-padding is-layout-constrained wp-container-core-group-is-layout-86dba5ee wp-block-group-is-layout-constrained\" style=\"padding-top:var(--wp--preset--spacing--10);padding-right:var(--wp--preset--spacing--10);padding-bottom:var(--wp--preset--spacing--10);padding-left:var(--wp--preset--spacing--10)\">\n<div class=\"wp-block-group has-global-padding is-layout-constrained wp-container-core-group-is-layout-e555385e wp-block-group-is-layout-constrained\">\n<p class=\"has-text-align-center gt-rotated has-accent-color has-text-color has-link-color has-caveat-font-family has-large-font-size wp-elements-005c35a45e8eeafe15ab6182ad9cdba1\" style=\"font-style:normal;font-weight:500\">Ontdek<\/p>\n\n\n\n<p class=\"has-text-align-center has-base-color has-text-color has-link-color has-caveat-font-family has-large-font-size wp-elements-0d156a93fb2aa5049bd2c20f062aa661\" style=\"font-style:normal;font-weight:400\">FAQ<\/p>\n<\/div>\n\n\n\n<p class=\"has-text-align-center has-medium-font-size\" style=\"font-style:normal;font-weight:400\">Vind alle antwoorden op je vragen in onze FAQ&#8217;s<\/p>\n\n\n\n<div class=\"wp-block-group is-nowrap is-layout-flex wp-container-core-group-is-layout-37505225 wp-block-group-is-layout-flex\">\n<p class=\"has-base-color has-text-color has-link-color wp-elements-ca6bef4703fb7078f8a8b9ad071ad1aa\" style=\"font-size:0.8rem\">Lees meer<\/p>\n\n\n\n<figure class=\"wp-block-image size-full is-resized\" style=\"margin-top:0;margin-right:0;margin-bottom:0;margin-left:0\"><img decoding=\"async\" width=\"68\" height=\"64\" src=\"https:\/\/camping-benodet-vacances.com\/wp-content\/uploads\/2024\/11\/fleche-cercles-1-3-1.png\" alt=\"pijlcirkels 1 3\" class=\"wp-image-2522\" style=\"width:20px;height:auto\" \/><\/figure>\n<\/div>\n<\/div>\n\n\n<a class=\"is-style-lien-cover wp-block-read-more\" href=\"https:\/\/camping-benodet-vacances.com\/nl\/faq-kamperen-benodet\/\" target=\"_self\">Lees verder<span class=\"screen-reader-text\">: FAQ<\/span><\/a><\/div>\n\n<\/li><\/ul><\/div>\n<\/div>\n","protected":false},"excerpt":{"rendered":"<p>Onze verhuur Verhuur van stacaravans in B\u00e9nodet, Finist\u00e8re Roept Bretagne jou? Stelt u zich de zeelucht, de zandstranden en de zachte levenswijze van de Bretonse Rivi\u00e8ra voor. Om optimaal van deze schatten te genieten, is het huren van een stacaravan in Zuid-Finist\u00e8re de beste optie. Op camping La Mer Blanche, gelegen in een groene omgeving [&hellip;]<\/p>\n","protected":false},"author":1,"featured_media":20167,"parent":0,"menu_order":0,"comment_status":"closed","ping_status":"closed","template":"","meta":{"_acf_changed":false,"_seopress_robots_primary_cat":"","_seopress_titles_title":"Verhuur van stacaravans B\u00e9nodet : Boek uw stacaravan in Zuid-Finist\u00e8re","_seopress_titles_desc":"Huur een comfortabele stacaravan voor uw vakantie in Finist\u00e8re: alleen, met z'n twee\u00ebn, met het gezin of met vrienden, vind de perfecte huuraccommodatie in B\u00e9nodet","_seopress_robots_index":"","_gt_ctv_global_id":"","_gt_ctv_id_group":false,"inline_featured_image":false,"gt_fse_maillage_image":"https:\/\/camping-benodet-vacances.com\/wp-content\/uploads\/2024\/12\/location-mobil-home-benodet-cta.avif","gt_fse_maillage_titre":"Onze huuraccommodaties","gt_fse_maillage_alt":"Onze huuraccommodaties","gt_fse_maillage_resume":"Vind de ideale stacaravan voor een onvergetelijk verblijf","footnotes":""},"categories":[],"tags":[],"class_list":["post-20166","page","type-page","status-publish","has-post-thumbnail"],"acf":[],"_links":{"self":[{"href":"https:\/\/camping-benodet-vacances.com\/nl\/wp-json\/wp\/v2\/pages\/20166","targetHints":{"allow":["GET"]}}],"collection":[{"href":"https:\/\/camping-benodet-vacances.com\/nl\/wp-json\/wp\/v2\/pages"}],"about":[{"href":"https:\/\/camping-benodet-vacances.com\/nl\/wp-json\/wp\/v2\/types\/page"}],"author":[{"embeddable":true,"href":"https:\/\/camping-benodet-vacances.com\/nl\/wp-json\/wp\/v2\/users\/1"}],"replies":[{"embeddable":true,"href":"https:\/\/camping-benodet-vacances.com\/nl\/wp-json\/wp\/v2\/comments?post=20166"}],"version-history":[{"count":11,"href":"https:\/\/camping-benodet-vacances.com\/nl\/wp-json\/wp\/v2\/pages\/20166\/revisions"}],"predecessor-version":[{"id":34959,"href":"https:\/\/camping-benodet-vacances.com\/nl\/wp-json\/wp\/v2\/pages\/20166\/revisions\/34959"}],"wp:featuredmedia":[{"embeddable":true,"href":"https:\/\/camping-benodet-vacances.com\/nl\/wp-json\/wp\/v2\/media\/20167"}],"wp:attachment":[{"href":"https:\/\/camping-benodet-vacances.com\/nl\/wp-json\/wp\/v2\/media?parent=20166"}],"wp:term":[{"taxonomy":"category","embeddable":true,"href":"https:\/\/camping-benodet-vacances.com\/nl\/wp-json\/wp\/v2\/categories?post=20166"},{"taxonomy":"post_tag","embeddable":true,"href":"https:\/\/camping-benodet-vacances.com\/nl\/wp-json\/wp\/v2\/tags?post=20166"}],"curies":[{"name":"wp","href":"https:\/\/api.w.org\/{rel}","templated":true}]}}