{"id":20237,"date":"2024-11-18T16:13:41","date_gmt":"2024-11-18T15:13:41","guid":{"rendered":"https:\/\/www.camping-benodet-vacances.com\/tourisme-benodet-finistere\/"},"modified":"2026-04-28T14:43:34","modified_gmt":"2026-04-28T12:43:34","slug":"toerisme-benodet-finistere","status":"publish","type":"page","link":"https:\/\/camping-benodet-vacances.com\/nl\/toerisme-benodet-finistere\/","title":{"rendered":"B\u00e9nodet en de regio"},"content":{"rendered":"\n<div class=\"wp-block-group alignwide is-layout-flow wp-block-group-is-layout-flow\">\n<div style=\"height:6rem\" aria-hidden=\"true\" class=\"wp-block-spacer gt-hide-mobile\"><\/div>\n\n\n\n<div class=\"wp-block-columns alignwide is-layout-flex wp-container-core-columns-is-layout-7fc3d43a wp-block-columns-is-layout-flex\">\n<div class=\"wp-block-column is-layout-flow wp-block-column-is-layout-flow\">\n<p class=\"gt-rotated gt-negative-left has-accent-color has-text-color has-link-color has-caveat-font-family wp-elements-e63ec1b31a513df75c753af840d3f382\" style=\"font-size:clamp(2.418rem, 2.418rem + ((1vw - 0.2rem) * 3.47), 4.5rem);\">Toeristische bestemming<\/p>\n\n\n\n<h1 class=\"wp-block-heading has-base-color has-text-color has-link-color has-x-large-font-size wp-elements-c7b186c8753855fc64cd52ee770a1d2c\" style=\"font-style:normal;font-weight:600;text-transform:uppercase\">Ontdek B\u00e9nodet tijdens uw vakantie in Finist\u00e8re<\/h1>\n\n\n    <div id=\"gt-fse-lire-plus-69f0ca0816d62\" class=\"gt-fse-lire-plus\" data-min-height=\"130\" style=\"background-color: #f9f2e8;\">\n        <input id=\"gt-fse-lire-plus-69f0ca0816d62-toggle\" type=\"checkbox\" class=\"gt-fse-lire-plus__toggle\" \/>\n        <label for=\"gt-fse-lire-plus-69f0ca0816d62-toggle\" class=\"gt-fse-lire-plus__toggle-label\">\n            <span>Meer lezen<\/span>\n            <span>Minder lezen<\/span>\n        <\/label>\n        <div class=\"gt-fse-lire-plus__content\" style=\"height: 130px;\">\n            \n\n<p><strong>B\u00e9nodet<\/strong>, de parel van <strong>Sud-Finist\u00e8re<\/strong>, opent zijn armen voor u! Deze <strong>5-sterren badplaats<\/strong>, gelegen tussen <strong>de<\/strong> steeds veranderende <strong>Odet<\/strong> en de <strong>Gl\u00e9nan-eilanden<\/strong>, is meer dan alleen elegant! Het bruist van leven, charme en de zachte Bretonse manier van leven. Een leuk detail: tot 1878 heette B\u00e9nodet <strong>Perguet<\/strong>. Vandaag de dag is het de ideale plek voor een <strong>gejodeerde vakantie in Frankrijk<\/strong>, <strong>historische wandelingen langs de haven<\/strong> en een feest voor <strong>de smaakpapillen<\/strong> op een terras met uitzicht op de Atlantische Oceaan. Ontdek dit alles en nog veel meer tijdens je verblijf op onze <a href=\"https:\/\/camping-benodet-vacances.com\/nl\/\">familiecamping in B\u00e9nodet<\/a>, <strong>La Mer Blanche<\/strong>!      <\/p>\n\n            <div class=\"gt-fse-lire-plus__gradient\" style=\"background: linear-gradient(to bottom,rgba(249,242,232,0) 0%,rgba(249,242,232,1) 100%);\"><\/div>\n        <\/div>\n    <\/div>\n    <\/div>\n\n\n\n<div class=\"wp-block-column is-layout-flow wp-block-column-is-layout-flow\">\n<div class=\"wp-block-group is-content-justification-space-between is-nowrap is-layout-flex wp-container-core-group-is-layout-cb46ffcb wp-block-group-is-layout-flex\">\n<figure class=\"wp-block-image size-full is-style-rounded gt-img-full wp-container-content-9cfa9a5a is-style-rounded--1\"><img decoding=\"async\" width=\"562\" height=\"562\" src=\"https:\/\/camping-benodet-vacances.com\/wp-content\/uploads\/2024\/12\/sejour-paradisiaque-a-la-decouverte-de-benodet-et-du-finistere.avif\" alt=\"toerisme benodet\" class=\"wp-image-15003\" style=\"aspect-ratio:1;object-fit:cover\" srcset=\"https:\/\/camping-benodet-vacances.com\/wp-content\/uploads\/2024\/12\/sejour-paradisiaque-a-la-decouverte-de-benodet-et-du-finistere.avif 562w, https:\/\/camping-benodet-vacances.com\/wp-content\/uploads\/2024\/12\/sejour-paradisiaque-a-la-decouverte-de-benodet-et-du-finistere-300x300.jpg 300w, https:\/\/camping-benodet-vacances.com\/wp-content\/uploads\/2024\/12\/sejour-paradisiaque-a-la-decouverte-de-benodet-et-du-finistere-150x150.jpg 150w, https:\/\/camping-benodet-vacances.com\/wp-content\/uploads\/2024\/12\/sejour-paradisiaque-a-la-decouverte-de-benodet-et-du-finistere-400x400.jpg 400w\" sizes=\"(max-width: 562px) 100vw, 562px\" \/><\/figure>\n\n\n\n<div data-gt-animation-delay=\"0.6\" class=\"wp-block-group z-index-1 gt-gsap-fadeInUp has-global-padding is-layout-constrained wp-block-group-is-layout-constrained\" style=\"padding-top:53px\">\n<figure data-gt-animation-speed=\"100\" class=\"wp-block-image size-full is-resized gt-dot-deco gt-gsap-parallaxDown\"><img alt=\"Cercle\" decoding=\"async\" width=\"168\" height=\"169\" src=\"https:\/\/camping-benodet-vacances.com\/wp-content\/uploads\/2024\/10\/Circle.svg\" alt=\"\" class=\"wp-image-182\" style=\"width:167px\" \/><\/figure>\n<\/div>\n<\/div>\n<\/div>\n<\/div>\n\n\n\n<div style=\"height:6rem\" aria-hidden=\"true\" class=\"wp-block-spacer gt-hide-mobile\"><\/div>\n\n\n\n<div class=\"wp-block-group alignwide is-layout-flow wp-block-group-is-layout-flow\">\n<h2 class=\"wp-block-heading h2-like has-base-color has-text-color has-link-color has-large-font-size wp-elements-f583c3d39243fc47f80e8c9d3f8b7be8\" style=\"margin-top:0;font-style:normal;font-weight:600;text-transform:uppercase\">Activiteiten tijdens je verblijf in B\u00e9nodet<\/h2>\n\n\n\n<div data-wp-context=\"{}\" data-wp-interactive=\"core\/query\" data-wp-key=\"3\" data-wp-router-region=\"query-3\" class=\"wp-block-query is-layout-flow wp-block-query-is-layout-flow\">\n<div \n    class=\"wp-block-gt-gt-fse-filtres-categories\"    data-wp-interactive=\"gt\/filtres-categories\"\n>\n        <div class=\"gt-fse-filtres-categories\">\n        <button class=\"gt-fse-filtres-categories__button\" data-wp-on--click=\"actions.filterCategory\" data-category=\"\">Alle<\/button>\n                    <button class=\"gt-fse-filtres-categories__button\" data-wp-on--click=\"actions.filterCategory\" data-category=\"86\">De regio<\/button>\n                    <button class=\"gt-fse-filtres-categories__button\" data-wp-on--click=\"actions.filterCategory\" data-category=\"87\">Eetcultuur<\/button>\n            <\/div>\n<\/div>\n\n<ul class=\"wp-block-post-template is-layout-grid wp-container-core-post-template-is-layout-f434c19f wp-block-post-template-is-layout-grid\"><li data-wp-key=\"post-template-item-30289\" class=\"wp-block-post post-30289 page type-page status-publish has-post-thumbnail category-la-region\">\n\n<div class=\"wp-block-group overflow-hidden has-base-2-background-color has-background has-global-padding is-layout-constrained wp-container-core-group-is-layout-19e250f3 wp-block-group-is-layout-constrained\" style=\"border-radius:1rem;min-height:100%\">\n<figure class=\"wp-block-image\"><img decoding=\"async\" src=\"https:\/\/camping-benodet-vacances.com\/wp-content\/uploads\/2025\/11\/promenade-port-benodet.jpg\" alt=\"De haven van B\u00e9nodet\" style=\"aspect-ratio:4\/3;object-fit:cover\" \/><\/figure>\n\n\n\n<div class=\"wp-block-group has-global-padding is-layout-constrained wp-container-core-group-is-layout-c385debf wp-block-group-is-layout-constrained\" style=\"padding-top:var(--wp--preset--spacing--20);padding-right:var(--wp--preset--spacing--20);padding-bottom:var(--wp--preset--spacing--20);padding-left:var(--wp--preset--spacing--20)\">\n<div class=\"wp-block-group has-medium-font-size is-vertical is-content-justification-center is-layout-flex wp-container-core-group-is-layout-81423f52 wp-block-group-is-layout-flex\"><div style=\"font-style:normal;font-weight:600;margin-bottom:0px\" class=\"taxonomy-category has-link-color gt-rotated wp-elements-5692e090b3e09c76aa7d33f8f163f68d wp-block-post-terms has-text-color has-accent-color has-medium-font-size has-quicksand-font-family\"><a href=\"https:\/\/camping-benodet-vacances.com\/category\/la-region\/\" rel=\"tag\">Patrimoine culturel<\/a><\/div>\n\n\n<p class=\"has-text-align-center has-base-color has-text-color has-link-color has-caveat-font-family has-large-font-size wp-elements-9d6083917c4159cd8eaaca9213a53fea\" style=\"font-style:normal;font-weight:400;line-height:1.1\">De haven van B\u00e9nodet<\/p>\n\n\n\n<p class=\"has-text-align-center\"><\/p>\n<\/div>\n\n\n\n<div class=\"wp-block-group alignwide has-x-large-font-size is-content-justification-center is-nowrap is-layout-flex wp-container-core-group-is-layout-53e0be17 wp-block-group-is-layout-flex\">\n<p class=\"has-base-color has-text-color has-link-color wp-elements-e4ae5bafea8e9495683ea07e7ff93965\" style=\"font-size:clamp(0.875rem, 0.875rem + ((1vw - 0.2rem) * 0.208), 1rem);\">Lees meer<\/p>\n\n\n\n<figure class=\"wp-block-image size-full is-resized\" style=\"margin-top:0;margin-right:0;margin-bottom:0;margin-left:0\"><img decoding=\"async\" width=\"68\" height=\"64\" src=\"https:\/\/camping-benodet-vacances.com\/wp-content\/uploads\/2024\/11\/fleche-cercles-1-3-1.png\" alt=\"pijlcirkels 1 3\" class=\"wp-image-2522\" style=\"width:20px;height:auto\" \/><\/figure>\n<\/div>\n<\/div>\n\n\n<a class=\"is-style-lien-cover wp-block-read-more\" href=\"https:\/\/camping-benodet-vacances.com\/nl\/toerisme-benodet-finistere\/haven-van-enodet\/\" target=\"_self\">Lees verder<span class=\"screen-reader-text\">: Ga naar de haven van B\u00e9nodet!<\/span><\/a><\/div>\n\n<\/li><li data-wp-key=\"post-template-item-25053\" class=\"wp-block-post post-25053 page type-page status-publish has-post-thumbnail category-de-regio\">\n\n<div class=\"wp-block-group overflow-hidden has-base-2-background-color has-background has-global-padding is-layout-constrained wp-container-core-group-is-layout-19e250f3 wp-block-group-is-layout-constrained\" style=\"border-radius:1rem;min-height:100%\">\n<figure class=\"wp-block-image\"><img decoding=\"async\" src=\"https:\/\/camping-benodet-vacances.com\/wp-content\/uploads\/2025\/04\/benodetmerb-2.jpg\" alt=\"Regenachtige dag activiteiten B\u00e9nodet\" style=\"aspect-ratio:4\/3;object-fit:cover\" \/><\/figure>\n\n\n\n<div class=\"wp-block-group has-global-padding is-layout-constrained wp-container-core-group-is-layout-c385debf wp-block-group-is-layout-constrained\" style=\"padding-top:var(--wp--preset--spacing--20);padding-right:var(--wp--preset--spacing--20);padding-bottom:var(--wp--preset--spacing--20);padding-left:var(--wp--preset--spacing--20)\">\n<div class=\"wp-block-group has-medium-font-size is-vertical is-content-justification-center is-layout-flex wp-container-core-group-is-layout-81423f52 wp-block-group-is-layout-flex\"><div style=\"font-style:normal;font-weight:600;margin-bottom:0px\" class=\"taxonomy-category has-link-color gt-rotated wp-elements-5692e090b3e09c76aa7d33f8f163f68d wp-block-post-terms has-text-color has-accent-color has-medium-font-size has-quicksand-font-family\"><a href=\"https:\/\/camping-benodet-vacances.com\/nl\/category\/de-regio\/\" rel=\"tag\">De regio<\/a><\/div>\n\n\n<p class=\"has-text-align-center has-base-color has-text-color has-link-color has-caveat-font-family has-large-font-size wp-elements-9d6083917c4159cd8eaaca9213a53fea\" style=\"font-style:normal;font-weight:400;line-height:1.1\">Regenachtige dag activiteiten B\u00e9nodet<\/p>\n\n\n\n<p class=\"has-text-align-center\"><\/p>\n<\/div>\n\n\n\n<div class=\"wp-block-group alignwide has-x-large-font-size is-content-justification-center is-nowrap is-layout-flex wp-container-core-group-is-layout-53e0be17 wp-block-group-is-layout-flex\">\n<p class=\"has-base-color has-text-color has-link-color wp-elements-e4ae5bafea8e9495683ea07e7ff93965\" style=\"font-size:clamp(0.875rem, 0.875rem + ((1vw - 0.2rem) * 0.208), 1rem);\">Lees meer<\/p>\n\n\n\n<figure class=\"wp-block-image size-full is-resized\" style=\"margin-top:0;margin-right:0;margin-bottom:0;margin-left:0\"><img decoding=\"async\" width=\"68\" height=\"64\" src=\"https:\/\/camping-benodet-vacances.com\/wp-content\/uploads\/2024\/11\/fleche-cercles-1-3-1.png\" alt=\"pijlcirkels 1 3\" class=\"wp-image-2522\" style=\"width:20px;height:auto\" \/><\/figure>\n<\/div>\n<\/div>\n\n\n<a class=\"is-style-lien-cover wp-block-read-more\" href=\"https:\/\/camping-benodet-vacances.com\/nl\/toerisme-benodet-finistere\/wat-te-doen-in-benodet-als-het-regent\/\" target=\"_self\">Lees verder<span class=\"screen-reader-text\">: Wat te doen in B\u00e9nodet als het regent?<\/span><\/a><\/div>\n\n<\/li><li data-wp-key=\"post-template-item-25065\" class=\"wp-block-post post-25065 page type-page status-publish category-gastronomie-nl\">\n\n<div class=\"wp-block-group overflow-hidden has-base-2-background-color has-background has-global-padding is-layout-constrained wp-container-core-group-is-layout-19e250f3 wp-block-group-is-layout-constrained\" style=\"border-radius:1rem;min-height:100%\">\n<figure class=\"wp-block-image\"><img decoding=\"async\" src=\"https:\/\/camping-benodet-vacances.com\/wp-content\/uploads\/2025\/08\/march-dinard-640x480-1.jpg\" alt=\"Marktdag in B\u00e9nodet\" style=\"aspect-ratio:4\/3;object-fit:cover\" \/><\/figure>\n\n\n\n<div class=\"wp-block-group has-global-padding is-layout-constrained wp-container-core-group-is-layout-c385debf wp-block-group-is-layout-constrained\" style=\"padding-top:var(--wp--preset--spacing--20);padding-right:var(--wp--preset--spacing--20);padding-bottom:var(--wp--preset--spacing--20);padding-left:var(--wp--preset--spacing--20)\">\n<div class=\"wp-block-group has-medium-font-size is-vertical is-content-justification-center is-layout-flex wp-container-core-group-is-layout-81423f52 wp-block-group-is-layout-flex\"><div style=\"font-style:normal;font-weight:600;margin-bottom:0px\" class=\"taxonomy-category has-link-color gt-rotated wp-elements-5692e090b3e09c76aa7d33f8f163f68d wp-block-post-terms has-text-color has-accent-color has-medium-font-size has-quicksand-font-family\"><a href=\"https:\/\/camping-benodet-vacances.com\/nl\/category\/gastronomie-nl\/\" rel=\"tag\">Eetcultuur<\/a><\/div>\n\n\n<p class=\"has-text-align-center has-base-color has-text-color has-link-color has-caveat-font-family has-large-font-size wp-elements-9d6083917c4159cd8eaaca9213a53fea\" style=\"font-style:normal;font-weight:400;line-height:1.1\">Marktdag in B\u00e9nodet<\/p>\n\n\n\n<p class=\"has-text-align-center\"><\/p>\n<\/div>\n\n\n\n<div class=\"wp-block-group alignwide has-x-large-font-size is-content-justification-center is-nowrap is-layout-flex wp-container-core-group-is-layout-53e0be17 wp-block-group-is-layout-flex\">\n<p class=\"has-base-color has-text-color has-link-color wp-elements-e4ae5bafea8e9495683ea07e7ff93965\" style=\"font-size:clamp(0.875rem, 0.875rem + ((1vw - 0.2rem) * 0.208), 1rem);\">Lees meer<\/p>\n\n\n\n<figure class=\"wp-block-image size-full is-resized\" style=\"margin-top:0;margin-right:0;margin-bottom:0;margin-left:0\"><img decoding=\"async\" width=\"68\" height=\"64\" src=\"https:\/\/camping-benodet-vacances.com\/wp-content\/uploads\/2024\/11\/fleche-cercles-1-3-1.png\" alt=\"pijlcirkels 1 3\" class=\"wp-image-2522\" style=\"width:20px;height:auto\" \/><\/figure>\n<\/div>\n<\/div>\n\n\n<a class=\"is-style-lien-cover wp-block-read-more\" href=\"https:\/\/camping-benodet-vacances.com\/nl\/toerisme-benodet-finistere\/ontdek-de-streekproducten-van-finistere-op-de-markt-van-benodet\/\" target=\"_self\">Lees verder<span class=\"screen-reader-text\">: B\u00e9nodet markt<\/span><\/a><\/div>\n\n<\/li><li data-wp-key=\"post-template-item-25067\" class=\"wp-block-post post-25067 page type-page status-publish has-post-thumbnail category-de-regio\">\n\n<div class=\"wp-block-group overflow-hidden has-base-2-background-color has-background has-global-padding is-layout-constrained wp-container-core-group-is-layout-19e250f3 wp-block-group-is-layout-constrained\" style=\"border-radius:1rem;min-height:100%\">\n<figure class=\"wp-block-image\"><img decoding=\"async\" src=\"https:\/\/camping-benodet-vacances.com\/wp-content\/uploads\/2024\/12\/les-balades-autour-du-camping.avif\" alt=\"B\u00e9nodet wandeling\" style=\"aspect-ratio:4\/3;object-fit:cover\" \/><\/figure>\n\n\n\n<div class=\"wp-block-group has-global-padding is-layout-constrained wp-container-core-group-is-layout-c385debf wp-block-group-is-layout-constrained\" style=\"padding-top:var(--wp--preset--spacing--20);padding-right:var(--wp--preset--spacing--20);padding-bottom:var(--wp--preset--spacing--20);padding-left:var(--wp--preset--spacing--20)\">\n<div class=\"wp-block-group has-medium-font-size is-vertical is-content-justification-center is-layout-flex wp-container-core-group-is-layout-81423f52 wp-block-group-is-layout-flex\"><div style=\"font-style:normal;font-weight:600;margin-bottom:0px\" class=\"taxonomy-category has-link-color gt-rotated wp-elements-5692e090b3e09c76aa7d33f8f163f68d wp-block-post-terms has-text-color has-accent-color has-medium-font-size has-quicksand-font-family\"><a href=\"https:\/\/camping-benodet-vacances.com\/nl\/category\/de-regio\/\" rel=\"tag\">De regio<\/a><\/div>\n\n\n<p class=\"has-text-align-center has-base-color has-text-color has-link-color has-caveat-font-family has-large-font-size wp-elements-9d6083917c4159cd8eaaca9213a53fea\" style=\"font-style:normal;font-weight:400;line-height:1.1\">B\u00e9nodet wandeling<\/p>\n\n\n\n<p class=\"has-text-align-center\"><\/p>\n<\/div>\n\n\n\n<div class=\"wp-block-group alignwide has-x-large-font-size is-content-justification-center is-nowrap is-layout-flex wp-container-core-group-is-layout-53e0be17 wp-block-group-is-layout-flex\">\n<p class=\"has-base-color has-text-color has-link-color wp-elements-e4ae5bafea8e9495683ea07e7ff93965\" style=\"font-size:clamp(0.875rem, 0.875rem + ((1vw - 0.2rem) * 0.208), 1rem);\">Lees meer<\/p>\n\n\n\n<figure class=\"wp-block-image size-full is-resized\" style=\"margin-top:0;margin-right:0;margin-bottom:0;margin-left:0\"><img decoding=\"async\" width=\"68\" height=\"64\" src=\"https:\/\/camping-benodet-vacances.com\/wp-content\/uploads\/2024\/11\/fleche-cercles-1-3-1.png\" alt=\"pijlcirkels 1 3\" class=\"wp-image-2522\" style=\"width:20px;height:auto\" \/><\/figure>\n<\/div>\n<\/div>\n\n\n<a class=\"is-style-lien-cover wp-block-read-more\" href=\"https:\/\/camping-benodet-vacances.com\/nl\/toerisme-benodet-finistere\/wandelingen-en-trektochten-in-benodet-rondom-de-camping\/\" target=\"_self\">Lees verder<span class=\"screen-reader-text\">: Wandelingen en trektochten in B\u00e9nodet rondom de camping<\/span><\/a><\/div>\n\n<\/li><li data-wp-key=\"post-template-item-20357\" class=\"wp-block-post post-20357 page type-page status-publish has-post-thumbnail category-la-region\">\n\n<div class=\"wp-block-group overflow-hidden has-base-2-background-color has-background has-global-padding is-layout-constrained wp-container-core-group-is-layout-19e250f3 wp-block-group-is-layout-constrained\" style=\"border-radius:1rem;min-height:100%\">\n<figure class=\"wp-block-image\"><img decoding=\"async\" src=\"https:\/\/camping-benodet-vacances.com\/wp-content\/uploads\/2024\/12\/camping-bord-plage-finistere-cta.avif\" alt=\"De stranden rond de camping\" style=\"aspect-ratio:4\/3;object-fit:cover\" \/><\/figure>\n\n\n\n<div class=\"wp-block-group has-global-padding is-layout-constrained wp-container-core-group-is-layout-c385debf wp-block-group-is-layout-constrained\" style=\"padding-top:var(--wp--preset--spacing--20);padding-right:var(--wp--preset--spacing--20);padding-bottom:var(--wp--preset--spacing--20);padding-left:var(--wp--preset--spacing--20)\">\n<div class=\"wp-block-group has-medium-font-size is-vertical is-content-justification-center is-layout-flex wp-container-core-group-is-layout-81423f52 wp-block-group-is-layout-flex\"><div style=\"font-style:normal;font-weight:600;margin-bottom:0px\" class=\"taxonomy-category has-link-color gt-rotated wp-elements-5692e090b3e09c76aa7d33f8f163f68d wp-block-post-terms has-text-color has-accent-color has-medium-font-size has-quicksand-font-family\"><a href=\"https:\/\/camping-benodet-vacances.com\/category\/la-region\/\" rel=\"tag\">Patrimoine culturel<\/a><\/div>\n\n\n<p class=\"has-text-align-center has-base-color has-text-color has-link-color has-caveat-font-family has-large-font-size wp-elements-9d6083917c4159cd8eaaca9213a53fea\" style=\"font-style:normal;font-weight:400;line-height:1.1\">De stranden rond de camping<\/p>\n\n\n\n<p class=\"has-text-align-center\">Camping Mer Blanche ligt dicht bij vele fijne zandstranden en verborgen baaien.<\/p>\n<\/div>\n\n\n\n<div class=\"wp-block-group alignwide has-x-large-font-size is-content-justification-center is-nowrap is-layout-flex wp-container-core-group-is-layout-53e0be17 wp-block-group-is-layout-flex\">\n<p class=\"has-base-color has-text-color has-link-color wp-elements-e4ae5bafea8e9495683ea07e7ff93965\" style=\"font-size:clamp(0.875rem, 0.875rem + ((1vw - 0.2rem) * 0.208), 1rem);\">Lees meer<\/p>\n\n\n\n<figure class=\"wp-block-image size-full is-resized\" style=\"margin-top:0;margin-right:0;margin-bottom:0;margin-left:0\"><img decoding=\"async\" width=\"68\" height=\"64\" src=\"https:\/\/camping-benodet-vacances.com\/wp-content\/uploads\/2024\/11\/fleche-cercles-1-3-1.png\" alt=\"pijlcirkels 1 3\" class=\"wp-image-2522\" style=\"width:20px;height:auto\" \/><\/figure>\n<\/div>\n<\/div>\n\n\n<a class=\"is-style-lien-cover wp-block-read-more\" href=\"https:\/\/camping-benodet-vacances.com\/nl\/toerisme-benodet-finistere\/camping-aan-het-strand-finistere\/\" target=\"_self\">Lees verder<span class=\"screen-reader-text\">: Stranden<\/span><\/a><\/div>\n\n<\/li><\/ul>\n\n\n\n<\/div>\n\n\n\n<p><\/p>\n<\/div>\n<\/div>\n\n<div style=\"height:6rem\" aria-hidden=\"true\" class=\"wp-block-spacer gt-hide-mobile\"><\/div>\n\n<div class=\"wp-block-group alignfull position-relative gt-section-blue-right is-layout-flow wp-container-core-group-is-layout-a77db08e wp-block-group-is-layout-flow\">\n<div class=\"wp-block-group alignfull is-layout-flow wp-container-core-group-is-layout-bc493828 wp-block-group-is-layout-flow\" style=\"padding-left:148px\">\n<div class=\"wp-block-group alignfull has-base-background-color has-background is-layout-flow wp-block-group-is-layout-flow\" style=\"border-top-left-radius:70px;padding-top:var(--wp--preset--spacing--50);padding-right:var(--wp--preset--spacing--50);padding-bottom:var(--wp--preset--spacing--50);padding-left:var(--wp--preset--spacing--50)\">\n<div class=\"wp-block-group alignfull gt-break-mobile is-nowrap is-layout-flex wp-container-core-group-is-layout-f01a8a75 wp-block-group-is-layout-flex\">\n<div class=\"wp-block-group has-global-padding is-layout-constrained wp-block-group-is-layout-constrained\">\n<h2 class=\"wp-block-heading h2-like has-base-2-color has-text-color has-link-color wp-elements-53b22cabdb8c06af258f85f43df3d3a3\" style=\"font-size:clamp(1.119rem, 1.119rem + ((1vw - 0.2rem) * 1.052), 1.75rem);text-transform:uppercase\">Het beste van B\u00e9nodet in het kort<\/h2>\n<\/div>\n\n\n\n<div class=\"wp-block-group has-global-padding is-layout-constrained wp-block-group-is-layout-constrained\">\n<p class=\"has-base-2-color has-text-color has-link-color has-medium-font-size wp-elements-d534afed3fce1c16fd694add2344c042\"><strong>Locatie<\/strong>: badplaats aan de Bretonse Rivi\u00e8ra, tegenover de Gl\u00e9nan-eilanden in het hart van <a href=\"https:\/\/camping-benodet-vacances.com\/nl\/toerisme-finistere\/\">Zuid-Finist\u00e8re<\/a>.<\/p>\n\n\n\n<p class=\"has-base-2-color has-text-color has-link-color has-medium-font-size\"><strong>Historische en culturele bezienswaardigheden<\/strong>: ontdek de kerk van St Thomas Becket, de Menhir de Poulquer en het Mus\u00e9e du Bord de Mer.<\/p>\n\n\n\n<p class=\"has-base-2-color has-text-color has-link-color has-medium-font-size\"><strong>Maritieme activiteiten<\/strong>: maak een tocht naar de archipel van Gl\u00e9nan of vaar over de mooiste rivier van Frankrijk, de Odet.<\/p>\n\n\n\n<p class=\"has-base-2-color has-text-color has-link-color has-medium-font-size\"><strong>Stranden en natuur<\/strong>: B\u00e9nodet heeft verschillende stranden (Plage du Trez, Plage du Coq, Pointe Saint-Gilles) en populaire plekken voor watersportliefhebbers (Mer Blanche).<\/p>\n\n\n\n<p class=\"has-base-2-color has-text-color has-link-color has-medium-font-size wp-elements-56ca039342e4402a4dadf9687e222faf\"><strong>Welzijn en gastronomie<\/strong>: geniet van een moment van ontspanning in Relais Thalasso B\u00e9nodet en proef lokale specialiteiten zoals cr\u00eapes, kouign-amann of zeevruchten.<\/p>\n<\/div>\n<\/div>\n<\/div>\n<\/div>\n\n\n\n<figure class=\"wp-block-image alignright size-full is-resized gt-deco-sun\"><img decoding=\"async\" width=\"752\" height=\"1511\" src=\"https:\/\/camping-benodet-vacances.com\/wp-content\/uploads\/2024\/10\/graphisme-1-1.png\" alt=\"afbeeldingen 1 1\" class=\"wp-image-298\" style=\"object-fit:cover;width:350px;height:350px\" srcset=\"https:\/\/camping-benodet-vacances.com\/wp-content\/uploads\/2024\/10\/graphisme-1-1.png 752w, https:\/\/camping-benodet-vacances.com\/wp-content\/uploads\/2024\/10\/graphisme-1-1-149x300.png 149w, https:\/\/camping-benodet-vacances.com\/wp-content\/uploads\/2024\/10\/graphisme-1-1-510x1024.png 510w\" sizes=\"(max-width: 752px) 100vw, 752px\" \/><\/figure>\n\n\n\n<div class=\"wp-block-cover aligncenter has-custom-content-position is-position-bottom-left\" style=\"border-bottom-left-radius:154px;min-height:640px;aspect-ratio:unset;\"><img decoding=\"async\" width=\"1920\" height=\"646\" class=\"wp-block-cover__image-background wp-image-15006\" alt=\"en excursion sur l odet la plus belle riviere de france\" src=\"https:\/\/camping-benodet-vacances.com\/wp-content\/uploads\/2024\/12\/en-excursion-sur-l-odet-la-plus-belle-riviere-de-france.avif\" data-object-fit=\"cover\" srcset=\"https:\/\/camping-benodet-vacances.com\/wp-content\/uploads\/2024\/12\/en-excursion-sur-l-odet-la-plus-belle-riviere-de-france.avif 1920w, https:\/\/camping-benodet-vacances.com\/wp-content\/uploads\/2024\/12\/en-excursion-sur-l-odet-la-plus-belle-riviere-de-france-300x101.jpg 300w, https:\/\/camping-benodet-vacances.com\/wp-content\/uploads\/2024\/12\/en-excursion-sur-l-odet-la-plus-belle-riviere-de-france-1024x345.jpg 1024w, https:\/\/camping-benodet-vacances.com\/wp-content\/uploads\/2024\/12\/en-excursion-sur-l-odet-la-plus-belle-riviere-de-france-768x258.jpg 768w, https:\/\/camping-benodet-vacances.com\/wp-content\/uploads\/2024\/12\/en-excursion-sur-l-odet-la-plus-belle-riviere-de-france-1536x517.jpg 1536w\" sizes=\"(max-width: 1920px) 100vw, 1920px\" \/><span aria-hidden=\"true\" class=\"wp-block-cover__background has-contrast-background-color has-background-dim-30 has-background-dim\"><\/span><div class=\"wp-block-cover__inner-container is-layout-flow wp-block-cover-is-layout-flow\">\n<p class=\"has-text-align-center has-base-2-color has-text-color has-link-color has-caveat-font-family gt-gsap-fadeIn wp-elements-1977888f2065480bf6abf5e8e42fb814\" style=\"padding-top:var(--wp--preset--spacing--30);padding-right:var(--wp--preset--spacing--40);padding-bottom:var(--wp--preset--spacing--30);padding-left:var(--wp--preset--spacing--40);font-size:clamp(48.588px, 3.037rem + ((1vw - 3.2px) * 4.939), 96px);line-height:1.2\">Excursie op de Odet!<\/p>\n<\/div><\/div>\n<\/div>\n\n<div class=\"wp-block-group alignwide is-layout-flow wp-block-group-is-layout-flow\">\n<div style=\"height:6rem\" aria-hidden=\"true\" class=\"wp-block-spacer gt-hide-mobile\"><\/div>\n\n\n\n<div class=\"wp-block-columns alignwide is-layout-flex wp-container-core-columns-is-layout-7fc3d43a wp-block-columns-is-layout-flex\">\n<div class=\"wp-block-column is-layout-flow wp-block-column-is-layout-flow\">\n<div class=\"wp-block-group is-content-justification-space-between is-nowrap is-layout-flex wp-container-core-group-is-layout-4e2e7437 wp-block-group-is-layout-flex\">\n<figure class=\"wp-block-image size-full is-style-rounded gt-img-full wp-container-content-9cfa9a5a is-style-rounded--2\"><img decoding=\"async\" width=\"639\" height=\"639\" src=\"https:\/\/camping-benodet-vacances.com\/wp-content\/uploads\/2024\/12\/la-pointe-du-raz-un-site-incontournable-tout-pres-du-camping.avif\" alt=\"vakantie benodet\" class=\"wp-image-15008\" style=\"aspect-ratio:1;object-fit:cover\" srcset=\"https:\/\/camping-benodet-vacances.com\/wp-content\/uploads\/2024\/12\/la-pointe-du-raz-un-site-incontournable-tout-pres-du-camping.avif 639w, https:\/\/camping-benodet-vacances.com\/wp-content\/uploads\/2024\/12\/la-pointe-du-raz-un-site-incontournable-tout-pres-du-camping-300x300.jpg 300w, https:\/\/camping-benodet-vacances.com\/wp-content\/uploads\/2024\/12\/la-pointe-du-raz-un-site-incontournable-tout-pres-du-camping-150x150.jpg 150w, https:\/\/camping-benodet-vacances.com\/wp-content\/uploads\/2024\/12\/la-pointe-du-raz-un-site-incontournable-tout-pres-du-camping-400x400.jpg 400w, https:\/\/camping-benodet-vacances.com\/wp-content\/uploads\/2024\/12\/la-pointe-du-raz-un-site-incontournable-tout-pres-du-camping-600x600.jpg 600w\" sizes=\"(max-width: 639px) 100vw, 639px\" \/><figcaption class=\"wp-element-caption\">default<\/figcaption><\/figure>\n<\/div>\n<\/div>\n\n\n\n<div class=\"wp-block-column is-layout-flow wp-block-column-is-layout-flow\">\n<p class=\"gt-rotated gt-negative-left has-accent-color has-text-color has-link-color has-caveat-font-family has-xx-large-font-size wp-elements-075300d3f3b1985378481d07ffa8245d\">Emblematische sites<\/p>\n\n\n\n<h2 class=\"wp-block-heading h2-like has-base-color has-text-color has-link-color wp-elements-f4506161d522b01dce81b745e9197425\" style=\"font-size:clamp(1.119rem, 1.119rem + ((1vw - 0.2rem) * 1.052), 1.75rem);font-style:normal;font-weight:600;text-transform:uppercase\">Historische en culturele bezienswaardigheden in B\u00e9nodet<\/h2>\n\n\n\n<p>Naast de prachtige stranden is <strong>B\u00e9nodet<\/strong> een plaats met een rijke geschiedenis die vele aspecten van het verleden van <strong>Bretagne<\/strong> laat zien.<\/p>\n\n\n\n<p><strong>De Saint Thomas Becket Church<\/strong>, gebouwd in 1231, is een voormalige kapel in de buurt van de oude haven. De granieten architectuur is prachtig en het staat op de monumentenlijst!   <br \/><em>Adres: 18 rue de l&#8217;\u00c9glise, 29950 B\u00e9nodet.<\/em><\/p>\n\n\n\n<p>Mis de <strong>Menhir de Poulquer<\/strong> niet, een neolithisch megalithisch monument dat nog steeds fier overeind staat. Dit erfgoed vermengt zich harmonieus met de sfeer van het dorp, waardoor elke wandeling een geschiedenisles wordt in het hart van Finist\u00e8re.  <br \/><em>Adres: 11 rue des Sternes, 29950 B\u00e9nodet.<\/em><\/p>\n\n\n\n<p>Tot slot kun je ook het <strong>Mus\u00e9e du Bord de Mer<\/strong> bezoeken om werken van plaatselijke kunstenaars te bekijken die een eerbetoon brengen aan de zee. Het is gratis en voor iedereen toegankelijk. <em>Adres: 29 avenue de la Mer, 29950 B\u00e9nodet,<\/em>Le Guilvinec. <\/p>\n<\/div>\n<\/div>\n<\/div>\n\n<div style=\"height:100px\" aria-hidden=\"true\" class=\"wp-block-spacer\"><\/div>\n\n<div class=\"wp-block-group alignfull gt-section-content-width-slider gt-break-mobile is-content-justification-right is-nowrap is-layout-flex wp-container-core-group-is-layout-99f77615 wp-block-group-is-layout-flex\" style=\"padding-right:0;padding-left:0\">\n<div class=\"wp-block-group has-contrast-2-background-color has-background has-global-padding is-layout-constrained wp-container-core-group-is-layout-b2dbe7bd wp-block-group-is-layout-constrained\" style=\"padding-right:var(--wp--preset--spacing--30);padding-bottom:var(--wp--preset--spacing--20);padding-left:var(--wp--preset--spacing--60)\">\n<div class=\"wp-block-group has-global-padding is-layout-constrained wp-container-core-group-is-layout-7db9d80f wp-block-group-is-layout-constrained\" style=\"padding-right:0;padding-left:0\">\n<div style=\"height:100px\" aria-hidden=\"true\" class=\"wp-block-spacer gt-hide-mobile gt-hide-mobile\"><\/div>\n\n\n\n<h2 class=\"wp-block-heading h2-like has-base-color has-text-color has-link-color wp-elements-1fcb26b16f0a2b4e0bdff6844abc0ad6\" style=\"font-size:clamp(1.119rem, 1.119rem + ((1vw - 0.2rem) * 1.052), 1.75rem);font-style:normal;font-weight:600\">Maritieme excursies vanuit B\u00e9nodet<\/h2>\n\n\n\n<p>Vanuit de <strong>haven van<\/strong> <strong>B\u00e9nodet<\/strong> ligt een verandering van omgeving om de hoek! Vertrek op een <strong>onvergetelijke excursie naar de archipel van Gl\u00e9nan<\/strong>, ook wel <em>het West-Indi\u00eb van Bretagne<\/em> genoemd. Het turquoise water en de witte zandstranden geven je het gevoel dat je aan de andere kant van de wereld bent. Er zijn verschillende opties voor je <strong>vakantie in Finist\u00e8re<\/strong>, van eenvoudige overtochten tot catamarantochten. Prijzen beginnen vanaf \u20ac39.    <\/p>\n\n\n\n<p>Je kunt er ook voor kiezen om <strong>de Odet op te varen<\/strong>. Deze rivier, die wordt beschouwd als de mooiste van Frankrijk, onthult zijn kastelen, landhuizen en bosrijke landschappen. Voor een rondvaart van 2u15 met gids, ideaal om je <strong>verblijf in Bretagne<\/strong> af te ronden, betaal je minstens \u20ac29 per volwassene.  <\/p>\n<\/div>\n\n\n\n<div class=\"wp-block-group is-content-justification-right is-layout-flex wp-container-core-group-is-layout-94ae8342 wp-block-group-is-layout-flex\" style=\"padding-right:var(--wp--preset--spacing--30);padding-left:0\">\n<div class=\"wp-block-group is-content-justification-right is-nowrap is-layout-flex wp-container-core-group-is-layout-17124a9a wp-block-group-is-layout-flex\">\n<figure class=\"wp-block-image size-large is-resized gt-swiper-mb-1-left\"><img decoding=\"async\" width=\"17\" height=\"14\" src=\"https:\/\/camping-benodet-vacances.com\/wp-content\/uploads\/2024\/10\/left.svg\" alt=\"left\" class=\"wp-image-413\" style=\"width:16px\" \/><\/figure>\n\n\n\n<figure class=\"wp-block-image size-large is-resized gt-swiper-mb-1-right\"><img decoding=\"async\" width=\"17\" height=\"14\" src=\"https:\/\/camping-benodet-vacances.com\/wp-content\/uploads\/2024\/10\/right.svg\" alt=\"right\" class=\"wp-image-415\" style=\"width:16px\" \/><\/figure>\n<\/div>\n<\/div>\n<\/div>\n\n\n\n<div class=\"wp-block-group gt-swiper-mb-1 has-global-padding is-content-justification-right is-layout-constrained wp-container-core-group-is-layout-fbcf87ba wp-block-group-is-layout-constrained\">\n<div data-swiper=\"{&quot;speed&quot;:400,&quot;spaceBetween&quot;:0,&quot;slidesPerView&quot;:1,&quot;createElements&quot;:true,&quot;loop&quot;:true,&quot;freemode&quot;:true,&quot;navigation&quot;:{&quot;nextEl&quot;:&quot;.gt-swiper-mb-1-right&quot;,&quot;prevEl&quot;:&quot;.gt-swiper-mb-1-left&quot;},&quot;breakpoints&quot;:[{&quot;slidesPerView&quot;:1}],&quot;autoplay&quot;:{&quot;delay&quot;:2000}}\" class=\"wp-block-group gt-is-slider gt-is-slider-desktop is-layout-grid wp-container-core-group-is-layout-f2e2ae4a wp-block-group-is-layout-grid\" style=\"border-top-left-radius:2rem;border-top-right-radius:0rem;border-bottom-left-radius:2rem;border-bottom-right-radius:0rem\">\n<figure class=\"wp-block-image size-full has-custom-border\"><img decoding=\"async\" width=\"1152\" height=\"768\" src=\"https:\/\/camping-benodet-vacances.com\/wp-content\/uploads\/2024\/12\/depart-du-vieux-port-de-benodet.avif\" alt=\"vertrek uit de oude haven van benodet\" class=\"wp-image-15010\" style=\"border-top-left-radius:26px;border-top-right-radius:0px;border-bottom-left-radius:26px;object-fit:cover\" srcset=\"https:\/\/camping-benodet-vacances.com\/wp-content\/uploads\/2024\/12\/depart-du-vieux-port-de-benodet.avif 1152w, https:\/\/camping-benodet-vacances.com\/wp-content\/uploads\/2024\/12\/depart-du-vieux-port-de-benodet-300x200.jpg 300w, https:\/\/camping-benodet-vacances.com\/wp-content\/uploads\/2024\/12\/depart-du-vieux-port-de-benodet-1024x683.jpg 1024w, https:\/\/camping-benodet-vacances.com\/wp-content\/uploads\/2024\/12\/depart-du-vieux-port-de-benodet-768x512.jpg 768w\" sizes=\"(max-width: 1152px) 100vw, 1152px\" \/><\/figure>\n\n\n\n<figure class=\"wp-block-image size-full has-custom-border\"><img decoding=\"async\" width=\"1152\" height=\"768\" src=\"https:\/\/camping-benodet-vacances.com\/wp-content\/uploads\/2024\/12\/une-journee-sur-l-archipel-des-glenan.avif\" alt=\"een dag op de glenan archipel\" class=\"wp-image-15012\" style=\"border-top-left-radius:26px;border-top-right-radius:0px;border-bottom-left-radius:26px;object-fit:cover\" srcset=\"https:\/\/camping-benodet-vacances.com\/wp-content\/uploads\/2024\/12\/une-journee-sur-l-archipel-des-glenan.avif 1152w, https:\/\/camping-benodet-vacances.com\/wp-content\/uploads\/2024\/12\/une-journee-sur-l-archipel-des-glenan-300x200.jpg 300w, https:\/\/camping-benodet-vacances.com\/wp-content\/uploads\/2024\/12\/une-journee-sur-l-archipel-des-glenan-1024x683.jpg 1024w, https:\/\/camping-benodet-vacances.com\/wp-content\/uploads\/2024\/12\/une-journee-sur-l-archipel-des-glenan-768x512.jpg 768w\" sizes=\"(max-width: 1152px) 100vw, 1152px\" \/><\/figure>\n\n\n\n<figure class=\"wp-block-image size-full has-custom-border\"><img decoding=\"async\" width=\"1152\" height=\"768\" src=\"https:\/\/camping-benodet-vacances.com\/wp-content\/uploads\/2024\/12\/peche-a-pied.avif\" alt=\"verblijf benodet\" class=\"wp-image-15014\" style=\"border-top-left-radius:26px;border-top-right-radius:0px;border-bottom-left-radius:26px;object-fit:cover\" srcset=\"https:\/\/camping-benodet-vacances.com\/wp-content\/uploads\/2024\/12\/peche-a-pied.avif 1152w, https:\/\/camping-benodet-vacances.com\/wp-content\/uploads\/2024\/12\/peche-a-pied-300x200.jpg 300w, https:\/\/camping-benodet-vacances.com\/wp-content\/uploads\/2024\/12\/peche-a-pied-1024x683.jpg 1024w, https:\/\/camping-benodet-vacances.com\/wp-content\/uploads\/2024\/12\/peche-a-pied-768x512.jpg 768w\" sizes=\"(max-width: 1152px) 100vw, 1152px\" \/><\/figure>\n<\/div>\n<\/div>\n<\/div>\n\n<div id=\"gt-bg-image-1\" class=\"wp-block-group gt-bg-image gt-gsap-parallaxDown has-global-padding is-layout-constrained wp-container-core-group-is-layout-d032a070 wp-block-group-is-layout-constrained\" style=\"padding-left:var(--wp--preset--spacing--60)\">\n<figure class=\"wp-block-image aligncenter size-full\" style=\"margin-top:-370px\"><img decoding=\"async\" width=\"306\" height=\"313\" src=\"https:\/\/camping-benodet-vacances.com\/wp-content\/uploads\/2024\/10\/Insta-3.svg\" alt=\"Insta 3\" class=\"wp-image-463\" \/><\/figure>\n<\/div>\n\n<div style=\"height:100px\" aria-hidden=\"true\" class=\"wp-block-spacer\"><\/div>\n\n<div class=\"wp-block-group alignfull position-relative gt-section-blue-right is-layout-flow wp-container-core-group-is-layout-a77db08e wp-block-group-is-layout-flow\">\n<div class=\"wp-block-cover aligncenter has-custom-content-position is-position-bottom-right\" style=\"border-top-left-radius:154px;padding-right:var(--wp--preset--spacing--60);min-height:640px;aspect-ratio:unset;\"><img decoding=\"async\" width=\"1920\" height=\"646\" class=\"wp-block-cover__image-background wp-image-15016\" alt=\"retour des bateaux de peche visite du pays bigouden\" src=\"https:\/\/camping-benodet-vacances.com\/wp-content\/uploads\/2024\/12\/retour-des-bateaux-de-peche-visite-du-pays-bigouden.avif\" data-object-fit=\"cover\" srcset=\"https:\/\/camping-benodet-vacances.com\/wp-content\/uploads\/2024\/12\/retour-des-bateaux-de-peche-visite-du-pays-bigouden.avif 1920w, https:\/\/camping-benodet-vacances.com\/wp-content\/uploads\/2024\/12\/retour-des-bateaux-de-peche-visite-du-pays-bigouden-300x101.jpg 300w, https:\/\/camping-benodet-vacances.com\/wp-content\/uploads\/2024\/12\/retour-des-bateaux-de-peche-visite-du-pays-bigouden-1024x345.jpg 1024w, https:\/\/camping-benodet-vacances.com\/wp-content\/uploads\/2024\/12\/retour-des-bateaux-de-peche-visite-du-pays-bigouden-768x258.jpg 768w, https:\/\/camping-benodet-vacances.com\/wp-content\/uploads\/2024\/12\/retour-des-bateaux-de-peche-visite-du-pays-bigouden-1536x517.jpg 1536w\" sizes=\"(max-width: 1920px) 100vw, 1920px\" \/><span aria-hidden=\"true\" class=\"wp-block-cover__background has-background-dim-100 has-background-dim wp-block-cover__gradient-background has-background-gradient\" style=\"background:linear-gradient(180deg,rgba(0,0,0,0) 67%,rgba(0,0,0,0.44) 99%)\"><\/span><div class=\"wp-block-cover__inner-container is-layout-flow wp-block-cover-is-layout-flow\">\n<p class=\"has-text-align-center has-large-font-size\"><\/p>\n<\/div><\/div>\n\n\n\n<div class=\"wp-block-group alignfull is-layout-flow wp-container-core-group-is-layout-bc493828 wp-block-group-is-layout-flow\" style=\"padding-left:148px\">\n<div class=\"wp-block-group alignfull has-base-background-color has-background is-layout-flow wp-block-group-is-layout-flow\" style=\"border-bottom-left-radius:70px;padding-right:var(--wp--preset--spacing--40);padding-bottom:70px;padding-left:var(--wp--preset--spacing--40)\">\n<div style=\"height:50px\" aria-hidden=\"true\" class=\"wp-block-spacer gt-hide-mobile\"><\/div>\n\n\n\n<div class=\"wp-block-group alignfull gt-break-mobile is-nowrap is-layout-flex wp-container-core-group-is-layout-b62c3650 wp-block-group-is-layout-flex\">\n<div class=\"wp-block-group has-global-padding is-layout-constrained wp-block-group-is-layout-constrained\">\n<h2 class=\"wp-block-heading h2-like has-base-2-color has-text-color has-link-color wp-elements-6691eca2472a3f3b446d6fe50875fb78\" style=\"font-size:clamp(1.119rem, 1.119rem + ((1vw - 0.2rem) * 1.052), 1.75rem);\">Een wandeling langs de corniche<\/h2>\n\n\n\n<p class=\"has-base-2-color has-text-color has-link-color has-medium-font-size wp-elements-ea0b80a828635334bdbdbbdc52196c42\">Om de ziel van <strong>B\u00e9nodet<\/strong> te vangen, gaat er niets boven een wandeling langs de <strong>corniche<\/strong>. Het is een gemakkelijke wandeling, zelfs voor jonge kinderen. Je ontdekt enkele van de mooiste kenmerken van de stad.  <\/p>\n<\/div>\n\n\n\n<div class=\"wp-block-group has-global-padding is-layout-constrained wp-block-group-is-layout-constrained\">\n\n\n<p class=\"has-base-2-color has-text-color has-link-color has-medium-font-size wp-elements-5c6c7116e9a1ac05e2840ada77d445e7\">Je route begint bij <strong>de oude haven van B\u00e9nodet<\/strong>, het hart van de levendige stad met zijn boten en maritieme sfeer. Je komt dan langs de <strong>Pont de Cornouaille<\/strong>, die een adembenemend panoramisch uitzicht biedt over <strong>de monding van de Odet<\/strong>. Ga verder naar de Phare du Coq om het uitzicht te bewonderen voordat je aankomt bij het grote strand van Trez. Eindig je wandeling bij de <strong>Mer Blanche<\/strong>, een wilde en ongerepte lagune. Het is de ideale plek om <strong>de flora en fauna<\/strong> te observeren en te ontspannen.    <\/p>\n<\/div>\n<\/div>\n<\/div>\n<\/div>\n\n\n\n<figure class=\"wp-block-image alignright size-full is-resized gt-deco-sun gt-gsap-fadeIn\"><img decoding=\"async\" width=\"250\" height=\"468\" src=\"https:\/\/camping-benodet-vacances.com\/wp-content\/uploads\/2024\/10\/graphisme-3-1.svg\" alt=\"afbeeldingen 3 1\" class=\"wp-image-497\" style=\"object-fit:cover;width:208px;height:350px\" \/><\/figure>\n\n\n\n<div style=\"height:var(--wp--preset--spacing--20)\" aria-hidden=\"true\" class=\"wp-block-spacer gt-hide-mobile\"><\/div>\n\n\n\n<p class=\"has-text-align-right has-base-color has-text-color has-link-color has-caveat-font-family gt-gsap-fadeIn wp-elements-5c8ada13b1440f4d8622fbb84fb6997b\" style=\"padding-top:0;padding-right:var(--wp--preset--spacing--40);padding-bottom:0;padding-left:0;font-size:clamp(48.588px, 3.037rem + ((1vw - 3.2px) * 4.939), 96px);line-height:1\">Verblijf in Zuid-Finist\u00e8re!<\/p>\n<\/div>\n\n<div style=\"height:32px\" aria-hidden=\"true\" class=\"wp-block-spacer gt-hide-mobile\"><\/div>\n\n<div class=\"wp-block-group alignwide gt-slider-mak-with-text is-content-justification-center is-layout-flex wp-container-core-group-is-layout-2e827744 wp-block-group-is-layout-flex\">\n<div class=\"wp-block-group gt-slider-mask-wrap is-nowrap is-layout-flex wp-container-core-group-is-layout-9bd231a2 wp-block-group-is-layout-flex\">\n<div class=\"wp-block-group gt-slider-mask has-global-padding is-layout-constrained wp-block-group-is-layout-constrained\" style=\"padding-top:53px\">\n<div data-swiper=\"{&quot;speed&quot;:400,&quot;spaceBetween&quot;:16,&quot;slidesPerView&quot;:1,&quot;createElements&quot;:true,&quot;loop&quot;:true,&quot;freemode&quot;:true,&quot;navigation&quot;:{&quot;nextEl&quot;:&quot;buttonNext&quot;,&quot;prevEl&quot;:&quot;buttonPrev&quot;},&quot;pagination&quot;:{&quot;el&quot;:&quot;.swiper-pagination&quot;,&quot;dynamicBullets&quot;:true},&quot;breakpoints&quot;:[{&quot;slidesPerView&quot;:1}],&quot;autoplay&quot;:{&quot;delay&quot;:3000}}\" class=\"wp-block-group gt-is-slider gt-is-slider-desktop has-global-padding is-layout-constrained wp-container-core-group-is-layout-1cfdb9ee wp-block-group-is-layout-constrained\">\n<figure class=\"wp-block-image size-full\"><img decoding=\"async\" width=\"639\" height=\"639\" src=\"https:\/\/camping-benodet-vacances.com\/wp-content\/uploads\/2024\/12\/plages-de-sable-fin-de-concarneau-a-pont-aven.avif\" alt=\"fijne zandstranden van concarneau tot pont aven\" class=\"wp-image-14942\" style=\"aspect-ratio:1;object-fit:cover\" srcset=\"https:\/\/camping-benodet-vacances.com\/wp-content\/uploads\/2024\/12\/plages-de-sable-fin-de-concarneau-a-pont-aven.avif 639w, https:\/\/camping-benodet-vacances.com\/wp-content\/uploads\/2024\/12\/plages-de-sable-fin-de-concarneau-a-pont-aven-300x300.jpg 300w, https:\/\/camping-benodet-vacances.com\/wp-content\/uploads\/2024\/12\/plages-de-sable-fin-de-concarneau-a-pont-aven-150x150.jpg 150w, https:\/\/camping-benodet-vacances.com\/wp-content\/uploads\/2024\/12\/plages-de-sable-fin-de-concarneau-a-pont-aven-400x400.jpg 400w, https:\/\/camping-benodet-vacances.com\/wp-content\/uploads\/2024\/12\/plages-de-sable-fin-de-concarneau-a-pont-aven-600x600.jpg 600w\" sizes=\"(max-width: 639px) 100vw, 639px\" \/><\/figure>\n\n\n\n<figure class=\"wp-block-image size-full\"><img decoding=\"async\" width=\"639\" height=\"639\" src=\"https:\/\/camping-benodet-vacances.com\/wp-content\/uploads\/2024\/12\/plages-propices-aux-activites-autour-du-camping.avif\" alt=\"stranden voor activiteiten rondom de camping\" class=\"wp-image-14874\" style=\"aspect-ratio:1;object-fit:cover\" srcset=\"https:\/\/camping-benodet-vacances.com\/wp-content\/uploads\/2024\/12\/plages-propices-aux-activites-autour-du-camping.avif 639w, https:\/\/camping-benodet-vacances.com\/wp-content\/uploads\/2024\/12\/plages-propices-aux-activites-autour-du-camping-300x300.jpg 300w, https:\/\/camping-benodet-vacances.com\/wp-content\/uploads\/2024\/12\/plages-propices-aux-activites-autour-du-camping-150x150.jpg 150w, https:\/\/camping-benodet-vacances.com\/wp-content\/uploads\/2024\/12\/plages-propices-aux-activites-autour-du-camping-400x400.jpg 400w, https:\/\/camping-benodet-vacances.com\/wp-content\/uploads\/2024\/12\/plages-propices-aux-activites-autour-du-camping-600x600.jpg 600w\" sizes=\"(max-width: 639px) 100vw, 639px\" \/><\/figure>\n\n\n\n<figure class=\"wp-block-image size-full\"><img decoding=\"async\" width=\"416\" height=\"312\" src=\"https:\/\/camping-benodet-vacances.com\/wp-content\/uploads\/2024\/12\/camping-bord-plage-finistere-cta.avif\" alt=\"camping strand finist&#xE8;re\" class=\"wp-image-14595\" style=\"aspect-ratio:1;object-fit:cover\" srcset=\"https:\/\/camping-benodet-vacances.com\/wp-content\/uploads\/2024\/12\/camping-bord-plage-finistere-cta.avif 416w, https:\/\/camping-benodet-vacances.com\/wp-content\/uploads\/2024\/12\/camping-bord-plage-finistere-cta-300x225.jpg 300w\" sizes=\"(max-width: 416px) 100vw, 416px\" \/><\/figure>\n\n\n\n<figure class=\"wp-block-image size-full\"><img alt=\"\" decoding=\"async\" width=\"640\" height=\"350\" src=\"https:\/\/camping-benodet-vacances.com\/wp-content\/uploads\/2025\/08\/activite-plages-de-benodet.jpg\" alt=\"\" class=\"wp-image-24499\" style=\"aspect-ratio:1;object-fit:cover\" srcset=\"https:\/\/camping-benodet-vacances.com\/wp-content\/uploads\/2025\/08\/activite-plages-de-benodet.jpg 640w, https:\/\/camping-benodet-vacances.com\/wp-content\/uploads\/2025\/08\/activite-plages-de-benodet-300x164.jpg 300w\" sizes=\"(max-width: 640px) 100vw, 640px\" \/><\/figure>\n<\/div>\n<\/div>\n<\/div>\n\n\n\n<div class=\"wp-block-group wp-container-content-5b9a5e8f is-vertical is-layout-flex wp-container-core-group-is-layout-ea0cb840 wp-block-group-is-layout-flex\">\n<div style=\"height:0px\" aria-hidden=\"true\" class=\"wp-block-spacer gt-hide-mobile wp-container-content-fdc43b14\"><\/div>\n\n\n\n<h2 class=\"wp-block-heading h2-like has-base-color has-text-color has-link-color wp-elements-0e4c2c1f34cdf4e20a1841ab15c84f6b\" style=\"margin-top:0;margin-bottom:0;font-size:clamp(1.119rem, 1.119rem + ((1vw - 0.2rem) * 1.052), 1.75rem);font-style:normal;font-weight:600;text-transform:uppercase\">Een kustlijn naar ieders smaak<\/h2>\n\n\n\n<p class=\"has-medium-font-size\">Tijdens uw <strong>verblijf<\/strong> <strong>in Bretagne<\/strong> heeft B\u00e9nodet een strand voor elke stemming:<\/p>\n\n\n\n<ul class=\"wp-block-list\">\n<li><strong>Plage<\/strong> <strong>du Trez<\/strong>: het grootste en levendigste strand, perfect om met het hele gezin te zwemmen. Het is een van de stranden met blauwe vlag van Finist\u00e8re! <\/li>\n\n\n\n<li><strong>Plage<\/strong> <strong>du Coq<\/strong>: een kleine, intieme en discrete oase van rust, vlakbij de haven.<\/li>\n\n\n\n<li><strong>Pointe Saint-Gilles<\/strong>: een wilde, rotsachtige baai voor liefhebbers van rust en natuurlijke landschappen.<\/li>\n\n\n\n<li><strong>Letty \/ Mer Blanche<\/strong>: deze lagune, op de grens met Fouesnant, is een beschermd gebied, ideaal om te peddelen en te kajakken!<\/li>\n<\/ul>\n\n\n\n<p class=\"has-medium-font-size\">B\u00e9nodet heeft een enorm aanbod aan <strong>watersporten<\/strong>: <strong>zeilen<\/strong>, <strong>zeevissen<\/strong>, <strong>kitesurfen<\/strong> en <strong>stand-up paddling<\/strong> zijn allemaal mogelijk. De UCPA, op het strand van Trez, biedt zelfs <strong>cursussen en materiaalverhuur<\/strong> om je <strong>vakantie<\/strong> <strong>aan zee<\/strong> nog leuker te maken. <\/p>\n<\/div>\n<\/div>\n\n<div style=\"height:4rem\" aria-hidden=\"true\" class=\"wp-block-spacer gt-hide-mobile\"><\/div>\n\n<div class=\"wp-block-group alignwide is-layout-flow wp-block-group-is-layout-flow\">\n<div style=\"height:6rem\" aria-hidden=\"true\" class=\"wp-block-spacer gt-hide-mobile\"><\/div>\n\n\n\n<div class=\"wp-block-columns alignwide is-layout-flex wp-container-core-columns-is-layout-7fc3d43a wp-block-columns-is-layout-flex\">\n<div class=\"wp-block-column is-layout-flow wp-block-column-is-layout-flow\">\n<p class=\"gt-rotated gt-negative-left has-accent-color has-text-color has-link-color has-caveat-font-family wp-elements-cfee38129c4c79e973d4ebb332b0177a\" style=\"font-size:clamp(2.418rem, 2.418rem + ((1vw - 0.2rem) * 3.47), 4.5rem);\">Welzijnsactiviteit<\/p>\n\n\n\n<h2 class=\"wp-block-heading h2-like has-base-color has-text-color has-link-color has-large-font-size wp-elements-99e9305a27b34992cbbce2e7ca1ab3ad\" style=\"font-style:normal;font-weight:600;text-transform:uppercase\">Thalasso, of de traditie van welzijn door water in B\u00e9nodet<\/h2>\n\n\n    <div id=\"gt-fse-lire-plus-69f0ca08230cb\" class=\"gt-fse-lire-plus\" data-min-height=\"130\" style=\"background-color: #f9f2e8;\">\n        <input id=\"gt-fse-lire-plus-69f0ca08230cb-toggle\" type=\"checkbox\" class=\"gt-fse-lire-plus__toggle\" \/>\n        <label for=\"gt-fse-lire-plus-69f0ca08230cb-toggle\" class=\"gt-fse-lire-plus__toggle-label\">\n            <span>Meer lezen<\/span>\n            <span>Minder lezen<\/span>\n        <\/label>\n        <div class=\"gt-fse-lire-plus__content\" style=\"height: 130px;\">\n            \n\n<p><strong>B\u00e9nodet<\/strong> heeft al sinds de oudheid een lange traditie van thermale baden. Dit erfgoed wordt vandaag de dag voortgezet met het <strong>Relais Thalasso B\u00e9nodet<\/strong>, een plek gewijd aan ontspanning. Dit moderne centrum ligt aan de <em>Corniche de la Plage<\/em> en verwelkomt je het hele jaar door. Je kunt er genieten van een <strong>verwarmd zeewaterzwembad<\/strong>, <strong>jacuzzi&#8217;s<\/strong> en een <strong>zintuiglijke ruimte compleet<\/strong> met <strong>hamam<\/strong>, <strong>sauna&#8217;s<\/strong> en <strong>ijsfontein<\/strong>.   <\/p>\n\n\n\n<p>U kunt ook genieten <strong>van massages<\/strong>,<strong>zeewierpakkingen<\/strong> of <strong>gezichtsbehandelingen<\/strong>. Een echte cocon van welzijn om nieuwe energie op te doen tijdens uw verblijf in Bretagne! <\/p>\n\n\n\n<p>Voor een verscheidenheid aan waterplezier wachten ons <a href=\"https:\/\/camping-benodet-vacances.com\/nl\/kamperen-waterpark-benodet\/\">waterpark<\/a> en <a href=\"https:\/\/camping-benodet-vacances.com\/nl\/camping-piscine-chauffee-benodet\/\">binnenzwembad <\/a>op je voor een verfrissende en ontspannen vakantie.<\/p>\n\n            <div class=\"gt-fse-lire-plus__gradient\" style=\"background: linear-gradient(to bottom,rgba(249,242,232,0) 0%,rgba(249,242,232,1) 100%);\"><\/div>\n        <\/div>\n    <\/div>\n    <\/div>\n\n\n\n<div class=\"wp-block-column is-layout-flow wp-block-column-is-layout-flow\">\n<div class=\"wp-block-group is-content-justification-space-between is-nowrap is-layout-flex wp-container-core-group-is-layout-cb46ffcb wp-block-group-is-layout-flex\">\n<figure class=\"wp-block-image size-full is-style-rounded gt-img-full wp-container-content-9cfa9a5a is-style-rounded--3\"><img decoding=\"async\" width=\"928\" height=\"1312\" src=\"https:\/\/camping-benodet-vacances.com\/wp-content\/uploads\/2024\/12\/jeune-fille-piscine-sourire.webp\" alt=\"Glimlachend meisje in een zwembad in de zomer.\" class=\"wp-image-18722\" style=\"aspect-ratio:1;object-fit:cover\" srcset=\"https:\/\/camping-benodet-vacances.com\/wp-content\/uploads\/2024\/12\/jeune-fille-piscine-sourire.webp 928w, https:\/\/camping-benodet-vacances.com\/wp-content\/uploads\/2024\/12\/jeune-fille-piscine-sourire-212x300.webp 212w, https:\/\/camping-benodet-vacances.com\/wp-content\/uploads\/2024\/12\/jeune-fille-piscine-sourire-724x1024.webp 724w, https:\/\/camping-benodet-vacances.com\/wp-content\/uploads\/2024\/12\/jeune-fille-piscine-sourire-768x1086.webp 768w\" sizes=\"(max-width: 928px) 100vw, 928px\" \/><\/figure>\n\n\n\n<div data-gt-animation-delay=\"0.6\" class=\"wp-block-group z-index-1 gt-gsap-fadeInUp has-global-padding is-layout-constrained wp-block-group-is-layout-constrained\" style=\"padding-top:53px\">\n<figure data-gt-animation-speed=\"100\" class=\"wp-block-image size-full is-resized gt-dot-deco gt-gsap-parallaxDown\"><img alt=\"Cercle\" decoding=\"async\" width=\"168\" height=\"169\" src=\"https:\/\/camping-benodet-vacances.com\/wp-content\/uploads\/2024\/10\/Circle.svg\" alt=\"\" class=\"wp-image-182\" style=\"width:167px\" \/><\/figure>\n<\/div>\n<\/div>\n<\/div>\n<\/div>\n\n\n\n<div style=\"height:6rem\" aria-hidden=\"true\" class=\"wp-block-spacer gt-hide-mobile\"><\/div>\n<\/div>\n\n<div class=\"wp-block-group alignfull position-relative gt-section-blue-right is-layout-flow wp-container-core-group-is-layout-a77db08e wp-block-group-is-layout-flow\">\n<div class=\"wp-block-group alignfull is-layout-flow wp-container-core-group-is-layout-bc493828 wp-block-group-is-layout-flow\" style=\"padding-left:148px\">\n<div class=\"wp-block-group alignfull has-base-background-color has-background is-layout-flow wp-block-group-is-layout-flow\" style=\"border-top-left-radius:70px;padding-top:var(--wp--preset--spacing--50);padding-right:var(--wp--preset--spacing--50);padding-bottom:var(--wp--preset--spacing--50);padding-left:var(--wp--preset--spacing--50)\">\n<div class=\"wp-block-group alignfull gt-break-mobile is-nowrap is-layout-flex wp-container-core-group-is-layout-f01a8a75 wp-block-group-is-layout-flex\">\n<div class=\"wp-block-group has-global-padding is-layout-constrained wp-block-group-is-layout-constrained\">\n<h2 class=\"wp-block-heading h2-like has-base-2-color has-text-color has-link-color wp-elements-3cb3cb1ac816372b6fc05457e462d89f\" style=\"font-size:clamp(1.119rem, 1.119rem + ((1vw - 0.2rem) * 1.052), 1.75rem);text-transform:uppercase\">De lekkernijen van Zuid-Finist\u00e8re<\/h2>\n\n\n\n<p class=\"has-base-2-color has-text-color has-link-color has-medium-font-size wp-elements-0d82bfec3f822c2fbdf0aac818f534b5\"><strong>De Bretonse gastronomie<\/strong> is aan de orde van de dag in <strong>B\u00e9nodet<\/strong>, tot groot genoegen van uw smaakpapillen! U kunt genieten van <strong>cr\u00eapes<\/strong> en <strong>galettes met gezouten boter<\/strong>, maar ook van <strong>kouign-amann<\/strong> en ultraverse zeevruchten. Hier zijn een paar suggesties voor uw gastronomische momenten:  <\/p>\n<\/div>\n\n\n\n<div class=\"wp-block-group has-global-padding is-layout-constrained wp-block-group-is-layout-constrained\">\n<p class=\"has-base-2-color has-text-color has-link-color has-medium-font-size wp-elements-ea77685f3aea2005e6bbeab8f9f5c2b8\"><strong>L&#8217;Alhambra<\/strong>: een prachtig uitzicht op zee terwijl je geniet van zeevruchten. <em>Adres: 1 corniche de l&#8217;Estuaire, 29950 B\u00e9nodet.<\/em><\/p>\n\n\n\n<p class=\"has-base-2-color has-text-color has-link-color has-medium-font-size\"><strong>Le Transat<\/strong>: een gezellige sfeer aan de haven met seizoensgebonden gerechten. <em>Adres: quai du Commandant l&#8217;Herminier, 29950 B\u00e9nodet.<\/em><\/p>\n\n\n\n<p class=\"has-base-2-color has-text-color has-link-color has-medium-font-size\"><strong>La R\u00e9serve Bretonne<\/strong>: een authentieke cr\u00eaperie. <em>Adres: 66 avenue de la Plage, 29950 B\u00e9nodet.<\/em><\/p>\n\n\n\n<p class=\"has-base-2-color has-text-color has-link-color has-medium-font-size wp-elements-724348acf9372e24bd1f3366ef7e9919\">En vergeet de <strong>markt van B\u00e9nodet<\/strong> niet, op maandag van 8.30 tot 13.30 uur, waar je plaatselijke producten kunt proeven en de ambachten van de stad kunt ontdekken! <em>Adres: rue du Meneyer, 29950 B\u00e9nodet.<\/em><\/p>\n<\/div>\n<\/div>\n<\/div>\n<\/div>\n\n\n\n<figure class=\"wp-block-image alignright size-full is-resized gt-deco-sun\"><img decoding=\"async\" width=\"752\" height=\"1511\" src=\"https:\/\/camping-benodet-vacances.com\/wp-content\/uploads\/2024\/10\/graphisme-1-1.png\" alt=\"afbeeldingen 1 1\" class=\"wp-image-298\" style=\"object-fit:cover;width:350px;height:350px\" srcset=\"https:\/\/camping-benodet-vacances.com\/wp-content\/uploads\/2024\/10\/graphisme-1-1.png 752w, https:\/\/camping-benodet-vacances.com\/wp-content\/uploads\/2024\/10\/graphisme-1-1-149x300.png 149w, https:\/\/camping-benodet-vacances.com\/wp-content\/uploads\/2024\/10\/graphisme-1-1-510x1024.png 510w\" sizes=\"(max-width: 752px) 100vw, 752px\" \/><\/figure>\n<\/div>\n\n<div class=\"wp-block-group alignfull gt-section-content-width-slider gt-break-mobile is-content-justification-right is-nowrap is-layout-flex wp-container-core-group-is-layout-99f77615 wp-block-group-is-layout-flex\" style=\"padding-right:0;padding-left:0\">\n<div class=\"wp-block-group has-contrast-2-background-color has-background has-global-padding is-layout-constrained wp-container-core-group-is-layout-b2dbe7bd wp-block-group-is-layout-constrained\" style=\"padding-right:var(--wp--preset--spacing--30);padding-bottom:var(--wp--preset--spacing--20);padding-left:var(--wp--preset--spacing--60)\">\n<div class=\"wp-block-group has-global-padding is-layout-constrained wp-container-core-group-is-layout-7db9d80f wp-block-group-is-layout-constrained\" style=\"padding-right:0;padding-left:0\">\n<div style=\"height:100px\" aria-hidden=\"true\" class=\"wp-block-spacer gt-hide-mobile gt-hide-mobile\"><\/div>\n\n\n\n<h2 class=\"wp-block-heading h2-like has-base-color has-text-color has-link-color wp-elements-8e353ae2bac69064f6e0aef1245bd418\" style=\"font-size:clamp(1.119rem, 1.119rem + ((1vw - 0.2rem) * 1.052), 1.75rem);font-style:normal;font-weight:600\">Kom uw vakantie doorbrengen in B\u00e9nodet<\/h2>\n\n\n\n<p>Camping La Mer Blanche is de ideale oplossing voor uw vakantie in Bretagne. Onze 4-sterren camping ligt in het hart van Finist\u00e8re, vlakbij de lagune. Het is een perfect plan voor een verblijf met familie of vrienden. U vindt er comfortabele stacaravans, ruime standplaatsen, een waterpark, een overdekt zwembad&#8230; Klaar om uw verblijf te boeken?   <\/p>\n<\/div>\n\n\n\n<div class=\"wp-block-group is-content-justification-right is-layout-flex wp-container-core-group-is-layout-94ae8342 wp-block-group-is-layout-flex\" style=\"padding-right:var(--wp--preset--spacing--30);padding-left:0\">\n<div class=\"wp-block-group is-content-justification-right is-nowrap is-layout-flex wp-container-core-group-is-layout-17124a9a wp-block-group-is-layout-flex\">\n<figure class=\"wp-block-image size-large is-resized gt-swiper-mb-1-left\"><img decoding=\"async\" width=\"17\" height=\"14\" src=\"https:\/\/camping-benodet-vacances.com\/wp-content\/uploads\/2024\/10\/left.svg\" alt=\"left\" class=\"wp-image-413\" style=\"width:16px\" \/><\/figure>\n\n\n\n<figure class=\"wp-block-image size-large is-resized gt-swiper-mb-1-right\"><img decoding=\"async\" width=\"17\" height=\"14\" src=\"https:\/\/camping-benodet-vacances.com\/wp-content\/uploads\/2024\/10\/right.svg\" alt=\"right\" class=\"wp-image-415\" style=\"width:16px\" \/><\/figure>\n<\/div>\n<\/div>\n<\/div>\n\n\n\n<div class=\"wp-block-group gt-swiper-mb-1 has-global-padding is-content-justification-right is-layout-constrained wp-container-core-group-is-layout-fbcf87ba wp-block-group-is-layout-constrained\">\n<div data-swiper=\"{&quot;speed&quot;:400,&quot;spaceBetween&quot;:0,&quot;slidesPerView&quot;:1,&quot;createElements&quot;:true,&quot;loop&quot;:true,&quot;freemode&quot;:true,&quot;navigation&quot;:{&quot;nextEl&quot;:&quot;.gt-swiper-mb-1-right&quot;,&quot;prevEl&quot;:&quot;.gt-swiper-mb-1-left&quot;},&quot;breakpoints&quot;:[{&quot;slidesPerView&quot;:1}],&quot;autoplay&quot;:{&quot;delay&quot;:2000}}\" class=\"wp-block-group gt-is-slider gt-is-slider-desktop is-layout-grid wp-container-core-group-is-layout-f2e2ae4a wp-block-group-is-layout-grid\" style=\"border-top-left-radius:2rem;border-top-right-radius:0rem;border-bottom-left-radius:2rem;border-bottom-right-radius:0rem\">\n<figure class=\"wp-block-image size-full has-custom-border\"><img decoding=\"async\" width=\"1152\" height=\"768\" src=\"https:\/\/camping-benodet-vacances.com\/wp-content\/uploads\/2024\/12\/sentiers-de-randonnees.avif\" alt=\"wandelroutes\" class=\"wp-image-15032\" style=\"border-top-left-radius:26px;border-top-right-radius:0px;border-bottom-left-radius:26px;object-fit:cover\" srcset=\"https:\/\/camping-benodet-vacances.com\/wp-content\/uploads\/2024\/12\/sentiers-de-randonnees.avif 1152w, https:\/\/camping-benodet-vacances.com\/wp-content\/uploads\/2024\/12\/sentiers-de-randonnees-300x200.jpg 300w, https:\/\/camping-benodet-vacances.com\/wp-content\/uploads\/2024\/12\/sentiers-de-randonnees-1024x683.jpg 1024w, https:\/\/camping-benodet-vacances.com\/wp-content\/uploads\/2024\/12\/sentiers-de-randonnees-768x512.jpg 768w\" sizes=\"(max-width: 1152px) 100vw, 1152px\" \/><\/figure>\n\n\n\n<figure class=\"wp-block-image size-full has-custom-border\"><img decoding=\"async\" width=\"1152\" height=\"768\" src=\"https:\/\/camping-benodet-vacances.com\/wp-content\/uploads\/2024\/12\/decouvrez-la-riviera-bretonne-a-velo.avif\" alt=\"ontdek de bretonse riviera op de fiets\" class=\"wp-image-15034\" style=\"border-top-left-radius:26px;border-top-right-radius:0px;border-bottom-left-radius:26px;object-fit:cover\" srcset=\"https:\/\/camping-benodet-vacances.com\/wp-content\/uploads\/2024\/12\/decouvrez-la-riviera-bretonne-a-velo.avif 1152w, https:\/\/camping-benodet-vacances.com\/wp-content\/uploads\/2024\/12\/decouvrez-la-riviera-bretonne-a-velo-300x200.jpg 300w, https:\/\/camping-benodet-vacances.com\/wp-content\/uploads\/2024\/12\/decouvrez-la-riviera-bretonne-a-velo-1024x683.jpg 1024w, https:\/\/camping-benodet-vacances.com\/wp-content\/uploads\/2024\/12\/decouvrez-la-riviera-bretonne-a-velo-768x512.jpg 768w\" sizes=\"(max-width: 1152px) 100vw, 1152px\" \/><\/figure>\n\n\n\n<figure class=\"wp-block-image size-full has-custom-border\"><img decoding=\"async\" width=\"1152\" height=\"768\" src=\"https:\/\/camping-benodet-vacances.com\/wp-content\/uploads\/2024\/12\/decouvrez-la-riviera-bretonne-a-pied.avif\" alt=\"ontdek de bretonse riviera te voet\" class=\"wp-image-15036\" style=\"border-top-left-radius:26px;border-top-right-radius:0px;border-bottom-left-radius:26px;object-fit:cover\" srcset=\"https:\/\/camping-benodet-vacances.com\/wp-content\/uploads\/2024\/12\/decouvrez-la-riviera-bretonne-a-pied.avif 1152w, https:\/\/camping-benodet-vacances.com\/wp-content\/uploads\/2024\/12\/decouvrez-la-riviera-bretonne-a-pied-300x200.jpg 300w, https:\/\/camping-benodet-vacances.com\/wp-content\/uploads\/2024\/12\/decouvrez-la-riviera-bretonne-a-pied-1024x683.jpg 1024w, https:\/\/camping-benodet-vacances.com\/wp-content\/uploads\/2024\/12\/decouvrez-la-riviera-bretonne-a-pied-768x512.jpg 768w\" sizes=\"(max-width: 1152px) 100vw, 1152px\" \/><\/figure>\n<\/div>\n<\/div>\n<\/div>\n\n<div id=\"gt-bg-image-1\" class=\"wp-block-group gt-bg-image gt-gsap-parallaxDown has-global-padding is-layout-constrained wp-container-core-group-is-layout-d032a070 wp-block-group-is-layout-constrained\" style=\"padding-left:var(--wp--preset--spacing--60)\">\n<figure class=\"wp-block-image aligncenter size-full\" style=\"margin-top:-370px\"><img decoding=\"async\" width=\"306\" height=\"313\" src=\"https:\/\/camping-benodet-vacances.com\/wp-content\/uploads\/2024\/10\/Insta-3.svg\" alt=\"Insta 3\" class=\"wp-image-463\" \/><\/figure>\n<\/div>\n\n<div style=\"height:8rem\" aria-hidden=\"true\" class=\"wp-block-spacer gt-hide-mobile\"><\/div>\n\n<div class=\"wp-block-group alignwide has-medium-font-size is-layout-flow wp-block-group-is-layout-flow\">\n<h2 class=\"wp-block-heading h2-like has-base-color has-text-color has-link-color has-large-font-size wp-elements-bdf21d2b35fe9cb8fc1784060cd230a3\" style=\"margin-top:0;margin-bottom:-16px;font-style:normal;font-weight:600;text-transform:uppercase\">Ontdek ons zwemparadijs en onze promoties<\/h2>\n\n\n\n<div class=\"wp-block-query alignwide gt-is-slider gt-is-slider-desktop is-layout-flow wp-block-query-is-layout-flow\"><ul class=\"wp-block-post-template is-layout-grid wp-container-core-post-template-is-layout-c37e0d04 wp-block-post-template-is-layout-grid\"><li class=\"wp-block-post post-20179 page type-page status-publish has-post-thumbnail\">\n\n<div class=\"wp-block-group overflow-hidden has-base-2-background-color has-background has-global-padding is-layout-constrained wp-container-core-group-is-layout-95730b41 wp-block-group-is-layout-constrained\" style=\"border-radius:0.5rem;min-height:100%;padding-top:0;padding-bottom:0;box-shadow:var(--wp--preset--shadow--natural)\">\n<figure class=\"wp-block-image\"><img decoding=\"async\" src=\"https:\/\/camping-benodet-vacances.com\/wp-content\/uploads\/2024\/12\/camping-activites-club-enfants-ados-benodet-cta.avif\" alt=\"Activiteiten voor kinderen en tieners\" style=\"aspect-ratio:4\/3;object-fit:cover\" \/><\/figure>\n\n\n\n<div class=\"wp-block-group has-global-padding is-layout-constrained wp-container-core-group-is-layout-86dba5ee wp-block-group-is-layout-constrained\" style=\"padding-top:var(--wp--preset--spacing--10);padding-right:var(--wp--preset--spacing--10);padding-bottom:var(--wp--preset--spacing--10);padding-left:var(--wp--preset--spacing--10)\">\n<div class=\"wp-block-group has-global-padding is-layout-constrained wp-container-core-group-is-layout-e555385e wp-block-group-is-layout-constrained\">\n<p class=\"has-text-align-center gt-rotated has-accent-color has-text-color has-link-color has-caveat-font-family has-large-font-size wp-elements-005c35a45e8eeafe15ab6182ad9cdba1\" style=\"font-style:normal;font-weight:500\">Ontdek<\/p>\n\n\n\n<p class=\"has-text-align-center has-base-color has-text-color has-link-color has-caveat-font-family has-large-font-size wp-elements-0d156a93fb2aa5049bd2c20f062aa661\" style=\"font-style:normal;font-weight:400\">Activiteiten voor kinderen en tieners<\/p>\n<\/div>\n\n\n\n<p class=\"has-text-align-center has-medium-font-size\" style=\"font-style:normal;font-weight:400\">Gegarandeerd plezier op een camping met kinderclub, tienerclub, speelzaal&#8230;<\/p>\n\n\n\n<div class=\"wp-block-group is-nowrap is-layout-flex wp-container-core-group-is-layout-37505225 wp-block-group-is-layout-flex\">\n<p class=\"has-base-color has-text-color has-link-color wp-elements-ca6bef4703fb7078f8a8b9ad071ad1aa\" style=\"font-size:0.8rem\">Lees meer<\/p>\n\n\n\n<figure class=\"wp-block-image size-full is-resized\" style=\"margin-top:0;margin-right:0;margin-bottom:0;margin-left:0\"><img decoding=\"async\" width=\"68\" height=\"64\" src=\"https:\/\/camping-benodet-vacances.com\/wp-content\/uploads\/2024\/11\/fleche-cercles-1-3-1.png\" alt=\"pijlcirkels 1 3\" class=\"wp-image-2522\" style=\"width:20px;height:auto\" \/><\/figure>\n<\/div>\n<\/div>\n\n\n<a class=\"is-style-lien-cover wp-block-read-more\" href=\"https:\/\/camping-benodet-vacances.com\/nl\/camping-activiteiten-kinderclub-tieners-benodet\/\" target=\"_self\">Lees verder<span class=\"screen-reader-text\">: Camping met vrijetijdsactiviteiten voor kinderen en tieners in Zuid-Finist\u00e8re<\/span><\/a><\/div>\n\n<\/li><li class=\"wp-block-post post-20111 page type-page status-publish has-post-thumbnail\">\n\n<div class=\"wp-block-group overflow-hidden has-base-2-background-color has-background has-global-padding is-layout-constrained wp-container-core-group-is-layout-95730b41 wp-block-group-is-layout-constrained\" style=\"border-radius:0.5rem;min-height:100%;padding-top:0;padding-bottom:0;box-shadow:var(--wp--preset--shadow--natural)\">\n<figure class=\"wp-block-image\"><img decoding=\"async\" src=\"https:\/\/camping-benodet-vacances.com\/wp-content\/uploads\/2024\/12\/location-emplacement-benodet-cta.avif\" alt=\"Onze locaties\" style=\"aspect-ratio:4\/3;object-fit:cover\" \/><\/figure>\n\n\n\n<div class=\"wp-block-group has-global-padding is-layout-constrained wp-container-core-group-is-layout-86dba5ee wp-block-group-is-layout-constrained\" style=\"padding-top:var(--wp--preset--spacing--10);padding-right:var(--wp--preset--spacing--10);padding-bottom:var(--wp--preset--spacing--10);padding-left:var(--wp--preset--spacing--10)\">\n<div class=\"wp-block-group has-global-padding is-layout-constrained wp-container-core-group-is-layout-e555385e wp-block-group-is-layout-constrained\">\n<p class=\"has-text-align-center gt-rotated has-accent-color has-text-color has-link-color has-caveat-font-family has-large-font-size wp-elements-005c35a45e8eeafe15ab6182ad9cdba1\" style=\"font-style:normal;font-weight:500\">Ontdek<\/p>\n\n\n\n<p class=\"has-text-align-center has-base-color has-text-color has-link-color has-caveat-font-family has-large-font-size wp-elements-0d156a93fb2aa5049bd2c20f062aa661\" style=\"font-style:normal;font-weight:400\">Onze locaties<\/p>\n<\/div>\n\n\n\n<p class=\"has-text-align-center has-medium-font-size\" style=\"font-style:normal;font-weight:400\">Reserveer een volledig uitgeruste kampeerplaats voor tenten en caravans<\/p>\n\n\n\n<div class=\"wp-block-group is-nowrap is-layout-flex wp-container-core-group-is-layout-37505225 wp-block-group-is-layout-flex\">\n<p class=\"has-base-color has-text-color has-link-color wp-elements-ca6bef4703fb7078f8a8b9ad071ad1aa\" style=\"font-size:0.8rem\">Lees meer<\/p>\n\n\n\n<figure class=\"wp-block-image size-full is-resized\" style=\"margin-top:0;margin-right:0;margin-bottom:0;margin-left:0\"><img decoding=\"async\" width=\"68\" height=\"64\" src=\"https:\/\/camping-benodet-vacances.com\/wp-content\/uploads\/2024\/11\/fleche-cercles-1-3-1.png\" alt=\"pijlcirkels 1 3\" class=\"wp-image-2522\" style=\"width:20px;height:auto\" \/><\/figure>\n<\/div>\n<\/div>\n\n\n<a class=\"is-style-lien-cover wp-block-read-more\" href=\"https:\/\/camping-benodet-vacances.com\/nl\/location-emplacement-benodet\/\" target=\"_self\">Lees verder<span class=\"screen-reader-text\">: Onze locaties<\/span><\/a><\/div>\n\n<\/li><li class=\"wp-block-post post-20668 page type-page status-publish has-post-thumbnail\">\n\n<div class=\"wp-block-group overflow-hidden has-base-2-background-color has-background has-global-padding is-layout-constrained wp-container-core-group-is-layout-95730b41 wp-block-group-is-layout-constrained\" style=\"border-radius:0.5rem;min-height:100%;padding-top:0;padding-bottom:0;box-shadow:var(--wp--preset--shadow--natural)\">\n<figure class=\"wp-block-image\"><img decoding=\"async\" src=\"https:\/\/camping-benodet-vacances.com\/wp-content\/uploads\/2024\/12\/camping-pas-cher-benodet-cta.avif\" alt=\"Onze promoties\" style=\"aspect-ratio:4\/3;object-fit:cover\" \/><\/figure>\n\n\n\n<div class=\"wp-block-group has-global-padding is-layout-constrained wp-container-core-group-is-layout-86dba5ee wp-block-group-is-layout-constrained\" style=\"padding-top:var(--wp--preset--spacing--10);padding-right:var(--wp--preset--spacing--10);padding-bottom:var(--wp--preset--spacing--10);padding-left:var(--wp--preset--spacing--10)\">\n<div class=\"wp-block-group has-global-padding is-layout-constrained wp-container-core-group-is-layout-e555385e wp-block-group-is-layout-constrained\">\n<p class=\"has-text-align-center gt-rotated has-accent-color has-text-color has-link-color has-caveat-font-family has-large-font-size wp-elements-005c35a45e8eeafe15ab6182ad9cdba1\" style=\"font-style:normal;font-weight:500\">Ontdek<\/p>\n\n\n\n<p class=\"has-text-align-center has-base-color has-text-color has-link-color has-caveat-font-family has-large-font-size wp-elements-0d156a93fb2aa5049bd2c20f062aa661\" style=\"font-style:normal;font-weight:400\">Onze promoties<\/p>\n<\/div>\n\n\n\n<p class=\"has-text-align-center has-medium-font-size\" style=\"font-style:normal;font-weight:400\">Krijg de beste waarde voor je verblijf<\/p>\n\n\n\n<div class=\"wp-block-group is-nowrap is-layout-flex wp-container-core-group-is-layout-37505225 wp-block-group-is-layout-flex\">\n<p class=\"has-base-color has-text-color has-link-color wp-elements-ca6bef4703fb7078f8a8b9ad071ad1aa\" style=\"font-size:0.8rem\">Lees meer<\/p>\n\n\n\n<figure class=\"wp-block-image size-full is-resized\" style=\"margin-top:0;margin-right:0;margin-bottom:0;margin-left:0\"><img decoding=\"async\" width=\"68\" height=\"64\" src=\"https:\/\/camping-benodet-vacances.com\/wp-content\/uploads\/2024\/11\/fleche-cercles-1-3-1.png\" alt=\"pijlcirkels 1 3\" class=\"wp-image-2522\" style=\"width:20px;height:auto\" \/><\/figure>\n<\/div>\n<\/div>\n\n\n<a class=\"is-style-lien-cover wp-block-read-more\" href=\"https:\/\/camping-benodet-vacances.com\/nl\/goedkope-camping-in-benodet\/\" target=\"_self\">Lees verder<span class=\"screen-reader-text\">: Tarieven<\/span><\/a><\/div>\n\n<\/li><\/ul><\/div>\n<\/div>\n","protected":false},"excerpt":{"rendered":"<p>Toeristische bestemming Ontdek B\u00e9nodet tijdens uw vakantie in Finist\u00e8re Activiteiten tijdens je verblijf in B\u00e9nodet Het beste van B\u00e9nodet in het kort Locatie: badplaats aan de Bretonse Rivi\u00e8ra, tegenover de Gl\u00e9nan-eilanden in het hart van Zuid-Finist\u00e8re. Historische en culturele bezienswaardigheden: ontdek de kerk van St Thomas Becket, de Menhir de Poulquer en het Mus\u00e9e du [&hellip;]<\/p>\n","protected":false},"author":1,"featured_media":20308,"parent":0,"menu_order":0,"comment_status":"closed","ping_status":"closed","template":"","meta":{"_acf_changed":false,"_seopress_robots_primary_cat":"","_seopress_titles_title":"Bezoek B\u00e9nodet: Wat is er te zien en te doen tijdens je vakantie in B\u00e9nodet?","_seopress_titles_desc":"Profiteer van uw Bretonse vakantie met onze selectie van must-see sites en activiteiten binnen handbereik van de camping in B\u00e9nodet, aan de Bretonse Rivi\u00e8ra in Zuid-Finist\u00e8re!","_seopress_robots_index":"","_gt_ctv_global_id":"","_gt_ctv_id_group":false,"inline_featured_image":false,"gt_fse_maillage_image":"https:\/\/camping-benodet-vacances.com\/wp-content\/uploads\/2024\/12\/tourisme-benodet-finistere-cta.avif","gt_fse_maillage_titre":"B\u00e9nodet en de regio","gt_fse_maillage_alt":"B\u00e9nodet en de regio","gt_fse_maillage_resume":"B\u00e9nodet ligt aan de monding van de rivier de Odet en is een van de parels van Zuid-Bretagne.","footnotes":""},"categories":[],"tags":[],"class_list":["post-20237","page","type-page","status-publish","has-post-thumbnail"],"acf":[],"_links":{"self":[{"href":"https:\/\/camping-benodet-vacances.com\/nl\/wp-json\/wp\/v2\/pages\/20237","targetHints":{"allow":["GET"]}}],"collection":[{"href":"https:\/\/camping-benodet-vacances.com\/nl\/wp-json\/wp\/v2\/pages"}],"about":[{"href":"https:\/\/camping-benodet-vacances.com\/nl\/wp-json\/wp\/v2\/types\/page"}],"author":[{"embeddable":true,"href":"https:\/\/camping-benodet-vacances.com\/nl\/wp-json\/wp\/v2\/users\/1"}],"replies":[{"embeddable":true,"href":"https:\/\/camping-benodet-vacances.com\/nl\/wp-json\/wp\/v2\/comments?post=20237"}],"version-history":[{"count":9,"href":"https:\/\/camping-benodet-vacances.com\/nl\/wp-json\/wp\/v2\/pages\/20237\/revisions"}],"predecessor-version":[{"id":30932,"href":"https:\/\/camping-benodet-vacances.com\/nl\/wp-json\/wp\/v2\/pages\/20237\/revisions\/30932"}],"wp:featuredmedia":[{"embeddable":true,"href":"https:\/\/camping-benodet-vacances.com\/nl\/wp-json\/wp\/v2\/media\/20308"}],"wp:attachment":[{"href":"https:\/\/camping-benodet-vacances.com\/nl\/wp-json\/wp\/v2\/media?parent=20237"}],"wp:term":[{"taxonomy":"category","embeddable":true,"href":"https:\/\/camping-benodet-vacances.com\/nl\/wp-json\/wp\/v2\/categories?post=20237"},{"taxonomy":"post_tag","embeddable":true,"href":"https:\/\/camping-benodet-vacances.com\/nl\/wp-json\/wp\/v2\/tags?post=20237"}],"curies":[{"name":"wp","href":"https:\/\/api.w.org\/{rel}","templated":true}]}}