{"id":20884,"date":"2024-09-25T10:15:24","date_gmt":"2024-09-25T08:15:24","guid":{"rendered":"https:\/\/www.camping-benodet-vacances.com\/accueil\/"},"modified":"2026-04-28T10:17:16","modified_gmt":"2026-04-28T08:17:16","slug":"accueil","status":"publish","type":"page","link":"https:\/\/camping-benodet-vacances.com\/nl\/","title":{"rendered":"Home"},"content":{"rendered":"\n<div style=\"height:148px\" aria-hidden=\"true\" class=\"wp-block-spacer gt-hide-mobile\"><\/div>\n\n<div class=\"wp-block-columns alignwide gt-columns-mobile is-layout-flex wp-container-core-columns-is-layout-1a0f4342 wp-block-columns-is-layout-flex\">\n<div class=\"wp-block-column is-layout-flow wp-block-column-is-layout-flow\" style=\"flex-basis:485px\">\n<div class=\"wp-block-group is-vertical is-layout-flex wp-container-core-group-is-layout-4b827052 wp-block-group-is-layout-flex\">\n<div style=\"height:0px\" aria-hidden=\"true\" class=\"wp-block-spacer gt-hide-mobile wp-container-content-fdc43b14\"><\/div>\n\n\n\n<div class=\"wp-block-group gt-rotated has-global-padding is-layout-constrained wp-block-group-is-layout-constrained\">\n\n\n\n<\/div>\n\n\n\n<h1 class=\"wp-block-heading h2-like has-base-color has-text-color has-link-color wp-elements-cb3cafe00c78aff2f3cff01e125afee7\" style=\"font-style:normal;font-weight:600;text-transform:uppercase\">4-sterren camping in B\u00e9nodet<\/h1>\n\n\n\n<div style=\"height:0px\" aria-hidden=\"true\" class=\"wp-block-spacer gt-hide-mobile wp-container-content-74a76527\"><\/div>\n\n\n\n<p class=\"has-medium-font-size\">Ideaal gelegen in B\u00e9nodet, <strong>in het centrum van de badplaats<\/strong>, nodigt de 4-sterren camping La Mer Blanche je uit voor een <strong>onvergetelijke vakantie in Zuid-Bretagne<\/strong>, op slechts 3,5 km van het strand.  <\/p>\n\n\n\n<p>In het hart van een <strong>groen park van 6,5 hectare<\/strong> en dicht bij de winkels (op 3 km van de eerste winkels), met <strong>264 staanplaatsen<\/strong>, is camping La Mer Blanche de perfecte plek in <strong>B\u00e9nodet <\/strong>voor uw <strong>vakantie met z&#8217;n twee\u00ebn, met het gezin of met vrienden<\/strong>!<\/p>\n\n\n\n<p class=\"has-medium-font-size\">Situ\u00e9 \u00e0 proximit\u00e9 du <strong>bord de mer<\/strong>, vous appr\u00e9cierez la situation de notre camping ouvert <strong>du 03\/04\/2026 au 19\/09\/2026<\/strong>.<\/p>\n<\/div>\n<\/div>\n\n\n\n<div class=\"wp-block-column gt-hide-mobile is-layout-flow wp-block-column-is-layout-flow\" style=\"flex-basis:725px\">\n<div class=\"wp-block-group wp-container-content-0733e5d0 is-nowrap is-layout-flex wp-container-core-group-is-layout-9bd231a2 wp-block-group-is-layout-flex\">\n<figure data-gt-animation-speed=\"30\" class=\"wp-block-image size-full gt-gsap-fadeInUp gt-gsap-parallaxUp wp-container-content-9cfa9a5a\"><img alt=\"\" decoding=\"async\" width=\"538\" height=\"1126\" src=\"https:\/\/camping-benodet-vacances.com\/wp-content\/uploads\/2025\/08\/destination-camping-club-a-benodet.webp\" alt=\"\" class=\"wp-image-24313\" style=\"object-fit:cover\" srcset=\"https:\/\/camping-benodet-vacances.com\/wp-content\/uploads\/2025\/08\/destination-camping-club-a-benodet.webp 538w, https:\/\/camping-benodet-vacances.com\/wp-content\/uploads\/2025\/08\/destination-camping-club-a-benodet-143x300.webp 143w, https:\/\/camping-benodet-vacances.com\/wp-content\/uploads\/2025\/08\/destination-camping-club-a-benodet-489x1024.webp 489w\" sizes=\"(max-width: 538px) 100vw, 538px\" \/><\/figure>\n\n\n\n<figure data-gt-animation-delay=\"0.3\" class=\"wp-block-image size-full has-custom-border gt-gsap-fadeInUp wp-container-content-9cfa9a5a\"><img decoding=\"async\" width=\"652\" height=\"992\" src=\"https:\/\/camping-benodet-vacances.com\/wp-content\/uploads\/2024\/12\/vacances-inoubliables-en-bretagne-sud.avif\" alt=\"onvergetelijke vakantie in zuid bretagne\" class=\"wp-image-15076\" style=\"border-radius:27px;object-fit:cover\" srcset=\"https:\/\/camping-benodet-vacances.com\/wp-content\/uploads\/2024\/12\/vacances-inoubliables-en-bretagne-sud.avif 652w, https:\/\/camping-benodet-vacances.com\/wp-content\/uploads\/2024\/12\/vacances-inoubliables-en-bretagne-sud-197x300.jpg 197w\" sizes=\"(max-width: 652px) 100vw, 652px\" \/><\/figure>\n\n\n\n<div data-gt-animation-delay=\"0.6\" class=\"wp-block-group z-index-1 gt-gsap-fadeInUp has-global-padding is-layout-constrained wp-block-group-is-layout-constrained\" style=\"padding-top:53px\">\n<figure data-gt-animation-speed=\"100\" class=\"wp-block-image size-full is-resized gt-dot-deco gt-gsap-parallaxDown\"><img alt=\"Cercle\" decoding=\"async\" width=\"168\" height=\"169\" src=\"https:\/\/camping-benodet-vacances.com\/wp-content\/uploads\/2024\/10\/Circle.svg\" alt=\"\" class=\"wp-image-182\" style=\"width:167px\" \/><\/figure>\n<\/div>\n<\/div>\n<\/div>\n<\/div>\n\n<div style=\"height:32px\" aria-hidden=\"true\" class=\"wp-block-spacer gt-hide-mobile\"><\/div>\n\n<div class=\"wp-block-group alignwide is-content-justification-space-between is-layout-flex wp-container-core-group-is-layout-9366075c wp-block-group-is-layout-flex\">\n<div data-swiper=\"{&quot;speed&quot;:400,&quot;spaceBetween&quot;:16,&quot;slidesPerView&quot;:2,&quot;createElements&quot;:true,&quot;loop&quot;:true,&quot;freemode&quot;:true,&quot;breakpoints&quot;:[{&quot;slidesPerView&quot;:2}],&quot;autoplay&quot;:{&quot;speed&quot;:2000},&quot;navigation&quot;:false,&quot;pagination&quot;:false}\" class=\"wp-block-group alignfull gt-is-slider gt-is-slider-mobile is-nowrap is-layout-flex wp-container-core-group-is-layout-fc054d2d wp-block-group-is-layout-flex\">\n<div class=\"wp-block-group has-medium-font-size is-layout-flex wp-container-core-group-is-layout-eb8e908f wp-block-group-is-layout-flex\">\n<figure class=\"wp-block-image size-large\"><img decoding=\"async\" width=\"32\" height=\"32\" src=\"https:\/\/camping-benodet-vacances.com\/wp-content\/uploads\/2024\/10\/Group.svg\" alt=\"Groep\" class=\"wp-image-324\" \/><\/figure>\n\n\n\n<div class=\"wp-block-group is-vertical is-layout-flex wp-container-core-group-is-layout-4b827052 wp-block-group-is-layout-flex\">\n<p>De receptie is geopend van<\/p>\n\n\n\n<p><strong>09h tot 12h dan 16h tot 19h<\/strong><\/p>\n<\/div>\n<\/div>\n\n\n\n<div class=\"wp-block-group has-medium-font-size is-layout-flex wp-container-core-group-is-layout-eb8e908f wp-block-group-is-layout-flex\">\n<figure class=\"wp-block-image size-large is-resized\"><img decoding=\"async\" width=\"38\" height=\"38\" src=\"https:\/\/camping-benodet-vacances.com\/wp-content\/uploads\/2024\/10\/tel-equipe-1-2.svg\" alt=\"tel team 1 2\" class=\"wp-image-326\" style=\"width:32px;height:auto\" \/><\/figure>\n\n\n\n<div class=\"wp-block-group is-vertical is-layout-flex wp-container-core-group-is-layout-4b827052 wp-block-group-is-layout-flex\">\n<p>Een beschikbaar team<\/p>\n\n\n\n<p><strong>op 02 98 57 00 75<\/strong><\/p>\n<\/div>\n<\/div>\n\n\n\n<div class=\"wp-block-group has-medium-font-size is-layout-flex wp-container-core-group-is-layout-eb8e908f wp-block-group-is-layout-flex\">\n<figure class=\"wp-block-image size-large\"><img decoding=\"async\" width=\"37\" height=\"34\" src=\"https:\/\/camping-benodet-vacances.com\/wp-content\/uploads\/2024\/10\/cle-1-2.svg\" alt=\"toets 1 2\" class=\"wp-image-330\" \/><\/figure>\n\n\n\n<div class=\"wp-block-group is-vertical is-layout-flex wp-container-core-group-is-layout-4b827052 wp-block-group-is-layout-flex\">\n<p>Gratis aankomst en vertrek<\/p>\n\n\n\n<p><strong>Elke dag in de zomer<\/strong><\/p>\n<\/div>\n<\/div>\n<\/div>\n\n\n\n<div class=\"wp-block-group has-global-padding is-layout-constrained wp-block-group-is-layout-constrained\">\n\n\n<p data-gt-animation-delay=\"1\" class=\"has-text-align-right has-base-color has-text-color has-link-color has-caveat-font-family gt-gsap-fadeIn wp-elements-e71236ac42bb5e89b2850821b70671a8\" style=\"font-size:clamp(35.2px, 2.2rem + ((1vw - 3.2px) * 3), 64px);line-height:1\">Ga terug naar Breizh!<\/p>\n\n\n<\/div>\n<\/div>\n\n<div style=\"height:80px\" aria-hidden=\"true\" class=\"wp-block-spacer gt-hide-mobile\"><\/div>\n\n<div class=\"wp-block-group alignfull gt-avantages-section gt-break-mobile is-nowrap is-layout-flex wp-container-core-group-is-layout-c63e497f wp-block-group-is-layout-flex\" style=\"padding-right:0\">\n<div class=\"wp-block-group is-vertical is-content-justification-stretch is-layout-flex wp-container-core-group-is-layout-69c550ab wp-block-group-is-layout-flex\">\n<div class=\"wp-block-group gt-items-avantages is-content-justification-center is-nowrap is-layout-flex wp-container-core-group-is-layout-b304e3ca wp-block-group-is-layout-flex\" style=\"margin-bottom:-30px\">\n<div class=\"wp-block-group gt-item-avantage wp-container-content-b04ba3db is-vertical is-content-justification-center is-layout-flex wp-container-core-group-is-layout-64bf8296 wp-block-group-is-layout-flex\">\n<p class=\"has-text-align-center has-accent-color has-text-color has-link-color has-caveat-font-family wp-elements-810d0372fd550883fc8f4f124def5e53\" style=\"font-size:clamp(1.146rem, 1.146rem + ((1vw - 0.2rem) * 1.09), 1.8rem);line-height:1\">Overdekt zwembad<\/p>\n\n\n\n<p class=\"has-text-align-center has-small-font-size\" style=\"font-style:normal;font-weight:600\">en verwarmd<\/p>\n\n\n\n<figure class=\"wp-block-image size-full is-resized\"><img decoding=\"async\" width=\"63\" height=\"64\" src=\"https:\/\/camping-benodet-vacances.com\/wp-content\/uploads\/2024\/10\/piscine-1.svg\" alt=\"zwembad 1\" class=\"wp-image-240\" style=\"aspect-ratio:0.7875;object-fit:contain;width:64px;height:auto\" \/><\/figure>\n<\/div>\n\n\n\n<div class=\"wp-block-group gt-item-avantage wp-container-content-b04ba3db is-vertical is-content-justification-center is-layout-flex wp-container-core-group-is-layout-81423f52 wp-block-group-is-layout-flex\">\n<p class=\"has-text-align-center has-accent-color has-text-color has-link-color has-caveat-font-family wp-elements-6462f272aa232167fb315e977822b278\" style=\"font-size:clamp(1.146rem, 1.146rem + ((1vw - 0.2rem) * 1.09), 1.8rem);line-height:1\">Amusement<\/p>\n\n\n\n<p class=\"has-text-align-center has-small-font-size\" style=\"font-style:normal;font-weight:600\">voor jong en oud<\/p>\n\n\n\n<figure class=\"wp-block-image size-full is-resized\"><img decoding=\"async\" width=\"79\" height=\"79\" src=\"https:\/\/camping-benodet-vacances.com\/wp-content\/uploads\/2024\/10\/animations-1.svg\" alt=\"animaties 1\" class=\"wp-image-238\" style=\"object-fit:contain;width:80px;height:80px\" \/><\/figure>\n<\/div>\n<\/div>\n\n\n\n<div id=\"gt-corde-animation\" class=\"wp-block-group is-layout-flow wp-block-group-is-layout-flow has-background\" style=\"min-height:130px;background-image:url(&apos;https:\/\/camping-benodet-vacances.com\/wp-content\/uploads\/2024\/10\/corde-1-1.png&apos;);background-position:0% 0%;background-size:1200px;\"><\/div>\n\n\n\n<div class=\"wp-block-group gt-items-avantages is-content-justification-center is-nowrap is-layout-flex wp-container-core-group-is-layout-e447253f wp-block-group-is-layout-flex\" style=\"margin-top:-30px\">\n<div class=\"wp-block-group gt-item-avantage wp-container-content-b04ba3db is-vertical is-content-justification-center is-layout-flex wp-container-core-group-is-layout-81423f52 wp-block-group-is-layout-flex\">\n<figure class=\"wp-block-image size-full is-resized\"><img decoding=\"async\" width=\"50\" height=\"50\" src=\"https:\/\/camping-benodet-vacances.com\/wp-content\/uploads\/2024\/10\/cocktail-1.svg\" alt=\"cocktail 1\" class=\"wp-image-254\" style=\"aspect-ratio:0.7875;object-fit:contain;width:64px;height:auto\" \/><\/figure>\n\n\n\n<p class=\"has-text-align-center has-small-font-size\" style=\"font-style:normal;font-weight:600\">Restaurant en bar<\/p>\n\n\n\n<p class=\"has-text-align-center has-accent-color has-text-color has-link-color has-caveat-font-family wp-elements-23c8015dd4d199acdac4f611bcdab5eb\" style=\"font-size:clamp(1.146rem, 1.146rem + ((1vw - 0.2rem) * 1.09), 1.8rem);line-height:1\">met terras<\/p>\n<\/div>\n\n\n\n<div class=\"wp-block-group gt-item-avantage wp-container-content-b04ba3db is-vertical is-content-justification-center is-layout-flex wp-container-core-group-is-layout-81423f52 wp-block-group-is-layout-flex\">\n<figure class=\"wp-block-image size-full is-resized\"><img decoding=\"async\" width=\"51\" height=\"52\" src=\"https:\/\/camping-benodet-vacances.com\/wp-content\/uploads\/2024\/10\/tobbogan-1.svg\" alt=\"tobbogan 1\" class=\"wp-image-257\" style=\"aspect-ratio:0.7875;object-fit:contain;width:64px;height:auto\" \/><\/figure>\n\n\n\n<p class=\"has-text-align-center has-small-font-size\" style=\"font-style:normal;font-weight:600\">Waterpark<\/p>\n\n\n\n<p class=\"has-text-align-center has-accent-color has-text-color has-link-color has-caveat-font-family wp-elements-ba44a5f2ad4f0862ed6689f4b01d5129\" style=\"font-size:clamp(1.146rem, 1.146rem + ((1vw - 0.2rem) * 1.09), 1.8rem);line-height:1\">met dia&#8217;s<\/p>\n<\/div>\n\n\n\n<div class=\"wp-block-group gt-item-avantage wp-container-content-b04ba3db is-vertical is-content-justification-center is-layout-flex wp-container-core-group-is-layout-81423f52 wp-block-group-is-layout-flex\">\n<figure class=\"wp-block-image size-full is-resized\"><img decoding=\"async\" width=\"76\" height=\"54\" src=\"https:\/\/camping-benodet-vacances.com\/wp-content\/uploads\/2024\/10\/106.svg\" alt=\"106\" class=\"wp-image-260\" style=\"object-fit:contain;width:80px;height:80px\" \/><\/figure>\n\n\n\n<p class=\"has-text-align-center has-small-font-size\" style=\"font-style:normal;font-weight:600\">Nabijgelegen camping<\/p>\n\n\n\n<p class=\"has-text-align-center has-accent-color has-text-color has-link-color has-caveat-font-family wp-elements-de3e987f96fa0c2e11b1a8a0c9dede4c\" style=\"font-size:clamp(1.146rem, 1.146rem + ((1vw - 0.2rem) * 1.09), 1.8rem);line-height:1\">stranden<\/p>\n<\/div>\n<\/div>\n<\/div>\n\n\n\n<div class=\"wp-block-group gt-team-pic-wrap gt-gsap-fadeIn is-layout-flow wp-container-core-group-is-layout-d6743c7d wp-block-group-is-layout-flow\">\n<div class=\"wp-block-group alignwide is-layout-flow wp-block-group-is-layout-flow\" style=\"padding-right:var(--wp--preset--spacing--60);padding-left:0\">\n<figure class=\"wp-block-image size-full is-resized has-custom-border is-style-rounded gt-img-full is-style-rounded--1\"><img decoding=\"async\" width=\"638\" height=\"684\" src=\"https:\/\/camping-benodet-vacances.com\/wp-content\/uploads\/2024\/12\/equipe-camping-mer-blanche-benodet.avif\" alt=\"team camping mer blanche benodet\" class=\"wp-image-15086\" style=\"border-style:none;border-width:0px;object-fit:cover;width:638px;height:auto\" srcset=\"https:\/\/camping-benodet-vacances.com\/wp-content\/uploads\/2024\/12\/equipe-camping-mer-blanche-benodet.avif 638w, https:\/\/camping-benodet-vacances.com\/wp-content\/uploads\/2024\/12\/equipe-camping-mer-blanche-benodet-280x300.jpg 280w\" sizes=\"(max-width: 638px) 100vw, 638px\" \/><\/figure>\n<\/div>\n\n\n\n<div class=\"wp-block-group avis-section is-layout-flow wp-block-group-is-layout-flow\" style=\"margin-top:-40px\">\n<div class=\"wp-block-group bulle-avis has-accent-background-color has-background is-layout-flow wp-block-group-is-layout-flow\" style=\"border-radius:100%\">\n<div style=\"font-weight:600;line-height:1;letter-spacing:-2px; padding-top:0px;padding-bottom:0px;margin-top:0px;margin-bottom:0px;\" class=\"wp-elements-7926cc56450588def0f64f0953cf5fa2 wp-block-gt-gt-ws-ctv-camping-note-globale has-text-color has-base-2-color has-x-large-font-size has-caveat-font-family has-text-align-center\">\n    <span class=\"gt-ws-ctv-camping-note-globale__average-rating\">8.55<\/span>\n    <span class=\"gt-ws-ctv-camping-note-globale__separator\">\/<\/span>\n    <span class=\"gt-ws-ctv-camping-note-globale__max-rating\">10<\/span>\n<\/div>\n\n\n<p class=\"has-text-align-center has-base-2-color has-text-color has-link-color has-small-font-size wp-elements-c16ec441707f9abb21d058d2dec7bae9\" style=\"margin-top:0px\"><em><a href=\"https:\/\/camping-benodet-vacances.com\/nl\/advies-camping-benodet\/\" data-type=\"page\" data-id=\"6532\"><strong>Bekijk alle beoordelingen<\/strong><\/a><\/em><\/p>\n<\/div>\n<\/div>\n<\/div>\n<\/div>\n\n<div style=\"height:80px\" aria-hidden=\"true\" class=\"wp-block-spacer gt-hide-mobile\"><\/div>\n\n<div class=\"wp-block-group alignfull position-relative gt-section-blue-right is-layout-flow wp-container-core-group-is-layout-a77db08e wp-block-group-is-layout-flow\">\n<div class=\"wp-block-cover aligncenter has-custom-content-position is-position-bottom-right gt-hide-mobile\" style=\"border-top-left-radius:154px;padding-right:var(--wp--preset--spacing--60);min-height:640px;aspect-ratio:unset;\"><img decoding=\"async\" width=\"1920\" height=\"646\" class=\"wp-block-cover__image-background wp-image-15109\" alt=\"des hebergements varies pour des vacances inoubliables a benodet\" src=\"https:\/\/camping-benodet-vacances.com\/wp-content\/uploads\/2024\/12\/des-hebergements-varies-pour-des-vacances-inoubliables-a-benodet.avif\" data-object-fit=\"cover\" srcset=\"https:\/\/camping-benodet-vacances.com\/wp-content\/uploads\/2024\/12\/des-hebergements-varies-pour-des-vacances-inoubliables-a-benodet.avif 1920w, https:\/\/camping-benodet-vacances.com\/wp-content\/uploads\/2024\/12\/des-hebergements-varies-pour-des-vacances-inoubliables-a-benodet-300x101.jpg 300w, https:\/\/camping-benodet-vacances.com\/wp-content\/uploads\/2024\/12\/des-hebergements-varies-pour-des-vacances-inoubliables-a-benodet-1024x345.jpg 1024w, https:\/\/camping-benodet-vacances.com\/wp-content\/uploads\/2024\/12\/des-hebergements-varies-pour-des-vacances-inoubliables-a-benodet-768x258.jpg 768w, https:\/\/camping-benodet-vacances.com\/wp-content\/uploads\/2024\/12\/des-hebergements-varies-pour-des-vacances-inoubliables-a-benodet-1536x517.jpg 1536w\" sizes=\"(max-width: 1920px) 100vw, 1920px\" \/><span aria-hidden=\"true\" class=\"wp-block-cover__background has-background-dim-100 has-background-dim wp-block-cover__gradient-background has-background-gradient\" style=\"background:linear-gradient(180deg,rgba(0,0,0,0) 67%,rgba(0,0,0,0.44) 99%)\"><\/span><div class=\"wp-block-cover__inner-container is-layout-flow wp-block-cover-is-layout-flow\">\n<p class=\"has-text-align-center has-large-font-size\"><\/p>\n<\/div><\/div>\n\n\n\n<div class=\"wp-block-group alignfull gt-hide-mobile is-layout-flow wp-container-core-group-is-layout-bc493828 wp-block-group-is-layout-flow\" style=\"padding-left:148px\">\n<div class=\"wp-block-group alignfull has-base-background-color has-background is-layout-flow wp-block-group-is-layout-flow\" style=\"border-bottom-left-radius:70px;padding-right:var(--wp--preset--spacing--40);padding-bottom:70px;padding-left:var(--wp--preset--spacing--40)\">\n<div style=\"height:50px\" aria-hidden=\"true\" class=\"wp-block-spacer gt-show-mobile\"><\/div>\n\n\n\n<div class=\"wp-block-group alignfull gt-break-mobile is-nowrap is-layout-flex wp-container-core-group-is-layout-f66f9956 wp-block-group-is-layout-flex\">\n<div class=\"wp-block-group has-global-padding is-layout-constrained wp-block-group-is-layout-constrained\">\n<h2 class=\"wp-block-heading has-base-2-color has-text-color has-link-color wp-elements-2af51845cb2793b0b360c3c60a903bea\">Verschillende accommodaties <br \/>voor een onvergetelijke vakantie <br \/>op camping B\u00e9nodet<\/h2>\n\n\n\n<div class=\"wp-block-group gt-hide-mobile is-nowrap is-layout-flex wp-container-core-group-is-layout-6c531013 wp-block-group-is-layout-flex\">\n<p data-gt-animation-delay=\"0.2\" class=\"gt-btn-arrow has-base-color has-text-color has-background has-link-color has-caveat-font-family gt-gsap-fadeIn wp-elements-6bab64720d0afae77c674edc4e43b781\" style=\"border-radius:30px;background-color:#ffd204;padding-top:0rem;padding-right:0.75rem;padding-bottom:0rem;padding-left:0.5rem;font-size:clamp(14.082px, 0.88rem + ((1vw - 3.2px) * 0.721), 21px);\"><a href=\"https:\/\/camping-benodet-vacances.com\/nl\/locatie-stacaravan-benodet\/\"><img decoding=\"async\" width=\"46\" height=\"52\" class=\"wp-image-21974\" style=\"width: 46px\" src=\"https:\/\/camping-benodet-vacances.com\/wp-content\/uploads\/2025\/03\/fleche-cercle-vert.png\" alt=\"Blauwe pijl wijst naar beneden.\" \/>Huurwoningen<\/a><\/p>\n\n\n\n<p data-gt-animation-delay=\"0.2\" class=\"gt-btn-arrow has-base-color has-text-color has-background has-link-color has-caveat-font-family gt-gsap-fadeIn wp-elements-2b81197de82fbd75a07ffa138f4d8764\" style=\"border-radius:30px;background-color:#ffd204;padding-top:0rem;padding-right:0.75rem;padding-bottom:0rem;padding-left:0.5rem;font-size:clamp(14.082px, 0.88rem + ((1vw - 3.2px) * 0.721), 21px);\"><a href=\"https:\/\/camping-benodet-vacances.com\/nl\/location-emplacement-benodet\/\"><img decoding=\"async\" width=\"46\" height=\"52\" class=\"wp-image-21974\" style=\"width: 46px\" src=\"https:\/\/camping-benodet-vacances.com\/wp-content\/uploads\/2025\/03\/fleche-cercle-vert.png\" alt=\"Blauwe pijl wijst naar beneden.\" \/>Locaties<\/a><\/p>\n<\/div>\n<\/div>\n\n\n\n<div class=\"wp-block-group has-global-padding is-layout-constrained wp-block-group-is-layout-constrained\">\n<p class=\"has-base-2-color has-text-color has-link-color has-medium-font-size wp-elements-6a2e4fd1c837cace2ed2491c91057042\">Ontdek het volledige <strong>aanbod<\/strong> van 4 sterren camping La Mer Blanche in B\u00e9nodet. De ideale keuze voor een vakantie <strong>met het gezin of met vrienden<\/strong> in Finist\u00e8re, met de <a href=\"https:\/\/camping-benodet-vacances.com\/nl\/goedkope-camping-in-benodet\/\">beste prijs-kwaliteitverhouding<\/a>. <\/p>\n\n\n    <div id=\"gt-fse-lire-plus-69f0b79fd1423\" class=\"gt-fse-lire-plus\" data-min-height=\"130\" style=\"background-color: #3a7279;\">\n        <input id=\"gt-fse-lire-plus-69f0b79fd1423-toggle\" type=\"checkbox\" class=\"gt-fse-lire-plus__toggle\" \/>\n        <label for=\"gt-fse-lire-plus-69f0b79fd1423-toggle\" class=\"gt-fse-lire-plus__toggle-label\">\n            <span>Meer lezen<\/span>\n            <span>Minder lezen<\/span>\n        <\/label>\n        <div class=\"gt-fse-lire-plus__content\" style=\"height: 130px;\">\n            \n\n<p class=\"has-base-2-color has-text-color has-link-color wp-elements-b741f5be61a3e53e44a34fef960b5552\">Wij bieden comfortabele, ruime, volledig ingerichte <a href=\"https:\/\/camping-benodet-vacances.com\/nl\/locatie-stacaravan-benodet\/\">stacaravans in Zuid-Finist\u00e8re <\/a>met <strong>2, 3, 4 of 6 slaapkamers<\/strong>, met <strong>terrassen<\/strong>, voor <strong>maximaal 12 personen<\/strong>. Op een aangelegd terrein zijn <a href=\"https:\/\/camping-benodet-vacances.com\/nl\/location-emplacement-benodet\/\">staanplaatsen van ongeveer 80 m\u00b2<\/a> beschikbaar voor je <strong>tent, caravan of camper<\/strong> in Zuid-Finist\u00e8re. Bekijk onze <strong>prijzen<\/strong> en profiteer van de <strong>beste prijzen<\/strong> voor een vakantie aan zee. Rond nu uw vakantie af door uw <strong>huuraccommodatie in een stacaravan<\/strong> <strong>te reserveren<\/strong> en geniet van een onvergetelijke vakantie in Bretagne!<\/p>\n\n\n\n<p class=\"has-base-2-color has-text-color has-link-color has-medium-font-size wp-elements-a5e15c4d0d757ad210a189eb1f8f6e8b\">Trakteer jezelf op een unieke <strong>ervaring<\/strong> op onze <strong>gerenommeerde camping<\/strong> in B\u00e9nodet, waar comfort en gezelligheid aan de orde van de dag zijn. De tevredenheid van onze <strong>klanten<\/strong> is onze prioriteit en hun positieve <strong>commentaren<\/strong> getuigen van de kwaliteit van onze diensten. Sluit u aan bij degenen die al hebben genoten van een onvergetelijke vakantie en geniet van een rustig verblijf in het hart van Bretagne.  <\/p>\n\n\n\n<p class=\"has-base-2-color has-text-color has-link-color wp-elements-e101226e9fa6afb1301406016bcb9bbc\">Onze <a href=\"https:\/\/camping-benodet-vacances.com\/nl\/kamperen-vacaf-benodet\/\">camping in Bretagne is VACAF<\/a><strong><a href=\"https:\/\/camping-benodet-vacances.com\/nl\/kamperen-vacaf-benodet\/\"> <\/a><\/strong>maar ook <a href=\"https:\/\/camping-benodet-vacances.com\/nl\/ancv-kamperen-benodet\/\">ANCV<\/a>, zodat u kunt genieten van een verblijf tegen lagere kosten terwijl u profiteert van een uitzonderlijke omgeving in Bretagne.<\/p>\n\n            <div class=\"gt-fse-lire-plus__gradient\" style=\"background: linear-gradient(to bottom,rgba(58,114,121,0) 0%,rgba(58,114,121,1) 100%);\"><\/div>\n        <\/div>\n    <\/div>\n    <\/div>\n<\/div>\n<\/div>\n<\/div>\n\n\n\n<figure class=\"wp-block-image alignright size-full is-resized gt-deco-sun gt-gsap-fadeIn\"><img decoding=\"async\" width=\"250\" height=\"468\" src=\"https:\/\/camping-benodet-vacances.com\/wp-content\/uploads\/2024\/10\/graphisme-3-1.svg\" alt=\"afbeeldingen 3 1\" class=\"wp-image-497\" style=\"object-fit:cover;width:208px;height:350px\" \/><\/figure>\n\n\n\n<div style=\"height:1rem\" aria-hidden=\"true\" class=\"wp-block-spacer gt-hide-mobile\"><\/div>\n\n\n\n<p class=\"has-text-align-right has-base-color has-text-color has-link-color has-caveat-font-family gt-gsap-fadeIn wp-elements-731fa9f583793838b7178b7b32b0c796\" style=\"padding-top:0;padding-right:var(--wp--preset--spacing--40);padding-bottom:0;padding-left:0;font-size:clamp(48.588px, 3.037rem + ((1vw - 3.2px) * 4.939), 96px);line-height:1\">Een vloed van comfort!<\/p>\n<\/div>\n\n<div class=\"wp-block-group alignwide gt-hide-mobile is-layout-flow wp-block-group-is-layout-flow\" style=\"padding-right:var(--wp--preset--spacing--40);padding-left:var(--wp--preset--spacing--40)\">\n<div data-swiper=\"{&quot;speed&quot;:400,&quot;spaceBetween&quot;:16,&quot;slidesPerView&quot;:3,&quot;createElements&quot;:true,&quot;loop&quot;:true,&quot;freemode&quot;:true,&quot;navigation&quot;:{&quot;nextEl&quot;:&quot;buttonNext&quot;,&quot;prevEl&quot;:&quot;buttonPrev&quot;},&quot;pagination&quot;:{&quot;el&quot;:&quot;.swiper-pagination&quot;,&quot;dynamicBullets&quot;:true},&quot;breakpoints&quot;:{&quot;0&quot;:{&quot;slidesPerView&quot;:1},&quot;380&quot;:{&quot;slidesPerView&quot;:&quot;1&quot;},&quot;1024&quot;:{&quot;slidesPerView&quot;:3}}}\" class=\"wp-block-query alignwide gt-is-slider gt-is-slider-desktop is-layout-flow wp-block-query-is-layout-flow\"><ul class=\"wp-block-post-template is-layout-grid wp-container-core-post-template-is-layout-c37e0d04 wp-block-post-template-is-layout-grid\"><li data-gt-camping-id=\"1606\" class=\"wp-block-post post-22092 hebergement type-hebergement status-publish gamme-locatie\">\n\n<div class=\"wp-block-group overflow-hidden has-base-2-background-color has-background has-global-padding is-layout-constrained wp-container-core-group-is-layout-95730b41 wp-block-group-is-layout-constrained\" style=\"border-radius:0.5rem;min-height:100%;padding-top:0;padding-bottom:0;box-shadow:var(--wp--preset--shadow--natural)\">\n<div class=\"wp-block-gt-gt-ws-ctv-product-images\"    data-wp-interactive=\"gt\/ctv\/hebergement\/image\"\n    data-wp-context='{\"images\":[\"https:\\\/\\\/static.secureholiday.net\\\/static\\\/Pictures\\\/1606\\\/00001281487.jpg\",\"https:\\\/\\\/static.secureholiday.net\\\/static\\\/Pictures\\\/1606\\\/00001281484.jpg\",\"https:\\\/\\\/static.secureholiday.net\\\/static\\\/Pictures\\\/1606\\\/00001281486.jpg\",\"https:\\\/\\\/static.secureholiday.net\\\/static\\\/Pictures\\\/1606\\\/00001281485.jpg\",\"https:\\\/\\\/static.secureholiday.net\\\/static\\\/Pictures\\\/1606\\\/00001281488.jpg\",\"https:\\\/\\\/static.secureholiday.net\\\/static\\\/Pictures\\\/1606\\\/00001281483.jpg\"],\"ratio\":\"16\\\/9\",\"jsonConfig\":[],\"sliderId\":\"69f0b79fd1f4a\"}'        style=\"aspect-ratio: 16\/9\"\n    >\n\n    \n                                    <figure class=\"wp-block-image\" data-image-index=\"0\">\n\n                    \n                        <img decoding=\"async\"\n                            src=\"data:image\/svg+xml,%3Csvg xmlns='http:\/\/www.w3.org\/2000\/svg' viewBox='0 0 100 100'%3E%3Crect width='100' height='100' fill='grey'\/%3E%3C\/svg%3E\"\n                            width=\"1920\"\n                            height=\"1280\"\n                            data-gt-src=\"https:\/\/static.secureholiday.net\/static\/Pictures\/1606\/00001281487.jpg\"\n                            data-gt-srcset=\"https:\/\/static.secureholiday.net\/static\/Pictures\/1606\/00001281487.jpg 160w, https:\/\/static.secureholiday.net\/static\/Pictures\/1606\/00001281487.jpg?width=160 160w, https:\/\/static.secureholiday.net\/static\/Pictures\/1606\/00001281487.jpg?width=320 320w, https:\/\/static.secureholiday.net\/static\/Pictures\/1606\/00001281487.jpg?width=500 500w, https:\/\/static.secureholiday.net\/static\/Pictures\/1606\/00001281487.jpg?width=640 640w, https:\/\/static.secureholiday.net\/static\/Pictures\/1606\/00001281487.jpg?width=800 800w, https:\/\/static.secureholiday.net\/static\/Pictures\/1606\/00001281487.jpg?width=1024 1024w, https:\/\/static.secureholiday.net\/static\/Pictures\/1606\/00001281487.jpg?width=1600 1600w\"\n                            alt=\"Image 1 sur 1\"\n                            loading=\"lazy\"\n                            data-wp-init=\"actions.setImages\">\n                <\/figure>\n                    \n        \n    <\/div>\n\n\n<div class=\"wp-block-group has-global-padding is-layout-constrained wp-container-core-group-is-layout-86dba5ee wp-block-group-is-layout-constrained\" style=\"padding-top:var(--wp--preset--spacing--10);padding-right:var(--wp--preset--spacing--10);padding-bottom:var(--wp--preset--spacing--10);padding-left:var(--wp--preset--spacing--10)\">\n<div class=\"wp-block-group has-global-padding is-layout-constrained wp-container-core-group-is-layout-e555385e wp-block-group-is-layout-constrained\"><div class=\"taxonomy-gamme has-link-color gt-rotated wp-elements-2881f534a4898534fe9beeba4bb6adb4 wp-block-post-terms has-text-color has-accent-color has-large-font-size has-caveat-font-family\"><a href=\"https:\/\/camping-benodet-vacances.com\/nl\/gamme\/locatie\/\" rel=\"tag\">Locatie<\/a><\/div>\n\n\n<p class=\"has-text-align-center has-base-color has-text-color has-link-color wp-elements-0884c8ca0eab4af11e35ebc096f4316b\" style=\"font-size:clamp(0.929rem, 0.929rem + ((1vw - 0.2rem) * 0.785), 1.4rem);font-style:normal;font-weight:400\">Comfort standplaats + 1 voertuig &#8211; elektriciteit 6A inbegrepen<\/p>\n<\/div>\n\n\n\n<div class=\"wp-block-group is-content-justification-center is-nowrap is-layout-flex wp-container-core-group-is-layout-53e0be17 wp-block-group-is-layout-flex\">\n<p class=\"has-base-color has-text-color has-link-color wp-elements-ca6bef4703fb7078f8a8b9ad071ad1aa\" style=\"font-size:0.8rem\">Lees meer<\/p>\n\n\n\n<figure class=\"wp-block-image size-full is-resized\" style=\"margin-top:0;margin-right:0;margin-bottom:0;margin-left:0\"><img decoding=\"async\" width=\"68\" height=\"64\" src=\"https:\/\/camping-benodet-vacances.com\/wp-content\/uploads\/2024\/11\/fleche-cercles-1-3-1.png\" alt=\"pijlcirkels 1 3\" class=\"wp-image-2522\" style=\"width:20px;height:auto\" \/><\/figure>\n<\/div>\n\n\n<a class=\"is-style-lien-cover wp-block-read-more\" href=\"https:\/\/camping-benodet-vacances.com\/nl\/hebergement\/standplaats-comfort-1-voertuig-elektriciteit-6a-inbegrepen\/\" target=\"_self\">Lees verder<span class=\"screen-reader-text\">: Standplaats + voertuig + elektriciteit 6A<\/span><\/a><\/div>\n<\/div>\n\n\n\n<p><\/p>\n\n<\/li><li data-gt-camping-id=\"1606\" class=\"wp-block-post post-22099 hebergement type-hebergement status-publish gamme-geweldig-comfort\">\n\n<div class=\"wp-block-group overflow-hidden has-base-2-background-color has-background has-global-padding is-layout-constrained wp-container-core-group-is-layout-95730b41 wp-block-group-is-layout-constrained\" style=\"border-radius:0.5rem;min-height:100%;padding-top:0;padding-bottom:0;box-shadow:var(--wp--preset--shadow--natural)\">\n<div class=\"wp-block-gt-gt-ws-ctv-product-images\"    data-wp-interactive=\"gt\/ctv\/hebergement\/image\"\n    data-wp-context='{\"images\":[\"https:\\\/\\\/static.secureholiday.net\\\/static\\\/Pictures\\\/1606\\\/00001281428.jpg\",\"https:\\\/\\\/static.secureholiday.net\\\/static\\\/Pictures\\\/1606\\\/00001281427.jpg\",\"https:\\\/\\\/static.secureholiday.net\\\/static\\\/Pictures\\\/1606\\\/00001281423.jpg\",\"https:\\\/\\\/static.secureholiday.net\\\/static\\\/Pictures\\\/1606\\\/00001281424.jpg\",\"https:\\\/\\\/static.secureholiday.net\\\/static\\\/Pictures\\\/1606\\\/00001281425.jpg\",\"https:\\\/\\\/static.secureholiday.net\\\/static\\\/Pictures\\\/1606\\\/00001281426.jpg\"],\"ratio\":\"16\\\/9\",\"jsonConfig\":[],\"sliderId\":\"69f0b79fd2d95\"}'        style=\"aspect-ratio: 16\/9\"\n    >\n\n    \n                                    <figure class=\"wp-block-image\" data-image-index=\"0\">\n\n                    \n                        <img decoding=\"async\"\n                            src=\"data:image\/svg+xml,%3Csvg xmlns='http:\/\/www.w3.org\/2000\/svg' viewBox='0 0 100 100'%3E%3Crect width='100' height='100' fill='grey'\/%3E%3C\/svg%3E\"\n                            width=\"1920\"\n                            height=\"1280\"\n                            data-gt-src=\"https:\/\/static.secureholiday.net\/static\/Pictures\/1606\/00001281428.jpg\"\n                            data-gt-srcset=\"https:\/\/static.secureholiday.net\/static\/Pictures\/1606\/00001281428.jpg 160w, https:\/\/static.secureholiday.net\/static\/Pictures\/1606\/00001281428.jpg?width=160 160w, https:\/\/static.secureholiday.net\/static\/Pictures\/1606\/00001281428.jpg?width=320 320w, https:\/\/static.secureholiday.net\/static\/Pictures\/1606\/00001281428.jpg?width=500 500w, https:\/\/static.secureholiday.net\/static\/Pictures\/1606\/00001281428.jpg?width=640 640w, https:\/\/static.secureholiday.net\/static\/Pictures\/1606\/00001281428.jpg?width=800 800w, https:\/\/static.secureholiday.net\/static\/Pictures\/1606\/00001281428.jpg?width=1024 1024w, https:\/\/static.secureholiday.net\/static\/Pictures\/1606\/00001281428.jpg?width=1600 1600w\"\n                            alt=\"Image 1 sur 1\"\n                            loading=\"lazy\"\n                            data-wp-init=\"actions.setImages\">\n                <\/figure>\n                    \n        \n    <\/div>\n\n\n<div class=\"wp-block-group has-global-padding is-layout-constrained wp-container-core-group-is-layout-86dba5ee wp-block-group-is-layout-constrained\" style=\"padding-top:var(--wp--preset--spacing--10);padding-right:var(--wp--preset--spacing--10);padding-bottom:var(--wp--preset--spacing--10);padding-left:var(--wp--preset--spacing--10)\">\n<div class=\"wp-block-group has-global-padding is-layout-constrained wp-container-core-group-is-layout-e555385e wp-block-group-is-layout-constrained\"><div class=\"taxonomy-gamme has-link-color gt-rotated wp-elements-2881f534a4898534fe9beeba4bb6adb4 wp-block-post-terms has-text-color has-accent-color has-large-font-size has-caveat-font-family\"><a href=\"https:\/\/camping-benodet-vacances.com\/nl\/gamme\/geweldig-comfort\/\" rel=\"tag\">Geweldig comfort<\/a><span class=\"wp-block-post-terms__separator\">,<\/span><a href=\"https:\/\/camping-benodet-vacances.com\/nl\/gamme\/geweldig-comfort\/\" rel=\"tag\">Geweldig comfort<\/a><\/div>\n\n\n<p class=\"has-text-align-center has-base-color has-text-color has-link-color wp-elements-0884c8ca0eab4af11e35ebc096f4316b\" style=\"font-size:clamp(0.929rem, 0.929rem + ((1vw - 0.2rem) * 0.785), 1.4rem);font-style:normal;font-weight:400\">Stacaravan CABANE 2 kamers 24m\u00b2 &#8211; Stacaravan<\/p>\n<\/div>\n\n\n\n<div class=\"wp-block-group is-content-justification-center is-nowrap is-layout-flex wp-container-core-group-is-layout-53e0be17 wp-block-group-is-layout-flex\">\n<p class=\"has-base-color has-text-color has-link-color wp-elements-ca6bef4703fb7078f8a8b9ad071ad1aa\" style=\"font-size:0.8rem\">Lees meer<\/p>\n\n\n\n<figure class=\"wp-block-image size-full is-resized\" style=\"margin-top:0;margin-right:0;margin-bottom:0;margin-left:0\"><img decoding=\"async\" width=\"68\" height=\"64\" src=\"https:\/\/camping-benodet-vacances.com\/wp-content\/uploads\/2024\/11\/fleche-cercles-1-3-1.png\" alt=\"pijlcirkels 1 3\" class=\"wp-image-2522\" style=\"width:20px;height:auto\" \/><\/figure>\n<\/div>\n\n\n<a class=\"is-style-lien-cover wp-block-read-more\" href=\"https:\/\/camping-benodet-vacances.com\/nl\/hebergement\/mobilehome-cabane-2-chambres-24m%c2%b2\/\" target=\"_self\">Lees verder<span class=\"screen-reader-text\">: Stacaravan GRAND CONFORT  C 2 slaapkamers 24m\u00b2 TV<\/span><\/a><\/div>\n<\/div>\n\n\n\n<p><\/p>\n\n<\/li><li data-gt-camping-id=\"1606\" class=\"wp-block-post post-22093 hebergement type-hebergement status-publish gamme-comfort-nl\">\n\n<div class=\"wp-block-group overflow-hidden has-base-2-background-color has-background has-global-padding is-layout-constrained wp-container-core-group-is-layout-95730b41 wp-block-group-is-layout-constrained\" style=\"border-radius:0.5rem;min-height:100%;padding-top:0;padding-bottom:0;box-shadow:var(--wp--preset--shadow--natural)\">\n<div class=\"wp-block-gt-gt-ws-ctv-product-images\"    data-wp-interactive=\"gt\/ctv\/hebergement\/image\"\n    data-wp-context='{\"images\":[\"https:\\\/\\\/static.secureholiday.net\\\/static\\\/Pictures\\\/1606\\\/00001281415.jpg\",\"https:\\\/\\\/static.secureholiday.net\\\/static\\\/Pictures\\\/1606\\\/00001281418.jpg\",\"https:\\\/\\\/static.secureholiday.net\\\/static\\\/Pictures\\\/1606\\\/00001281416.jpg\",\"https:\\\/\\\/static.secureholiday.net\\\/static\\\/Pictures\\\/1606\\\/00001281417.jpg\",\"https:\\\/\\\/static.secureholiday.net\\\/static\\\/Pictures\\\/1606\\\/00001281420.jpg\",\"https:\\\/\\\/static.secureholiday.net\\\/static\\\/Pictures\\\/1606\\\/00001281421.jpg\"],\"ratio\":\"16\\\/9\",\"jsonConfig\":[],\"sliderId\":\"69f0b79fd3cfe\"}'        style=\"aspect-ratio: 16\/9\"\n    >\n\n    \n                                    <figure class=\"wp-block-image\" data-image-index=\"0\">\n\n                    \n                        <img decoding=\"async\"\n                            src=\"data:image\/svg+xml,%3Csvg xmlns='http:\/\/www.w3.org\/2000\/svg' viewBox='0 0 100 100'%3E%3Crect width='100' height='100' fill='grey'\/%3E%3C\/svg%3E\"\n                            width=\"1920\"\n                            height=\"1280\"\n                            data-gt-src=\"https:\/\/static.secureholiday.net\/static\/Pictures\/1606\/00001281415.jpg\"\n                            data-gt-srcset=\"https:\/\/static.secureholiday.net\/static\/Pictures\/1606\/00001281415.jpg 160w, https:\/\/static.secureholiday.net\/static\/Pictures\/1606\/00001281415.jpg?width=160 160w, https:\/\/static.secureholiday.net\/static\/Pictures\/1606\/00001281415.jpg?width=320 320w, https:\/\/static.secureholiday.net\/static\/Pictures\/1606\/00001281415.jpg?width=500 500w, https:\/\/static.secureholiday.net\/static\/Pictures\/1606\/00001281415.jpg?width=640 640w, https:\/\/static.secureholiday.net\/static\/Pictures\/1606\/00001281415.jpg?width=800 800w, https:\/\/static.secureholiday.net\/static\/Pictures\/1606\/00001281415.jpg?width=1024 1024w, https:\/\/static.secureholiday.net\/static\/Pictures\/1606\/00001281415.jpg?width=1600 1600w\"\n                            alt=\"Image 1 sur 1\"\n                            loading=\"lazy\"\n                            data-wp-init=\"actions.setImages\">\n                <\/figure>\n                    \n        \n    <\/div>\n\n\n<div class=\"wp-block-group has-global-padding is-layout-constrained wp-container-core-group-is-layout-86dba5ee wp-block-group-is-layout-constrained\" style=\"padding-top:var(--wp--preset--spacing--10);padding-right:var(--wp--preset--spacing--10);padding-bottom:var(--wp--preset--spacing--10);padding-left:var(--wp--preset--spacing--10)\">\n<div class=\"wp-block-group has-global-padding is-layout-constrained wp-container-core-group-is-layout-e555385e wp-block-group-is-layout-constrained\"><div class=\"taxonomy-gamme has-link-color gt-rotated wp-elements-2881f534a4898534fe9beeba4bb6adb4 wp-block-post-terms has-text-color has-accent-color has-large-font-size has-caveat-font-family\"><a href=\"https:\/\/camping-benodet-vacances.com\/nl\/gamme\/comfort-nl\/\" rel=\"tag\">Comfort<\/a><\/div>\n\n\n<p class=\"has-text-align-center has-base-color has-text-color has-link-color wp-elements-0884c8ca0eab4af11e35ebc096f4316b\" style=\"font-size:clamp(0.929rem, 0.929rem + ((1vw - 0.2rem) * 0.785), 1.4rem);font-style:normal;font-weight:400\">Stacaravan COMFORT 2 kamers 27m\u00b2 &#8211; Stacaravan<\/p>\n<\/div>\n\n\n\n<div class=\"wp-block-group is-content-justification-center is-nowrap is-layout-flex wp-container-core-group-is-layout-53e0be17 wp-block-group-is-layout-flex\">\n<p class=\"has-base-color has-text-color has-link-color wp-elements-ca6bef4703fb7078f8a8b9ad071ad1aa\" style=\"font-size:0.8rem\">Lees meer<\/p>\n\n\n\n<figure class=\"wp-block-image size-full is-resized\" style=\"margin-top:0;margin-right:0;margin-bottom:0;margin-left:0\"><img decoding=\"async\" width=\"68\" height=\"64\" src=\"https:\/\/camping-benodet-vacances.com\/wp-content\/uploads\/2024\/11\/fleche-cercles-1-3-1.png\" alt=\"pijlcirkels 1 3\" class=\"wp-image-2522\" style=\"width:20px;height:auto\" \/><\/figure>\n<\/div>\n\n\n<a class=\"is-style-lien-cover wp-block-read-more\" href=\"https:\/\/camping-benodet-vacances.com\/nl\/hebergement\/mobilehome-confort-2-chambres-27m%c2%b2\/\" target=\"_self\">Lees verder<span class=\"screen-reader-text\">: Stacaravan CONFORT 2 slaapkamers 27m\u00b2<\/span><\/a><\/div>\n<\/div>\n\n\n\n<p><\/p>\n\n<\/li><li data-gt-camping-id=\"1606\" class=\"wp-block-post post-22101 hebergement type-hebergement status-publish gamme-geweldig-comfort\">\n\n<div class=\"wp-block-group overflow-hidden has-base-2-background-color has-background has-global-padding is-layout-constrained wp-container-core-group-is-layout-95730b41 wp-block-group-is-layout-constrained\" style=\"border-radius:0.5rem;min-height:100%;padding-top:0;padding-bottom:0;box-shadow:var(--wp--preset--shadow--natural)\">\n<div class=\"wp-block-gt-gt-ws-ctv-product-images\"    data-wp-interactive=\"gt\/ctv\/hebergement\/image\"\n    data-wp-context='{\"images\":[\"https:\\\/\\\/static.secureholiday.net\\\/static\\\/Pictures\\\/1606\\\/00001281500.jpg\",\"https:\\\/\\\/static.secureholiday.net\\\/static\\\/Pictures\\\/1606\\\/00001281499.jpg\",\"https:\\\/\\\/static.secureholiday.net\\\/static\\\/Pictures\\\/1606\\\/00001281496.jpg\",\"https:\\\/\\\/static.secureholiday.net\\\/static\\\/Pictures\\\/1606\\\/00001281495.jpg\",\"https:\\\/\\\/static.secureholiday.net\\\/static\\\/Pictures\\\/1606\\\/00001281498.jpg\",\"https:\\\/\\\/static.secureholiday.net\\\/static\\\/Pictures\\\/1606\\\/00001281497.jpg\"],\"ratio\":\"16\\\/9\",\"jsonConfig\":[],\"sliderId\":\"69f0b79fd4bae\"}'        style=\"aspect-ratio: 16\/9\"\n    >\n\n    \n                                    <figure class=\"wp-block-image\" data-image-index=\"0\">\n\n                    \n                        <img decoding=\"async\"\n                            src=\"data:image\/svg+xml,%3Csvg xmlns='http:\/\/www.w3.org\/2000\/svg' viewBox='0 0 100 100'%3E%3Crect width='100' height='100' fill='grey'\/%3E%3C\/svg%3E\"\n                            width=\"1920\"\n                            height=\"1280\"\n                            data-gt-src=\"https:\/\/static.secureholiday.net\/static\/Pictures\/1606\/00001281500.jpg\"\n                            data-gt-srcset=\"https:\/\/static.secureholiday.net\/static\/Pictures\/1606\/00001281500.jpg 160w, https:\/\/static.secureholiday.net\/static\/Pictures\/1606\/00001281500.jpg?width=160 160w, https:\/\/static.secureholiday.net\/static\/Pictures\/1606\/00001281500.jpg?width=320 320w, https:\/\/static.secureholiday.net\/static\/Pictures\/1606\/00001281500.jpg?width=500 500w, https:\/\/static.secureholiday.net\/static\/Pictures\/1606\/00001281500.jpg?width=640 640w, https:\/\/static.secureholiday.net\/static\/Pictures\/1606\/00001281500.jpg?width=800 800w, https:\/\/static.secureholiday.net\/static\/Pictures\/1606\/00001281500.jpg?width=1024 1024w, https:\/\/static.secureholiday.net\/static\/Pictures\/1606\/00001281500.jpg?width=1600 1600w\"\n                            alt=\"Image 1 sur 1\"\n                            loading=\"lazy\"\n                            data-wp-init=\"actions.setImages\">\n                <\/figure>\n                    \n        \n    <\/div>\n\n\n<div class=\"wp-block-group has-global-padding is-layout-constrained wp-container-core-group-is-layout-86dba5ee wp-block-group-is-layout-constrained\" style=\"padding-top:var(--wp--preset--spacing--10);padding-right:var(--wp--preset--spacing--10);padding-bottom:var(--wp--preset--spacing--10);padding-left:var(--wp--preset--spacing--10)\">\n<div class=\"wp-block-group has-global-padding is-layout-constrained wp-container-core-group-is-layout-e555385e wp-block-group-is-layout-constrained\"><div class=\"taxonomy-gamme has-link-color gt-rotated wp-elements-2881f534a4898534fe9beeba4bb6adb4 wp-block-post-terms has-text-color has-accent-color has-large-font-size has-caveat-font-family\"><a href=\"https:\/\/camping-benodet-vacances.com\/nl\/gamme\/geweldig-comfort\/\" rel=\"tag\">Geweldig comfort<\/a><\/div>\n\n\n<p class=\"has-text-align-center has-base-color has-text-color has-link-color wp-elements-0884c8ca0eab4af11e35ebc096f4316b\" style=\"font-size:clamp(0.929rem, 0.929rem + ((1vw - 0.2rem) * 0.785), 1.4rem);font-style:normal;font-weight:400\">Stacaravan GRAND CONFORT 2 kamers 24m\u00b2 TV<\/p>\n<\/div>\n\n\n\n<div class=\"wp-block-group is-content-justification-center is-nowrap is-layout-flex wp-container-core-group-is-layout-53e0be17 wp-block-group-is-layout-flex\">\n<p class=\"has-base-color has-text-color has-link-color wp-elements-ca6bef4703fb7078f8a8b9ad071ad1aa\" style=\"font-size:0.8rem\">Lees meer<\/p>\n\n\n\n<figure class=\"wp-block-image size-full is-resized\" style=\"margin-top:0;margin-right:0;margin-bottom:0;margin-left:0\"><img decoding=\"async\" width=\"68\" height=\"64\" src=\"https:\/\/camping-benodet-vacances.com\/wp-content\/uploads\/2024\/11\/fleche-cercles-1-3-1.png\" alt=\"pijlcirkels 1 3\" class=\"wp-image-2522\" style=\"width:20px;height:auto\" \/><\/figure>\n<\/div>\n\n\n<a class=\"is-style-lien-cover wp-block-read-more\" href=\"https:\/\/camping-benodet-vacances.com\/nl\/hebergement\/mobilehome-grand-confort-2-chambres-24m%c2%b2-tv-2\/\" target=\"_self\">Lees verder<span class=\"screen-reader-text\">: Stacaravan GRAND CONFORT 2 slaapkamers 24m\u00b2 TV<\/span><\/a><\/div>\n<\/div>\n\n\n\n<p><\/p>\n\n<\/li><li data-gt-camping-id=\"1606\" class=\"wp-block-post post-22103 hebergement type-hebergement status-publish gamme-presta-nl\">\n\n<div class=\"wp-block-group overflow-hidden has-base-2-background-color has-background has-global-padding is-layout-constrained wp-container-core-group-is-layout-95730b41 wp-block-group-is-layout-constrained\" style=\"border-radius:0.5rem;min-height:100%;padding-top:0;padding-bottom:0;box-shadow:var(--wp--preset--shadow--natural)\">\n<div class=\"wp-block-gt-gt-ws-ctv-product-images\"    data-wp-interactive=\"gt\/ctv\/hebergement\/image\"\n    data-wp-context='{\"images\":[\"https:\\\/\\\/static.secureholiday.net\\\/static\\\/Pictures\\\/1606\\\/00001281546.jpg\",\"https:\\\/\\\/static.secureholiday.net\\\/static\\\/Pictures\\\/1606\\\/00001281456.jpg\",\"https:\\\/\\\/static.secureholiday.net\\\/static\\\/Pictures\\\/1606\\\/00001281457.jpg\",\"https:\\\/\\\/static.secureholiday.net\\\/static\\\/Pictures\\\/1606\\\/00001281454.jpg\",\"https:\\\/\\\/static.secureholiday.net\\\/static\\\/Pictures\\\/1606\\\/00001281455.jpg\",\"https:\\\/\\\/static.secureholiday.net\\\/static\\\/Pictures\\\/1606\\\/00001281453.jpg\"],\"ratio\":\"16\\\/9\",\"jsonConfig\":[],\"sliderId\":\"69f0b79fd583f\"}'        style=\"aspect-ratio: 16\/9\"\n    >\n\n    \n                                    <figure class=\"wp-block-image\" data-image-index=\"0\">\n\n                    \n                        <img decoding=\"async\"\n                            src=\"data:image\/svg+xml,%3Csvg xmlns='http:\/\/www.w3.org\/2000\/svg' viewBox='0 0 100 100'%3E%3Crect width='100' height='100' fill='grey'\/%3E%3C\/svg%3E\"\n                            width=\"1920\"\n                            height=\"1280\"\n                            data-gt-src=\"https:\/\/static.secureholiday.net\/static\/Pictures\/1606\/00001281546.jpg\"\n                            data-gt-srcset=\"https:\/\/static.secureholiday.net\/static\/Pictures\/1606\/00001281546.jpg 160w, https:\/\/static.secureholiday.net\/static\/Pictures\/1606\/00001281546.jpg?width=160 160w, https:\/\/static.secureholiday.net\/static\/Pictures\/1606\/00001281546.jpg?width=320 320w, https:\/\/static.secureholiday.net\/static\/Pictures\/1606\/00001281546.jpg?width=500 500w, https:\/\/static.secureholiday.net\/static\/Pictures\/1606\/00001281546.jpg?width=640 640w, https:\/\/static.secureholiday.net\/static\/Pictures\/1606\/00001281546.jpg?width=800 800w, https:\/\/static.secureholiday.net\/static\/Pictures\/1606\/00001281546.jpg?width=1024 1024w, https:\/\/static.secureholiday.net\/static\/Pictures\/1606\/00001281546.jpg?width=1600 1600w\"\n                            alt=\"Image 1 sur 1\"\n                            loading=\"lazy\"\n                            data-wp-init=\"actions.setImages\">\n                <\/figure>\n                    \n        \n    <\/div>\n\n\n<div class=\"wp-block-group has-global-padding is-layout-constrained wp-container-core-group-is-layout-86dba5ee wp-block-group-is-layout-constrained\" style=\"padding-top:var(--wp--preset--spacing--10);padding-right:var(--wp--preset--spacing--10);padding-bottom:var(--wp--preset--spacing--10);padding-left:var(--wp--preset--spacing--10)\">\n<div class=\"wp-block-group has-global-padding is-layout-constrained wp-container-core-group-is-layout-e555385e wp-block-group-is-layout-constrained\"><div class=\"taxonomy-gamme has-link-color gt-rotated wp-elements-2881f534a4898534fe9beeba4bb6adb4 wp-block-post-terms has-text-color has-accent-color has-large-font-size has-caveat-font-family\"><a href=\"https:\/\/camping-benodet-vacances.com\/nl\/gamme\/presta-nl\/\" rel=\"tag\">Presta +<\/a><\/div>\n\n\n<p class=\"has-text-align-center has-base-color has-text-color has-link-color wp-elements-0884c8ca0eab4af11e35ebc096f4316b\" style=\"font-size:clamp(0.929rem, 0.929rem + ((1vw - 0.2rem) * 0.785), 1.4rem);font-style:normal;font-weight:400\">Stacaravan PRESTA+ 2 kamers 24m\u00b2 TV + airconditioning<\/p>\n<\/div>\n\n\n\n<div class=\"wp-block-group is-content-justification-center is-nowrap is-layout-flex wp-container-core-group-is-layout-53e0be17 wp-block-group-is-layout-flex\">\n<p class=\"has-base-color has-text-color has-link-color wp-elements-ca6bef4703fb7078f8a8b9ad071ad1aa\" style=\"font-size:0.8rem\">Lees meer<\/p>\n\n\n\n<figure class=\"wp-block-image size-full is-resized\" style=\"margin-top:0;margin-right:0;margin-bottom:0;margin-left:0\"><img decoding=\"async\" width=\"68\" height=\"64\" src=\"https:\/\/camping-benodet-vacances.com\/wp-content\/uploads\/2024\/11\/fleche-cercles-1-3-1.png\" alt=\"pijlcirkels 1 3\" class=\"wp-image-2522\" style=\"width:20px;height:auto\" \/><\/figure>\n<\/div>\n\n\n<a class=\"is-style-lien-cover wp-block-read-more\" href=\"https:\/\/camping-benodet-vacances.com\/nl\/hebergement\/mobilehome-presta-2-chambres-24m%c2%b2-tv-clim\/\" target=\"_self\">Lees verder<span class=\"screen-reader-text\">: Stacaravan PRESTA+ 2 slaapkamers 24m\u00b2<\/span><\/a><\/div>\n<\/div>\n\n\n\n<p><\/p>\n\n<\/li><\/ul><\/div>\n<\/div>\n\n<div style=\"height:148px\" aria-hidden=\"true\" class=\"wp-block-spacer gt-hide-mobile\"><\/div>\n\n<div class=\"wp-block-group alignwide gt-section-accordeon gt-break-mobile gt-reverse-mobile is-nowrap is-layout-flex wp-container-core-group-is-layout-e940817f wp-block-group-is-layout-flex\">\n<div class=\"wp-block-group gt-cta-covers wp-container-content-9e2f13cb is-vertical is-content-justification-stretch is-layout-flex wp-container-core-group-is-layout-353c4f5a wp-block-group-is-layout-flex\">\n<div class=\"wp-block-group gt-cta-cover-wrap gt-gsap-fadeInUp is-layout-flow wp-block-group-is-layout-flow\">\n<div class=\"wp-block-cover has-custom-content-position is-position-bottom-center gt-cta-cover active\" style=\"border-radius:1.5rem\"><img decoding=\"async\" width=\"843\" height=\"430\" class=\"wp-block-cover__image-background wp-image-15091\" alt=\"animations soirees\" src=\"https:\/\/camping-benodet-vacances.com\/wp-content\/uploads\/2024\/12\/animations-soirees.avif\" data-object-fit=\"cover\" srcset=\"https:\/\/camping-benodet-vacances.com\/wp-content\/uploads\/2024\/12\/animations-soirees.avif 843w, https:\/\/camping-benodet-vacances.com\/wp-content\/uploads\/2024\/12\/animations-soirees-300x153.jpg 300w, https:\/\/camping-benodet-vacances.com\/wp-content\/uploads\/2024\/12\/animations-soirees-768x392.jpg 768w\" sizes=\"(max-width: 843px) 100vw, 843px\" \/><span aria-hidden=\"true\" class=\"wp-block-cover__background has-background-dim-100 has-background-dim wp-block-cover__gradient-background has-background-gradient\" style=\"background:linear-gradient(180deg,rgba(0,0,0,0) 42%,rgba(0,0,0,0.66) 98%)\"><\/span><div class=\"wp-block-cover__inner-container has-global-padding is-layout-constrained wp-block-cover-is-layout-constrained\">\n<div class=\"wp-block-group is-content-justification-center is-nowrap is-layout-flex wp-container-core-group-is-layout-23441af8 wp-block-group-is-layout-flex\">\n<p class=\"has-text-align-center gt-btn-arrow has-base-2-color has-text-color has-link-color has-caveat-font-family wp-elements-ad6585c5abbffd672e093a2111051af7\" style=\"font-size:clamp(15.747px, 0.984rem + ((1vw - 3.2px) * 0.86), 24px);\"><a href=\"https:\/\/camping-benodet-vacances.com\/nl\/camping-animaties-benodet\/\"><img decoding=\"async\" width=\"46\" height=\"52\" class=\"wp-image-287\" style=\"width: 54px\" src=\"https:\/\/camping-benodet-vacances.com\/wp-content\/uploads\/2024\/10\/fleche-cercles-1.svg\" alt=\"cirkel pijl 1\" \/>Entertainment &amp; avonden<\/a><\/p>\n<\/div>\n\n\n\n<p class=\"has-text-align-center gt-cta-cover-seemore has-small-font-size\" style=\"text-transform:uppercase\">Lees meer &gt;<\/p>\n<\/div><\/div>\n<\/div>\n\n\n\n<div class=\"wp-block-group gt-cta-cover-wrap gt-gsap-fadeIn is-layout-flow wp-block-group-is-layout-flow\">\n<div class=\"wp-block-cover has-custom-content-position is-position-bottom-center gt-cta-cover\" style=\"border-radius:1.5rem\"><img decoding=\"async\" width=\"843\" height=\"430\" class=\"wp-block-cover__image-background wp-image-15093\" alt=\"salle de spactacle\" src=\"https:\/\/camping-benodet-vacances.com\/wp-content\/uploads\/2024\/12\/salle-de-spactacle.avif\" data-object-fit=\"cover\" srcset=\"https:\/\/camping-benodet-vacances.com\/wp-content\/uploads\/2024\/12\/salle-de-spactacle.avif 843w, https:\/\/camping-benodet-vacances.com\/wp-content\/uploads\/2024\/12\/salle-de-spactacle-300x153.jpg 300w, https:\/\/camping-benodet-vacances.com\/wp-content\/uploads\/2024\/12\/salle-de-spactacle-768x392.jpg 768w\" sizes=\"(max-width: 843px) 100vw, 843px\" \/><span aria-hidden=\"true\" class=\"wp-block-cover__background has-background-dim wp-block-cover__gradient-background has-background-gradient\" style=\"background:linear-gradient(180deg,rgba(0,0,0,0) 42%,rgba(0,0,0,0.66) 98%)\"><\/span><div class=\"wp-block-cover__inner-container has-global-padding is-layout-constrained wp-block-cover-is-layout-constrained\">\n<div class=\"wp-block-group is-content-justification-center is-nowrap is-layout-flex wp-container-core-group-is-layout-23441af8 wp-block-group-is-layout-flex\">\n<p class=\"has-text-align-center gt-btn-arrow has-base-2-color has-text-color has-link-color has-caveat-font-family wp-elements-fbc0246ce4458e0c15b91f8c33cede2e\" style=\"font-size:clamp(15.747px, 0.984rem + ((1vw - 3.2px) * 0.86), 24px);\"><a href=\"https:\/\/camping-benodet-vacances.com\/nl\/camping-animaties-benodet\/#salle-de-spectacle\"><img decoding=\"async\" width=\"46\" height=\"52\" class=\"wp-image-287\" style=\"width: 54px\" src=\"https:\/\/camping-benodet-vacances.com\/wp-content\/uploads\/2024\/10\/fleche-cercles-1.svg\" alt=\"cirkel pijl 1\" \/>Concertzaal<\/a><\/p>\n<\/div>\n\n\n\n<p class=\"has-text-align-center gt-cta-cover-seemore has-small-font-size\" style=\"text-transform:uppercase\">Lees meer &gt;<\/p>\n<\/div><\/div>\n<\/div>\n\n\n\n<div class=\"wp-block-group gt-cta-cover-wrap gt-gsap-fadeIn is-layout-flow wp-block-group-is-layout-flow\">\n<div class=\"wp-block-cover has-custom-content-position is-position-bottom-center gt-cta-cover\" style=\"border-radius:1.5rem\"><img decoding=\"async\" width=\"843\" height=\"430\" class=\"wp-block-cover__image-background wp-image-15097\" alt=\"enfants ados\" src=\"https:\/\/camping-benodet-vacances.com\/wp-content\/uploads\/2024\/12\/enfants-ados.avif\" data-object-fit=\"cover\" srcset=\"https:\/\/camping-benodet-vacances.com\/wp-content\/uploads\/2024\/12\/enfants-ados.avif 843w, https:\/\/camping-benodet-vacances.com\/wp-content\/uploads\/2024\/12\/enfants-ados-300x153.jpg 300w, https:\/\/camping-benodet-vacances.com\/wp-content\/uploads\/2024\/12\/enfants-ados-768x392.jpg 768w\" sizes=\"(max-width: 843px) 100vw, 843px\" \/><span aria-hidden=\"true\" class=\"wp-block-cover__background has-background-dim-100 has-background-dim wp-block-cover__gradient-background has-background-gradient\" style=\"background:linear-gradient(180deg,rgba(0,0,0,0) 42%,rgba(0,0,0,0.66) 98%)\"><\/span><div class=\"wp-block-cover__inner-container has-global-padding is-layout-constrained wp-block-cover-is-layout-constrained\">\n<div class=\"wp-block-group is-content-justification-center is-nowrap is-layout-flex wp-container-core-group-is-layout-23441af8 wp-block-group-is-layout-flex\">\n<p class=\"has-text-align-center gt-btn-arrow has-base-2-color has-text-color has-link-color has-caveat-font-family wp-elements-d9cea2dc36915fb1d23a6de01196b3f6\" style=\"font-size:clamp(15.747px, 0.984rem + ((1vw - 3.2px) * 0.86), 24px);\"><a href=\"https:\/\/camping-benodet-vacances.com\/nl\/camping-activiteiten-kinderclub-tieners-benodet\/\"><img decoding=\"async\" width=\"46\" height=\"52\" class=\"wp-image-287\" style=\"width: 54px\" src=\"https:\/\/camping-benodet-vacances.com\/wp-content\/uploads\/2024\/10\/fleche-cercles-1.svg\" alt=\"cirkel pijl 1\" \/>Kinderen &amp; tieners<\/a><\/p>\n<\/div>\n\n\n\n<p class=\"has-text-align-center gt-cta-cover-seemore has-small-font-size\" style=\"text-transform:uppercase\">Lees meer &gt;<\/p>\n<\/div><\/div>\n<\/div>\n<\/div>\n\n\n\n<div class=\"wp-block-group has-global-padding is-layout-constrained wp-block-group-is-layout-constrained\">\n<div style=\"height:2rem\" aria-hidden=\"true\" class=\"wp-block-spacer gt-hide-mobile\"><\/div>\n\n\n\n<h2 class=\"wp-block-heading has-base-color has-text-color has-link-color wp-elements-8daa8eb440a6efcbdb4abb3eccac4eeb\">Een levendige vakantie voor <br \/>iedereen op de camping <br \/>in B\u00e9nodet<\/h2>\n\n\n\n<p>In het hoogseizoen biedt de 4-sterren camping La Mer Blanche in B\u00e9nodet <strong>een breed scala aan activiteiten<\/strong> voor groot en klein, in een <strong>uitzonderlijke omgeving<\/strong> die bevorderlijk is voor ontspanning en plezier. Of je nu <strong>op zoek<\/strong> bent naar ontspanning of vermaak, onze camping is<strong>ideaal voor<\/strong> een geslaagde vakantie. <\/p>\n\n\n\n<p>Tussen het zwemmen door kunnen kinderen genieten van de <strong>kinderclub<\/strong>, <strong>de speelkamer<\/strong>, <strong>het citystadion<\/strong>, <strong>de springkussens<\/strong> en <strong>de speeltuin <\/strong>voor een onvergetelijke <strong>vrijetijdsbesteding<\/strong>. Aquatonic, jeu de boules, voetbal en tafeltennis toernooien geven je de kans om te sporten in een ontspannen sfeer. <\/p>\n\n\n\n<p class=\"has-medium-font-size\">Camping La Mer Blanche organiseert ook allerlei animaties en kampeeravonden. Je kunt zelfs 6 van de 7 avonden gebruik maken van het theater: een <strong>warme en gezellige sfeer gegarandeerd<\/strong>!   <\/p>\n\n\n\n<div style=\"height:2rem\" aria-hidden=\"true\" class=\"wp-block-spacer gt-hide-mobile\"><\/div>\n<\/div>\n<\/div>\n\n<div style=\"height:148px\" aria-hidden=\"true\" class=\"wp-block-spacer gt-hide-mobile\"><\/div>\n\n<div class=\"wp-block-group alignfull gt-section-content-width-slider gt-break-mobile is-content-justification-right is-nowrap is-layout-flex wp-container-core-group-is-layout-99f77615 wp-block-group-is-layout-flex\" style=\"padding-right:0;padding-left:0\">\n<div class=\"wp-block-group has-contrast-2-background-color has-background has-global-padding is-layout-constrained wp-container-core-group-is-layout-b2dbe7bd wp-block-group-is-layout-constrained\" style=\"padding-right:var(--wp--preset--spacing--30);padding-bottom:var(--wp--preset--spacing--20);padding-left:var(--wp--preset--spacing--60)\">\n<div class=\"wp-block-group has-global-padding is-layout-constrained wp-container-core-group-is-layout-7db9d80f wp-block-group-is-layout-constrained\" style=\"padding-right:0;padding-left:0\">\n<p class=\"has-text-align-left has-base-color has-text-color has-link-color has-caveat-font-family gt-gsap-fadeIn wp-elements-c771b905abb3a4a112d02f289e535f65\" style=\"margin-top:0;margin-left:0;font-size:clamp(35.2px, 2.2rem + ((1vw - 3.2px) * 3), 64px);line-height:1\">Verveling is niet toegestaan!<\/p>\n\n\n\n<div style=\"height:100px\" aria-hidden=\"true\" class=\"wp-block-spacer gt-hide-mobile\"><\/div>\n\n\n\n<h2 class=\"wp-block-heading has-base-color has-text-color has-link-color wp-elements-8060f62387279c5653cd6d018626d518\">4-sterren camping <br \/>in het hart van BENODET<\/h2>\n\n\n\n<p>Kom <strong>heerlijk ontspannen aan zee <\/strong>op camping B\u00e9nodet! Naast het waterpark, de activiteiten, de animatie en de kinderclub is <strong>alles wat <\/strong>je <strong>nodig hebt <\/strong>voor een geslaagde vakantie in B\u00e9nodet ter plaatse beschikbaar. Profiteer van alle diensten die je nodig hebt: wifi-netwerk, kruidenierswinkel, wasserette, fietsverhuur, VVV, enz. Het is de ideale manier om <strong>ontspannende<\/strong> momenten te combineren <strong>met familiebijeenkomsten<\/strong>.   <\/p>\n\n\n\n<p>En omdat je nooit genoeg kunt hebben, kun je op de 4-sterren camping Mer Blanche ook genieten van onze bar met terras en ons gastronomische restaurant.<\/p>\n\n\n\n<p>Een <strong>leuke en ontspannen<\/strong> vakantie!<\/p>\n<\/div>\n\n\n\n<div class=\"wp-block-group is-content-justification-space-between is-layout-flex wp-container-core-group-is-layout-7d06ea6a wp-block-group-is-layout-flex\" style=\"padding-right:var(--wp--preset--spacing--30);padding-left:0\">\n<div class=\"wp-block-group is-nowrap is-layout-flex wp-container-core-group-is-layout-6c531013 wp-block-group-is-layout-flex\" style=\"line-height:1\">\n<p data-gt-animation-delay=\"0.2\" class=\"gt-btn-arrow has-base-color has-text-color has-background has-link-color has-caveat-font-family gt-gsap-fadeIn wp-elements-a489d4e3e44c7d679c578383bf8b5d3c\" style=\"border-radius:30px;background-color:#ffd204;padding-top:0rem;padding-right:0.75rem;padding-bottom:0rem;padding-left:0.5rem;font-size:clamp(14.082px, 0.88rem + ((1vw - 3.2px) * 0.721), 21px);\"><a href=\"https:\/\/camping-benodet-vacances.com\/nl\/familiecamping-met-restaurant-en-bar-in-benodet\/#services\"><img decoding=\"async\" width=\"46\" height=\"52\" class=\"wp-image-21974\" style=\"width: 46px\" src=\"https:\/\/camping-benodet-vacances.com\/wp-content\/uploads\/2025\/03\/fleche-cercle-vert.png\" alt=\"Blauwe pijl wijst naar beneden.\" \/>Diensten<\/a><\/p>\n\n\n\n<p data-gt-animation-delay=\"0.2\" class=\"gt-btn-arrow has-base-color has-text-color has-background has-link-color has-caveat-font-family gt-gsap-fadeIn wp-elements-462aeb8e5d1fa637ed4b9f7c4c5c6a65\" style=\"border-radius:30px;background-color:#ffd204;padding-top:0rem;padding-right:0.75rem;padding-bottom:0rem;padding-left:0.5rem;font-size:clamp(14.082px, 0.88rem + ((1vw - 3.2px) * 0.721), 21px);\"><a href=\"https:\/\/camping-benodet-vacances.com\/nl\/familiecamping-met-restaurant-en-bar-in-benodet\/#restauration\"><img decoding=\"async\" width=\"46\" height=\"52\" class=\"wp-image-21974\" style=\"width: 46px\" src=\"https:\/\/camping-benodet-vacances.com\/wp-content\/uploads\/2025\/03\/fleche-cercle-vert.png\" alt=\"Blauwe pijl wijst naar beneden.\" \/>Catering<\/a><\/p>\n<\/div>\n\n\n\n<div class=\"wp-block-group gt-hide-mobile is-nowrap is-layout-flex wp-container-core-group-is-layout-6c531013 wp-block-group-is-layout-flex\">\n<figure class=\"wp-block-image size-large is-resized gt-swiper-mb-1-left\"><img decoding=\"async\" width=\"17\" height=\"14\" src=\"https:\/\/camping-benodet-vacances.com\/wp-content\/uploads\/2024\/10\/left.svg\" alt=\"left\" class=\"wp-image-413\" style=\"width:16px\" \/><\/figure>\n\n\n\n<figure class=\"wp-block-image size-large is-resized gt-swiper-mb-1-right\"><img decoding=\"async\" width=\"17\" height=\"14\" src=\"https:\/\/camping-benodet-vacances.com\/wp-content\/uploads\/2024\/10\/right.svg\" alt=\"right\" class=\"wp-image-415\" style=\"width:16px\" \/><\/figure>\n<\/div>\n<\/div>\n<\/div>\n\n\n\n<div class=\"wp-block-group gt-swiper-mb-1 gt-hide-mobile has-global-padding is-layout-constrained wp-container-core-group-is-layout-d828f5fa wp-block-group-is-layout-constrained\">\n<div data-swiper=\"{&quot;speed&quot;:400,&quot;spaceBetween&quot;:0,&quot;slidesPerView&quot;:1,&quot;createElements&quot;:true,&quot;loop&quot;:true,&quot;freemode&quot;:true,&quot;navigation&quot;:{&quot;nextEl&quot;:&quot;.gt-swiper-mb-1-right&quot;,&quot;prevEl&quot;:&quot;.gt-swiper-mb-1-left&quot;},&quot;breakpoints&quot;:[{&quot;slidesPerView&quot;:1}],&quot;autoplay&quot;:{&quot;delay&quot;:2000}}\" class=\"wp-block-group disable-mobile gt-hide-mobile gt-is-slider gt-is-slider-desktop is-layout-grid wp-container-core-group-is-layout-f2e2ae4a wp-block-group-is-layout-grid\" style=\"border-top-left-radius:2rem;border-top-right-radius:0rem;border-bottom-left-radius:2rem;border-bottom-right-radius:0rem\">\n<figure class=\"wp-block-image size-full has-custom-border\"><img decoding=\"async\" width=\"1152\" height=\"768\" src=\"https:\/\/camping-benodet-vacances.com\/wp-content\/uploads\/2024\/12\/camping-4-etoiles-au-coeur-du-finistere-location-de-velos.avif\" alt=\"4-sterrencamping in het hart van finist&#xE8;re fietsverhuur\" class=\"wp-image-15100\" style=\"border-top-left-radius:26px;border-top-right-radius:0px;border-bottom-left-radius:26px;object-fit:cover\" srcset=\"https:\/\/camping-benodet-vacances.com\/wp-content\/uploads\/2024\/12\/camping-4-etoiles-au-coeur-du-finistere-location-de-velos.avif 1152w, https:\/\/camping-benodet-vacances.com\/wp-content\/uploads\/2024\/12\/camping-4-etoiles-au-coeur-du-finistere-location-de-velos-300x200.jpg 300w, https:\/\/camping-benodet-vacances.com\/wp-content\/uploads\/2024\/12\/camping-4-etoiles-au-coeur-du-finistere-location-de-velos-1024x683.jpg 1024w, https:\/\/camping-benodet-vacances.com\/wp-content\/uploads\/2024\/12\/camping-4-etoiles-au-coeur-du-finistere-location-de-velos-768x512.jpg 768w\" sizes=\"(max-width: 1152px) 100vw, 1152px\" \/><\/figure>\n\n\n\n<figure class=\"wp-block-image size-full has-custom-border\"><img decoding=\"async\" width=\"1152\" height=\"768\" src=\"https:\/\/camping-benodet-vacances.com\/wp-content\/uploads\/2024\/12\/profiter-de-notre-bar.avif\" alt=\"geniet van onze bar\" class=\"wp-image-15102\" style=\"border-top-left-radius:26px;border-top-right-radius:0px;border-bottom-left-radius:26px;object-fit:cover\" srcset=\"https:\/\/camping-benodet-vacances.com\/wp-content\/uploads\/2024\/12\/profiter-de-notre-bar.avif 1152w, https:\/\/camping-benodet-vacances.com\/wp-content\/uploads\/2024\/12\/profiter-de-notre-bar-300x200.jpg 300w, https:\/\/camping-benodet-vacances.com\/wp-content\/uploads\/2024\/12\/profiter-de-notre-bar-1024x683.jpg 1024w, https:\/\/camping-benodet-vacances.com\/wp-content\/uploads\/2024\/12\/profiter-de-notre-bar-768x512.jpg 768w\" sizes=\"(max-width: 1152px) 100vw, 1152px\" \/><\/figure>\n\n\n\n<figure class=\"wp-block-image size-full has-custom-border\"><img decoding=\"async\" width=\"1152\" height=\"768\" src=\"https:\/\/camping-benodet-vacances.com\/wp-content\/uploads\/2024\/12\/restaurant-gourmand.avif\" alt=\"gastronomisch restaurant\" class=\"wp-image-15107\" style=\"border-top-left-radius:26px;border-top-right-radius:0px;border-bottom-left-radius:26px;object-fit:cover\" srcset=\"https:\/\/camping-benodet-vacances.com\/wp-content\/uploads\/2024\/12\/restaurant-gourmand.avif 1152w, https:\/\/camping-benodet-vacances.com\/wp-content\/uploads\/2024\/12\/restaurant-gourmand-300x200.jpg 300w, https:\/\/camping-benodet-vacances.com\/wp-content\/uploads\/2024\/12\/restaurant-gourmand-1024x683.jpg 1024w, https:\/\/camping-benodet-vacances.com\/wp-content\/uploads\/2024\/12\/restaurant-gourmand-768x512.jpg 768w\" sizes=\"(max-width: 1152px) 100vw, 1152px\" \/><\/figure>\n<\/div>\n<\/div>\n<\/div>\n\n<div id=\"gt-bg-image-1\" class=\"wp-block-group gt-bg-image gt-gsap-parallaxDown has-global-padding is-layout-constrained wp-container-core-group-is-layout-d032a070 wp-block-group-is-layout-constrained\" style=\"padding-left:var(--wp--preset--spacing--60)\">\n<figure class=\"wp-block-image aligncenter size-full\" style=\"margin-top:-370px\"><img decoding=\"async\" width=\"306\" height=\"313\" src=\"https:\/\/camping-benodet-vacances.com\/wp-content\/uploads\/2024\/10\/Insta-3.svg\" alt=\"Insta 3\" class=\"wp-image-463\" \/><\/figure>\n<\/div>\n\n<div style=\"height:100px\" aria-hidden=\"true\" class=\"wp-block-spacer gt-show-mobile\"><\/div>\n\n<div style=\"height:32px\" aria-hidden=\"true\" class=\"wp-block-spacer gt-hide-mobile\"><\/div>\n\n<div class=\"wp-block-group alignfull position-relative gt-section-blue-right is-layout-flow wp-container-core-group-is-layout-a77db08e wp-block-group-is-layout-flow\">\n<div class=\"wp-block-group alignfull is-layout-flow wp-container-core-group-is-layout-bc493828 wp-block-group-is-layout-flow\" style=\"padding-left:148px\">\n<div class=\"wp-block-group alignfull has-base-background-color has-background is-layout-flow wp-block-group-is-layout-flow\" style=\"border-top-left-radius:70px;padding-top:var(--wp--preset--spacing--40);padding-right:var(--wp--preset--spacing--50);padding-bottom:var(--wp--preset--spacing--40);padding-left:var(--wp--preset--spacing--50)\">\n<div class=\"wp-block-group alignfull text-piscine gt-break-mobile is-nowrap is-layout-flex wp-container-core-group-is-layout-58dc1852 wp-block-group-is-layout-flex\">\n<h2 class=\"wp-block-heading has-base-2-color has-text-color has-link-color wp-elements-b14f3b0c9f71cff5c7de97cc576de288\">Waterpark <br \/>met maxiglijbanen in BENODET<\/h2>\n\n\n\n<div class=\"wp-block-group has-global-padding is-layout-constrained wp-block-group-is-layout-constrained\">\n<p class=\"has-base-2-color has-text-color has-link-color has-medium-font-size wp-elements-00fa650ddd9d864aadee8cd9147b8b30\"><strong>Plezier gegarandeerd<\/strong> voor het hele gezin! Het <a href=\"https:\/\/camping-benodet-vacances.com\/nl\/camping-piscine-chauffee-benodet\/\">waterpark <\/a>van de 4-sterrencamping La Mer Blanche met verwarmd overdekt zwembad is een genot voor <strong>jong en oud<\/strong>. Voor de allerkleinsten is er een <strong>verwarmd overdekt peuterbad<\/strong>.  <\/p>\n\n\n\n<p class=\"has-base-2-color has-text-color has-link-color has-medium-font-size wp-elements-269d6190b8ce9f91feefc8fd3f3e1cbb\">Oudere kinderen kunnen genieten van de <a href=\"https:\/\/camping-benodet-vacances.com\/nl\/kamperen-waterpark-benodet\/#toboggans\">waterglijbanen met familie en vrienden<\/a>. Omdat vakantie draait om <strong>ontspanning en welzijn<\/strong>, kun je ontspannen op <strong>de ligstoelen <\/strong>rond het verwarmde buitenzwembad. <\/p>\n\n\n\n<div class=\"wp-block-group gt-buttons-arrows is-nowrap is-layout-flex wp-container-core-group-is-layout-6c531013 wp-block-group-is-layout-flex\" style=\"line-height:1\">\n<p data-gt-animation-delay=\"0.2\" class=\"gt-btn-arrow has-base-color has-text-color has-background has-link-color has-caveat-font-family gt-gsap-fadeIn wp-elements-b0e36a9a9e245e500bb5d739e587ec60\" style=\"border-radius:30px;background-color:#ffd204;padding-top:0rem;padding-right:0.75rem;padding-bottom:0rem;padding-left:0.5rem;font-size:clamp(14.082px, 0.88rem + ((1vw - 3.2px) * 0.721), 21px);\"><a href=\"https:\/\/camping-benodet-vacances.com\/nl\/camping-piscine-chauffee-benodet\/\"><img decoding=\"async\" width=\"46\" height=\"52\" class=\"wp-image-21974\" style=\"width: 46px\" src=\"https:\/\/camping-benodet-vacances.com\/wp-content\/uploads\/2025\/03\/fleche-cercle-vert.png\" alt=\"Blauwe pijl wijst naar beneden.\" \/>Het aquatische gebied<\/a><\/p>\n\n\n\n<p data-gt-animation-delay=\"0.2\" class=\"gt-btn-arrow has-base-color has-text-color has-background has-link-color has-caveat-font-family gt-gsap-fadeIn wp-elements-c1a7e342d798c07b708b0913abf0cea5\" style=\"border-radius:30px;background-color:#ffd204;padding-top:0rem;padding-right:0.75rem;padding-bottom:0rem;padding-left:0.5rem;font-size:clamp(14.082px, 0.88rem + ((1vw - 3.2px) * 0.721), 21px);\"><a href=\"https:\/\/camping-benodet-vacances.com\/nl\/kamperen-waterpark-benodet\/#toboggans\"><img decoding=\"async\" width=\"46\" height=\"52\" class=\"wp-image-21974\" style=\"width: 46px\" src=\"https:\/\/camping-benodet-vacances.com\/wp-content\/uploads\/2025\/03\/fleche-cercle-vert.png\" alt=\"Blauwe pijl wijst naar beneden.\" \/>De dia&#8217;s<\/a><\/p>\n\n\n\n<p data-gt-animation-delay=\"0.2\" class=\"gt-btn-arrow has-base-color has-text-color has-background has-link-color has-caveat-font-family gt-gsap-fadeIn wp-elements-5c477ebb183c1b1d88cad41f1e5d4dc6\" style=\"border-radius:30px;background-color:#ffd204;padding-top:0rem;padding-right:0.75rem;padding-bottom:0rem;padding-left:0.5rem;font-size:clamp(14.082px, 0.88rem + ((1vw - 3.2px) * 0.721), 21px);\"><a href=\"https:\/\/camping-benodet-vacances.com\/nl\/kamperen-waterpark-benodet\/\"><img decoding=\"async\" width=\"46\" height=\"52\" class=\"wp-image-21974\" style=\"width: 46px\" src=\"https:\/\/camping-benodet-vacances.com\/wp-content\/uploads\/2025\/03\/fleche-cercle-vert.png\" alt=\"Blauwe pijl wijst naar beneden.\" \/>  Het buitenzwembad<\/a><\/p>\n<\/div>\n<\/div>\n<\/div>\n<\/div>\n<\/div>\n\n\n\n<figure class=\"wp-block-image alignright size-full is-resized gt-deco-sun\"><img decoding=\"async\" width=\"752\" height=\"1511\" src=\"https:\/\/camping-benodet-vacances.com\/wp-content\/uploads\/2024\/10\/graphisme-1-1.png\" alt=\"afbeeldingen 1 1\" class=\"wp-image-298\" style=\"object-fit:cover;width:350px;height:350px\" srcset=\"https:\/\/camping-benodet-vacances.com\/wp-content\/uploads\/2024\/10\/graphisme-1-1.png 752w, https:\/\/camping-benodet-vacances.com\/wp-content\/uploads\/2024\/10\/graphisme-1-1-149x300.png 149w, https:\/\/camping-benodet-vacances.com\/wp-content\/uploads\/2024\/10\/graphisme-1-1-510x1024.png 510w\" sizes=\"(max-width: 752px) 100vw, 752px\" \/><\/figure>\n\n\n\n<div class=\"wp-block-cover aligncenter is-light has-custom-content-position is-position-bottom-left\" style=\"border-bottom-left-radius:154px;min-height:640px;aspect-ratio:unset;\"><img alt=\"\" decoding=\"async\" width=\"1024\" height=\"768\" class=\"wp-block-cover__image-background wp-image-24402 size-large\" alt=\"\" src=\"https:\/\/camping-benodet-vacances.com\/wp-content\/uploads\/2025\/08\/mer-blanche-14-bd-1-1024x768.webp\" data-object-fit=\"cover\" srcset=\"https:\/\/camping-benodet-vacances.com\/wp-content\/uploads\/2025\/08\/mer-blanche-14-bd-1-1024x768.webp 1024w, https:\/\/camping-benodet-vacances.com\/wp-content\/uploads\/2025\/08\/mer-blanche-14-bd-1-300x225.webp 300w, https:\/\/camping-benodet-vacances.com\/wp-content\/uploads\/2025\/08\/mer-blanche-14-bd-1-768x576.webp 768w, https:\/\/camping-benodet-vacances.com\/wp-content\/uploads\/2025\/08\/mer-blanche-14-bd-1-1536x1152.webp 1536w, https:\/\/camping-benodet-vacances.com\/wp-content\/uploads\/2025\/08\/mer-blanche-14-bd-1.webp 2000w\" sizes=\"(max-width: 1024px) 100vw, 1024px\" \/><span aria-hidden=\"true\" class=\"wp-block-cover__background has-contrast-background-color has-background-dim-20 has-background-dim\"><\/span><div class=\"wp-block-cover__inner-container is-layout-flow wp-block-cover-is-layout-flow\">\n<p class=\"has-text-align-center has-base-2-color has-text-color has-link-color has-caveat-font-family gt-gsap-fadeIn wp-elements-4863be5f9d152b50b77160cfaa1927f7\" style=\"padding-top:var(--wp--preset--spacing--30);padding-right:var(--wp--preset--spacing--40);padding-bottom:var(--wp--preset--spacing--30);padding-left:var(--wp--preset--spacing--40);font-size:clamp(48.588px, 3.037rem + ((1vw - 3.2px) * 4.939), 96px);line-height:1.2\">Duik in het plezier!<\/p>\n<\/div><\/div>\n<\/div>\n\n<div style=\"height:32px\" aria-hidden=\"true\" class=\"wp-block-spacer gt-hide-mobile\"><\/div>\n\n<div class=\"wp-block-group alignwide gt-slider-mak-with-text section-before-map is-content-justification-center is-layout-flex wp-container-core-group-is-layout-2e827744 wp-block-group-is-layout-flex\">\n<div class=\"wp-block-group gt-slider-mask-wrap is-nowrap is-layout-flex wp-container-core-group-is-layout-9bd231a2 wp-block-group-is-layout-flex\">\n<div class=\"wp-block-group gt-slider-mask has-global-padding is-layout-constrained wp-block-group-is-layout-constrained\" style=\"padding-top:53px\">\n<div data-swiper=\"{&quot;speed&quot;:400,&quot;spaceBetween&quot;:16,&quot;slidesPerView&quot;:1,&quot;createElements&quot;:true,&quot;loop&quot;:true,&quot;freemode&quot;:true,&quot;navigation&quot;:{&quot;nextEl&quot;:&quot;buttonNext&quot;,&quot;prevEl&quot;:&quot;buttonPrev&quot;},&quot;pagination&quot;:{&quot;el&quot;:&quot;.swiper-pagination&quot;,&quot;dynamicBullets&quot;:true},&quot;breakpoints&quot;:[{&quot;slidesPerView&quot;:1}],&quot;autoplay&quot;:{&quot;delay&quot;:3000}}\" class=\"wp-block-group gt-is-slider gt-is-slider-desktop has-global-padding is-layout-constrained wp-container-core-group-is-layout-1cfdb9ee wp-block-group-is-layout-constrained\">\n<figure class=\"wp-block-image size-full\"><img decoding=\"async\" width=\"618\" height=\"618\" src=\"https:\/\/camping-benodet-vacances.com\/wp-content\/uploads\/2024\/12\/visiter-les-plus-beaux-sites-touristiques-de-bretagne-sud.avif\" alt=\"bezoek de mooiste toeristische trekpleisters in zuidelijk bretagne\" class=\"wp-image-15113\" style=\"aspect-ratio:1;object-fit:cover\" srcset=\"https:\/\/camping-benodet-vacances.com\/wp-content\/uploads\/2024\/12\/visiter-les-plus-beaux-sites-touristiques-de-bretagne-sud.avif 618w, https:\/\/camping-benodet-vacances.com\/wp-content\/uploads\/2024\/12\/visiter-les-plus-beaux-sites-touristiques-de-bretagne-sud-300x300.jpg 300w, https:\/\/camping-benodet-vacances.com\/wp-content\/uploads\/2024\/12\/visiter-les-plus-beaux-sites-touristiques-de-bretagne-sud-150x150.jpg 150w, https:\/\/camping-benodet-vacances.com\/wp-content\/uploads\/2024\/12\/visiter-les-plus-beaux-sites-touristiques-de-bretagne-sud-400x400.jpg 400w, https:\/\/camping-benodet-vacances.com\/wp-content\/uploads\/2024\/12\/visiter-les-plus-beaux-sites-touristiques-de-bretagne-sud-600x600.jpg 600w\" sizes=\"(max-width: 618px) 100vw, 618px\" \/><\/figure>\n\n\n\n<figure class=\"wp-block-image size-full\"><img decoding=\"async\" width=\"618\" height=\"618\" src=\"https:\/\/camping-benodet-vacances.com\/wp-content\/uploads\/2024\/12\/excursion-vers-l-archipel-des-glenan.avif\" alt=\"excursie naar de glenan archipel\" class=\"wp-image-15115\" style=\"aspect-ratio:1;object-fit:cover\" srcset=\"https:\/\/camping-benodet-vacances.com\/wp-content\/uploads\/2024\/12\/excursion-vers-l-archipel-des-glenan.avif 618w, https:\/\/camping-benodet-vacances.com\/wp-content\/uploads\/2024\/12\/excursion-vers-l-archipel-des-glenan-300x300.jpg 300w, https:\/\/camping-benodet-vacances.com\/wp-content\/uploads\/2024\/12\/excursion-vers-l-archipel-des-glenan-150x150.jpg 150w, https:\/\/camping-benodet-vacances.com\/wp-content\/uploads\/2024\/12\/excursion-vers-l-archipel-des-glenan-400x400.jpg 400w, https:\/\/camping-benodet-vacances.com\/wp-content\/uploads\/2024\/12\/excursion-vers-l-archipel-des-glenan-600x600.jpg 600w\" sizes=\"(max-width: 618px) 100vw, 618px\" \/><\/figure>\n\n\n\n<figure class=\"wp-block-image size-full\"><img decoding=\"async\" width=\"618\" height=\"618\" src=\"https:\/\/camping-benodet-vacances.com\/wp-content\/uploads\/2024\/12\/quimper-capitale-de-la-cornouaille-1.avif\" alt=\"quimper hoofdstad van cornouaille\" class=\"wp-image-15117\" style=\"aspect-ratio:1;object-fit:cover\" srcset=\"https:\/\/camping-benodet-vacances.com\/wp-content\/uploads\/2024\/12\/quimper-capitale-de-la-cornouaille-1.avif 618w, https:\/\/camping-benodet-vacances.com\/wp-content\/uploads\/2024\/12\/quimper-capitale-de-la-cornouaille-1-300x300.jpg 300w, https:\/\/camping-benodet-vacances.com\/wp-content\/uploads\/2024\/12\/quimper-capitale-de-la-cornouaille-1-150x150.jpg 150w, https:\/\/camping-benodet-vacances.com\/wp-content\/uploads\/2024\/12\/quimper-capitale-de-la-cornouaille-1-400x400.jpg 400w, https:\/\/camping-benodet-vacances.com\/wp-content\/uploads\/2024\/12\/quimper-capitale-de-la-cornouaille-1-600x600.jpg 600w\" sizes=\"(max-width: 618px) 100vw, 618px\" \/><\/figure>\n\n\n\n<figure class=\"wp-block-image size-full\"><img decoding=\"async\" width=\"618\" height=\"618\" src=\"https:\/\/camping-benodet-vacances.com\/wp-content\/uploads\/2024\/12\/amateurs-de-sports-nautiques.avif\" alt=\"watersportliefhebbers\" class=\"wp-image-15119\" style=\"aspect-ratio:1;object-fit:cover\" srcset=\"https:\/\/camping-benodet-vacances.com\/wp-content\/uploads\/2024\/12\/amateurs-de-sports-nautiques.avif 618w, https:\/\/camping-benodet-vacances.com\/wp-content\/uploads\/2024\/12\/amateurs-de-sports-nautiques-300x300.jpg 300w, https:\/\/camping-benodet-vacances.com\/wp-content\/uploads\/2024\/12\/amateurs-de-sports-nautiques-150x150.jpg 150w, https:\/\/camping-benodet-vacances.com\/wp-content\/uploads\/2024\/12\/amateurs-de-sports-nautiques-400x400.jpg 400w, https:\/\/camping-benodet-vacances.com\/wp-content\/uploads\/2024\/12\/amateurs-de-sports-nautiques-600x600.jpg 600w\" sizes=\"(max-width: 618px) 100vw, 618px\" \/><\/figure>\n<\/div>\n<\/div>\n<\/div>\n\n\n\n<div class=\"wp-block-group wp-container-content-5b9a5e8f is-vertical is-layout-flex wp-container-core-group-is-layout-ea0cb840 wp-block-group-is-layout-flex\">\n<div style=\"height:0px\" aria-hidden=\"true\" class=\"wp-block-spacer gt-hide-mobile wp-container-content-fdc43b14\"><\/div>\n\n\n\n<h2 class=\"wp-block-heading has-base-color has-text-color has-link-color wp-elements-48cf6f881b375ca24e7931c253b74c12\" style=\"margin-top:0;margin-bottom:0;font-style:normal;font-weight:600;text-transform:uppercase\">Camping ideaal gelegen <br \/>te bewonderen <br \/>b\u00e9nodet en ontdek <br \/>le finist\u00e8re<\/h2>\n\n\n\n<p class=\"has-medium-font-size\">Of je nu met z&#8217;n twee\u00ebn, met het gezin of met vrienden bent, profiteer van je verblijf op de 4-sterrencamping La Mer Blanche om de mooiste toeristische trekpleisters en steden van Zuid-Bretagne te bezoeken en langs de <a href=\"https:\/\/camping-benodet-vacances.com\/nl\/toerisme-benodet-finistere\/camping-aan-het-strand-finistere\/\">paradijselijke stranden van Finist\u00e8re<\/a> te wandelen.  <\/p>\n\n\n    <div id=\"gt-fse-lire-plus-69f0b79fdbf20\" class=\"gt-fse-lire-plus\" data-min-height=\"130\" style=\"background-color: #fcf2e8;\">\n        <input id=\"gt-fse-lire-plus-69f0b79fdbf20-toggle\" type=\"checkbox\" class=\"gt-fse-lire-plus__toggle\" \/>\n        <label for=\"gt-fse-lire-plus-69f0b79fdbf20-toggle\" class=\"gt-fse-lire-plus__toggle-label\">\n            <span>Meer lezen<\/span>\n            <span>Minder lezen<\/span>\n        <\/label>\n        <div class=\"gt-fse-lire-plus__content\" style=\"height: 130px;\">\n            \n\n<p>Onze <strong>camping aan zee in B\u00e9nodet<\/strong> voor uw vakantie, profiteer van de <strong>nabijheid van stranden<\/strong>, ideaal voor ontspannende dagen met familie of vrienden aan de Atlantische kust. In de buurt biedt het <strong>strand van Letty <\/strong>(op 4 kilometer van de camping), bijgenaamd de &#8216;lagune van B\u00e9nodet&#8217;, een ongerepte natuurlijke omgeving, terwijl het <strong>strand van Trez <\/strong>(op 3,7 kilometer van de camping), in het hart van de badplaats, fijn zand en een levendige oceaansfeer biedt. <\/p>\n\n\n\n<p>Vertrek vanuit de mooie gemeente <a href=\"https:\/\/camping-benodet-vacances.com\/nl\/toerisme-benodet-finistere\/\">B\u00e9nodet<\/a> voor een excursie naar de archipel van Gl\u00e9nan of langs <strong>het pad<\/strong> naar de monding van de Odet. Dit maritieme <strong>dorp<\/strong> <strong>verwelkomt<\/strong> je voor een onvergetelijke <strong>ontdekking van<\/strong> Bretagne. In de buurt van <a href=\"https:\/\/camping-benodet-vacances.com\/nl\/camping-concarneau\/\">Concarneau<\/a>, <a href=\"https:\/\/camping-benodet-vacances.com\/nl\/camping-fouesnant\/\">Fouesnant<\/a> en Quimper, zal de hoofdstad Cornouaille, met zijn middeleeuwse straatjes en prachtige gotische kathedraal, diegenen aanspreken die <strong>op zoek<\/strong> zijn naar authenticiteit. Maak van de gelegenheid gebruik om de plaatselijke <strong>musea<\/strong> te bezoeken en bevredig je <strong>verlangen naar<\/strong> geschiedenis en erfgoed.<\/p>\n\n\n\n<p class=\"has-medium-font-size\">Liefhebbers van <strong>watersporten<\/strong> kunnen hun hart ophalen aan de kustlijn van <a href=\"https:\/\/camping-benodet-vacances.com\/nl\/toerisme-finistere\/\">Zuid-Finist\u00e8re<\/a>!  <\/p>\n\n            <div class=\"gt-fse-lire-plus__gradient\" style=\"background: linear-gradient(to bottom,rgba(252,242,232,0) 0%,rgba(252,242,232,1) 100%);\"><\/div>\n        <\/div>\n    <\/div>\n    \n\n\n<div class=\"wp-block-group is-nowrap is-layout-flex wp-container-core-group-is-layout-6c531013 wp-block-group-is-layout-flex\" style=\"line-height:1\">\n<p data-gt-animation-delay=\"0.2\" class=\"gt-btn-arrow has-base-color has-text-color has-background has-link-color has-caveat-font-family gt-gsap-fadeIn wp-elements-b24d1e59d69afeb4e88d71efebc8939b\" style=\"border-radius:30px;background-color:#ffd204;padding-top:0rem;padding-right:0.75rem;padding-bottom:0rem;padding-left:0.5rem;font-size:clamp(14.082px, 0.88rem + ((1vw - 3.2px) * 0.721), 21px);\"><a href=\"https:\/\/camping-benodet-vacances.com\/nl\/toerisme-benodet-finistere\/\"><img decoding=\"async\" width=\"46\" height=\"52\" class=\"wp-image-21974\" style=\"width: 46px\" src=\"https:\/\/camping-benodet-vacances.com\/wp-content\/uploads\/2025\/03\/fleche-cercle-vert.png\" alt=\"Blauwe pijl wijst naar beneden.\" \/>Ontdek<\/a><\/p>\n\n\n\n<p data-gt-animation-delay=\"0.2\" class=\"gt-btn-arrow has-base-color has-text-color has-background has-link-color has-caveat-font-family gt-gsap-fadeIn wp-elements-d9741ef1e5a6b95169374cd1fbff4fcc\" style=\"border-radius:30px;background-color:#ffd204;padding-top:0rem;padding-right:0.75rem;padding-bottom:0rem;padding-left:0.5rem;font-size:clamp(14.082px, 0.88rem + ((1vw - 3.2px) * 0.721), 21px);\"><a href=\"https:\/\/camping-benodet-vacances.com\/nl\/toerisme-benodet-finistere\/camping-aan-het-strand-finistere\/\"><img decoding=\"async\" width=\"46\" height=\"52\" class=\"wp-image-21974\" style=\"width: 46px\" src=\"https:\/\/camping-benodet-vacances.com\/wp-content\/uploads\/2025\/03\/fleche-cercle-vert.png\" alt=\"Blauwe pijl wijst naar beneden.\" \/>De stranden<\/a><\/p>\n<\/div>\n<\/div>\n<\/div>\n\n<div class=\"wp-block-group alignfull has-base-background-color has-background has-global-padding is-layout-constrained wp-block-group-is-layout-constrained\" style=\"margin-bottom:-40px\">\n<div class=\"wp-block-group alignfull footer-row gt-break-mobile is-content-justification-right is-nowrap is-layout-flex wp-container-core-group-is-layout-1f157172 wp-block-group-is-layout-flex\">\n<div class=\"wp-block-group footer-avis has-global-padding is-layout-constrained wp-container-core-group-is-layout-2fcfeb32 wp-block-group-is-layout-constrained\" style=\"padding-left:0px\">\n<p class=\"has-base-2-color has-text-color has-link-color has-caveat-font-family wp-elements-e296389b9732428283ff7e1788bb1d8e\" id=\"avis-footer-title\" style=\"font-size:clamp(48.588px, 3.037rem + ((1vw - 3.2px) * 4.939), 96px);line-height:1\">Een duidelijke mening!<\/p>\n\n\n\n<div class=\"wp-block-group is-layout-flex wp-container-core-group-is-layout-d0921e6e wp-block-group-is-layout-flex\">\n<div class=\"wp-block-group wp-container-content-4588f10f is-layout-flow wp-block-group-is-layout-flow\">\n<figure class=\"wp-block-image size-full is-resized wp-container-content-4588f10f\" id=\"avis-footer-logo\"><img decoding=\"async\" width=\"147\" height=\"92\" src=\"https:\/\/camping-benodet-vacances.com\/wp-content\/uploads\/2024\/10\/guillemets-1.svg\" alt=\"aanhalingstekens 1\" class=\"wp-image-572\" style=\"width:147px\" \/><\/figure>\n<\/div>\n\n\n\n<div class=\"wp-block-group gt-slider-avis has-global-padding is-layout-constrained wp-block-group-is-layout-constrained\">\n<div data-swiper=\"{&quot;speed&quot;:400,&quot;spaceBetween&quot;:40,&quot;slidesPerView&quot;:1,&quot;createElements&quot;:true,&quot;loop&quot;:true,&quot;freemode&quot;:true,&quot;navigation&quot;:{&quot;nextEl&quot;:&quot;buttonNext&quot;,&quot;prevEl&quot;:&quot;buttonPrev&quot;},&quot;breakpoints&quot;:[{&quot;slidesPerView&quot;:1}],&quot;pagination&quot;:{&quot;el&quot;:&quot;#gt-slider-avis-pagination-fraction&quot;,&quot;type&quot;:&quot;fraction&quot;},&quot;scrollbar&quot;:{&quot;el&quot;:&quot;#gt-slider-avis-scrollbar&quot;,&quot;draggable&quot;:&quot;true&quot;,&quot;snapOnRelease&quot;:true},&quot;autoHeight&quot;:true}\" class=\"wp-block-group gt-is-slider gt-is-slider-desktop wp-container-content-9dbf05af has-global-padding is-content-justification-center is-layout-constrained wp-container-core-group-is-layout-6144a197 wp-block-group-is-layout-constrained\" style=\"padding-top:var(--wp--preset--spacing--30);padding-right:var(--wp--preset--spacing--30)\">\n<div class=\"wp-block-group is-layout-flow wp-block-group-is-layout-flow\">\n<p class=\"has-text-align-right has-base-2-color has-text-color has-link-color has-small-font-size wp-elements-bb140dfdf542c0570b1908a5cdd28d5c\">&#8220;We verbleven 2 weken in La mer blanche en hadden een geweldige tijd. Stacaravan vrij ruim met een groot terras. Het zwemparadijs was erg leuk, zeker met het gezin. Binnenzwembad iets minder goed maar praktisch voor regenachtige dagen. Zeer goede speeltuin voor kinderen. Thema avonden waren best leuk.&#8221;<\/p>\n\n\n\n<div class=\"wp-block-group alignfull is-content-justification-right is-nowrap is-layout-flex wp-container-core-group-is-layout-4d877e1c wp-block-group-is-layout-flex\" style=\"margin-top:80px\">\n<div class=\"wp-block-group alignfull wp-container-content-9fc3bf6b is-content-justification-space-between is-nowrap is-layout-flex wp-container-core-group-is-layout-cb46ffcb wp-block-group-is-layout-flex\">\n<p class=\"has-accent-color has-text-color has-link-color wp-elements-466e0e98dfaa54b89152b71c2d96576f\">\u2605\u2605\u2605\u2605\u2605<\/p>\n\n\n\n<div class=\"wp-block-group has-base-2-color has-text-color has-link-color has-small-font-size wp-elements-0f63a909d2c86d8970a590ceef448aad is-vertical is-layout-flex wp-container-core-group-is-layout-4b827052 wp-block-group-is-layout-flex\">\n<p class=\"has-small-font-size\" style=\"font-style:normal;font-weight:600\">Edwina D.<\/p>\n\n\n\n<p>Augustus 2024<\/p>\n<\/div>\n<\/div>\n<\/div>\n<\/div>\n\n\n\n<div class=\"wp-block-group is-layout-flow wp-block-group-is-layout-flow\">\n<p class=\"has-text-align-right has-base-2-color has-text-color has-link-color has-small-font-size wp-elements-3f10ec61c5f4dd7b1470875a1bcb2121\">&#8220;We hebben een geweldige week gehad op de camping, de ontvangst was top, net als de service. Het waterpark is geweldig met zijn verschillende glijbanen. De animators en activiteiten zijn dynamisch en beschikbaar.<br \/>Kampeerplaats half in de schaduw half in de zon, alleen een beetje lawaaierig omdat het dicht bij de toiletten en het zwembad is, verder niets te klagen ondanks het grillige weer.&#8221;  <\/p>\n\n\n\n<div class=\"wp-block-group alignfull is-content-justification-right is-nowrap is-layout-flex wp-container-core-group-is-layout-4d877e1c wp-block-group-is-layout-flex\" style=\"margin-top:80px\">\n<div class=\"wp-block-group alignfull wp-container-content-9fc3bf6b is-content-justification-space-between is-nowrap is-layout-flex wp-container-core-group-is-layout-cb46ffcb wp-block-group-is-layout-flex\">\n<p class=\"has-accent-color has-text-color has-link-color wp-elements-466e0e98dfaa54b89152b71c2d96576f\">\u2605\u2605\u2605\u2605\u2605<\/p>\n\n\n\n<div class=\"wp-block-group has-base-2-color has-text-color has-link-color has-small-font-size wp-elements-3ca1cb22967f679e4809763f2558eadc is-vertical is-layout-flex wp-container-core-group-is-layout-4b827052 wp-block-group-is-layout-flex\">\n<p class=\"has-small-font-size\" style=\"font-style:normal;font-weight:600\">Camy P.<\/p>\n\n\n\n<p>Augustus 2024<\/p>\n<\/div>\n<\/div>\n<\/div>\n<\/div>\n\n\n\n<div class=\"wp-block-group is-layout-flow wp-block-group-is-layout-flow\">\n<p class=\"has-text-align-right has-base-2-color has-text-color has-link-color has-small-font-size wp-elements-d127842ed1f0d19b188c5b1bfa142fac\">We be\u00ebindigen onze week in de Mer Blanche voor de 2e keer. Altijd zeer tevreden met ons verblijf. Voldeed perfect aan onze verwachtingen.  <\/p>\n\n\n\n<div class=\"wp-block-group alignfull is-content-justification-right is-nowrap is-layout-flex wp-container-core-group-is-layout-4d877e1c wp-block-group-is-layout-flex\" style=\"margin-top:80px\">\n<div class=\"wp-block-group alignfull wp-container-content-9fc3bf6b is-content-justification-space-between is-nowrap is-layout-flex wp-container-core-group-is-layout-cb46ffcb wp-block-group-is-layout-flex\">\n<p class=\"has-accent-color has-text-color has-link-color wp-elements-466e0e98dfaa54b89152b71c2d96576f\">\u2605\u2605\u2605\u2605\u2605<\/p>\n\n\n\n<div class=\"wp-block-group has-base-2-color has-text-color has-link-color has-small-font-size wp-elements-e880649c84078f1f648165fe670cd463 is-vertical is-layout-flex wp-container-core-group-is-layout-4b827052 wp-block-group-is-layout-flex\">\n<p class=\"has-small-font-size\" style=\"font-style:normal;font-weight:600\"><a href=\"https:\/\/www.google.com\/maps\/contrib\/101440419748268718021?hl=fr\" target=\"_blank\" rel=\"noopener\"><br \/><\/a><br \/>Catherine Robert<\/p>\n\n\n\n<p>Augustus 2024<\/p>\n<\/div>\n<\/div>\n<\/div>\n<\/div>\n\n\n\n<div class=\"wp-block-group is-layout-flow wp-block-group-is-layout-flow\">\n<p class=\"has-text-align-right has-base-2-color has-text-color has-link-color has-small-font-size wp-elements-20848f29958de4ec54381a71525f418f\">&#8220;We hebben een uitstekende week gehad op camping La Mer Blanche. Ook al was het buiten het hoogseizoen, de sfeer was top dankzij de<br \/>entertainers, die altijd op hun top waren! Onze kinderen (8, 15 en 17 jaar) vonden de sfeer geweldig, evenals de activiteiten, het waterpark en het zwembad. Het hele campingteam was gastvrij en behulpzaam.<br \/>Bovendien is de omgeving erg mooi. Bedankt allemaal voor deze<br \/>week, die ons een wereld van goed heeft gedaan! &#8221;    <\/p>\n\n\n\n<div class=\"wp-block-group alignfull is-content-justification-right is-nowrap is-layout-flex wp-container-core-group-is-layout-4d877e1c wp-block-group-is-layout-flex\" style=\"margin-top:80px\">\n<div class=\"wp-block-group alignfull wp-container-content-9fc3bf6b is-content-justification-space-between is-nowrap is-layout-flex wp-container-core-group-is-layout-cb46ffcb wp-block-group-is-layout-flex\">\n<p class=\"has-accent-color has-text-color has-link-color wp-elements-466e0e98dfaa54b89152b71c2d96576f\">\u2605\u2605\u2605\u2605\u2605<\/p>\n\n\n\n<div class=\"wp-block-group has-base-2-color has-text-color has-link-color has-small-font-size wp-elements-2a3cff580c66a8e7c12698b3b98206ef is-vertical is-layout-flex wp-container-core-group-is-layout-4b827052 wp-block-group-is-layout-flex\">\n<p class=\"has-small-font-size\" style=\"font-style:normal;font-weight:600\">Allison Odar<\/p>\n\n\n\n<p>Mei 2024<\/p>\n<\/div>\n<\/div>\n<\/div>\n<\/div>\n<\/div>\n\n\n\n<div class=\"wp-block-group has-global-padding is-content-justification-right is-layout-constrained wp-container-core-group-is-layout-84cf94b2 wp-block-group-is-layout-constrained\" style=\"margin-top:-100px\">\n<p class=\"has-text-align-right has-accent-color has-text-color has-link-color wp-elements-4e1bd957bf5861cde3d3f7599ef73cf5\" id=\"gt-slider-avis-pagination-fraction\" style=\"padding-right:var(--wp--preset--spacing--30)\">1\/4<\/p>\n\n\n\n<p class=\"has-base-2-color has-text-color has-link-color wp-elements-8fb6080bf89e452945c40b506d3352cb\" id=\"gt-slider-avis-scrollbar\">SCHUIFBALK<\/p>\n<\/div>\n<\/div>\n<\/div>\n<\/div>\n\n\n\n<figure class=\"wp-block-image size-full\" id=\"footer-map\" style=\"margin-top:-240px\"><img decoding=\"async\" width=\"724\" height=\"931\" src=\"https:\/\/camping-benodet-vacances.com\/wp-content\/uploads\/2024\/10\/carte-bretagne-1.svg\" alt=\"kaart bretagne 1\" class=\"wp-image-563\" \/><\/figure>\n<\/div>\n\n\n\n<div style=\"height:105px;width:0px\" aria-hidden=\"true\" class=\"wp-block-spacer gt-hide-mobile\"><\/div>\n<\/div>\n","protected":false},"excerpt":{"rendered":"<p>4-sterren camping in B\u00e9nodet Ideaal gelegen in B\u00e9nodet, in het centrum van de badplaats, nodigt de 4-sterren camping La Mer Blanche je uit voor een onvergetelijke vakantie in Zuid-Bretagne, op slechts 3,5 km van het strand. In het hart van een groen park van 6,5 hectare en dicht bij de winkels (op 3 km van [&hellip;]<\/p>\n","protected":false},"author":1,"featured_media":22466,"parent":0,"menu_order":0,"comment_status":"closed","ping_status":"closed","template":"","meta":{"_acf_changed":false,"_seopress_robots_primary_cat":"","_seopress_titles_title":"Camping B\u00e9nodet: 4-sterrencamping in B\u00e9nodet in Zuid-Finist\u00e8re, Bretagne","_seopress_titles_desc":"Geniet van een vakantie vol plezier op een steenworp afstand van de oceaan op een 4-sterrencamping in B\u00e9nodet in het zuiden van Finist\u00e8re: waterpark met glijbanen, animatie, auditorium...","_seopress_robots_index":"","_gt_ctv_global_id":"1606","_gt_ctv_id_group":false,"inline_featured_image":false,"gt_fse_maillage_image":"https:\/\/camping-benodet-vacances.com\/wp-content\/uploads\/2024\/12\/le-parc-aquatique-maeva-camping-la-mer-blanche.avif","gt_fse_maillage_titre":"Camping La Mer Blanche","gt_fse_maillage_alt":"Home","gt_fse_maillage_resume":"Een vakantie vol plezier op een steenworp afstand van de oceaan op een 4-sterren campingclub in B\u00e9nodet in Zuid-Finist\u00e8re","footnotes":""},"categories":[],"tags":[],"class_list":["post-20884","page","type-page","status-publish","has-post-thumbnail"],"acf":[],"_links":{"self":[{"href":"https:\/\/camping-benodet-vacances.com\/nl\/wp-json\/wp\/v2\/pages\/20884","targetHints":{"allow":["GET"]}}],"collection":[{"href":"https:\/\/camping-benodet-vacances.com\/nl\/wp-json\/wp\/v2\/pages"}],"about":[{"href":"https:\/\/camping-benodet-vacances.com\/nl\/wp-json\/wp\/v2\/types\/page"}],"author":[{"embeddable":true,"href":"https:\/\/camping-benodet-vacances.com\/nl\/wp-json\/wp\/v2\/users\/1"}],"replies":[{"embeddable":true,"href":"https:\/\/camping-benodet-vacances.com\/nl\/wp-json\/wp\/v2\/comments?post=20884"}],"version-history":[{"count":53,"href":"https:\/\/camping-benodet-vacances.com\/nl\/wp-json\/wp\/v2\/pages\/20884\/revisions"}],"predecessor-version":[{"id":34965,"href":"https:\/\/camping-benodet-vacances.com\/nl\/wp-json\/wp\/v2\/pages\/20884\/revisions\/34965"}],"wp:featuredmedia":[{"embeddable":true,"href":"https:\/\/camping-benodet-vacances.com\/nl\/wp-json\/wp\/v2\/media\/22466"}],"wp:attachment":[{"href":"https:\/\/camping-benodet-vacances.com\/nl\/wp-json\/wp\/v2\/media?parent=20884"}],"wp:term":[{"taxonomy":"category","embeddable":true,"href":"https:\/\/camping-benodet-vacances.com\/nl\/wp-json\/wp\/v2\/categories?post=20884"},{"taxonomy":"post_tag","embeddable":true,"href":"https:\/\/camping-benodet-vacances.com\/nl\/wp-json\/wp\/v2\/tags?post=20884"}],"curies":[{"name":"wp","href":"https:\/\/api.w.org\/{rel}","templated":true}]}}