{"id":25059,"date":"2025-09-01T12:22:39","date_gmt":"2025-09-01T10:22:39","guid":{"rendered":"https:\/\/camping-benodet-vacances.com\/?page_id=25059"},"modified":"2026-04-27T18:52:40","modified_gmt":"2026-04-27T16:52:40","slug":"toerisme-finistere","status":"publish","type":"page","link":"https:\/\/camping-benodet-vacances.com\/nl\/toerisme-finistere\/","title":{"rendered":"Toerisme Finist\u00e8re"},"content":{"rendered":"\n<div style=\"height:6rem\" aria-hidden=\"true\" class=\"wp-block-spacer gt-hide-mobile\"><\/div>\n\n<div class=\"wp-block-columns alignwide is-layout-flex wp-container-core-columns-is-layout-7fc3d43a wp-block-columns-is-layout-flex\">\n<div class=\"wp-block-column is-layout-flow wp-block-column-is-layout-flow\">\n<p class=\"gt-rotated gt-negative-left has-accent-color has-text-color has-link-color has-caveat-font-family wp-elements-e63ec1b31a513df75c753af840d3f382\" style=\"font-size:clamp(2.418rem, 2.418rem + ((1vw - 0.2rem) * 3.47), 4.5rem);\">Toeristische bestemming<\/p>\n\n\n\n<h1 class=\"wp-block-heading has-base-color has-text-color has-link-color has-x-large-font-size wp-elements-65cc510cc060ce2298db2335bf92f729\" style=\"font-style:normal;font-weight:600;text-transform:uppercase\">Een paradijselijke vakantie <br \/>om Finist\u00e8re te ontdekken<\/h1>\n\n\n    <div id=\"gt-fse-lire-plus-69f0ca67d1723\" class=\"gt-fse-lire-plus\" data-min-height=\"130\" style=\"background-color: #f9f2e8;\">\n        <input id=\"gt-fse-lire-plus-69f0ca67d1723-toggle\" type=\"checkbox\" class=\"gt-fse-lire-plus__toggle\" \/>\n        <label for=\"gt-fse-lire-plus-69f0ca67d1723-toggle\" class=\"gt-fse-lire-plus__toggle-label\">\n            <span>Meer lezen<\/span>\n            <span>Minder lezen<\/span>\n        <\/label>\n        <div class=\"gt-fse-lire-plus__content\" style=\"height: 130px;\">\n            \n\n<h2 class=\"wp-block-heading has-base-color has-text-color has-link-color has-large-font-size wp-elements-ed30278c03dfdde8647a00ba2022b57e\" style=\"font-style:normal;font-weight:600;text-transform:uppercase\">Onze selectie van <br \/>must-see sites <br \/>om te verkennen vanaf de camping <\/h2>\n\n\n\n<p>Liefhebbers van Bretagne kunnen de <strong>Bretonse Rivi\u00e8ra<\/strong> ontdekken in de zuidelijke regio Finist\u00e8re, Cornouaille, met de <strong>badplaatsen B\u00e9nodet, Fouesnant-Les Gl\u00e9nan en La For\u00eat-Fouesnant \/ Port La For\u00eat<\/strong>.<\/p>\n\n\n\n<p>Kleine baaien, turquoise wateren, witte zandstranden en weelderige groene ruimten maken het tot <strong>de belangrijkste toeristische bestemming van Finist\u00e8re<\/strong> en de ideale plek voor liefhebbers van nietsdoen!<\/p>\n\n\n\n<p>Tussen de schoonheid van de natuur, <a href=\"https:\/\/camping-benodet-vacances.com\/nl\/toerisme-benodet-finistere\/camping-aan-het-strand-finistere\/\">de lange zandstranden<\/a>, de <strong>pittoreske wandelpaden<\/strong> en de verschillende <strong>activiteiten<\/strong> (watersporten, fietsen, golf&#8230;) beleef je onvergetelijke momenten aan de Bretonse Rivi\u00e8ra tijdens je verblijf op de <a href=\"https:\/\/camping-benodet-vacances.com\/nl\/\">4-sterrencamping in Finist\u00e8re<\/a>.<\/p>\n\n            <div class=\"gt-fse-lire-plus__gradient\" style=\"background: linear-gradient(to bottom,rgba(249,242,232,0) 0%,rgba(249,242,232,1) 100%);\"><\/div>\n        <\/div>\n    <\/div>\n    <\/div>\n\n\n\n<div class=\"wp-block-column is-layout-flow wp-block-column-is-layout-flow\">\n<div class=\"wp-block-group is-content-justification-space-between is-nowrap is-layout-flex wp-container-core-group-is-layout-cb46ffcb wp-block-group-is-layout-flex\">\n<figure class=\"wp-block-image size-full is-style-rounded gt-img-full wp-container-content-9cfa9a5a is-style-rounded--1\"><img decoding=\"async\" width=\"562\" height=\"562\" src=\"https:\/\/camping-benodet-vacances.com\/wp-content\/uploads\/2024\/12\/sejour-paradisiaque-a-la-decouverte-de-benodet-et-du-finistere.avif\" alt=\"een paradijselijke vakantie om benodet en finist&#xE8;re te ontdekken\" class=\"wp-image-15003\" style=\"aspect-ratio:1;object-fit:cover\" srcset=\"https:\/\/camping-benodet-vacances.com\/wp-content\/uploads\/2024\/12\/sejour-paradisiaque-a-la-decouverte-de-benodet-et-du-finistere.avif 562w, https:\/\/camping-benodet-vacances.com\/wp-content\/uploads\/2024\/12\/sejour-paradisiaque-a-la-decouverte-de-benodet-et-du-finistere-300x300.jpg 300w, https:\/\/camping-benodet-vacances.com\/wp-content\/uploads\/2024\/12\/sejour-paradisiaque-a-la-decouverte-de-benodet-et-du-finistere-150x150.jpg 150w, https:\/\/camping-benodet-vacances.com\/wp-content\/uploads\/2024\/12\/sejour-paradisiaque-a-la-decouverte-de-benodet-et-du-finistere-400x400.jpg 400w\" sizes=\"(max-width: 562px) 100vw, 562px\" \/><\/figure>\n\n\n\n<div data-gt-animation-delay=\"0.6\" class=\"wp-block-group z-index-1 gt-gsap-fadeInUp has-global-padding is-layout-constrained wp-block-group-is-layout-constrained\" style=\"padding-top:53px\">\n<figure data-gt-animation-speed=\"100\" class=\"wp-block-image size-full is-resized gt-dot-deco gt-gsap-parallaxDown\"><img alt=\"Cercle\" decoding=\"async\" width=\"168\" height=\"169\" src=\"https:\/\/camping-benodet-vacances.com\/wp-content\/uploads\/2024\/10\/Circle.svg\" alt=\"\" class=\"wp-image-182\" style=\"width:167px\" \/><\/figure>\n<\/div>\n<\/div>\n<\/div>\n<\/div>\n\n<div style=\"height:6rem\" aria-hidden=\"true\" class=\"wp-block-spacer gt-hide-mobile\"><\/div>\n\n<div class=\"wp-block-group alignwide is-layout-flow wp-block-group-is-layout-flow\">\n<h2 class=\"wp-block-heading h2-like has-base-color has-text-color has-link-color has-large-font-size wp-elements-6db5c1b410f01a7326b418f72f31fc1f\" style=\"margin-top:0;font-style:normal;font-weight:600;text-transform:uppercase\">Verken Zuid-Bretagne<\/h2>\n\n\n\n<div data-wp-context=\"{}\" data-wp-interactive=\"core\/query\" data-wp-key=\"3\" data-wp-router-region=\"query-3\" class=\"wp-block-query is-layout-flow wp-block-query-is-layout-flow\">\n<div \n    class=\"wp-block-gt-gt-fse-filtres-categories\"    data-wp-interactive=\"gt\/filtres-categories\"\n>\n        <div class=\"gt-fse-filtres-categories\">\n        <button class=\"gt-fse-filtres-categories__button\" data-wp-on--click=\"actions.filterCategory\" data-category=\"\">Alle<\/button>\n                    <button class=\"gt-fse-filtres-categories__button\" data-wp-on--click=\"actions.filterCategory\" data-category=\"86\">De regio<\/button>\n                    <button class=\"gt-fse-filtres-categories__button\" data-wp-on--click=\"actions.filterCategory\" data-category=\"87\">Eetcultuur<\/button>\n            <\/div>\n<\/div>\n\n<ul class=\"wp-block-post-template is-layout-grid wp-container-core-post-template-is-layout-f434c19f wp-block-post-template-is-layout-grid\"><li data-wp-key=\"post-template-item-20535\" class=\"wp-block-post post-20535 page type-page status-publish has-post-thumbnail category-nouveautes\">\n\n<div class=\"wp-block-group overflow-hidden has-base-2-background-color has-background has-global-padding is-layout-constrained wp-container-core-group-is-layout-19e250f3 wp-block-group-is-layout-constrained\" style=\"border-radius:1rem;min-height:100%\">\n<figure class=\"wp-block-image\"><img decoding=\"async\" src=\"https:\/\/camping-benodet-vacances.com\/wp-content\/uploads\/2024\/12\/festival-bretagne-sud-cta.avif\" alt=\"Festivals in Zuid-Bretagne\" style=\"aspect-ratio:4\/3;object-fit:cover\" \/><\/figure>\n\n\n\n<div class=\"wp-block-group has-global-padding is-layout-constrained wp-container-core-group-is-layout-c385debf wp-block-group-is-layout-constrained\" style=\"padding-top:var(--wp--preset--spacing--20);padding-right:var(--wp--preset--spacing--20);padding-bottom:var(--wp--preset--spacing--20);padding-left:var(--wp--preset--spacing--20)\">\n<div class=\"wp-block-group has-medium-font-size is-vertical is-content-justification-center is-layout-flex wp-container-core-group-is-layout-81423f52 wp-block-group-is-layout-flex\"><div style=\"font-style:normal;font-weight:600;margin-bottom:0px\" class=\"taxonomy-category has-link-color gt-rotated wp-elements-5692e090b3e09c76aa7d33f8f163f68d wp-block-post-terms has-text-color has-accent-color has-medium-font-size has-quicksand-font-family\"><a href=\"https:\/\/camping-benodet-vacances.com\/category\/nouveautes\/\" rel=\"tag\">Actualit\u00e9s<\/a><\/div>\n\n\n<p class=\"has-text-align-center has-base-color has-text-color has-link-color has-caveat-font-family has-large-font-size wp-elements-9d6083917c4159cd8eaaca9213a53fea\" style=\"font-style:normal;font-weight:400;line-height:1.1\">Festivals in Zuid-Bretagne<\/p>\n\n\n\n<p class=\"has-text-align-center\">Geniet van een feestelijke vakantie met onze selectie van niet te missen festivals<\/p>\n<\/div>\n\n\n\n<div class=\"wp-block-group alignwide has-x-large-font-size is-content-justification-center is-nowrap is-layout-flex wp-container-core-group-is-layout-53e0be17 wp-block-group-is-layout-flex\">\n<p class=\"has-base-color has-text-color has-link-color wp-elements-e4ae5bafea8e9495683ea07e7ff93965\" style=\"font-size:clamp(0.875rem, 0.875rem + ((1vw - 0.2rem) * 0.208), 1rem);\">Lees meer<\/p>\n\n\n\n<figure class=\"wp-block-image size-full is-resized\" style=\"margin-top:0;margin-right:0;margin-bottom:0;margin-left:0\"><img decoding=\"async\" width=\"68\" height=\"64\" src=\"https:\/\/camping-benodet-vacances.com\/wp-content\/uploads\/2024\/11\/fleche-cercles-1-3-1.png\" alt=\"pijlcirkels 1 3\" class=\"wp-image-2522\" style=\"width:20px;height:auto\" \/><\/figure>\n<\/div>\n<\/div>\n\n\n<a class=\"is-style-lien-cover wp-block-read-more\" href=\"https:\/\/camping-benodet-vacances.com\/nl\/toerisme-finistere\/festival-zuid-bretagne\/\" target=\"_self\">Lees verder<span class=\"screen-reader-text\">: Festivals in Zuid-Bretagne<\/span><\/a><\/div>\n\n<\/li><li data-wp-key=\"post-template-item-20501\" class=\"wp-block-post post-20501 page type-page status-publish has-post-thumbnail category-la-region\">\n\n<div class=\"wp-block-group overflow-hidden has-base-2-background-color has-background has-global-padding is-layout-constrained wp-container-core-group-is-layout-19e250f3 wp-block-group-is-layout-constrained\" style=\"border-radius:1rem;min-height:100%\">\n<figure class=\"wp-block-image\"><img decoding=\"async\" src=\"https:\/\/camping-benodet-vacances.com\/wp-content\/uploads\/2024\/12\/tourisme-pont-aven-cta.avif\" alt=\"Pont-Aven, de stad van de schilders\" style=\"aspect-ratio:4\/3;object-fit:cover\" \/><\/figure>\n\n\n\n<div class=\"wp-block-group has-global-padding is-layout-constrained wp-container-core-group-is-layout-c385debf wp-block-group-is-layout-constrained\" style=\"padding-top:var(--wp--preset--spacing--20);padding-right:var(--wp--preset--spacing--20);padding-bottom:var(--wp--preset--spacing--20);padding-left:var(--wp--preset--spacing--20)\">\n<div class=\"wp-block-group has-medium-font-size is-vertical is-content-justification-center is-layout-flex wp-container-core-group-is-layout-81423f52 wp-block-group-is-layout-flex\"><div style=\"font-style:normal;font-weight:600;margin-bottom:0px\" class=\"taxonomy-category has-link-color gt-rotated wp-elements-5692e090b3e09c76aa7d33f8f163f68d wp-block-post-terms has-text-color has-accent-color has-medium-font-size has-quicksand-font-family\"><a href=\"https:\/\/camping-benodet-vacances.com\/category\/la-region\/\" rel=\"tag\">Patrimoine culturel<\/a><\/div>\n\n\n<p class=\"has-text-align-center has-base-color has-text-color has-link-color has-caveat-font-family has-large-font-size wp-elements-9d6083917c4159cd8eaaca9213a53fea\" style=\"font-style:normal;font-weight:400;line-height:1.1\">Pont-Aven, de stad van de schilders<\/p>\n\n\n\n<p class=\"has-text-align-center\">Treed in de voetsporen van de grote schilders met een bezoek aan Pont-Aven<\/p>\n<\/div>\n\n\n\n<div class=\"wp-block-group alignwide has-x-large-font-size is-content-justification-center is-nowrap is-layout-flex wp-container-core-group-is-layout-53e0be17 wp-block-group-is-layout-flex\">\n<p class=\"has-base-color has-text-color has-link-color wp-elements-e4ae5bafea8e9495683ea07e7ff93965\" style=\"font-size:clamp(0.875rem, 0.875rem + ((1vw - 0.2rem) * 0.208), 1rem);\">Lees meer<\/p>\n\n\n\n<figure class=\"wp-block-image size-full is-resized\" style=\"margin-top:0;margin-right:0;margin-bottom:0;margin-left:0\"><img decoding=\"async\" width=\"68\" height=\"64\" src=\"https:\/\/camping-benodet-vacances.com\/wp-content\/uploads\/2024\/11\/fleche-cercles-1-3-1.png\" alt=\"pijlcirkels 1 3\" class=\"wp-image-2522\" style=\"width:20px;height:auto\" \/><\/figure>\n<\/div>\n<\/div>\n\n\n<a class=\"is-style-lien-cover wp-block-read-more\" href=\"https:\/\/camping-benodet-vacances.com\/nl\/toerisme-finistere\/toerisme-pont-aven\/\" target=\"_self\">Lees verder<span class=\"screen-reader-text\">: Pont-Aven, de stad van de schilders<\/span><\/a><\/div>\n\n<\/li><li data-wp-key=\"post-template-item-20546\" class=\"wp-block-post post-20546 page type-page status-publish has-post-thumbnail category-de-regio\">\n\n<div class=\"wp-block-group overflow-hidden has-base-2-background-color has-background has-global-padding is-layout-constrained wp-container-core-group-is-layout-19e250f3 wp-block-group-is-layout-constrained\" style=\"border-radius:1rem;min-height:100%\">\n<figure class=\"wp-block-image\"><img decoding=\"async\" src=\"https:\/\/camping-benodet-vacances.com\/wp-content\/uploads\/2024\/12\/tourisme-concarneau-cta.avif\" alt=\"Concarneau en de ommuurde stad\" style=\"aspect-ratio:4\/3;object-fit:cover\" \/><\/figure>\n\n\n\n<div class=\"wp-block-group has-global-padding is-layout-constrained wp-container-core-group-is-layout-c385debf wp-block-group-is-layout-constrained\" style=\"padding-top:var(--wp--preset--spacing--20);padding-right:var(--wp--preset--spacing--20);padding-bottom:var(--wp--preset--spacing--20);padding-left:var(--wp--preset--spacing--20)\">\n<div class=\"wp-block-group has-medium-font-size is-vertical is-content-justification-center is-layout-flex wp-container-core-group-is-layout-81423f52 wp-block-group-is-layout-flex\"><div style=\"font-style:normal;font-weight:600;margin-bottom:0px\" class=\"taxonomy-category has-link-color gt-rotated wp-elements-5692e090b3e09c76aa7d33f8f163f68d wp-block-post-terms has-text-color has-accent-color has-medium-font-size has-quicksand-font-family\"><a href=\"https:\/\/camping-benodet-vacances.com\/nl\/category\/de-regio\/\" rel=\"tag\">De regio<\/a><\/div>\n\n\n<p class=\"has-text-align-center has-base-color has-text-color has-link-color has-caveat-font-family has-large-font-size wp-elements-9d6083917c4159cd8eaaca9213a53fea\" style=\"font-style:normal;font-weight:400;line-height:1.1\">Concarneau en de ommuurde stad<\/p>\n\n\n\n<p class=\"has-text-align-center\">Bezoek Concarneau en de ommuurde stad in Zuid-Finist\u00e8re<\/p>\n<\/div>\n\n\n\n<div class=\"wp-block-group alignwide has-x-large-font-size is-content-justification-center is-nowrap is-layout-flex wp-container-core-group-is-layout-53e0be17 wp-block-group-is-layout-flex\">\n<p class=\"has-base-color has-text-color has-link-color wp-elements-e4ae5bafea8e9495683ea07e7ff93965\" style=\"font-size:clamp(0.875rem, 0.875rem + ((1vw - 0.2rem) * 0.208), 1rem);\">Lees meer<\/p>\n\n\n\n<figure class=\"wp-block-image size-full is-resized\" style=\"margin-top:0;margin-right:0;margin-bottom:0;margin-left:0\"><img decoding=\"async\" width=\"68\" height=\"64\" src=\"https:\/\/camping-benodet-vacances.com\/wp-content\/uploads\/2024\/11\/fleche-cercles-1-3-1.png\" alt=\"pijlcirkels 1 3\" class=\"wp-image-2522\" style=\"width:20px;height:auto\" \/><\/figure>\n<\/div>\n<\/div>\n\n\n<a class=\"is-style-lien-cover wp-block-read-more\" href=\"https:\/\/camping-benodet-vacances.com\/nl\/toerisme-finistere\/toerisme-concarneau\/\" target=\"_self\">Lees verder<span class=\"screen-reader-text\">: Concarneau en de ommuurde stad<\/span><\/a><\/div>\n\n<\/li><li data-wp-key=\"post-template-item-20515\" class=\"wp-block-post post-20515 page type-page status-publish has-post-thumbnail category-la-region\">\n\n<div class=\"wp-block-group overflow-hidden has-base-2-background-color has-background has-global-padding is-layout-constrained wp-container-core-group-is-layout-19e250f3 wp-block-group-is-layout-constrained\" style=\"border-radius:1rem;min-height:100%\">\n<figure class=\"wp-block-image\"><img decoding=\"async\" src=\"https:\/\/camping-benodet-vacances.com\/wp-content\/uploads\/2024\/12\/tourisme-locronan-cta.avif\" alt=\"Het dorp Locronan\" style=\"aspect-ratio:4\/3;object-fit:cover\" \/><\/figure>\n\n\n\n<div class=\"wp-block-group has-global-padding is-layout-constrained wp-container-core-group-is-layout-c385debf wp-block-group-is-layout-constrained\" style=\"padding-top:var(--wp--preset--spacing--20);padding-right:var(--wp--preset--spacing--20);padding-bottom:var(--wp--preset--spacing--20);padding-left:var(--wp--preset--spacing--20)\">\n<div class=\"wp-block-group has-medium-font-size is-vertical is-content-justification-center is-layout-flex wp-container-core-group-is-layout-81423f52 wp-block-group-is-layout-flex\"><div style=\"font-style:normal;font-weight:600;margin-bottom:0px\" class=\"taxonomy-category has-link-color gt-rotated wp-elements-5692e090b3e09c76aa7d33f8f163f68d wp-block-post-terms has-text-color has-accent-color has-medium-font-size has-quicksand-font-family\"><a href=\"https:\/\/camping-benodet-vacances.com\/category\/la-region\/\" rel=\"tag\">Patrimoine culturel<\/a><\/div>\n\n\n<p class=\"has-text-align-center has-base-color has-text-color has-link-color has-caveat-font-family has-large-font-size wp-elements-9d6083917c4159cd8eaaca9213a53fea\" style=\"font-style:normal;font-weight:400;line-height:1.1\">Het dorp Locronan<\/p>\n\n\n\n<p class=\"has-text-align-center\">Bezoek Locronan tijdens uw kampeervakantie in Finist\u00e8re<\/p>\n<\/div>\n\n\n\n<div class=\"wp-block-group alignwide has-x-large-font-size is-content-justification-center is-nowrap is-layout-flex wp-container-core-group-is-layout-53e0be17 wp-block-group-is-layout-flex\">\n<p class=\"has-base-color has-text-color has-link-color wp-elements-e4ae5bafea8e9495683ea07e7ff93965\" style=\"font-size:clamp(0.875rem, 0.875rem + ((1vw - 0.2rem) * 0.208), 1rem);\">Lees meer<\/p>\n\n\n\n<figure class=\"wp-block-image size-full is-resized\" style=\"margin-top:0;margin-right:0;margin-bottom:0;margin-left:0\"><img decoding=\"async\" width=\"68\" height=\"64\" src=\"https:\/\/camping-benodet-vacances.com\/wp-content\/uploads\/2024\/11\/fleche-cercles-1-3-1.png\" alt=\"pijlcirkels 1 3\" class=\"wp-image-2522\" style=\"width:20px;height:auto\" \/><\/figure>\n<\/div>\n<\/div>\n\n\n<a class=\"is-style-lien-cover wp-block-read-more\" href=\"https:\/\/camping-benodet-vacances.com\/nl\/toerisme-finistere\/toerisme-locronan\/\" target=\"_self\">Lees verder<span class=\"screen-reader-text\">: Het dorp Locronan<\/span><\/a><\/div>\n\n<\/li><li data-wp-key=\"post-template-item-20470\" class=\"wp-block-post post-20470 page type-page status-publish has-post-thumbnail category-la-region\">\n\n<div class=\"wp-block-group overflow-hidden has-base-2-background-color has-background has-global-padding is-layout-constrained wp-container-core-group-is-layout-19e250f3 wp-block-group-is-layout-constrained\" style=\"border-radius:1rem;min-height:100%\">\n<figure class=\"wp-block-image\"><img decoding=\"async\" src=\"https:\/\/camping-benodet-vacances.com\/wp-content\/uploads\/2024\/12\/parcs-loisirs-aventure-finistere-cta.avif\" alt=\"Vrijetijds- en avonturenpark\" style=\"aspect-ratio:4\/3;object-fit:cover\" \/><\/figure>\n\n\n\n<div class=\"wp-block-group has-global-padding is-layout-constrained wp-container-core-group-is-layout-c385debf wp-block-group-is-layout-constrained\" style=\"padding-top:var(--wp--preset--spacing--20);padding-right:var(--wp--preset--spacing--20);padding-bottom:var(--wp--preset--spacing--20);padding-left:var(--wp--preset--spacing--20)\">\n<div class=\"wp-block-group has-medium-font-size is-vertical is-content-justification-center is-layout-flex wp-container-core-group-is-layout-81423f52 wp-block-group-is-layout-flex\"><div style=\"font-style:normal;font-weight:600;margin-bottom:0px\" class=\"taxonomy-category has-link-color gt-rotated wp-elements-5692e090b3e09c76aa7d33f8f163f68d wp-block-post-terms has-text-color has-accent-color has-medium-font-size has-quicksand-font-family\"><a href=\"https:\/\/camping-benodet-vacances.com\/category\/la-region\/\" rel=\"tag\">Patrimoine culturel<\/a><\/div>\n\n\n<p class=\"has-text-align-center has-base-color has-text-color has-link-color has-caveat-font-family has-large-font-size wp-elements-9d6083917c4159cd8eaaca9213a53fea\" style=\"font-style:normal;font-weight:400;line-height:1.1\">Vrijetijds- en avonturenpark<\/p>\n\n\n\n<p class=\"has-text-align-center\">Onze selectie van familiethemaparken: accrobranche, reuze ma\u00efsdoolhof, paintball&#8230;<\/p>\n<\/div>\n\n\n\n<div class=\"wp-block-group alignwide has-x-large-font-size is-content-justification-center is-nowrap is-layout-flex wp-container-core-group-is-layout-53e0be17 wp-block-group-is-layout-flex\">\n<p class=\"has-base-color has-text-color has-link-color wp-elements-e4ae5bafea8e9495683ea07e7ff93965\" style=\"font-size:clamp(0.875rem, 0.875rem + ((1vw - 0.2rem) * 0.208), 1rem);\">Lees meer<\/p>\n\n\n\n<figure class=\"wp-block-image size-full is-resized\" style=\"margin-top:0;margin-right:0;margin-bottom:0;margin-left:0\"><img decoding=\"async\" width=\"68\" height=\"64\" src=\"https:\/\/camping-benodet-vacances.com\/wp-content\/uploads\/2024\/11\/fleche-cercles-1-3-1.png\" alt=\"pijlcirkels 1 3\" class=\"wp-image-2522\" style=\"width:20px;height:auto\" \/><\/figure>\n<\/div>\n<\/div>\n\n\n<a class=\"is-style-lien-cover wp-block-read-more\" href=\"https:\/\/camping-benodet-vacances.com\/nl\/toerisme-finistere\/avonturenparken-finistere\/\" target=\"_self\">Lees verder<span class=\"screen-reader-text\">: Vrijetijds- en avonturenpark<\/span><\/a><\/div>\n\n<\/li><li data-wp-key=\"post-template-item-20434\" class=\"wp-block-post post-20434 page type-page status-publish has-post-thumbnail category-la-region\">\n\n<div class=\"wp-block-group overflow-hidden has-base-2-background-color has-background has-global-padding is-layout-constrained wp-container-core-group-is-layout-19e250f3 wp-block-group-is-layout-constrained\" style=\"border-radius:1rem;min-height:100%\">\n<figure class=\"wp-block-image\"><img decoding=\"async\" src=\"https:\/\/camping-benodet-vacances.com\/wp-content\/uploads\/2024\/12\/randonnees-finistere-cta.avif\" alt=\"Wandelingen rond de camping\" style=\"aspect-ratio:4\/3;object-fit:cover\" \/><\/figure>\n\n\n\n<div class=\"wp-block-group has-global-padding is-layout-constrained wp-container-core-group-is-layout-c385debf wp-block-group-is-layout-constrained\" style=\"padding-top:var(--wp--preset--spacing--20);padding-right:var(--wp--preset--spacing--20);padding-bottom:var(--wp--preset--spacing--20);padding-left:var(--wp--preset--spacing--20)\">\n<div class=\"wp-block-group has-medium-font-size is-vertical is-content-justification-center is-layout-flex wp-container-core-group-is-layout-81423f52 wp-block-group-is-layout-flex\"><div style=\"font-style:normal;font-weight:600;margin-bottom:0px\" class=\"taxonomy-category has-link-color gt-rotated wp-elements-5692e090b3e09c76aa7d33f8f163f68d wp-block-post-terms has-text-color has-accent-color has-medium-font-size has-quicksand-font-family\"><a href=\"https:\/\/camping-benodet-vacances.com\/category\/la-region\/\" rel=\"tag\">Patrimoine culturel<\/a><\/div>\n\n\n<p class=\"has-text-align-center has-base-color has-text-color has-link-color has-caveat-font-family has-large-font-size wp-elements-9d6083917c4159cd8eaaca9213a53fea\" style=\"font-style:normal;font-weight:400;line-height:1.1\">Wandelingen rond de camping<\/p>\n\n\n\n<p class=\"has-text-align-center\">Ontdek onze selectie wandelingen vanaf de camping in B\u00e9nodet in Finist\u00e8re<\/p>\n<\/div>\n\n\n\n<div class=\"wp-block-group alignwide has-x-large-font-size is-content-justification-center is-nowrap is-layout-flex wp-container-core-group-is-layout-53e0be17 wp-block-group-is-layout-flex\">\n<p class=\"has-base-color has-text-color has-link-color wp-elements-e4ae5bafea8e9495683ea07e7ff93965\" style=\"font-size:clamp(0.875rem, 0.875rem + ((1vw - 0.2rem) * 0.208), 1rem);\">Lees meer<\/p>\n\n\n\n<figure class=\"wp-block-image size-full is-resized\" style=\"margin-top:0;margin-right:0;margin-bottom:0;margin-left:0\"><img decoding=\"async\" width=\"68\" height=\"64\" src=\"https:\/\/camping-benodet-vacances.com\/wp-content\/uploads\/2024\/11\/fleche-cercles-1-3-1.png\" alt=\"pijlcirkels 1 3\" class=\"wp-image-2522\" style=\"width:20px;height:auto\" \/><\/figure>\n<\/div>\n<\/div>\n\n\n<a class=\"is-style-lien-cover wp-block-read-more\" href=\"https:\/\/camping-benodet-vacances.com\/nl\/toerisme-finistere\/wandelingen-finistere\/\" target=\"_self\">Lees verder<span class=\"screen-reader-text\">: Wandelen in Finist\u00e8re<\/span><\/a><\/div>\n\n<\/li><li data-wp-key=\"post-template-item-20384\" class=\"wp-block-post post-20384 page type-page status-publish has-post-thumbnail category-de-regio\">\n\n<div class=\"wp-block-group overflow-hidden has-base-2-background-color has-background has-global-padding is-layout-constrained wp-container-core-group-is-layout-19e250f3 wp-block-group-is-layout-constrained\" style=\"border-radius:1rem;min-height:100%\">\n<figure class=\"wp-block-image\"><img decoding=\"async\" src=\"https:\/\/camping-benodet-vacances.com\/wp-content\/uploads\/2024\/12\/tourisme-sorties-visites-familiales-finistere-cta.avif\" alt=\"Idee\u00ebn voor uitstapjes en bezoeken\" style=\"aspect-ratio:4\/3;object-fit:cover\" \/><\/figure>\n\n\n\n<div class=\"wp-block-group has-global-padding is-layout-constrained wp-container-core-group-is-layout-c385debf wp-block-group-is-layout-constrained\" style=\"padding-top:var(--wp--preset--spacing--20);padding-right:var(--wp--preset--spacing--20);padding-bottom:var(--wp--preset--spacing--20);padding-left:var(--wp--preset--spacing--20)\">\n<div class=\"wp-block-group has-medium-font-size is-vertical is-content-justification-center is-layout-flex wp-container-core-group-is-layout-81423f52 wp-block-group-is-layout-flex\"><div style=\"font-style:normal;font-weight:600;margin-bottom:0px\" class=\"taxonomy-category has-link-color gt-rotated wp-elements-5692e090b3e09c76aa7d33f8f163f68d wp-block-post-terms has-text-color has-accent-color has-medium-font-size has-quicksand-font-family\"><a href=\"https:\/\/camping-benodet-vacances.com\/nl\/category\/de-regio\/\" rel=\"tag\">De regio<\/a><\/div>\n\n\n<p class=\"has-text-align-center has-base-color has-text-color has-link-color has-caveat-font-family has-large-font-size wp-elements-9d6083917c4159cd8eaaca9213a53fea\" style=\"font-style:normal;font-weight:400;line-height:1.1\">Idee\u00ebn voor uitstapjes en bezoeken<\/p>\n\n\n\n<p class=\"has-text-align-center\">Bekijk onze idee\u00ebn voor uitstapjes en bezoeken met het gezin vanaf de camping in Finist\u00e8re<\/p>\n<\/div>\n\n\n\n<div class=\"wp-block-group alignwide has-x-large-font-size is-content-justification-center is-nowrap is-layout-flex wp-container-core-group-is-layout-53e0be17 wp-block-group-is-layout-flex\">\n<p class=\"has-base-color has-text-color has-link-color wp-elements-e4ae5bafea8e9495683ea07e7ff93965\" style=\"font-size:clamp(0.875rem, 0.875rem + ((1vw - 0.2rem) * 0.208), 1rem);\">Lees meer<\/p>\n\n\n\n<figure class=\"wp-block-image size-full is-resized\" style=\"margin-top:0;margin-right:0;margin-bottom:0;margin-left:0\"><img decoding=\"async\" width=\"68\" height=\"64\" src=\"https:\/\/camping-benodet-vacances.com\/wp-content\/uploads\/2024\/11\/fleche-cercles-1-3-1.png\" alt=\"pijlcirkels 1 3\" class=\"wp-image-2522\" style=\"width:20px;height:auto\" \/><\/figure>\n<\/div>\n<\/div>\n\n\n<a class=\"is-style-lien-cover wp-block-read-more\" href=\"https:\/\/camping-benodet-vacances.com\/nl\/toerisme-finistere\/toerisme-uitstapjes-familiebezoeken-finistere\/\" target=\"_self\">Lees verder<span class=\"screen-reader-text\">: Activiteiten voor het gezin in Zuid-Finist\u00e8re<\/span><\/a><\/div>\n\n<\/li><li data-wp-key=\"post-template-item-20454\" class=\"wp-block-post post-20454 page type-page status-publish has-post-thumbnail category-la-region\">\n\n<div class=\"wp-block-group overflow-hidden has-base-2-background-color has-background has-global-padding is-layout-constrained wp-container-core-group-is-layout-19e250f3 wp-block-group-is-layout-constrained\" style=\"border-radius:1rem;min-height:100%\">\n<figure class=\"wp-block-image\"><img decoding=\"async\" src=\"https:\/\/camping-benodet-vacances.com\/wp-content\/uploads\/2024\/12\/tourisme-archipel-des-glenans-cta.avif\" alt=\"De Gl\u00e9nan-archipel\" style=\"aspect-ratio:4\/3;object-fit:cover\" \/><\/figure>\n\n\n\n<div class=\"wp-block-group has-global-padding is-layout-constrained wp-container-core-group-is-layout-c385debf wp-block-group-is-layout-constrained\" style=\"padding-top:var(--wp--preset--spacing--20);padding-right:var(--wp--preset--spacing--20);padding-bottom:var(--wp--preset--spacing--20);padding-left:var(--wp--preset--spacing--20)\">\n<div class=\"wp-block-group has-medium-font-size is-vertical is-content-justification-center is-layout-flex wp-container-core-group-is-layout-81423f52 wp-block-group-is-layout-flex\"><div style=\"font-style:normal;font-weight:600;margin-bottom:0px\" class=\"taxonomy-category has-link-color gt-rotated wp-elements-5692e090b3e09c76aa7d33f8f163f68d wp-block-post-terms has-text-color has-accent-color has-medium-font-size has-quicksand-font-family\"><a href=\"https:\/\/camping-benodet-vacances.com\/category\/la-region\/\" rel=\"tag\">Patrimoine culturel<\/a><\/div>\n\n\n<p class=\"has-text-align-center has-base-color has-text-color has-link-color has-caveat-font-family has-large-font-size wp-elements-9d6083917c4159cd8eaaca9213a53fea\" style=\"font-style:normal;font-weight:400;line-height:1.1\">De Gl\u00e9nan-archipel<\/p>\n\n\n\n<p class=\"has-text-align-center\">Ontdek de archipel van Gl\u00e9nan tijdens een kampeervakantie in Zuid-Finist\u00e8re<\/p>\n<\/div>\n\n\n\n<div class=\"wp-block-group alignwide has-x-large-font-size is-content-justification-center is-nowrap is-layout-flex wp-container-core-group-is-layout-53e0be17 wp-block-group-is-layout-flex\">\n<p class=\"has-base-color has-text-color has-link-color wp-elements-e4ae5bafea8e9495683ea07e7ff93965\" style=\"font-size:clamp(0.875rem, 0.875rem + ((1vw - 0.2rem) * 0.208), 1rem);\">Lees meer<\/p>\n\n\n\n<figure class=\"wp-block-image size-full is-resized\" style=\"margin-top:0;margin-right:0;margin-bottom:0;margin-left:0\"><img decoding=\"async\" width=\"68\" height=\"64\" src=\"https:\/\/camping-benodet-vacances.com\/wp-content\/uploads\/2024\/11\/fleche-cercles-1-3-1.png\" alt=\"pijlcirkels 1 3\" class=\"wp-image-2522\" style=\"width:20px;height:auto\" \/><\/figure>\n<\/div>\n<\/div>\n\n\n<a class=\"is-style-lien-cover wp-block-read-more\" href=\"https:\/\/camping-benodet-vacances.com\/nl\/toerisme-finistere\/toerisme-archipel-des-glenans\/\" target=\"_self\">Lees verder<span class=\"screen-reader-text\">: De Gl\u00e9nan-archipel<\/span><\/a><\/div>\n\n<\/li><\/ul>\n\n\n\n<\/div>\n<\/div>\n\n<div style=\"height:6rem\" aria-hidden=\"true\" class=\"wp-block-spacer gt-hide-mobile\"><\/div>\n\n<div class=\"wp-block-group alignfull position-relative gt-section-blue-right is-layout-flow wp-container-core-group-is-layout-a77db08e wp-block-group-is-layout-flow\">\n<div class=\"wp-block-group alignfull is-layout-flow wp-container-core-group-is-layout-bc493828 wp-block-group-is-layout-flow\" style=\"padding-left:148px\">\n<div class=\"wp-block-group alignfull has-base-background-color has-background is-layout-flow wp-block-group-is-layout-flow\" style=\"border-top-left-radius:70px;padding-top:var(--wp--preset--spacing--50);padding-right:var(--wp--preset--spacing--50);padding-bottom:var(--wp--preset--spacing--50);padding-left:var(--wp--preset--spacing--50)\">\n<div class=\"wp-block-group alignfull gt-break-mobile is-nowrap is-layout-flex wp-container-core-group-is-layout-f01a8a75 wp-block-group-is-layout-flex\">\n<div class=\"wp-block-group has-global-padding is-layout-constrained wp-block-group-is-layout-constrained\">\n<h3 class=\"wp-block-heading h2-like has-base-2-color has-text-color has-link-color wp-elements-3c7c42f3d8522fd6f4dae15da2ee3791\" style=\"font-size:clamp(1.119rem, 1.119rem + ((1vw - 0.2rem) * 1.052), 1.75rem);text-transform:uppercase\">Maak een tocht over de Odet, <br \/>de mooiste rivier van Frankrijk<\/h3>\n<\/div>\n\n\n\n<div class=\"wp-block-group has-global-padding is-layout-constrained wp-block-group-is-layout-constrained\">\n<p class=\"has-base-2-color has-text-color has-link-color has-medium-font-size wp-elements-faf7d47ecd8b254879676d6afca89acd\"><a href=\"https:\/\/camping-benodet-vacances.com\/nl\/toerisme-finistere\/toerisme-pont-aven\/\">Pont-Aven, met zijn charmante haventje<\/a>, mooie huizen, weelderige groene vallei bezaaid met rotsen, <strong>washuizen<\/strong> en <strong>molens<\/strong>, <strong>galeries<\/strong> en <strong>kunstenaarsateliers<\/strong>, zal zowel je ogen als je smaakpapillen verrukken!<\/p>\n\n\n\n<p class=\"has-base-2-color has-text-color has-link-color has-medium-font-size wp-elements-018eef4c946509e021b14fc6ffb4a9d1\">Volg de Odet naar <strong>Quimper<\/strong>, de hoofdstad van Cornouaille en geklasseerde <strong>stad van kunst en geschiedenis<\/strong>. Verken met familie of vrienden <strong>de middeleeuwse stad <\/strong>en zijn <strong>vakwerkhuizen<\/strong> uit de 16e en 17e eeuw. <\/p>\n<\/div>\n<\/div>\n<\/div>\n<\/div>\n\n\n\n<figure class=\"wp-block-image alignright size-full is-resized gt-deco-sun\"><img decoding=\"async\" width=\"752\" height=\"1511\" src=\"https:\/\/camping-benodet-vacances.com\/wp-content\/uploads\/2024\/10\/graphisme-1-1.png\" alt=\"afbeeldingen 1 1\" class=\"wp-image-298\" style=\"object-fit:cover;width:350px;height:350px\" srcset=\"https:\/\/camping-benodet-vacances.com\/wp-content\/uploads\/2024\/10\/graphisme-1-1.png 752w, https:\/\/camping-benodet-vacances.com\/wp-content\/uploads\/2024\/10\/graphisme-1-1-149x300.png 149w, https:\/\/camping-benodet-vacances.com\/wp-content\/uploads\/2024\/10\/graphisme-1-1-510x1024.png 510w\" sizes=\"(max-width: 752px) 100vw, 752px\" \/><\/figure>\n\n\n\n<div class=\"wp-block-cover aligncenter has-custom-content-position is-position-bottom-left\" style=\"border-bottom-left-radius:154px;min-height:640px;aspect-ratio:unset;\"><img decoding=\"async\" width=\"1920\" height=\"646\" class=\"wp-block-cover__image-background wp-image-15006\" alt=\"en excursion sur l odet la plus belle riviere de france\" src=\"https:\/\/camping-benodet-vacances.com\/wp-content\/uploads\/2024\/12\/en-excursion-sur-l-odet-la-plus-belle-riviere-de-france.avif\" data-object-fit=\"cover\" srcset=\"https:\/\/camping-benodet-vacances.com\/wp-content\/uploads\/2024\/12\/en-excursion-sur-l-odet-la-plus-belle-riviere-de-france.avif 1920w, https:\/\/camping-benodet-vacances.com\/wp-content\/uploads\/2024\/12\/en-excursion-sur-l-odet-la-plus-belle-riviere-de-france-300x101.jpg 300w, https:\/\/camping-benodet-vacances.com\/wp-content\/uploads\/2024\/12\/en-excursion-sur-l-odet-la-plus-belle-riviere-de-france-1024x345.jpg 1024w, https:\/\/camping-benodet-vacances.com\/wp-content\/uploads\/2024\/12\/en-excursion-sur-l-odet-la-plus-belle-riviere-de-france-768x258.jpg 768w, https:\/\/camping-benodet-vacances.com\/wp-content\/uploads\/2024\/12\/en-excursion-sur-l-odet-la-plus-belle-riviere-de-france-1536x517.jpg 1536w\" sizes=\"(max-width: 1920px) 100vw, 1920px\" \/><span aria-hidden=\"true\" class=\"wp-block-cover__background has-contrast-background-color has-background-dim-30 has-background-dim\"><\/span><div class=\"wp-block-cover__inner-container is-layout-flow wp-block-cover-is-layout-flow\">\n<p class=\"has-text-align-center has-base-2-color has-text-color has-link-color has-caveat-font-family gt-gsap-fadeIn wp-elements-1977888f2065480bf6abf5e8e42fb814\" style=\"padding-top:var(--wp--preset--spacing--30);padding-right:var(--wp--preset--spacing--40);padding-bottom:var(--wp--preset--spacing--30);padding-left:var(--wp--preset--spacing--40);font-size:clamp(48.588px, 3.037rem + ((1vw - 3.2px) * 4.939), 96px);line-height:1.2\">Excursie op de Odet!<\/p>\n<\/div><\/div>\n<\/div>\n\n<div style=\"height:6rem\" aria-hidden=\"true\" class=\"wp-block-spacer gt-hide-mobile\"><\/div>\n\n<div class=\"wp-block-columns alignwide is-layout-flex wp-container-core-columns-is-layout-7fc3d43a wp-block-columns-is-layout-flex\">\n<div class=\"wp-block-column is-layout-flow wp-block-column-is-layout-flow\">\n<div class=\"wp-block-group is-content-justification-space-between is-nowrap is-layout-flex wp-container-core-group-is-layout-4e2e7437 wp-block-group-is-layout-flex\">\n<figure class=\"wp-block-image size-full is-style-rounded gt-img-full wp-container-content-9cfa9a5a is-style-rounded--2\"><img decoding=\"async\" width=\"639\" height=\"639\" src=\"https:\/\/camping-benodet-vacances.com\/wp-content\/uploads\/2024\/12\/la-pointe-du-raz-un-site-incontournable-tout-pres-du-camping.avif\" alt=\"la pointe du raz een bezienswaardigheid in de buurt van de camping\" class=\"wp-image-15008\" style=\"aspect-ratio:1;object-fit:cover\" srcset=\"https:\/\/camping-benodet-vacances.com\/wp-content\/uploads\/2024\/12\/la-pointe-du-raz-un-site-incontournable-tout-pres-du-camping.avif 639w, https:\/\/camping-benodet-vacances.com\/wp-content\/uploads\/2024\/12\/la-pointe-du-raz-un-site-incontournable-tout-pres-du-camping-300x300.jpg 300w, https:\/\/camping-benodet-vacances.com\/wp-content\/uploads\/2024\/12\/la-pointe-du-raz-un-site-incontournable-tout-pres-du-camping-150x150.jpg 150w, https:\/\/camping-benodet-vacances.com\/wp-content\/uploads\/2024\/12\/la-pointe-du-raz-un-site-incontournable-tout-pres-du-camping-400x400.jpg 400w, https:\/\/camping-benodet-vacances.com\/wp-content\/uploads\/2024\/12\/la-pointe-du-raz-un-site-incontournable-tout-pres-du-camping-600x600.jpg 600w\" sizes=\"(max-width: 639px) 100vw, 639px\" \/><figcaption class=\"wp-element-caption\">default<\/figcaption><\/figure>\n<\/div>\n<\/div>\n\n\n\n<div class=\"wp-block-column is-layout-flow wp-block-column-is-layout-flow\">\n<p class=\"gt-rotated gt-negative-left has-accent-color has-text-color has-link-color has-caveat-font-family has-xx-large-font-size wp-elements-f095db019b937ef24656e225c7db5160\">Emblematische site<\/p>\n\n\n\n<h3 class=\"wp-block-heading h2-like has-base-color has-text-color has-link-color wp-elements-816d1b1fe406ac239008b848fa0986a7\" style=\"font-size:clamp(1.119rem, 1.119rem + ((1vw - 0.2rem) * 1.052), 1.75rem);font-style:normal;font-weight:600;text-transform:uppercase\">La pointe du Raz: <br \/>een niet te missen site <br \/>in de buurt van de camping<\/h3>\n\n\n\n<p>Van de Pointe du Raz, beroemd om zijn adembenemende kliffen met uitzicht op zee, tot de kustlijn van Zuid-Finist\u00e8re, geniet van <strong>adembenemende landschappen<\/strong>, van zandstranden tot mysterieuze bergen&#8230;<\/p>\n\n\n\n<p>De <strong>baai van Douarnenez<\/strong> heeft veel te bieden, en dan hebben we het nog niet eens over lekkere <strong>zeevruchten<\/strong> en <strong>sportieve sensaties<\/strong>! De Pointe du Raz, een emblematische plek in Finist\u00e8re, kijkt uit over de <strong>Raz de Sein<\/strong> en<strong>het Ile de Sein<\/strong>.<\/p>\n\n\n\n<p>Als je <strong>van boarden<\/strong> houdt, ga dan naar de <strong>Pointe de la Torche<\/strong>, de bekendste surfspot van Bretagne. Vertrek niet zonder de langoustine te hebben geproefd, de ster van de Bigouden-havens zoals Loctudy en Le Guilvinec. <\/p>\n<\/div>\n<\/div>\n\n<div style=\"height:100px\" aria-hidden=\"true\" class=\"wp-block-spacer\"><\/div>\n\n<div class=\"wp-block-group alignfull gt-section-content-width-slider gt-break-mobile is-content-justification-right is-nowrap is-layout-flex wp-container-core-group-is-layout-99f77615 wp-block-group-is-layout-flex\" style=\"padding-right:0;padding-left:0\">\n<div class=\"wp-block-group has-contrast-2-background-color has-background has-global-padding is-layout-constrained wp-container-core-group-is-layout-b2dbe7bd wp-block-group-is-layout-constrained\" style=\"padding-right:var(--wp--preset--spacing--30);padding-bottom:var(--wp--preset--spacing--20);padding-left:var(--wp--preset--spacing--60)\">\n<div class=\"wp-block-group has-global-padding is-layout-constrained wp-container-core-group-is-layout-7db9d80f wp-block-group-is-layout-constrained\" style=\"padding-right:0;padding-left:0\">\n<div style=\"height:100px\" aria-hidden=\"true\" class=\"wp-block-spacer gt-hide-mobile gt-hide-mobile\"><\/div>\n\n\n\n<h3 class=\"wp-block-heading h2-like has-base-color has-text-color has-link-color wp-elements-58415f05ca44cc15792c7aba0067e712\" style=\"font-size:clamp(1.119rem, 1.119rem + ((1vw - 0.2rem) * 1.052), 1.75rem);font-style:normal;font-weight:600\">Een dag op <br \/>de Gl\u00e9nan-archipel<\/h3>\n\n\n\n<p>Vanuit de <strong>oude haven van B\u00e9nodet<\/strong> kun je een tocht maken naar de<a href=\"https:\/\/camping-benodet-vacances.com\/nl\/toerisme-finistere\/toerisme-archipel-des-glenans\/\">archipel van Gl\u00e9nan<\/a> of de Odet, de mooiste rivier van Frankrijk.<\/p>\n\n\n\n<p>Voor wandelingen en trektochten zijn er <strong>250 km aan paden<\/strong> om de natuurlijke rijkdommen van het Pays Fouesnantais te ontdekken.<\/p>\n\n\n\n<p>Met zijn <strong>26 km aan fijne zandstranden<\/strong> en ongerepte baai is de Bretonse Rivi\u00e8ra ook een ideaal speelterrein voor <strong>zeilen<\/strong> en <strong>vissen <\/strong>(vind alle toegestane stranden op de <a href=\"https:\/\/www.pecheapied-responsable.fr\/\">speciale website<\/a>).<\/p>\n<\/div>\n\n\n\n<div class=\"wp-block-group is-content-justification-right is-layout-flex wp-container-core-group-is-layout-94ae8342 wp-block-group-is-layout-flex\" style=\"padding-right:var(--wp--preset--spacing--30);padding-left:0\">\n<div class=\"wp-block-group is-content-justification-right is-nowrap is-layout-flex wp-container-core-group-is-layout-17124a9a wp-block-group-is-layout-flex\">\n<figure class=\"wp-block-image size-large is-resized gt-swiper-mb-1-left\"><img decoding=\"async\" width=\"17\" height=\"14\" src=\"https:\/\/camping-benodet-vacances.com\/wp-content\/uploads\/2024\/10\/left.svg\" alt=\"left\" class=\"wp-image-413\" style=\"width:16px\" \/><\/figure>\n\n\n\n<figure class=\"wp-block-image size-large is-resized gt-swiper-mb-1-right\"><img decoding=\"async\" width=\"17\" height=\"14\" src=\"https:\/\/camping-benodet-vacances.com\/wp-content\/uploads\/2024\/10\/right.svg\" alt=\"right\" class=\"wp-image-415\" style=\"width:16px\" \/><\/figure>\n<\/div>\n<\/div>\n<\/div>\n\n\n\n<div class=\"wp-block-group gt-swiper-mb-1 has-global-padding is-content-justification-right is-layout-constrained wp-container-core-group-is-layout-fbcf87ba wp-block-group-is-layout-constrained\">\n<div data-swiper=\"{&quot;speed&quot;:400,&quot;spaceBetween&quot;:0,&quot;slidesPerView&quot;:1,&quot;createElements&quot;:true,&quot;loop&quot;:true,&quot;freemode&quot;:true,&quot;navigation&quot;:{&quot;nextEl&quot;:&quot;.gt-swiper-mb-1-right&quot;,&quot;prevEl&quot;:&quot;.gt-swiper-mb-1-left&quot;},&quot;breakpoints&quot;:[{&quot;slidesPerView&quot;:1}],&quot;autoplay&quot;:{&quot;delay&quot;:2000}}\" class=\"wp-block-group gt-is-slider gt-is-slider-desktop is-layout-grid wp-container-core-group-is-layout-f2e2ae4a wp-block-group-is-layout-grid\" style=\"border-top-left-radius:2rem;border-top-right-radius:0rem;border-bottom-left-radius:2rem;border-bottom-right-radius:0rem\">\n<figure class=\"wp-block-image size-full has-custom-border\"><img decoding=\"async\" width=\"1152\" height=\"768\" src=\"https:\/\/camping-benodet-vacances.com\/wp-content\/uploads\/2024\/12\/depart-du-vieux-port-de-benodet.avif\" alt=\"vertrek uit de oude haven van benodet\" class=\"wp-image-15010\" style=\"border-top-left-radius:26px;border-top-right-radius:0px;border-bottom-left-radius:26px;object-fit:cover\" srcset=\"https:\/\/camping-benodet-vacances.com\/wp-content\/uploads\/2024\/12\/depart-du-vieux-port-de-benodet.avif 1152w, https:\/\/camping-benodet-vacances.com\/wp-content\/uploads\/2024\/12\/depart-du-vieux-port-de-benodet-300x200.jpg 300w, https:\/\/camping-benodet-vacances.com\/wp-content\/uploads\/2024\/12\/depart-du-vieux-port-de-benodet-1024x683.jpg 1024w, https:\/\/camping-benodet-vacances.com\/wp-content\/uploads\/2024\/12\/depart-du-vieux-port-de-benodet-768x512.jpg 768w\" sizes=\"(max-width: 1152px) 100vw, 1152px\" \/><\/figure>\n\n\n\n<figure class=\"wp-block-image size-full has-custom-border\"><img decoding=\"async\" width=\"1152\" height=\"768\" src=\"https:\/\/camping-benodet-vacances.com\/wp-content\/uploads\/2024\/12\/une-journee-sur-l-archipel-des-glenan.avif\" alt=\"een dag op de glenan archipel\" class=\"wp-image-15012\" style=\"border-top-left-radius:26px;border-top-right-radius:0px;border-bottom-left-radius:26px;object-fit:cover\" srcset=\"https:\/\/camping-benodet-vacances.com\/wp-content\/uploads\/2024\/12\/une-journee-sur-l-archipel-des-glenan.avif 1152w, https:\/\/camping-benodet-vacances.com\/wp-content\/uploads\/2024\/12\/une-journee-sur-l-archipel-des-glenan-300x200.jpg 300w, https:\/\/camping-benodet-vacances.com\/wp-content\/uploads\/2024\/12\/une-journee-sur-l-archipel-des-glenan-1024x683.jpg 1024w, https:\/\/camping-benodet-vacances.com\/wp-content\/uploads\/2024\/12\/une-journee-sur-l-archipel-des-glenan-768x512.jpg 768w\" sizes=\"(max-width: 1152px) 100vw, 1152px\" \/><\/figure>\n\n\n\n<figure class=\"wp-block-image size-full has-custom-border\"><img decoding=\"async\" width=\"1152\" height=\"768\" src=\"https:\/\/camping-benodet-vacances.com\/wp-content\/uploads\/2024\/12\/peche-a-pied.avif\" alt=\"vissen te voet\" class=\"wp-image-15014\" style=\"border-top-left-radius:26px;border-top-right-radius:0px;border-bottom-left-radius:26px;object-fit:cover\" srcset=\"https:\/\/camping-benodet-vacances.com\/wp-content\/uploads\/2024\/12\/peche-a-pied.avif 1152w, https:\/\/camping-benodet-vacances.com\/wp-content\/uploads\/2024\/12\/peche-a-pied-300x200.jpg 300w, https:\/\/camping-benodet-vacances.com\/wp-content\/uploads\/2024\/12\/peche-a-pied-1024x683.jpg 1024w, https:\/\/camping-benodet-vacances.com\/wp-content\/uploads\/2024\/12\/peche-a-pied-768x512.jpg 768w\" sizes=\"(max-width: 1152px) 100vw, 1152px\" \/><\/figure>\n<\/div>\n<\/div>\n<\/div>\n\n<div style=\"height:100px\" aria-hidden=\"true\" class=\"wp-block-spacer\"><\/div>\n\n<div class=\"wp-block-group alignfull position-relative gt-section-blue-right is-layout-flow wp-container-core-group-is-layout-a77db08e wp-block-group-is-layout-flow\">\n<div class=\"wp-block-cover aligncenter has-custom-content-position is-position-bottom-right\" style=\"border-top-left-radius:154px;padding-right:var(--wp--preset--spacing--60);min-height:640px;aspect-ratio:unset;\"><img decoding=\"async\" width=\"1920\" height=\"646\" class=\"wp-block-cover__image-background wp-image-15016\" alt=\"retour des bateaux de peche visite du pays bigouden\" src=\"https:\/\/camping-benodet-vacances.com\/wp-content\/uploads\/2024\/12\/retour-des-bateaux-de-peche-visite-du-pays-bigouden.avif\" data-object-fit=\"cover\" srcset=\"https:\/\/camping-benodet-vacances.com\/wp-content\/uploads\/2024\/12\/retour-des-bateaux-de-peche-visite-du-pays-bigouden.avif 1920w, https:\/\/camping-benodet-vacances.com\/wp-content\/uploads\/2024\/12\/retour-des-bateaux-de-peche-visite-du-pays-bigouden-300x101.jpg 300w, https:\/\/camping-benodet-vacances.com\/wp-content\/uploads\/2024\/12\/retour-des-bateaux-de-peche-visite-du-pays-bigouden-1024x345.jpg 1024w, https:\/\/camping-benodet-vacances.com\/wp-content\/uploads\/2024\/12\/retour-des-bateaux-de-peche-visite-du-pays-bigouden-768x258.jpg 768w, https:\/\/camping-benodet-vacances.com\/wp-content\/uploads\/2024\/12\/retour-des-bateaux-de-peche-visite-du-pays-bigouden-1536x517.jpg 1536w\" sizes=\"(max-width: 1920px) 100vw, 1920px\" \/><span aria-hidden=\"true\" class=\"wp-block-cover__background has-background-dim-100 has-background-dim wp-block-cover__gradient-background has-background-gradient\" style=\"background:linear-gradient(180deg,rgba(0,0,0,0) 67%,rgba(0,0,0,0.44) 99%)\"><\/span><div class=\"wp-block-cover__inner-container is-layout-flow wp-block-cover-is-layout-flow\">\n<p class=\"has-text-align-center has-large-font-size\"><\/p>\n<\/div><\/div>\n\n\n\n<div class=\"wp-block-group alignfull is-layout-flow wp-container-core-group-is-layout-bc493828 wp-block-group-is-layout-flow\" style=\"padding-left:148px\">\n<div class=\"wp-block-group alignfull has-base-background-color has-background is-layout-flow wp-block-group-is-layout-flow\" style=\"border-bottom-left-radius:70px;padding-right:var(--wp--preset--spacing--40);padding-bottom:70px;padding-left:var(--wp--preset--spacing--40)\">\n<div style=\"height:50px\" aria-hidden=\"true\" class=\"wp-block-spacer gt-hide-mobile\"><\/div>\n\n\n\n<div class=\"wp-block-group alignfull gt-break-mobile is-nowrap is-layout-flex wp-container-core-group-is-layout-b62c3650 wp-block-group-is-layout-flex\">\n<div class=\"wp-block-group has-global-padding is-layout-constrained wp-block-group-is-layout-constrained\">\n<h3 class=\"wp-block-heading h2-like has-base-2-color has-text-color has-link-color wp-elements-30148c8379223c456fa616ffab14d27b\" style=\"font-size:clamp(1.119rem, 1.119rem + ((1vw - 0.2rem) * 1.052), 1.75rem);\">Bezoek het Pays Bigouden, <br \/>emblematische regio van Finist\u00e8re<\/h3>\n\n\n\n<p class=\"has-base-2-color has-text-color has-link-color has-medium-font-size wp-elements-7e21f2c8072b2742cae11f44c0a9fcd2\">Als je B\u00e9nodet verlaat, steek je de brug van Cornouaille over om het <strong>Pays Bigouden <\/strong>en zijn hoofdstad <strong>Pont-l&#8217;Abb\u00e9<\/strong> te ontdekken.<\/p>\n<\/div>\n\n\n\n<div class=\"wp-block-group has-global-padding is-layout-constrained wp-block-group-is-layout-constrained\">\n\n\n<p class=\"has-base-2-color has-text-color has-link-color has-medium-font-size wp-elements-356e9f39fc31221174926c06faf6222c\">Neem een kijkje in dit land van karakter en traditie, beroemd om zijn <strong>36 cm hoge hoofdtooi<\/strong>. Pointe de la Torche is een legendarische plek voor fans van boardsporten. <\/p>\n\n\n\n<p class=\"has-base-2-color has-text-color has-link-color has-medium-font-size wp-elements-a2debb35752dcad7cedcf6d2486a793e\"><strong>Een land van vissers<\/strong>, mis de <strong>terugkeer van de vissersboten<\/strong> rond 17.00 uur in de havens van <strong>Saint-Gu\u00e9nol\u00e9-Penmarc&#8217;h<\/strong>, <strong>Le Guilvinec<\/strong>, <strong>Lesconil<\/strong> en <strong>Loctudy<\/strong> niet.<\/p>\n<\/div>\n<\/div>\n<\/div>\n<\/div>\n\n\n\n<figure class=\"wp-block-image alignright size-full is-resized gt-deco-sun gt-gsap-fadeIn\"><img decoding=\"async\" width=\"250\" height=\"468\" src=\"https:\/\/camping-benodet-vacances.com\/wp-content\/uploads\/2024\/10\/graphisme-3-1.svg\" alt=\"afbeeldingen 3 1\" class=\"wp-image-497\" style=\"object-fit:cover;width:208px;height:350px\" \/><\/figure>\n\n\n\n<div style=\"height:var(--wp--preset--spacing--20)\" aria-hidden=\"true\" class=\"wp-block-spacer gt-hide-mobile\"><\/div>\n\n\n\n<p class=\"has-text-align-right has-base-color has-text-color has-link-color has-caveat-font-family gt-gsap-fadeIn wp-elements-5c8ada13b1440f4d8622fbb84fb6997b\" style=\"padding-top:0;padding-right:var(--wp--preset--spacing--40);padding-bottom:0;padding-left:0;font-size:clamp(48.588px, 3.037rem + ((1vw - 3.2px) * 4.939), 96px);line-height:1\">Verblijf in Zuid-Finist\u00e8re!<\/p>\n<\/div>\n\n<div class=\"wp-block-group alignwide gt-slider-mak-with-text is-content-justification-center is-layout-flex wp-container-core-group-is-layout-2e827744 wp-block-group-is-layout-flex\">\n<div class=\"wp-block-group gt-slider-mask-wrap is-nowrap is-layout-flex wp-container-core-group-is-layout-9bd231a2 wp-block-group-is-layout-flex\">\n<div class=\"wp-block-group gt-slider-mask has-global-padding is-layout-constrained wp-block-group-is-layout-constrained\" style=\"padding-top:53px\">\n<div data-swiper=\"{&quot;speed&quot;:400,&quot;spaceBetween&quot;:16,&quot;slidesPerView&quot;:1,&quot;createElements&quot;:true,&quot;loop&quot;:true,&quot;freemode&quot;:true,&quot;navigation&quot;:{&quot;nextEl&quot;:&quot;buttonNext&quot;,&quot;prevEl&quot;:&quot;buttonPrev&quot;},&quot;pagination&quot;:{&quot;el&quot;:&quot;.swiper-pagination&quot;,&quot;dynamicBullets&quot;:true},&quot;breakpoints&quot;:[{&quot;slidesPerView&quot;:1}],&quot;autoplay&quot;:{&quot;delay&quot;:3000}}\" class=\"wp-block-group gt-is-slider gt-is-slider-desktop has-global-padding is-layout-constrained wp-container-core-group-is-layout-1cfdb9ee wp-block-group-is-layout-constrained\">\n<figure class=\"wp-block-image size-full\"><img alt=\"quimper decouvrez des villes et villages de caractere\" decoding=\"async\" width=\"618\" height=\"618\" src=\"https:\/\/camping-benodet-vacances.com\/wp-content\/uploads\/2024\/12\/quimper-decouvrez-des-villes-et-villages-de-caractere.avif\" alt=\"\" class=\"wp-image-15018\" style=\"aspect-ratio:1;object-fit:cover\" srcset=\"https:\/\/camping-benodet-vacances.com\/wp-content\/uploads\/2024\/12\/quimper-decouvrez-des-villes-et-villages-de-caractere.avif 618w, https:\/\/camping-benodet-vacances.com\/wp-content\/uploads\/2024\/12\/quimper-decouvrez-des-villes-et-villages-de-caractere-300x300.jpg 300w, https:\/\/camping-benodet-vacances.com\/wp-content\/uploads\/2024\/12\/quimper-decouvrez-des-villes-et-villages-de-caractere-150x150.jpg 150w, https:\/\/camping-benodet-vacances.com\/wp-content\/uploads\/2024\/12\/quimper-decouvrez-des-villes-et-villages-de-caractere-400x400.jpg 400w, https:\/\/camping-benodet-vacances.com\/wp-content\/uploads\/2024\/12\/quimper-decouvrez-des-villes-et-villages-de-caractere-600x600.jpg 600w\" sizes=\"(max-width: 618px) 100vw, 618px\" \/><\/figure>\n\n\n\n<figure class=\"wp-block-image size-full\"><img decoding=\"async\" width=\"618\" height=\"618\" src=\"https:\/\/camping-benodet-vacances.com\/wp-content\/uploads\/2024\/12\/ville-close-concarneau.avif\" alt=\"ville close concarneau\" class=\"wp-image-15020\" style=\"aspect-ratio:1;object-fit:cover\" srcset=\"https:\/\/camping-benodet-vacances.com\/wp-content\/uploads\/2024\/12\/ville-close-concarneau.avif 618w, https:\/\/camping-benodet-vacances.com\/wp-content\/uploads\/2024\/12\/ville-close-concarneau-300x300.jpg 300w, https:\/\/camping-benodet-vacances.com\/wp-content\/uploads\/2024\/12\/ville-close-concarneau-150x150.jpg 150w, https:\/\/camping-benodet-vacances.com\/wp-content\/uploads\/2024\/12\/ville-close-concarneau-400x400.jpg 400w, https:\/\/camping-benodet-vacances.com\/wp-content\/uploads\/2024\/12\/ville-close-concarneau-600x600.jpg 600w\" sizes=\"(max-width: 618px) 100vw, 618px\" \/><\/figure>\n\n\n\n<figure class=\"wp-block-image size-full\"><img alt=\"bois d amour a pont aven\" decoding=\"async\" width=\"618\" height=\"618\" src=\"https:\/\/camping-benodet-vacances.com\/wp-content\/uploads\/2024\/12\/bois-d-amour-a-pont-aven.avif\" alt=\"\" class=\"wp-image-15022\" style=\"aspect-ratio:1;object-fit:cover\" srcset=\"https:\/\/camping-benodet-vacances.com\/wp-content\/uploads\/2024\/12\/bois-d-amour-a-pont-aven.avif 618w, https:\/\/camping-benodet-vacances.com\/wp-content\/uploads\/2024\/12\/bois-d-amour-a-pont-aven-300x300.jpg 300w, https:\/\/camping-benodet-vacances.com\/wp-content\/uploads\/2024\/12\/bois-d-amour-a-pont-aven-150x150.jpg 150w, https:\/\/camping-benodet-vacances.com\/wp-content\/uploads\/2024\/12\/bois-d-amour-a-pont-aven-400x400.jpg 400w, https:\/\/camping-benodet-vacances.com\/wp-content\/uploads\/2024\/12\/bois-d-amour-a-pont-aven-600x600.jpg 600w\" sizes=\"(max-width: 618px) 100vw, 618px\" \/><\/figure>\n\n\n\n<figure class=\"wp-block-image size-full\"><img decoding=\"async\" width=\"618\" height=\"618\" src=\"https:\/\/camping-benodet-vacances.com\/wp-content\/uploads\/2024\/12\/delicieuses-galettes.avif\" alt=\"heerlijke galettes\" class=\"wp-image-15024\" style=\"aspect-ratio:1;object-fit:cover\" srcset=\"https:\/\/camping-benodet-vacances.com\/wp-content\/uploads\/2024\/12\/delicieuses-galettes.avif 618w, https:\/\/camping-benodet-vacances.com\/wp-content\/uploads\/2024\/12\/delicieuses-galettes-300x300.jpg 300w, https:\/\/camping-benodet-vacances.com\/wp-content\/uploads\/2024\/12\/delicieuses-galettes-150x150.jpg 150w, https:\/\/camping-benodet-vacances.com\/wp-content\/uploads\/2024\/12\/delicieuses-galettes-400x400.jpg 400w, https:\/\/camping-benodet-vacances.com\/wp-content\/uploads\/2024\/12\/delicieuses-galettes-600x600.jpg 600w\" sizes=\"(max-width: 618px) 100vw, 618px\" \/><\/figure>\n<\/div>\n<\/div>\n<\/div>\n\n\n\n<div class=\"wp-block-group wp-container-content-5b9a5e8f is-vertical is-layout-flex wp-container-core-group-is-layout-ea0cb840 wp-block-group-is-layout-flex\">\n<div style=\"height:0px\" aria-hidden=\"true\" class=\"wp-block-spacer gt-hide-mobile wp-container-content-fdc43b14\"><\/div>\n\n\n\n<h3 class=\"wp-block-heading h2-like has-base-color has-text-color has-link-color wp-elements-452a9af4dbe49693b8737f1afdac19b6\" style=\"margin-top:0;margin-bottom:0;font-size:clamp(1.119rem, 1.119rem + ((1vw - 0.2rem) * 1.052), 1.75rem);font-style:normal;font-weight:600;text-transform:uppercase\">Ontdek steden en dorpen met karakter<\/h3>\n\n\n\n<p class=\"has-medium-font-size\"><strong>Quimper <\/strong>, een stad vol cultuur en geschiedenis, is een onmisbare bestemming voor je verblijf in Zuid-Finist\u00e8re.<\/p>\n\n\n\n<p class=\"has-medium-font-size\">Laat je in het hart van Cornouaille charmeren door de bewaard gebleven architectuur en vakwerkhuizen en ontdek de culturele en ambachtelijke schatten.<\/p>\n\n\n\n<p class=\"has-medium-font-size\"><a href=\"https:\/\/camping-benodet-vacances.com\/nl\/toerisme-finistere\/toerisme-concarneau\/\">Concarneau<\/a> is beroemd om zijn <strong>ommuurde stad<\/strong>.<strong> <\/strong>biedt een keur aan fijne zandstranden. Je kunt ook een wandeling maken langs de vissers- en jachthavens. <\/p>\n\n\n\n<p class=\"has-medium-font-size\">Treed met familie of vrienden in de voetsporen van schilders als Gauguin in het <strong>Bois d&#8217;Amour in Pont-Aven<\/strong> en proef heerlijke <strong>galettes<\/strong>.<\/p>\n\n\n\n<p class=\"has-medium-font-size\">Je kunt ook genieten van een <strong>wandeling door de<\/strong> oude binnenstad <strong>van Quimperl\u00e9<\/strong>, langs de geplaveide straatjes of de GR 34.<\/p>\n<\/div>\n<\/div>\n\n<div style=\"height:6rem\" aria-hidden=\"true\" class=\"wp-block-spacer gt-hide-mobile\"><\/div>\n\n<div class=\"wp-block-columns alignwide is-layout-flex wp-container-core-columns-is-layout-7fc3d43a wp-block-columns-is-layout-flex\">\n<div class=\"wp-block-column is-layout-flow wp-block-column-is-layout-flow\">\n<p class=\"gt-rotated gt-negative-left has-accent-color has-text-color has-link-color has-caveat-font-family wp-elements-ff9277d2a84bc63183da2f9c433a082b\" style=\"font-size:clamp(2.418rem, 2.418rem + ((1vw - 0.2rem) * 3.47), 4.5rem);\">Gezinsactiviteiten<\/p>\n\n\n\n<h2 class=\"wp-block-heading h2-like has-base-color has-text-color has-link-color has-large-font-size wp-elements-5ddb405eebd34399f674db45c7f6888d\" style=\"font-style:normal;font-weight:600;text-transform:uppercase\">Onze toppers om te doen in Finist\u00e8re<\/h2>\n\n\n\n<h3 class=\"wp-block-heading has-base-color has-text-color has-link-color wp-elements-b1229add5b332ef13f2f50f861a48354\" style=\"font-size:clamp(0.984rem, 0.984rem + ((1vw - 0.2rem) * 0.86), 1.5rem);font-style:normal;font-weight:600;text-transform:uppercase\">Gezinsactiviteiten<\/h3>\n\n\n    <div id=\"gt-fse-lire-plus-69f0ca67ddf15\" class=\"gt-fse-lire-plus\" data-min-height=\"130\" style=\"background-color: #f9f2e8;\">\n        <input id=\"gt-fse-lire-plus-69f0ca67ddf15-toggle\" type=\"checkbox\" class=\"gt-fse-lire-plus__toggle\" \/>\n        <label for=\"gt-fse-lire-plus-69f0ca67ddf15-toggle\" class=\"gt-fse-lire-plus__toggle-label\">\n            <span>Meer lezen<\/span>\n            <span>Minder lezen<\/span>\n        <\/label>\n        <div class=\"gt-fse-lire-plus__content\" style=\"height: 130px;\">\n            \n\n<p>Op vakantie in Finist\u00e8re met uw kinderen kunt u genieten van een <strong>ruime keuze aan gezinsactiviteiten<\/strong> in de buurt van uw camping.<\/p>\n\n\n\n<p>Klassiek maar altijd leuk, en vooral in de kleuren en motieven van de beroemde <strong>faience van Quimper<\/strong>, neemt het toeristentreintje je mee op een tocht door de badplaats en de bezienswaardigheden.<\/p>\n\n\n\n<p>Fijnproevers zullen dol zijn op een bezoek aan de koekjesfabriek Fran\u00e7ois Garrec, terwijl sportieve gezinnen zichzelf kunnen uitdagen op <a href=\"https:\/\/camping-benodet-vacances.com\/nl\/toerisme-finistere\/avonturenparken-finistere\/\">boomklimparcoursen voor alle niveaus<\/a>.<\/p>\n\n\n\n<p>Verdwaal ook in de open lucht samen in het doolhof van ma\u00efs in het labyrint 29 en geniet van de <strong>opblaasbare structuren<\/strong>!<\/p>\n\n            <div class=\"gt-fse-lire-plus__gradient\" style=\"background: linear-gradient(to bottom,rgba(249,242,232,0) 0%,rgba(249,242,232,1) 100%);\"><\/div>\n        <\/div>\n    <\/div>\n    <\/div>\n\n\n\n<div class=\"wp-block-column is-layout-flow wp-block-column-is-layout-flow\">\n<div class=\"wp-block-group is-content-justification-space-between is-nowrap is-layout-flex wp-container-core-group-is-layout-cb46ffcb wp-block-group-is-layout-flex\">\n<figure class=\"wp-block-image size-full is-style-rounded gt-img-full wp-container-content-9cfa9a5a is-style-rounded--3\"><img decoding=\"async\" width=\"562\" height=\"562\" src=\"https:\/\/camping-benodet-vacances.com\/wp-content\/uploads\/2024\/12\/activites-familiales-tout-pres-du-camping-dans-le-finistere.avif\" alt=\"gezinsactiviteiten in de buurt van de camping in finist&#xE8;re\" class=\"wp-image-15026\" style=\"aspect-ratio:1;object-fit:cover\" srcset=\"https:\/\/camping-benodet-vacances.com\/wp-content\/uploads\/2024\/12\/activites-familiales-tout-pres-du-camping-dans-le-finistere.avif 562w, https:\/\/camping-benodet-vacances.com\/wp-content\/uploads\/2024\/12\/activites-familiales-tout-pres-du-camping-dans-le-finistere-300x300.jpg 300w, https:\/\/camping-benodet-vacances.com\/wp-content\/uploads\/2024\/12\/activites-familiales-tout-pres-du-camping-dans-le-finistere-150x150.jpg 150w, https:\/\/camping-benodet-vacances.com\/wp-content\/uploads\/2024\/12\/activites-familiales-tout-pres-du-camping-dans-le-finistere-400x400.jpg 400w\" sizes=\"(max-width: 562px) 100vw, 562px\" \/><\/figure>\n\n\n\n<div data-gt-animation-delay=\"0.6\" class=\"wp-block-group z-index-1 gt-gsap-fadeInUp has-global-padding is-layout-constrained wp-block-group-is-layout-constrained\" style=\"padding-top:53px\">\n<figure data-gt-animation-speed=\"100\" class=\"wp-block-image size-full is-resized gt-dot-deco gt-gsap-parallaxDown\"><img alt=\"Cercle\" decoding=\"async\" width=\"168\" height=\"169\" src=\"https:\/\/camping-benodet-vacances.com\/wp-content\/uploads\/2024\/10\/Circle.svg\" alt=\"\" class=\"wp-image-182\" style=\"width:167px\" \/><\/figure>\n<\/div>\n<\/div>\n<\/div>\n<\/div>\n\n<div style=\"height:96px\" aria-hidden=\"true\" class=\"wp-block-spacer gt-hide-mobile\"><\/div>\n\n<div class=\"wp-block-group alignfull position-relative gt-section-blue-right is-layout-flow wp-container-core-group-is-layout-a77db08e wp-block-group-is-layout-flow\">\n<div class=\"wp-block-group alignfull is-layout-flow wp-container-core-group-is-layout-bc493828 wp-block-group-is-layout-flow\" style=\"padding-left:148px\">\n<div class=\"wp-block-group alignfull has-base-background-color has-background is-layout-flow wp-block-group-is-layout-flow\" style=\"border-top-left-radius:70px;padding-top:var(--wp--preset--spacing--50);padding-right:var(--wp--preset--spacing--50);padding-bottom:var(--wp--preset--spacing--50);padding-left:var(--wp--preset--spacing--50)\">\n<div class=\"wp-block-group alignfull gt-break-mobile is-nowrap is-layout-flex wp-container-core-group-is-layout-f01a8a75 wp-block-group-is-layout-flex\">\n<div class=\"wp-block-group has-global-padding is-layout-constrained wp-block-group-is-layout-constrained\">\n<h3 class=\"wp-block-heading h2-like has-base-2-color has-text-color has-link-color wp-elements-3e5985e691b968e89b12f078a2e5af4d\" style=\"font-size:clamp(1.119rem, 1.119rem + ((1vw - 0.2rem) * 1.052), 1.75rem);text-transform:uppercase\">Watersportactiviteiten<\/h3>\n\n\n\n<p class=\"has-base-2-color has-text-color has-link-color has-medium-font-size wp-elements-c0c94c96ba077fca97e6358dc29a1533\">Dankzij de ideale ligging aan zee kun je optimaal profiteren van <strong>watersport- en vrijetijdsactiviteiten<\/strong>, de belangrijkste toeristische activiteit in B\u00e9nodet.<\/p>\n<\/div>\n\n\n\n<div class=\"wp-block-group has-global-padding is-layout-constrained wp-block-group-is-layout-constrained\">\n<p class=\"has-base-2-color has-text-color has-link-color has-medium-font-size wp-elements-acdaa2281ab756b705f47535a06d7152\">Neem deel aan een<strong> zeekajaktocht in groep<\/strong> om de schatten van de kustlijn te ontdekken!<\/p>\n\n\n\n<p class=\"has-base-2-color has-text-color has-link-color has-medium-font-size wp-elements-4475f2240562eeae8973c6d2c07b7656\">Tijdens je vakantie in Zuid-Finist\u00e8re kun je ook <strong>kennismaken met zeevissen<\/strong>,<strong> zeilen<\/strong>, <strong>kitesurfen<\/strong>, <strong>wing foiling <\/strong>en <strong>stand-up paddling<\/strong>. En niet te vergeten begeleide tochten op de Odet of naar de archipel van Gl\u00e9nan! <\/p>\n<\/div>\n<\/div>\n<\/div>\n<\/div>\n\n\n\n<figure class=\"wp-block-image alignright size-full is-resized gt-deco-sun\"><img decoding=\"async\" width=\"752\" height=\"1511\" src=\"https:\/\/camping-benodet-vacances.com\/wp-content\/uploads\/2024\/10\/graphisme-1-1.png\" alt=\"afbeeldingen 1 1\" class=\"wp-image-298\" style=\"object-fit:cover;width:350px;height:350px\" srcset=\"https:\/\/camping-benodet-vacances.com\/wp-content\/uploads\/2024\/10\/graphisme-1-1.png 752w, https:\/\/camping-benodet-vacances.com\/wp-content\/uploads\/2024\/10\/graphisme-1-1-149x300.png 149w, https:\/\/camping-benodet-vacances.com\/wp-content\/uploads\/2024\/10\/graphisme-1-1-510x1024.png 510w\" sizes=\"(max-width: 752px) 100vw, 752px\" \/><\/figure>\n\n\n\n<div class=\"wp-block-cover aligncenter has-custom-content-position is-position-bottom-left\" style=\"border-bottom-left-radius:154px;min-height:640px;aspect-ratio:unset;\"><img decoding=\"async\" width=\"1920\" height=\"646\" class=\"wp-block-cover__image-background wp-image-15028\" alt=\"les activites nautiques\" src=\"https:\/\/camping-benodet-vacances.com\/wp-content\/uploads\/2024\/12\/les-activites-nautiques.avif\" data-object-fit=\"cover\" srcset=\"https:\/\/camping-benodet-vacances.com\/wp-content\/uploads\/2024\/12\/les-activites-nautiques.avif 1920w, https:\/\/camping-benodet-vacances.com\/wp-content\/uploads\/2024\/12\/les-activites-nautiques-300x101.jpg 300w, https:\/\/camping-benodet-vacances.com\/wp-content\/uploads\/2024\/12\/les-activites-nautiques-1024x345.jpg 1024w, https:\/\/camping-benodet-vacances.com\/wp-content\/uploads\/2024\/12\/les-activites-nautiques-768x258.jpg 768w, https:\/\/camping-benodet-vacances.com\/wp-content\/uploads\/2024\/12\/les-activites-nautiques-1536x517.jpg 1536w\" sizes=\"(max-width: 1920px) 100vw, 1920px\" \/><span aria-hidden=\"true\" class=\"wp-block-cover__background has-contrast-background-color has-background-dim-10 has-background-dim\"><\/span><div class=\"wp-block-cover__inner-container is-layout-flow wp-block-cover-is-layout-flow\">\n<p class=\"has-text-align-center has-accent-color has-text-color has-link-color has-caveat-font-family gt-gsap-fadeIn wp-elements-6970391c8cdd1cace9832c9bf6d033e7\" style=\"padding-top:var(--wp--preset--spacing--30);padding-right:var(--wp--preset--spacing--40);padding-bottom:var(--wp--preset--spacing--30);padding-left:var(--wp--preset--spacing--40);font-size:clamp(48.588px, 3.037rem + ((1vw - 3.2px) * 4.939), 96px);line-height:1.2\">Watersporten!<\/p>\n<\/div><\/div>\n<\/div>\n\n<div style=\"height:6rem\" aria-hidden=\"true\" class=\"wp-block-spacer gt-hide-mobile\"><\/div>\n\n<div class=\"wp-block-columns alignwide is-layout-flex wp-container-core-columns-is-layout-7fc3d43a wp-block-columns-is-layout-flex\">\n<div class=\"wp-block-column is-layout-flow wp-block-column-is-layout-flow\">\n<div class=\"wp-block-group is-content-justification-space-between is-nowrap is-layout-flex wp-container-core-group-is-layout-4e2e7437 wp-block-group-is-layout-flex\">\n<figure class=\"wp-block-image size-full is-style-rounded gt-img-full wp-container-content-9cfa9a5a is-style-rounded--4\"><img decoding=\"async\" width=\"639\" height=\"639\" src=\"https:\/\/camping-benodet-vacances.com\/wp-content\/uploads\/2024\/12\/sessions-de-surf-activites-sportives-et-de-plein-air.avif\" alt=\"surfsessies sport- en buitenactiviteiten\" class=\"wp-image-15030\" style=\"aspect-ratio:1;object-fit:cover\" srcset=\"https:\/\/camping-benodet-vacances.com\/wp-content\/uploads\/2024\/12\/sessions-de-surf-activites-sportives-et-de-plein-air.avif 639w, https:\/\/camping-benodet-vacances.com\/wp-content\/uploads\/2024\/12\/sessions-de-surf-activites-sportives-et-de-plein-air-300x300.jpg 300w, https:\/\/camping-benodet-vacances.com\/wp-content\/uploads\/2024\/12\/sessions-de-surf-activites-sportives-et-de-plein-air-150x150.jpg 150w, https:\/\/camping-benodet-vacances.com\/wp-content\/uploads\/2024\/12\/sessions-de-surf-activites-sportives-et-de-plein-air-400x400.jpg 400w, https:\/\/camping-benodet-vacances.com\/wp-content\/uploads\/2024\/12\/sessions-de-surf-activites-sportives-et-de-plein-air-600x600.jpg 600w\" sizes=\"(max-width: 639px) 100vw, 639px\" \/><figcaption class=\"wp-element-caption\">default<\/figcaption><\/figure>\n<\/div>\n<\/div>\n\n\n\n<div class=\"wp-block-column is-layout-flow wp-block-column-is-layout-flow\">\n<p class=\"gt-rotated gt-negative-left has-accent-color has-text-color has-link-color has-caveat-font-family has-xx-large-font-size wp-elements-fd6518590bfa8b4d877c2138af2f57e2\">Surf sessies<\/p>\n\n\n\n<h3 class=\"wp-block-heading h2-like has-base-color has-text-color has-link-color wp-elements-013c593417d82ce4f80420ceab4a1df7\" style=\"font-size:clamp(1.119rem, 1.119rem + ((1vw - 0.2rem) * 1.052), 1.75rem);font-style:normal;font-weight:600;text-transform:uppercase\">Sportactiviteiten <br \/>en buitenactiviteiten<\/h3>\n\n\n\n<p>Plan een verkwikkende vakantie in Finist\u00e8re met tal van <strong>sportieve<\/strong> en <strong>recreatieve<\/strong><strong>activiteiten<\/strong> <strong>in de buitenlucht<\/strong>!<\/p>\n\n\n\n<p>Pak voor de afwisseling van wateractiviteiten een paar goede schoenen in en trek er op uit langs de <strong>legendarische GR34<\/strong>, oftewel <strong>het douanepad.<\/strong> Vertrek voor <a href=\"https:\/\/camping-benodet-vacances.com\/nl\/toerisme-finistere\/wandelingen-finistere\/\">wandelingen en trektochten<\/a> door een adembenemend landschap! <\/p>\n\n\n\n<p>Huur je <strong>fietsen op de camping<\/strong> voor uitstapjes verder weg, naar het historische hart van <strong>Quimper<\/strong>, de <strong>haven van Concarneau<\/strong> of <strong>de stad Pont-l&#8217;Abb\u00e9<\/strong>.<\/p>\n\n\n\n<p>Op een steenworp afstand van je stacaravan kun je naar de <strong>stranden<\/strong> om te zwemmen, <strong>surfen <\/strong>of <strong>beachvolleyballen<\/strong>!<\/p>\n<\/div>\n<\/div>\n\n<div style=\"height:100px\" aria-hidden=\"true\" class=\"wp-block-spacer\"><\/div>\n\n<div class=\"wp-block-group alignfull gt-section-content-width-slider gt-break-mobile is-content-justification-right is-nowrap is-layout-flex wp-container-core-group-is-layout-99f77615 wp-block-group-is-layout-flex\" style=\"padding-right:0;padding-left:0\">\n<div class=\"wp-block-group has-contrast-2-background-color has-background has-global-padding is-layout-constrained wp-container-core-group-is-layout-b2dbe7bd wp-block-group-is-layout-constrained\" style=\"padding-right:var(--wp--preset--spacing--30);padding-bottom:var(--wp--preset--spacing--20);padding-left:var(--wp--preset--spacing--60)\">\n<div class=\"wp-block-group has-global-padding is-layout-constrained wp-container-core-group-is-layout-7db9d80f wp-block-group-is-layout-constrained\" style=\"padding-right:0;padding-left:0\">\n<div style=\"height:100px\" aria-hidden=\"true\" class=\"wp-block-spacer gt-hide-mobile gt-hide-mobile\"><\/div>\n\n\n\n<h3 class=\"wp-block-heading h2-like has-base-color has-text-color has-link-color wp-elements-8fa069c564c2c9f88a97666be6cf0cbe\" style=\"font-size:clamp(1.119rem, 1.119rem + ((1vw - 0.2rem) * 1.052), 1.75rem);font-style:normal;font-weight:600\">  Wandelpaden: <br \/>ontdek de Bretonse Rivi\u00e8ra <br \/>te voet of op de fiets.<\/h3>\n\n\n\n<p>Wandelliefhebbers vergissen zich niet: Zuid-Finist\u00e8re is een <strong>topbestemming voor wandelingen<\/strong> in een ongerepte omgeving.<\/p>\n\n\n\n<p>Er liggen maar liefst <strong>250 kilometer aan wandelpaden<\/strong> op je te wachten in het Pays fouesnantais, waaronder natuurlijk de <strong>GR34, die door B\u00e9nodet<\/strong> loopt.<\/p>\n\n\n\n<p>Voor een gevarieerde manier om de stad te verkennen, probeer de <strong>Corniches lus<\/strong> in B\u00e9nodet (11,8 km)!<\/p>\n\n\n\n<p>Wandel rond <strong>Cap Coz<\/strong> in Fouesnant voor prachtige panoramische uitzichten, of verken de Polder de Mousterlin in een uniek ecosysteem.<\/p>\n<\/div>\n\n\n\n<div class=\"wp-block-group is-content-justification-right is-layout-flex wp-container-core-group-is-layout-94ae8342 wp-block-group-is-layout-flex\" style=\"padding-right:var(--wp--preset--spacing--30);padding-left:0\">\n<div class=\"wp-block-group is-content-justification-right is-nowrap is-layout-flex wp-container-core-group-is-layout-17124a9a wp-block-group-is-layout-flex\">\n<figure class=\"wp-block-image size-large is-resized gt-swiper-mb-1-left\"><img decoding=\"async\" width=\"17\" height=\"14\" src=\"https:\/\/camping-benodet-vacances.com\/wp-content\/uploads\/2024\/10\/left.svg\" alt=\"left\" class=\"wp-image-413\" style=\"width:16px\" \/><\/figure>\n\n\n\n<figure class=\"wp-block-image size-large is-resized gt-swiper-mb-1-right\"><img decoding=\"async\" width=\"17\" height=\"14\" src=\"https:\/\/camping-benodet-vacances.com\/wp-content\/uploads\/2024\/10\/right.svg\" alt=\"right\" class=\"wp-image-415\" style=\"width:16px\" \/><\/figure>\n<\/div>\n<\/div>\n<\/div>\n\n\n\n<div class=\"wp-block-group gt-swiper-mb-1 has-global-padding is-content-justification-right is-layout-constrained wp-container-core-group-is-layout-fbcf87ba wp-block-group-is-layout-constrained\">\n<div data-swiper=\"{&quot;speed&quot;:400,&quot;spaceBetween&quot;:0,&quot;slidesPerView&quot;:1,&quot;createElements&quot;:true,&quot;loop&quot;:true,&quot;freemode&quot;:true,&quot;navigation&quot;:{&quot;nextEl&quot;:&quot;.gt-swiper-mb-1-right&quot;,&quot;prevEl&quot;:&quot;.gt-swiper-mb-1-left&quot;},&quot;breakpoints&quot;:[{&quot;slidesPerView&quot;:1}],&quot;autoplay&quot;:{&quot;delay&quot;:2000}}\" class=\"wp-block-group gt-is-slider gt-is-slider-desktop is-layout-grid wp-container-core-group-is-layout-f2e2ae4a wp-block-group-is-layout-grid\" style=\"border-top-left-radius:2rem;border-top-right-radius:0rem;border-bottom-left-radius:2rem;border-bottom-right-radius:0rem\">\n<figure class=\"wp-block-image size-full has-custom-border\"><img decoding=\"async\" width=\"1152\" height=\"768\" src=\"https:\/\/camping-benodet-vacances.com\/wp-content\/uploads\/2024\/12\/sentiers-de-randonnees.avif\" alt=\"wandelroutes\" class=\"wp-image-15032\" style=\"border-top-left-radius:26px;border-top-right-radius:0px;border-bottom-left-radius:26px;object-fit:cover\" srcset=\"https:\/\/camping-benodet-vacances.com\/wp-content\/uploads\/2024\/12\/sentiers-de-randonnees.avif 1152w, https:\/\/camping-benodet-vacances.com\/wp-content\/uploads\/2024\/12\/sentiers-de-randonnees-300x200.jpg 300w, https:\/\/camping-benodet-vacances.com\/wp-content\/uploads\/2024\/12\/sentiers-de-randonnees-1024x683.jpg 1024w, https:\/\/camping-benodet-vacances.com\/wp-content\/uploads\/2024\/12\/sentiers-de-randonnees-768x512.jpg 768w\" sizes=\"(max-width: 1152px) 100vw, 1152px\" \/><\/figure>\n\n\n\n<figure class=\"wp-block-image size-full has-custom-border\"><img decoding=\"async\" width=\"1152\" height=\"768\" src=\"https:\/\/camping-benodet-vacances.com\/wp-content\/uploads\/2024\/12\/decouvrez-la-riviera-bretonne-a-velo.avif\" alt=\"ontdek de bretonse riviera op de fiets\" class=\"wp-image-15034\" style=\"border-top-left-radius:26px;border-top-right-radius:0px;border-bottom-left-radius:26px;object-fit:cover\" srcset=\"https:\/\/camping-benodet-vacances.com\/wp-content\/uploads\/2024\/12\/decouvrez-la-riviera-bretonne-a-velo.avif 1152w, https:\/\/camping-benodet-vacances.com\/wp-content\/uploads\/2024\/12\/decouvrez-la-riviera-bretonne-a-velo-300x200.jpg 300w, https:\/\/camping-benodet-vacances.com\/wp-content\/uploads\/2024\/12\/decouvrez-la-riviera-bretonne-a-velo-1024x683.jpg 1024w, https:\/\/camping-benodet-vacances.com\/wp-content\/uploads\/2024\/12\/decouvrez-la-riviera-bretonne-a-velo-768x512.jpg 768w\" sizes=\"(max-width: 1152px) 100vw, 1152px\" \/><\/figure>\n\n\n\n<figure class=\"wp-block-image size-full has-custom-border\"><img decoding=\"async\" width=\"1152\" height=\"768\" src=\"https:\/\/camping-benodet-vacances.com\/wp-content\/uploads\/2024\/12\/decouvrez-la-riviera-bretonne-a-pied.avif\" alt=\"ontdek de bretonse riviera te voet\" class=\"wp-image-15036\" style=\"border-top-left-radius:26px;border-top-right-radius:0px;border-bottom-left-radius:26px;object-fit:cover\" srcset=\"https:\/\/camping-benodet-vacances.com\/wp-content\/uploads\/2024\/12\/decouvrez-la-riviera-bretonne-a-pied.avif 1152w, https:\/\/camping-benodet-vacances.com\/wp-content\/uploads\/2024\/12\/decouvrez-la-riviera-bretonne-a-pied-300x200.jpg 300w, https:\/\/camping-benodet-vacances.com\/wp-content\/uploads\/2024\/12\/decouvrez-la-riviera-bretonne-a-pied-1024x683.jpg 1024w, https:\/\/camping-benodet-vacances.com\/wp-content\/uploads\/2024\/12\/decouvrez-la-riviera-bretonne-a-pied-768x512.jpg 768w\" sizes=\"(max-width: 1152px) 100vw, 1152px\" \/><\/figure>\n<\/div>\n<\/div>\n<\/div>\n\n<div style=\"height:8rem\" aria-hidden=\"true\" class=\"wp-block-spacer gt-hide-mobile\"><\/div>\n\n<div class=\"wp-block-group alignwide has-medium-font-size is-layout-flow wp-block-group-is-layout-flow\">\n<h2 class=\"wp-block-heading h2-like has-base-color has-text-color has-link-color has-large-font-size wp-elements-bdf21d2b35fe9cb8fc1784060cd230a3\" style=\"margin-top:0;margin-bottom:-16px;font-style:normal;font-weight:600;text-transform:uppercase\">Ontdek ons zwemparadijs en onze promoties<\/h2>\n\n\n\n<div class=\"wp-block-query alignwide gt-is-slider gt-is-slider-desktop is-layout-flow wp-block-query-is-layout-flow\"><ul class=\"wp-block-post-template is-layout-grid wp-container-core-post-template-is-layout-c37e0d04 wp-block-post-template-is-layout-grid\"><li class=\"wp-block-post post-20101 page type-page status-publish has-post-thumbnail\">\n\n<div class=\"wp-block-group overflow-hidden has-base-2-background-color has-background has-global-padding is-layout-constrained wp-container-core-group-is-layout-95730b41 wp-block-group-is-layout-constrained\" style=\"border-radius:0.5rem;min-height:100%;padding-top:0;padding-bottom:0;box-shadow:var(--wp--preset--shadow--natural)\">\n<figure class=\"wp-block-image\"><img decoding=\"async\" src=\"https:\/\/camping-benodet-vacances.com\/wp-content\/uploads\/2024\/12\/camping-parc-aquatique-benodet-cta.avif\" alt=\"Waterpark en glijbanen\" style=\"aspect-ratio:4\/3;object-fit:cover\" \/><\/figure>\n\n\n\n<div class=\"wp-block-group has-global-padding is-layout-constrained wp-container-core-group-is-layout-86dba5ee wp-block-group-is-layout-constrained\" style=\"padding-top:var(--wp--preset--spacing--10);padding-right:var(--wp--preset--spacing--10);padding-bottom:var(--wp--preset--spacing--10);padding-left:var(--wp--preset--spacing--10)\">\n<div class=\"wp-block-group has-global-padding is-layout-constrained wp-container-core-group-is-layout-e555385e wp-block-group-is-layout-constrained\">\n<p class=\"has-text-align-center gt-rotated has-accent-color has-text-color has-link-color has-caveat-font-family has-large-font-size wp-elements-005c35a45e8eeafe15ab6182ad9cdba1\" style=\"font-style:normal;font-weight:500\">Ontdek<\/p>\n\n\n\n<p class=\"has-text-align-center has-base-color has-text-color has-link-color has-caveat-font-family has-large-font-size wp-elements-0d156a93fb2aa5049bd2c20f062aa661\" style=\"font-style:normal;font-weight:400\">Waterpark en glijbanen<\/p>\n<\/div>\n\n\n\n<p class=\"has-text-align-center has-medium-font-size\" style=\"font-style:normal;font-weight:400\">Alles draait om plezier: laat je meeslepen op onze waanzinnige glijbanen!<\/p>\n\n\n\n<div class=\"wp-block-group is-nowrap is-layout-flex wp-container-core-group-is-layout-37505225 wp-block-group-is-layout-flex\">\n<p class=\"has-base-color has-text-color has-link-color wp-elements-ca6bef4703fb7078f8a8b9ad071ad1aa\" style=\"font-size:0.8rem\">Lees meer<\/p>\n\n\n\n<figure class=\"wp-block-image size-full is-resized\" style=\"margin-top:0;margin-right:0;margin-bottom:0;margin-left:0\"><img decoding=\"async\" width=\"68\" height=\"64\" src=\"https:\/\/camping-benodet-vacances.com\/wp-content\/uploads\/2024\/11\/fleche-cercles-1-3-1.png\" alt=\"pijlcirkels 1 3\" class=\"wp-image-2522\" style=\"width:20px;height:auto\" \/><\/figure>\n<\/div>\n<\/div>\n\n\n<a class=\"is-style-lien-cover wp-block-read-more\" href=\"https:\/\/camping-benodet-vacances.com\/nl\/kamperen-waterpark-benodet\/\" target=\"_self\">Lees verder<span class=\"screen-reader-text\">: Camping met park en waterglijbanen in Zuid-Finist\u00e8re<\/span><\/a><\/div>\n\n<\/li><li class=\"wp-block-post post-20166 page type-page status-publish has-post-thumbnail\">\n\n<div class=\"wp-block-group overflow-hidden has-base-2-background-color has-background has-global-padding is-layout-constrained wp-container-core-group-is-layout-95730b41 wp-block-group-is-layout-constrained\" style=\"border-radius:0.5rem;min-height:100%;padding-top:0;padding-bottom:0;box-shadow:var(--wp--preset--shadow--natural)\">\n<figure class=\"wp-block-image\"><img decoding=\"async\" src=\"https:\/\/camping-benodet-vacances.com\/wp-content\/uploads\/2024\/12\/location-mobil-home-benodet-cta.avif\" alt=\"Onze huuraccommodaties\" style=\"aspect-ratio:4\/3;object-fit:cover\" \/><\/figure>\n\n\n\n<div class=\"wp-block-group has-global-padding is-layout-constrained wp-container-core-group-is-layout-86dba5ee wp-block-group-is-layout-constrained\" style=\"padding-top:var(--wp--preset--spacing--10);padding-right:var(--wp--preset--spacing--10);padding-bottom:var(--wp--preset--spacing--10);padding-left:var(--wp--preset--spacing--10)\">\n<div class=\"wp-block-group has-global-padding is-layout-constrained wp-container-core-group-is-layout-e555385e wp-block-group-is-layout-constrained\">\n<p class=\"has-text-align-center gt-rotated has-accent-color has-text-color has-link-color has-caveat-font-family has-large-font-size wp-elements-005c35a45e8eeafe15ab6182ad9cdba1\" style=\"font-style:normal;font-weight:500\">Ontdek<\/p>\n\n\n\n<p class=\"has-text-align-center has-base-color has-text-color has-link-color has-caveat-font-family has-large-font-size wp-elements-0d156a93fb2aa5049bd2c20f062aa661\" style=\"font-style:normal;font-weight:400\">Onze huuraccommodaties<\/p>\n<\/div>\n\n\n\n<p class=\"has-text-align-center has-medium-font-size\" style=\"font-style:normal;font-weight:400\">Vind de ideale stacaravan voor een onvergetelijk verblijf<\/p>\n\n\n\n<div class=\"wp-block-group is-nowrap is-layout-flex wp-container-core-group-is-layout-37505225 wp-block-group-is-layout-flex\">\n<p class=\"has-base-color has-text-color has-link-color wp-elements-ca6bef4703fb7078f8a8b9ad071ad1aa\" style=\"font-size:0.8rem\">Lees meer<\/p>\n\n\n\n<figure class=\"wp-block-image size-full is-resized\" style=\"margin-top:0;margin-right:0;margin-bottom:0;margin-left:0\"><img decoding=\"async\" width=\"68\" height=\"64\" src=\"https:\/\/camping-benodet-vacances.com\/wp-content\/uploads\/2024\/11\/fleche-cercles-1-3-1.png\" alt=\"pijlcirkels 1 3\" class=\"wp-image-2522\" style=\"width:20px;height:auto\" \/><\/figure>\n<\/div>\n<\/div>\n\n\n<a class=\"is-style-lien-cover wp-block-read-more\" href=\"https:\/\/camping-benodet-vacances.com\/nl\/locatie-stacaravan-benodet\/\" target=\"_self\">Lees verder<span class=\"screen-reader-text\">: Onze huuraccommodaties<\/span><\/a><\/div>\n\n<\/li><li class=\"wp-block-post post-20668 page type-page status-publish has-post-thumbnail\">\n\n<div class=\"wp-block-group overflow-hidden has-base-2-background-color has-background has-global-padding is-layout-constrained wp-container-core-group-is-layout-95730b41 wp-block-group-is-layout-constrained\" style=\"border-radius:0.5rem;min-height:100%;padding-top:0;padding-bottom:0;box-shadow:var(--wp--preset--shadow--natural)\">\n<figure class=\"wp-block-image\"><img decoding=\"async\" src=\"https:\/\/camping-benodet-vacances.com\/wp-content\/uploads\/2024\/12\/camping-pas-cher-benodet-cta.avif\" alt=\"Onze promoties\" style=\"aspect-ratio:4\/3;object-fit:cover\" \/><\/figure>\n\n\n\n<div class=\"wp-block-group has-global-padding is-layout-constrained wp-container-core-group-is-layout-86dba5ee wp-block-group-is-layout-constrained\" style=\"padding-top:var(--wp--preset--spacing--10);padding-right:var(--wp--preset--spacing--10);padding-bottom:var(--wp--preset--spacing--10);padding-left:var(--wp--preset--spacing--10)\">\n<div class=\"wp-block-group has-global-padding is-layout-constrained wp-container-core-group-is-layout-e555385e wp-block-group-is-layout-constrained\">\n<p class=\"has-text-align-center gt-rotated has-accent-color has-text-color has-link-color has-caveat-font-family has-large-font-size wp-elements-005c35a45e8eeafe15ab6182ad9cdba1\" style=\"font-style:normal;font-weight:500\">Ontdek<\/p>\n\n\n\n<p class=\"has-text-align-center has-base-color has-text-color has-link-color has-caveat-font-family has-large-font-size wp-elements-0d156a93fb2aa5049bd2c20f062aa661\" style=\"font-style:normal;font-weight:400\">Onze promoties<\/p>\n<\/div>\n\n\n\n<p class=\"has-text-align-center has-medium-font-size\" style=\"font-style:normal;font-weight:400\">Krijg de beste waarde voor je verblijf<\/p>\n\n\n\n<div class=\"wp-block-group is-nowrap is-layout-flex wp-container-core-group-is-layout-37505225 wp-block-group-is-layout-flex\">\n<p class=\"has-base-color has-text-color has-link-color wp-elements-ca6bef4703fb7078f8a8b9ad071ad1aa\" style=\"font-size:0.8rem\">Lees meer<\/p>\n\n\n\n<figure class=\"wp-block-image size-full is-resized\" style=\"margin-top:0;margin-right:0;margin-bottom:0;margin-left:0\"><img decoding=\"async\" width=\"68\" height=\"64\" src=\"https:\/\/camping-benodet-vacances.com\/wp-content\/uploads\/2024\/11\/fleche-cercles-1-3-1.png\" alt=\"pijlcirkels 1 3\" class=\"wp-image-2522\" style=\"width:20px;height:auto\" \/><\/figure>\n<\/div>\n<\/div>\n\n\n<a class=\"is-style-lien-cover wp-block-read-more\" href=\"https:\/\/camping-benodet-vacances.com\/nl\/goedkope-camping-in-benodet\/\" target=\"_self\">Lees verder<span class=\"screen-reader-text\">: Tarieven<\/span><\/a><\/div>\n\n<\/li><\/ul><\/div>\n<\/div>\n","protected":false},"excerpt":{"rendered":"<p>Toeristische bestemming Een paradijselijke vakantie om Finist\u00e8re te ontdekken Verken Zuid-Bretagne Maak een tocht over de Odet, de mooiste rivier van Frankrijk Pont-Aven, met zijn charmante haventje, mooie huizen, weelderige groene vallei bezaaid met rotsen, washuizen en molens, galeries en kunstenaarsateliers, zal zowel je ogen als je smaakpapillen verrukken! Volg de Odet naar Quimper, de [&hellip;]<\/p>\n","protected":false},"author":3,"featured_media":20308,"parent":0,"menu_order":0,"comment_status":"closed","ping_status":"closed","template":"","meta":{"_acf_changed":false,"_seopress_robots_primary_cat":"","_seopress_titles_title":"Toerisme Finist\u00e8re: Toeristische gids voor Finist\u00e8re met activiteiten en bezienswaardigheden","_seopress_titles_desc":"Ontdek Zuid-Finist\u00e8re en Bretagne: idee\u00ebn voor bezoeken, wandelingen, erfgoed, stranden en tips voor een onvergetelijk verblijf.","_seopress_robots_index":"","_gt_ctv_global_id":"","_gt_ctv_id_group":false,"inline_featured_image":false,"gt_fse_maillage_image":"https:\/\/camping-benodet-vacances.com\/wp-content\/uploads\/2024\/12\/tourisme-benodet-finistere.avif","gt_fse_maillage_titre":"Zuid-Finist\u00e8re ","gt_fse_maillage_alt":"Een paradijselijke vakantie in Finist\u00e8re","gt_fse_maillage_resume":"","footnotes":""},"categories":[],"tags":[],"class_list":["post-25059","page","type-page","status-publish","has-post-thumbnail"],"acf":[],"_links":{"self":[{"href":"https:\/\/camping-benodet-vacances.com\/nl\/wp-json\/wp\/v2\/pages\/25059","targetHints":{"allow":["GET"]}}],"collection":[{"href":"https:\/\/camping-benodet-vacances.com\/nl\/wp-json\/wp\/v2\/pages"}],"about":[{"href":"https:\/\/camping-benodet-vacances.com\/nl\/wp-json\/wp\/v2\/types\/page"}],"author":[{"embeddable":true,"href":"https:\/\/camping-benodet-vacances.com\/nl\/wp-json\/wp\/v2\/users\/3"}],"replies":[{"embeddable":true,"href":"https:\/\/camping-benodet-vacances.com\/nl\/wp-json\/wp\/v2\/comments?post=25059"}],"version-history":[{"count":11,"href":"https:\/\/camping-benodet-vacances.com\/nl\/wp-json\/wp\/v2\/pages\/25059\/revisions"}],"predecessor-version":[{"id":31153,"href":"https:\/\/camping-benodet-vacances.com\/nl\/wp-json\/wp\/v2\/pages\/25059\/revisions\/31153"}],"wp:featuredmedia":[{"embeddable":true,"href":"https:\/\/camping-benodet-vacances.com\/nl\/wp-json\/wp\/v2\/media\/20308"}],"wp:attachment":[{"href":"https:\/\/camping-benodet-vacances.com\/nl\/wp-json\/wp\/v2\/media?parent=25059"}],"wp:term":[{"taxonomy":"category","embeddable":true,"href":"https:\/\/camping-benodet-vacances.com\/nl\/wp-json\/wp\/v2\/categories?post=25059"},{"taxonomy":"post_tag","embeddable":true,"href":"https:\/\/camping-benodet-vacances.com\/nl\/wp-json\/wp\/v2\/tags?post=25059"}],"curies":[{"name":"wp","href":"https:\/\/api.w.org\/{rel}","templated":true}]}}