{"id":25065,"date":"2025-09-01T14:25:48","date_gmt":"2025-09-01T12:25:48","guid":{"rendered":"https:\/\/camping-benodet-vacances.com\/?page_id=25065"},"modified":"2026-04-23T13:46:23","modified_gmt":"2026-04-23T11:46:23","slug":"ontdek-de-streekproducten-van-finistere-op-de-markt-van-benodet","status":"publish","type":"page","link":"https:\/\/camping-benodet-vacances.com\/nl\/toerisme-benodet-finistere\/ontdek-de-streekproducten-van-finistere-op-de-markt-van-benodet\/","title":{"rendered":"B\u00e9nodet markt"},"content":{"rendered":"\n<div class=\"wp-block-columns alignwide is-layout-flex wp-container-core-columns-is-layout-7fc3d43a wp-block-columns-is-layout-flex\">\n<div class=\"wp-block-column is-layout-flow wp-block-column-is-layout-flow\">\n<p class=\"gt-rotated gt-negative-left has-accent-color has-text-color has-link-color has-caveat-font-family wp-elements-8acfbfd4cb960d40c84420e69150b82a\" style=\"font-size:clamp(2.418rem, 2.418rem + ((1vw - 0.2rem) * 3.47), 4.5rem);\">Het terroir van Finist\u00e8re<\/p>\n\n\n\n<h1 class=\"wp-block-heading has-base-color has-text-color has-link-color has-x-large-font-size wp-elements-173ca60c3041fe2287e2976334556144\" style=\"font-style:normal;font-weight:600;text-transform:uppercase\">Ontdek de streekproducten van Finist\u00e8re op de markt van B\u00e9nodet <\/h1>\n\n\n\n<p>In <strong>Finist\u00e8re<\/strong>, in het hart van <strong>Bretagne<\/strong>, heet de badplaats <strong>B\u00e9nodet<\/strong> je van harte welkom. Hier ontmoet de zeelucht de rijke smaken van het land. Droomt u van authentieke smaken en streekproducten? Dan is de <strong>markt van B\u00e9nodet<\/strong> echt iets voor jou. Ontdek hem op een steenworp afstand van onze camping in B\u00e9nodet, La Mer Blanche, en geniet van de unieke en gezellige sfeer. Kom genieten van een onvergetelijke lokale ervaring op een steenworp afstand van de <strong>stranden<\/strong>, <strong>Quimper<\/strong>, <strong>Concarneau<\/strong> en <strong>Fouesnant<\/strong>!      <\/p>\n<\/div>\n\n\n\n<div class=\"wp-block-column is-layout-flow wp-block-column-is-layout-flow\">\n<div class=\"wp-block-group is-content-justification-space-between is-nowrap is-layout-flex wp-container-core-group-is-layout-cb46ffcb wp-block-group-is-layout-flex\">\n<figure class=\"wp-block-image size-full is-style-rounded gt-img-full wp-container-content-9cfa9a5a is-style-rounded--1\"><img alt=\"\" decoding=\"async\" width=\"1024\" height=\"683\" src=\"https:\/\/camping-benodet-vacances.com\/wp-content\/uploads\/2025\/08\/fouesnant16_mg_2047-1024x683-1.jpg\" alt=\"\" class=\"wp-image-23734\" style=\"aspect-ratio:1;object-fit:cover\" srcset=\"https:\/\/camping-benodet-vacances.com\/wp-content\/uploads\/2025\/08\/fouesnant16_mg_2047-1024x683-1.jpg 1024w, https:\/\/camping-benodet-vacances.com\/wp-content\/uploads\/2025\/08\/fouesnant16_mg_2047-1024x683-1-300x200.jpg 300w, https:\/\/camping-benodet-vacances.com\/wp-content\/uploads\/2025\/08\/fouesnant16_mg_2047-1024x683-1-768x512.jpg 768w\" sizes=\"(max-width: 1024px) 100vw, 1024px\" \/><\/figure>\n\n\n\n<div data-gt-animation-delay=\"0.6\" class=\"wp-block-group z-index-1 gt-gsap-fadeInUp has-global-padding is-layout-constrained wp-block-group-is-layout-constrained\" style=\"padding-top:53px\">\n<figure data-gt-animation-speed=\"100\" class=\"wp-block-image size-full is-resized gt-dot-deco gt-gsap-parallaxDown\"><img alt=\"Cercle\" decoding=\"async\" width=\"168\" height=\"169\" src=\"https:\/\/camping-benodet-vacances.com\/wp-content\/uploads\/2024\/10\/Circle.svg\" alt=\"\" class=\"wp-image-182\" style=\"width:167px\" \/><\/figure>\n<\/div>\n<\/div>\n<\/div>\n<\/div>\n\n<div style=\"height:6rem\" aria-hidden=\"true\" class=\"wp-block-spacer gt-hide-mobile\"><\/div>\n\n<div class=\"wp-block-group alignfull position-relative gt-section-blue-right is-layout-flow wp-container-core-group-is-layout-a77db08e wp-block-group-is-layout-flow\">\n<div class=\"wp-block-group alignfull is-layout-flow wp-container-core-group-is-layout-bc493828 wp-block-group-is-layout-flow\" style=\"padding-left:148px\">\n<div class=\"wp-block-group alignfull has-base-background-color has-background is-layout-flow wp-block-group-is-layout-flow\" style=\"border-top-left-radius:70px;padding-top:var(--wp--preset--spacing--50);padding-right:var(--wp--preset--spacing--50);padding-bottom:var(--wp--preset--spacing--50);padding-left:var(--wp--preset--spacing--50)\">\n<div class=\"wp-block-group alignfull gt-break-mobile is-nowrap is-layout-flex wp-container-core-group-is-layout-f01a8a75 wp-block-group-is-layout-flex\">\n<div class=\"wp-block-group has-global-padding is-layout-constrained wp-block-group-is-layout-constrained\">\n<h2 class=\"wp-block-heading has-base-2-color has-text-color has-link-color wp-elements-ba16e711666e323690317e49ca098b19\">De wekelijkse markt in B\u00e9nodet<\/h2>\n<\/div>\n\n\n\n<div class=\"wp-block-group has-global-padding is-layout-constrained wp-block-group-is-layout-constrained\">\n<p class=\"has-base-2-color has-text-color has-link-color has-medium-font-size wp-elements-c0312463552ded2d8a8ef4180912644d\">Elke maandagochtend komt <a href=\"https:\/\/camping-benodet-vacances.com\/nl\/toerisme-benodet-finistere\/\">B\u00e9nodet<\/a> tot leven met zijn <strong>markt<\/strong>! Dit <strong>wekelijkse<\/strong> evenement vindt <strong>het hele jaar door<\/strong> plaats, ongeacht het seizoen. Op <strong>menselijke schaal<\/strong> en met een gezellige sfeer is het de ideale plek om Bretonse smaken te proeven en vele andere producten te ontdekken. Het is de perfecte gelegenheid om kennis te maken met de <strong>lokale producenten<\/strong>, gevestigd tussen stad, bos en zee, en hun knowhow te waarderen. Een uitstekend alternatief om boodschappen te doen tijdens je <strong>verblijf in Zuid-Finist\u00e8re<\/strong>!<\/p>\n<\/div>\n<\/div>\n<\/div>\n<\/div>\n\n\n\n<figure class=\"wp-block-image alignright size-full is-resized gt-deco-sun\"><img decoding=\"async\" width=\"752\" height=\"1511\" src=\"https:\/\/camping-benodet-vacances.com\/wp-content\/uploads\/2024\/10\/graphisme-1-1.png\" alt=\"afbeeldingen 1 1\" class=\"wp-image-298\" style=\"object-fit:cover;width:350px;height:350px\" srcset=\"https:\/\/camping-benodet-vacances.com\/wp-content\/uploads\/2024\/10\/graphisme-1-1.png 752w, https:\/\/camping-benodet-vacances.com\/wp-content\/uploads\/2024\/10\/graphisme-1-1-149x300.png 149w, https:\/\/camping-benodet-vacances.com\/wp-content\/uploads\/2024\/10\/graphisme-1-1-510x1024.png 510w\" sizes=\"(max-width: 752px) 100vw, 752px\" \/><\/figure>\n\n\n\n<div class=\"wp-block-cover aligncenter has-custom-content-position is-position-bottom-left\" style=\"border-bottom-left-radius:154px;min-height:640px;aspect-ratio:unset;\"><img alt=\"\" decoding=\"async\" width=\"1024\" height=\"722\" class=\"wp-block-cover__image-background wp-image-24409 size-large\" alt=\"\" src=\"https:\/\/camping-benodet-vacances.com\/wp-content\/uploads\/2025\/08\/marche-de-benodet-1024x722.jpg\" data-object-fit=\"cover\" srcset=\"https:\/\/camping-benodet-vacances.com\/wp-content\/uploads\/2025\/08\/marche-de-benodet-1024x722.jpg 1024w, https:\/\/camping-benodet-vacances.com\/wp-content\/uploads\/2025\/08\/marche-de-benodet-300x211.jpg 300w, https:\/\/camping-benodet-vacances.com\/wp-content\/uploads\/2025\/08\/marche-de-benodet-768x541.jpg 768w, https:\/\/camping-benodet-vacances.com\/wp-content\/uploads\/2025\/08\/marche-de-benodet.jpg 1280w\" sizes=\"(max-width: 1024px) 100vw, 1024px\" \/><span aria-hidden=\"true\" class=\"wp-block-cover__background has-contrast-background-color has-background-dim-10 has-background-dim\"><\/span><div class=\"wp-block-cover__inner-container is-layout-flow wp-block-cover-is-layout-flow\">\n<p class=\"has-text-align-center has-base-2-color has-text-color has-link-color has-caveat-font-family gt-gsap-fadeIn wp-elements-f9a5f5e62110686ed3110e873c9e90da\" style=\"padding-top:var(--wp--preset--spacing--30);padding-right:var(--wp--preset--spacing--40);padding-bottom:var(--wp--preset--spacing--30);padding-left:var(--wp--preset--spacing--40);font-size:clamp(48.588px, 3.037rem + ((1vw - 3.2px) * 4.939), 96px);line-height:1.2\">Het <strong>wekelijkse<\/strong> rendez-vous!<\/p>\n<\/div><\/div>\n<\/div>\n\n<div style=\"height:6rem\" aria-hidden=\"true\" class=\"wp-block-spacer gt-hide-mobile\"><\/div>\n\n<div class=\"wp-block-columns alignwide is-layout-flex wp-container-core-columns-is-layout-7fc3d43a wp-block-columns-is-layout-flex\">\n<div class=\"wp-block-column is-layout-flow wp-block-column-is-layout-flow\">\n<div class=\"wp-block-group is-content-justification-space-between is-nowrap is-layout-flex wp-container-core-group-is-layout-4e2e7437 wp-block-group-is-layout-flex\">\n<figure class=\"wp-block-image size-full is-style-rounded gt-img-full wp-container-content-9cfa9a5a is-style-rounded--2\"><img alt=\"\" decoding=\"async\" width=\"640\" height=\"427\" src=\"https:\/\/camping-benodet-vacances.com\/wp-content\/uploads\/2025\/08\/meli-melo-de-saveurs-bretonnes.jpg\" alt=\"\" class=\"wp-image-24412\" style=\"aspect-ratio:1;object-fit:cover\" srcset=\"https:\/\/camping-benodet-vacances.com\/wp-content\/uploads\/2025\/08\/meli-melo-de-saveurs-bretonnes.jpg 640w, https:\/\/camping-benodet-vacances.com\/wp-content\/uploads\/2025\/08\/meli-melo-de-saveurs-bretonnes-300x200.jpg 300w\" sizes=\"(max-width: 640px) 100vw, 640px\" \/><figcaption class=\"wp-element-caption\">default<\/figcaption><\/figure>\n<\/div>\n<\/div>\n\n\n\n<div class=\"wp-block-column is-layout-flow wp-block-column-is-layout-flow\">\n<h2 class=\"wp-block-heading has-base-color has-text-color has-link-color has-x-large-font-size wp-elements-02eaf05e113ce46e27b48ac4b2e9d6e0\" style=\"font-style:normal;font-weight:600;text-transform:uppercase\">Een mengelmoes van Bretonse smaken en verschillende voorwerpen<\/h2>\n\n\n\n<p>De <strong>voedselmarkt van B\u00e9nodet<\/strong> zal je smaakpapillen zeker bekoren. Seizoensgroenten, zongerijpt fruit en versgevangen vis. Je kunt de zeelucht ruiken voor de kraam van de visboer!  <\/p>\n\n\n\n<p>Het is de ideale plek om andere smaken uit de Finist\u00e8re te proeven, zoals :<\/p>\n\n\n\n<ul class=\"wp-block-list\">\n<li><strong>Kazen<\/strong> en <strong>zuivelproducten<\/strong> uit de regio.<\/li>\n\n\n\n<li>Fijne <strong>vleeswaren<\/strong> en traditionele terrines.<\/li>\n\n\n\n<li>Lokale <strong>zeevruchten<\/strong>: oesters, mosselen, kokkels, enz.<\/li>\n\n\n\n<li>Vers, knapperig <strong>brood<\/strong>.<\/li>\n\n\n\n<li><strong>Pannenkoeken<\/strong> en <strong>galettes<\/strong> voor een typische Bretonse lunch of snack.<\/li>\n<\/ul>\n\n\n\n<p>Maar dat is nog niet alles! Je kunt er ook non-food artikelen vinden. Je kunt er <strong>kleding<\/strong>, <strong>sieraden<\/strong> en <strong>handgemaakte creaties<\/strong> kopen. Het is elke week weer een plezier om door de gangpaden te struinen en leuke ontdekkingen te doen!   <\/p>\n<\/div>\n<\/div>\n\n<div style=\"height:100px\" aria-hidden=\"true\" class=\"wp-block-spacer gt-hide-mobile\"><\/div>\n\n<div class=\"wp-block-group alignfull gt-section-content-width-slider gt-break-mobile is-content-justification-right is-nowrap is-layout-flex wp-container-core-group-is-layout-99f77615 wp-block-group-is-layout-flex\" style=\"padding-right:0;padding-left:0\">\n<div class=\"wp-block-group has-contrast-2-background-color has-background has-global-padding is-layout-constrained wp-container-core-group-is-layout-b2dbe7bd wp-block-group-is-layout-constrained\" style=\"padding-right:var(--wp--preset--spacing--30);padding-bottom:var(--wp--preset--spacing--20);padding-left:var(--wp--preset--spacing--60)\">\n<div class=\"wp-block-group has-global-padding is-layout-constrained wp-container-core-group-is-layout-7db9d80f wp-block-group-is-layout-constrained\" style=\"padding-right:0;padding-left:0\">\n<div style=\"height:100px\" aria-hidden=\"true\" class=\"wp-block-spacer gt-hide-mobile\"><\/div>\n\n\n\n<h2 class=\"wp-block-heading has-base-color has-text-color has-link-color wp-elements-3096a352e3ab58cb4c62aaa5850f7141\">Praktische informatie over de markt van B\u00e9nodet<\/h2>\n\n\n\n<p>Hier vind je alles wat je moet weten om je bezoek aan <strong>de markt van B\u00e9nodet<\/strong> te organiseren:<\/p>\n\n\n\n<ul class=\"wp-block-list\">\n<li><strong>Adres<\/strong>: rue du Meneyer, 29950 B\u00e9nodet, Bretagne, Frankrijk.<\/li>\n\n\n\n<li><strong>Afstand tot de camping<\/strong>: 3,7 km, of 7 minuten met de auto.<\/li>\n\n\n\n<li><strong>Aanbevolen route voor snelle toegang<\/strong>: route de Fouesnant\/D44.<\/li>\n\n\n\n<li><strong>Dag<\/strong>: elke maandag.<\/li>\n\n\n\n<li><strong>Openingstijden<\/strong>: 8.30 tot 13.30 uur.<\/li>\n\n\n\n<li><strong>Honden<\/strong>: toegestaan op de markt van B\u00e9nodet, mits aangelijnd.<\/li>\n<\/ul>\n\n\n\n<p><strong>Ons advies<\/strong>: de beste tijd om te gaan is zodra het open gaat. Ga daarna naar het nabijgelegen strand van Trez, of waarom maak je geen uitstapje naar Fouesnant of Concarneau om je ontdekkingstocht uit te breiden? Een geweldige manier om optimaal van de ochtend te genieten!  <\/p>\n<\/div>\n\n\n\n<div class=\"wp-block-group is-content-justification-right is-layout-flex wp-container-core-group-is-layout-94ae8342 wp-block-group-is-layout-flex\" style=\"padding-right:var(--wp--preset--spacing--30);padding-left:0\">\n<div class=\"wp-block-group is-content-justification-right is-nowrap is-layout-flex wp-container-core-group-is-layout-17124a9a wp-block-group-is-layout-flex\">\n<figure class=\"wp-block-image size-large is-resized gt-swiper-mb-1-left\"><img decoding=\"async\" width=\"17\" height=\"14\" src=\"https:\/\/camping-benodet-vacances.com\/wp-content\/uploads\/2024\/10\/left.svg\" alt=\"left\" class=\"wp-image-413\" style=\"width:16px\" \/><\/figure>\n\n\n\n<figure class=\"wp-block-image size-large is-resized gt-swiper-mb-1-right\"><img decoding=\"async\" width=\"17\" height=\"14\" src=\"https:\/\/camping-benodet-vacances.com\/wp-content\/uploads\/2024\/10\/right.svg\" alt=\"right\" class=\"wp-image-415\" style=\"width:16px\" \/><\/figure>\n<\/div>\n<\/div>\n<\/div>\n\n\n\n<div class=\"wp-block-group gt-swiper-mb-1 has-global-padding is-content-justification-right is-layout-constrained wp-container-core-group-is-layout-fbcf87ba wp-block-group-is-layout-constrained\">\n<div data-swiper=\"{&quot;speed&quot;:400,&quot;spaceBetween&quot;:0,&quot;slidesPerView&quot;:1,&quot;createElements&quot;:true,&quot;loop&quot;:true,&quot;freemode&quot;:true,&quot;navigation&quot;:{&quot;nextEl&quot;:&quot;.gt-swiper-mb-1-right&quot;,&quot;prevEl&quot;:&quot;.gt-swiper-mb-1-left&quot;},&quot;breakpoints&quot;:[{&quot;slidesPerView&quot;:1}],&quot;autoplay&quot;:{&quot;delay&quot;:2000}}\" class=\"wp-block-group gt-is-slider gt-is-slider-desktop is-layout-grid wp-container-core-group-is-layout-f2e2ae4a wp-block-group-is-layout-grid\" style=\"border-top-left-radius:2rem;border-top-right-radius:0rem;border-bottom-left-radius:2rem;border-bottom-right-radius:0rem\">\n<figure class=\"wp-block-image size-full has-custom-border\"><img alt=\"\" decoding=\"async\" width=\"640\" height=\"444\" src=\"https:\/\/camping-benodet-vacances.com\/wp-content\/uploads\/2025\/08\/marche-saveurs-bretonnes.jpg\" alt=\"\" class=\"wp-image-24418\" style=\"border-top-left-radius:26px;border-top-right-radius:0px;border-bottom-left-radius:26px;object-fit:cover\" srcset=\"https:\/\/camping-benodet-vacances.com\/wp-content\/uploads\/2025\/08\/marche-saveurs-bretonnes.jpg 640w, https:\/\/camping-benodet-vacances.com\/wp-content\/uploads\/2025\/08\/marche-saveurs-bretonnes-300x208.jpg 300w\" sizes=\"(max-width: 640px) 100vw, 640px\" \/><\/figure>\n\n\n\n<figure class=\"wp-block-image size-full has-custom-border\"><img alt=\"\" decoding=\"async\" width=\"640\" height=\"421\" src=\"https:\/\/camping-benodet-vacances.com\/wp-content\/uploads\/2025\/08\/marche-saveurs-bretonnes-1.jpg\" alt=\"\" class=\"wp-image-24421\" style=\"border-top-left-radius:26px;border-top-right-radius:0px;border-bottom-left-radius:26px;object-fit:cover\" srcset=\"https:\/\/camping-benodet-vacances.com\/wp-content\/uploads\/2025\/08\/marche-saveurs-bretonnes-1.jpg 640w, https:\/\/camping-benodet-vacances.com\/wp-content\/uploads\/2025\/08\/marche-saveurs-bretonnes-1-300x197.jpg 300w\" sizes=\"(max-width: 640px) 100vw, 640px\" \/><\/figure>\n\n\n\n<figure class=\"wp-block-image size-full has-custom-border\"><img alt=\"\" decoding=\"async\" width=\"640\" height=\"480\" src=\"https:\/\/camping-benodet-vacances.com\/wp-content\/uploads\/2025\/08\/march-dinard-640x480-1.jpg\" alt=\"\" class=\"wp-image-23731\" style=\"border-top-left-radius:26px;border-top-right-radius:0px;border-bottom-left-radius:26px;object-fit:cover\" srcset=\"https:\/\/camping-benodet-vacances.com\/wp-content\/uploads\/2025\/08\/march-dinard-640x480-1.jpg 640w, https:\/\/camping-benodet-vacances.com\/wp-content\/uploads\/2025\/08\/march-dinard-640x480-1-300x225.jpg 300w\" sizes=\"(max-width: 640px) 100vw, 640px\" \/><\/figure>\n<\/div>\n<\/div>\n<\/div>\n\n<div style=\"height:100px\" aria-hidden=\"true\" class=\"wp-block-spacer gt-hide-mobile\"><\/div>\n\n<div class=\"wp-block-group alignwide gt-slider-mak-with-text is-content-justification-center is-layout-flex wp-container-core-group-is-layout-2e827744 wp-block-group-is-layout-flex\">\n<div class=\"wp-block-group gt-slider-mask-wrap is-nowrap is-layout-flex wp-container-core-group-is-layout-9bd231a2 wp-block-group-is-layout-flex\">\n<div class=\"wp-block-group gt-slider-mask has-global-padding is-layout-constrained wp-block-group-is-layout-constrained\" style=\"padding-top:53px\">\n<div data-swiper=\"{&quot;speed&quot;:400,&quot;spaceBetween&quot;:16,&quot;slidesPerView&quot;:1,&quot;createElements&quot;:true,&quot;loop&quot;:true,&quot;freemode&quot;:true,&quot;navigation&quot;:{&quot;nextEl&quot;:&quot;buttonNext&quot;,&quot;prevEl&quot;:&quot;buttonPrev&quot;},&quot;pagination&quot;:{&quot;el&quot;:&quot;.swiper-pagination&quot;,&quot;dynamicBullets&quot;:true},&quot;breakpoints&quot;:[{&quot;slidesPerView&quot;:1}],&quot;autoplay&quot;:{&quot;delay&quot;:3000}}\" class=\"wp-block-group gt-is-slider gt-is-slider-desktop has-global-padding is-layout-constrained wp-container-core-group-is-layout-1cfdb9ee wp-block-group-is-layout-constrained\">\n<figure class=\"wp-block-image size-full\"><img alt=\"\" decoding=\"async\" width=\"640\" height=\"427\" src=\"https:\/\/camping-benodet-vacances.com\/wp-content\/uploads\/2025\/08\/marche-saveurs-bretonnes-2.jpg\" alt=\"\" class=\"wp-image-24424\" style=\"aspect-ratio:1;object-fit:cover\" srcset=\"https:\/\/camping-benodet-vacances.com\/wp-content\/uploads\/2025\/08\/marche-saveurs-bretonnes-2.jpg 640w, https:\/\/camping-benodet-vacances.com\/wp-content\/uploads\/2025\/08\/marche-saveurs-bretonnes-2-300x200.jpg 300w\" sizes=\"(max-width: 640px) 100vw, 640px\" \/><\/figure>\n\n\n\n<figure class=\"wp-block-image size-full\"><img alt=\"\" decoding=\"async\" width=\"2048\" height=\"1171\" src=\"https:\/\/camping-benodet-vacances.com\/wp-content\/uploads\/2025\/08\/marche-nocturne.jpg\" alt=\"\" class=\"wp-image-23740\" style=\"aspect-ratio:1;object-fit:cover\" srcset=\"https:\/\/camping-benodet-vacances.com\/wp-content\/uploads\/2025\/08\/marche-nocturne.jpg 2048w, https:\/\/camping-benodet-vacances.com\/wp-content\/uploads\/2025\/08\/marche-nocturne-300x172.jpg 300w, https:\/\/camping-benodet-vacances.com\/wp-content\/uploads\/2025\/08\/marche-nocturne-1024x586.jpg 1024w, https:\/\/camping-benodet-vacances.com\/wp-content\/uploads\/2025\/08\/marche-nocturne-768x439.jpg 768w, https:\/\/camping-benodet-vacances.com\/wp-content\/uploads\/2025\/08\/marche-nocturne-1536x878.jpg 1536w\" sizes=\"(max-width: 2048px) 100vw, 2048px\" \/><\/figure>\n\n\n\n<figure class=\"wp-block-image size-full\"><img alt=\"\" decoding=\"async\" width=\"640\" height=\"428\" src=\"https:\/\/camping-benodet-vacances.com\/wp-content\/uploads\/2025\/08\/les-charcuteries-fines.jpg\" alt=\"\" class=\"wp-image-24427\" style=\"aspect-ratio:1;object-fit:cover\" srcset=\"https:\/\/camping-benodet-vacances.com\/wp-content\/uploads\/2025\/08\/les-charcuteries-fines.jpg 640w, https:\/\/camping-benodet-vacances.com\/wp-content\/uploads\/2025\/08\/les-charcuteries-fines-300x201.jpg 300w\" sizes=\"(max-width: 640px) 100vw, 640px\" \/><\/figure>\n\n\n\n<figure class=\"wp-block-image size-full\"><img alt=\"\" decoding=\"async\" width=\"1024\" height=\"678\" src=\"https:\/\/camping-benodet-vacances.com\/wp-content\/uploads\/2025\/08\/marche-durby062.jpg\" alt=\"\" class=\"wp-image-23746\" style=\"aspect-ratio:1;object-fit:cover\" srcset=\"https:\/\/camping-benodet-vacances.com\/wp-content\/uploads\/2025\/08\/marche-durby062.jpg 1024w, https:\/\/camping-benodet-vacances.com\/wp-content\/uploads\/2025\/08\/marche-durby062-300x199.jpg 300w, https:\/\/camping-benodet-vacances.com\/wp-content\/uploads\/2025\/08\/marche-durby062-768x509.jpg 768w\" sizes=\"(max-width: 1024px) 100vw, 1024px\" \/><\/figure>\n<\/div>\n<\/div>\n<\/div>\n\n\n\n<div class=\"wp-block-group wp-container-content-5b9a5e8f is-vertical is-layout-flex wp-container-core-group-is-layout-ea0cb840 wp-block-group-is-layout-flex\">\n<p class=\"has-medium-font-size\">Na de drukte van de <strong>markten in B\u00e9nodet<\/strong> is het tijd om te ontspannen! Op een steenworp afstand van het bos van Fouesnant is onze <strong>4-sterrencamping<\/strong> <strong>La Mer Blanche<\/strong> de ideale plek om nieuwe energie op te doen. Profiteer van het waterpark, het nabijgelegen strand van Letty en de tijd met het gezin. Tussen Quimper, Concarneau en de lokale producenten, beleef Finist\u00e8re op een andere manier. <strong>Boek nu je vakantie<\/strong> in de natuur en comfort!   <\/p>\n<\/div>\n<\/div>\n\n<p><\/p>\n","protected":false},"excerpt":{"rendered":"<p>Het terroir van Finist\u00e8re Ontdek de streekproducten van Finist\u00e8re op de markt van B\u00e9nodet In Finist\u00e8re, in het hart van Bretagne, heet de badplaats B\u00e9nodet je van harte welkom. Hier ontmoet de zeelucht de rijke smaken van het land. Droomt u van authentieke smaken en streekproducten? Dan is de markt van B\u00e9nodet echt iets voor [&hellip;]<\/p>\n","protected":false},"author":3,"featured_media":0,"parent":20237,"menu_order":0,"comment_status":"closed","ping_status":"closed","template":"","meta":{"_acf_changed":false,"_seopress_robots_primary_cat":"","_seopress_titles_title":"B\u00e9nodet markt: alle praktische informatie die je nodig hebt om te winkelen in B\u00e9nodet","_seopress_titles_desc":"Ontdek elke maandag de markt van B\u00e9nodet: streekproducten, Bretonse ambachtslieden en een gezellige sfeer op een steenworp afstand van de stranden van Zuid-Finist\u00e8re.","_seopress_robots_index":"","_gt_ctv_global_id":"","_gt_ctv_id_group":false,"inline_featured_image":false,"gt_fse_maillage_image":"https:\/\/camping-benodet-vacances.com\/wp-content\/uploads\/2025\/08\/march-dinard-640x480-1.jpg","gt_fse_maillage_titre":"Marktdag in B\u00e9nodet","gt_fse_maillage_alt":"Ontdek de streekproducten van Finist\u00e8re op de markt van B\u00e9nodet","gt_fse_maillage_resume":"","footnotes":""},"categories":[87],"tags":[],"class_list":{"0":"post-25065","1":"page","2":"type-page","3":"status-publish","5":"category-gastronomie-nl"},"acf":[],"_links":{"self":[{"href":"https:\/\/camping-benodet-vacances.com\/nl\/wp-json\/wp\/v2\/pages\/25065","targetHints":{"allow":["GET"]}}],"collection":[{"href":"https:\/\/camping-benodet-vacances.com\/nl\/wp-json\/wp\/v2\/pages"}],"about":[{"href":"https:\/\/camping-benodet-vacances.com\/nl\/wp-json\/wp\/v2\/types\/page"}],"author":[{"embeddable":true,"href":"https:\/\/camping-benodet-vacances.com\/nl\/wp-json\/wp\/v2\/users\/3"}],"replies":[{"embeddable":true,"href":"https:\/\/camping-benodet-vacances.com\/nl\/wp-json\/wp\/v2\/comments?post=25065"}],"version-history":[{"count":14,"href":"https:\/\/camping-benodet-vacances.com\/nl\/wp-json\/wp\/v2\/pages\/25065\/revisions"}],"predecessor-version":[{"id":31116,"href":"https:\/\/camping-benodet-vacances.com\/nl\/wp-json\/wp\/v2\/pages\/25065\/revisions\/31116"}],"up":[{"embeddable":true,"href":"https:\/\/camping-benodet-vacances.com\/nl\/wp-json\/wp\/v2\/pages\/20237"}],"wp:attachment":[{"href":"https:\/\/camping-benodet-vacances.com\/nl\/wp-json\/wp\/v2\/media?parent=25065"}],"wp:term":[{"taxonomy":"category","embeddable":true,"href":"https:\/\/camping-benodet-vacances.com\/nl\/wp-json\/wp\/v2\/categories?post=25065"},{"taxonomy":"post_tag","embeddable":true,"href":"https:\/\/camping-benodet-vacances.com\/nl\/wp-json\/wp\/v2\/tags?post=25065"}],"curies":[{"name":"wp","href":"https:\/\/api.w.org\/{rel}","templated":true}]}}